{"id":16112,"date":"2024-03-10T22:54:56","date_gmt":"2024-03-10T21:54:56","guid":{"rendered":"https:\/\/www.beiefritz.lu\/soins-de-la-peau\/"},"modified":"2025-01-22T11:27:35","modified_gmt":"2025-01-22T10:27:35","slug":"soins-de-la-peau","status":"publish","type":"page","link":"https:\/\/beiefritz.lu\/fr\/soins-de-la-peau\/","title":{"rendered":"Soins de la peau"},"content":{"rendered":"\n<div class=\"container section-title-container\" ><h1 class=\"section-title section-title-center\"><b aria-hidden=\"true\"><\/b><span class=\"section-title-main\" >Soins de la peau<\/span><b aria-hidden=\"true\"><\/b><\/h1><\/div>\n\n\t\n  \n    <div class=\"row  equalize-box large-columns-4 medium-columns-3 small-columns-2 row-small\" >\n  \n\t     <div class=\"product-small col has-hover product type-product post-17481 status-publish first instock product_cat-bien-etre product_cat-nouveau product_cat-schlosswald-bienengut-fr product_cat-soins-du-corps has-post-thumbnail sale taxable shipping-taxable purchasable product-type-simple\">\n\t<div class=\"col-inner\">\n\t\n<div class=\"badge-container absolute left top z-1\">\n<div class=\"callout badge badge-circle\"><div class=\"badge-inner secondary on-sale\"><span class=\"onsale\">-14%<\/span><\/div><\/div>\n<\/div>\n\t<div class=\"product-small box \">\n\t\t<div class=\"box-image\">\n\t\t\t<div class=\"image-fade_in_back\">\n\t\t\t\t<a href=\"https:\/\/beiefritz.lu\/fr\/produkt\/schlosswald-bienengut-api-hot-pommade-chauffante-au-venin-dabeille\/\">\n\t\t\t\t\t<img loading=\"lazy\" decoding=\"async\" width=\"247\" height=\"247\" src=\"https:\/\/beiefritz.lu\/wp-content\/uploads\/2024\/11\/Neu-API-HOT-Klassik-Tube-mit-Inhaltsstoffen-247x247.webp\" class=\"attachment-woocommerce_thumbnail size-woocommerce_thumbnail\" alt=\"SCHLO\u00dfWALD-BIENENGUT - API-HOT\u00ae pommade chauffante au venin d&#039;abeille\" srcset=\"https:\/\/beiefritz.lu\/wp-content\/uploads\/2024\/11\/Neu-API-HOT-Klassik-Tube-mit-Inhaltsstoffen-247x247.webp 247w, https:\/\/beiefritz.lu\/wp-content\/uploads\/2024\/11\/Neu-API-HOT-Klassik-Tube-mit-Inhaltsstoffen-300x300.webp 300w, https:\/\/beiefritz.lu\/wp-content\/uploads\/2024\/11\/Neu-API-HOT-Klassik-Tube-mit-Inhaltsstoffen-150x150.webp 150w, https:\/\/beiefritz.lu\/wp-content\/uploads\/2024\/11\/Neu-API-HOT-Klassik-Tube-mit-Inhaltsstoffen-768x768.webp 768w, https:\/\/beiefritz.lu\/wp-content\/uploads\/2024\/11\/Neu-API-HOT-Klassik-Tube-mit-Inhaltsstoffen-510x510.webp 510w, https:\/\/beiefritz.lu\/wp-content\/uploads\/2024\/11\/Neu-API-HOT-Klassik-Tube-mit-Inhaltsstoffen-100x100.webp 100w, https:\/\/beiefritz.lu\/wp-content\/uploads\/2024\/11\/Neu-API-HOT-Klassik-Tube-mit-Inhaltsstoffen.webp 900w\" sizes=\"auto, (max-width: 247px) 100vw, 247px\" \/><img loading=\"lazy\" decoding=\"async\" width=\"247\" height=\"247\" src=\"https:\/\/beiefritz.lu\/wp-content\/uploads\/2024\/11\/API-HOT-Klassik-1-247x247.webp\" class=\"show-on-hover absolute fill hide-for-small back-image\" alt=\"Alternative view of SCHLO\u00dfWALD-BIENENGUT - API-HOT\u00ae pommade chauffante au venin d&#039;abeille\" aria-hidden=\"true\" srcset=\"https:\/\/beiefritz.lu\/wp-content\/uploads\/2024\/11\/API-HOT-Klassik-1-247x247.webp 247w, https:\/\/beiefritz.lu\/wp-content\/uploads\/2024\/11\/API-HOT-Klassik-1-300x300.webp 300w, https:\/\/beiefritz.lu\/wp-content\/uploads\/2024\/11\/API-HOT-Klassik-1-1024x1024.webp 1024w, https:\/\/beiefritz.lu\/wp-content\/uploads\/2024\/11\/API-HOT-Klassik-1-150x150.webp 150w, https:\/\/beiefritz.lu\/wp-content\/uploads\/2024\/11\/API-HOT-Klassik-1-768x768.webp 768w, https:\/\/beiefritz.lu\/wp-content\/uploads\/2024\/11\/API-HOT-Klassik-1-510x510.webp 510w, https:\/\/beiefritz.lu\/wp-content\/uploads\/2024\/11\/API-HOT-Klassik-1-100x100.webp 100w, https:\/\/beiefritz.lu\/wp-content\/uploads\/2024\/11\/API-HOT-Klassik-1.webp 1500w\" sizes=\"auto, (max-width: 247px) 100vw, 247px\" \/>\t\t\t\t<\/a>\n\t\t\t<\/div>\n\t\t\t<div class=\"image-tools is-small top right show-on-hover\">\n\t\t\t\t\t\t\t<\/div>\n\t\t\t<div class=\"image-tools is-small hide-for-small bottom left show-on-hover\">\n\t\t\t\t\t\t\t<\/div>\n\t\t\t<div class=\"image-tools grid-tools text-center hide-for-small bottom hover-slide-in show-on-hover\">\n\t\t\t\t\t\t\t<\/div>\n\t\t\t\t\t<\/div>\n\n\t\t<div class=\"box-text box-text-products text-center grid-style-2\">\n\t\t\t<div class=\"title-wrapper\"><p class=\"name product-title woocommerce-loop-product__title\"><a href=\"https:\/\/beiefritz.lu\/fr\/produkt\/schlosswald-bienengut-api-hot-pommade-chauffante-au-venin-dabeille\/\" class=\"woocommerce-LoopProduct-link woocommerce-loop-product__link\">SCHLO\u00dfWALD-BIENENGUT &#8211; API-HOT\u00ae pommade chauffante au venin d&rsquo;abeille<\/a><\/p><\/div><div class=\"price-wrapper\">\n\t<span class=\"price\"><del aria-hidden=\"true\"><span class=\"woocommerce-Price-amount amount\"><bdi>35,00&nbsp;<span class=\"woocommerce-Price-currencySymbol\" translate=\"no\">&euro;<\/span><\/bdi><\/span><\/del> <span class=\"screen-reader-text\">Le prix initial \u00e9tait\u00a0: 35,00&nbsp;&euro;.<\/span><ins aria-hidden=\"true\"><span class=\"woocommerce-Price-amount amount\"><bdi>30,00&nbsp;<span class=\"woocommerce-Price-currencySymbol\" translate=\"no\">&euro;<\/span><\/bdi><\/span><\/ins><span class=\"screen-reader-text\">Le prix actuel est\u00a0: 30,00&nbsp;&euro;.<\/span><\/span>\n<\/div><div class=\"add-to-cart-button\"><a href=\"\/fr\/wp-json\/wp\/v2\/pages\/16112?add-to-cart=17481\" aria-describedby=\"woocommerce_loop_add_to_cart_link_describedby_17481\" data-quantity=\"1\" class=\"primary is-small mb-0 button product_type_simple add_to_cart_button ajax_add_to_cart is-flat\" data-product_id=\"17481\" data-product_sku=\"\" aria-label=\"Ajouter au panier\u00a0: &ldquo;SCHLO\u00dfWALD-BIENENGUT - API-HOT\u00ae pommade chauffante au venin d&#039;abeille&rdquo;\" rel=\"nofollow\" data-success_message=\"\u00ab\u00a0SCHLO\u00dfWALD-BIENENGUT - API-HOT\u00ae pommade chauffante au venin d&#039;abeille\u00a0\u00bb a \u00e9t\u00e9 ajout\u00e9 \u00e0 votre panier\" role=\"button\">Ajouter au panier<\/a><\/div>\t<span id=\"woocommerce_loop_add_to_cart_link_describedby_17481\" class=\"screen-reader-text\">\n\t\t\t<\/span>\n\t\t<\/div>\n\t<\/div>\n\t\t<\/div>\n<\/div><div class=\"product-small col has-hover product type-product post-17067 status-publish instock product_cat-bien-etre product_cat-bio-fr product_cat-nouveau product_cat-puralp-fr product_cat-soins-du-corps has-post-thumbnail taxable shipping-taxable purchasable product-type-simple\">\n\t<div class=\"col-inner\">\n\t\n<div class=\"badge-container absolute left top z-1\">\n\n<div class=\"badge callout badge-circle\"><div class=\"badge-inner callout-new-bg is-small new-bubble\">NEW<\/div><\/div><\/div>\n\t<div class=\"product-small box \">\n\t\t<div class=\"box-image\">\n\t\t\t<div class=\"image-fade_in_back\">\n\t\t\t\t<a href=\"https:\/\/beiefritz.lu\/fr\/produkt\/puralp-bougie-de-massage-bio-a-la-mauve-sauvage-et-a-la-lavande\/\">\n\t\t\t\t\t<img loading=\"lazy\" decoding=\"async\" width=\"247\" height=\"247\" src=\"https:\/\/beiefritz.lu\/wp-content\/uploads\/2024\/08\/malve-kerze-247x247.jpg\" class=\"attachment-woocommerce_thumbnail size-woocommerce_thumbnail\" alt=\"PURALP - Bougie de massage bio \u00e0 la mauve sauvage et \u00e0 la lavande\" srcset=\"https:\/\/beiefritz.lu\/wp-content\/uploads\/2024\/08\/malve-kerze-247x247.jpg 247w, https:\/\/beiefritz.lu\/wp-content\/uploads\/2024\/08\/malve-kerze-150x150.jpg 150w, https:\/\/beiefritz.lu\/wp-content\/uploads\/2024\/08\/malve-kerze-100x100.jpg 100w\" sizes=\"auto, (max-width: 247px) 100vw, 247px\" \/>\t\t\t\t<\/a>\n\t\t\t<\/div>\n\t\t\t<div class=\"image-tools is-small top right show-on-hover\">\n\t\t\t\t\t\t\t<\/div>\n\t\t\t<div class=\"image-tools is-small hide-for-small bottom left show-on-hover\">\n\t\t\t\t\t\t\t<\/div>\n\t\t\t<div class=\"image-tools grid-tools text-center hide-for-small bottom hover-slide-in show-on-hover\">\n\t\t\t\t\t\t\t<\/div>\n\t\t\t\t\t<\/div>\n\n\t\t<div class=\"box-text box-text-products text-center grid-style-2\">\n\t\t\t<div class=\"title-wrapper\"><p class=\"name product-title woocommerce-loop-product__title\"><a href=\"https:\/\/beiefritz.lu\/fr\/produkt\/puralp-bougie-de-massage-bio-a-la-mauve-sauvage-et-a-la-lavande\/\" class=\"woocommerce-LoopProduct-link woocommerce-loop-product__link\">PURALP &#8211; Bougie de massage bio \u00e0 la mauve sauvage et \u00e0 la lavande<\/a><\/p><\/div><div class=\"price-wrapper\">\n\t<span class=\"price\"><span class=\"woocommerce-Price-amount amount\"><bdi>16,00&nbsp;<span class=\"woocommerce-Price-currencySymbol\" translate=\"no\">&euro;<\/span><\/bdi><\/span><\/span>\n<\/div><div class=\"add-to-cart-button\"><a href=\"\/fr\/wp-json\/wp\/v2\/pages\/16112?add-to-cart=17067\" aria-describedby=\"woocommerce_loop_add_to_cart_link_describedby_17067\" data-quantity=\"1\" class=\"primary is-small mb-0 button product_type_simple add_to_cart_button ajax_add_to_cart is-flat\" data-product_id=\"17067\" data-product_sku=\"\" aria-label=\"Ajouter au panier\u00a0: &ldquo;PURALP - Bougie de massage bio \u00e0 la mauve sauvage et \u00e0 la lavande&rdquo;\" rel=\"nofollow\" data-success_message=\"\u00ab\u00a0PURALP - Bougie de massage bio \u00e0 la mauve sauvage et \u00e0 la lavande\u00a0\u00bb a \u00e9t\u00e9 ajout\u00e9 \u00e0 votre panier\" role=\"button\">Ajouter au panier<\/a><\/div>\t<span id=\"woocommerce_loop_add_to_cart_link_describedby_17067\" class=\"screen-reader-text\">\n\t\t\t<\/span>\n\t\t<\/div>\n\t<\/div>\n\t\t<\/div>\n<\/div><div class=\"product-small col has-hover product type-product post-15709 status-publish last instock product_cat-bien-etre product_cat-bio-fr product_cat-nouveau product_cat-puralp-fr product_cat-soins-du-corps has-post-thumbnail taxable shipping-taxable purchasable product-type-simple\">\n\t<div class=\"col-inner\">\n\t\n<div class=\"badge-container absolute left top z-1\">\n\n<div class=\"badge callout badge-circle\"><div class=\"badge-inner callout-new-bg is-small new-bubble\">NEW<\/div><\/div><\/div>\n\t<div class=\"product-small box \">\n\t\t<div class=\"box-image\">\n\t\t\t<div class=\"image-fade_in_back\">\n\t\t\t\t<a href=\"https:\/\/beiefritz.lu\/fr\/produkt\/puralp-huile-corporelle-bio-a-la-mauve-sauvage-et-a-la-lavande\/\">\n\t\t\t\t\t<img loading=\"lazy\" decoding=\"async\" width=\"247\" height=\"247\" src=\"https:\/\/beiefritz.lu\/wp-content\/uploads\/2024\/02\/malve-lavendel-oel-1-247x247.jpg\" class=\"attachment-woocommerce_thumbnail size-woocommerce_thumbnail\" alt=\"PURALP - Huile corporelle bio \u00e0 la mauve sauvage et \u00e0 la lavande\" srcset=\"https:\/\/beiefritz.lu\/wp-content\/uploads\/2024\/02\/malve-lavendel-oel-1-247x247.jpg 247w, https:\/\/beiefritz.lu\/wp-content\/uploads\/2024\/02\/malve-lavendel-oel-1-150x150.jpg 150w, https:\/\/beiefritz.lu\/wp-content\/uploads\/2024\/02\/malve-lavendel-oel-1-100x100.jpg 100w\" sizes=\"auto, (max-width: 247px) 100vw, 247px\" \/>\t\t\t\t<\/a>\n\t\t\t<\/div>\n\t\t\t<div class=\"image-tools is-small top right show-on-hover\">\n\t\t\t\t\t\t\t<\/div>\n\t\t\t<div class=\"image-tools is-small hide-for-small bottom left show-on-hover\">\n\t\t\t\t\t\t\t<\/div>\n\t\t\t<div class=\"image-tools grid-tools text-center hide-for-small bottom hover-slide-in show-on-hover\">\n\t\t\t\t\t\t\t<\/div>\n\t\t\t\t\t<\/div>\n\n\t\t<div class=\"box-text box-text-products text-center grid-style-2\">\n\t\t\t<div class=\"title-wrapper\"><p class=\"name product-title woocommerce-loop-product__title\"><a href=\"https:\/\/beiefritz.lu\/fr\/produkt\/puralp-huile-corporelle-bio-a-la-mauve-sauvage-et-a-la-lavande\/\" class=\"woocommerce-LoopProduct-link woocommerce-loop-product__link\">PURALP &#8211; Huile corporelle bio \u00e0 la mauve sauvage et \u00e0 la lavande<\/a><\/p><\/div><div class=\"price-wrapper\">\n\t<span class=\"price\"><span class=\"woocommerce-Price-amount amount\"><bdi>16,00&nbsp;<span class=\"woocommerce-Price-currencySymbol\" translate=\"no\">&euro;<\/span><\/bdi><\/span><\/span>\n<\/div><div class=\"add-to-cart-button\"><a href=\"\/fr\/wp-json\/wp\/v2\/pages\/16112?add-to-cart=15709\" aria-describedby=\"woocommerce_loop_add_to_cart_link_describedby_15709\" data-quantity=\"1\" class=\"primary is-small mb-0 button product_type_simple add_to_cart_button ajax_add_to_cart is-flat\" data-product_id=\"15709\" data-product_sku=\"\" aria-label=\"Ajouter au panier\u00a0: &ldquo;PURALP - Huile corporelle bio \u00e0 la mauve sauvage et \u00e0 la lavande&rdquo;\" rel=\"nofollow\" data-success_message=\"\u00ab\u00a0PURALP - Huile corporelle bio \u00e0 la mauve sauvage et \u00e0 la lavande\u00a0\u00bb a \u00e9t\u00e9 ajout\u00e9 \u00e0 votre panier\" role=\"button\">Ajouter au panier<\/a><\/div>\t<span id=\"woocommerce_loop_add_to_cart_link_describedby_15709\" class=\"screen-reader-text\">\n\t\t\t<\/span>\n\t\t<\/div>\n\t<\/div>\n\t\t<\/div>\n<\/div><div class=\"product-small col has-hover product type-product post-15694 status-publish first instock product_cat-bien-etre product_cat-bio-fr product_cat-nouveau product_cat-puralp-fr product_cat-soins-du-corps has-post-thumbnail taxable shipping-taxable purchasable product-type-simple\">\n\t<div class=\"col-inner\">\n\t\n<div class=\"badge-container absolute left top z-1\">\n\n<\/div>\n\t<div class=\"product-small box \">\n\t\t<div class=\"box-image\">\n\t\t\t<div class=\"image-fade_in_back\">\n\t\t\t\t<a href=\"https:\/\/beiefritz.lu\/fr\/produkt\/puralp-baume-bio-a-la-propolis-et-au-thym\/\">\n\t\t\t\t\t<img loading=\"lazy\" decoding=\"async\" width=\"247\" height=\"247\" src=\"https:\/\/beiefritz.lu\/wp-content\/uploads\/2024\/02\/bio-thymian-247x247.jpg\" class=\"attachment-woocommerce_thumbnail size-woocommerce_thumbnail\" alt=\"PURALP - Baume bio \u00e0 la propolis et au thym\" srcset=\"https:\/\/beiefritz.lu\/wp-content\/uploads\/2024\/02\/bio-thymian-247x247.jpg 247w, https:\/\/beiefritz.lu\/wp-content\/uploads\/2024\/02\/bio-thymian-150x150.jpg 150w, https:\/\/beiefritz.lu\/wp-content\/uploads\/2024\/02\/bio-thymian-100x100.jpg 100w\" sizes=\"auto, (max-width: 247px) 100vw, 247px\" \/>\t\t\t\t<\/a>\n\t\t\t<\/div>\n\t\t\t<div class=\"image-tools is-small top right show-on-hover\">\n\t\t\t\t\t\t\t<\/div>\n\t\t\t<div class=\"image-tools is-small hide-for-small bottom left show-on-hover\">\n\t\t\t\t\t\t\t<\/div>\n\t\t\t<div class=\"image-tools grid-tools text-center hide-for-small bottom hover-slide-in show-on-hover\">\n\t\t\t\t\t\t\t<\/div>\n\t\t\t\t\t<\/div>\n\n\t\t<div class=\"box-text box-text-products text-center grid-style-2\">\n\t\t\t<div class=\"title-wrapper\"><p class=\"name product-title woocommerce-loop-product__title\"><a href=\"https:\/\/beiefritz.lu\/fr\/produkt\/puralp-baume-bio-a-la-propolis-et-au-thym\/\" class=\"woocommerce-LoopProduct-link woocommerce-loop-product__link\">PURALP &#8211; Baume bio \u00e0 la propolis et au thym<\/a><\/p><\/div><div class=\"price-wrapper\">\n\t<span class=\"price\"><span class=\"woocommerce-Price-amount amount\"><bdi>15,00&nbsp;<span class=\"woocommerce-Price-currencySymbol\" translate=\"no\">&euro;<\/span><\/bdi><\/span><\/span>\n<\/div><div class=\"add-to-cart-button\"><a href=\"\/fr\/wp-json\/wp\/v2\/pages\/16112?add-to-cart=15694\" aria-describedby=\"woocommerce_loop_add_to_cart_link_describedby_15694\" data-quantity=\"1\" class=\"primary is-small mb-0 button product_type_simple add_to_cart_button ajax_add_to_cart is-flat\" data-product_id=\"15694\" data-product_sku=\"\" aria-label=\"Ajouter au panier\u00a0: &ldquo;PURALP - Baume bio \u00e0 la propolis et au thym&rdquo;\" rel=\"nofollow\" data-success_message=\"\u00ab\u00a0PURALP - Baume bio \u00e0 la propolis et au thym\u00a0\u00bb a \u00e9t\u00e9 ajout\u00e9 \u00e0 votre panier\" role=\"button\">Ajouter au panier<\/a><\/div>\t<span id=\"woocommerce_loop_add_to_cart_link_describedby_15694\" class=\"screen-reader-text\">\n\t\t\t<\/span>\n\t\t<\/div>\n\t<\/div>\n\t\t<\/div>\n<\/div><div class=\"product-small col has-hover product type-product post-14043 status-publish instock product_cat-nouveau product_cat-schlosswald-bienengut-fr product_cat-soins-du-corps has-post-thumbnail sale taxable shipping-taxable purchasable product-type-simple\">\n\t<div class=\"col-inner\">\n\t\n<div class=\"badge-container absolute left top z-1\">\n<div class=\"callout badge badge-circle\"><div class=\"badge-inner secondary on-sale\"><span class=\"onsale\">-17%<\/span><\/div><\/div>\n<div class=\"badge callout badge-circle\"><div class=\"badge-inner callout-new-bg is-small new-bubble\">Nouveau<\/div><\/div><\/div>\n\t<div class=\"product-small box \">\n\t\t<div class=\"box-image\">\n\t\t\t<div class=\"image-fade_in_back\">\n\t\t\t\t<a href=\"https:\/\/beiefritz.lu\/fr\/produkt\/schlosswald-bienenengut-elixier-royal-poison-dabeille\/\">\n\t\t\t\t\t<img loading=\"lazy\" decoding=\"async\" width=\"247\" height=\"247\" src=\"https:\/\/beiefritz.lu\/wp-content\/uploads\/2022\/11\/Elixier-Royal-Slider-1-2048x716-1-247x247.jpg\" class=\"attachment-woocommerce_thumbnail size-woocommerce_thumbnail\" alt=\"SCHLO\u00dfWALD-BIENENGUT - Elixier-Royal\u00ae \u00c9lixir au venin d&#039;abeille\" srcset=\"https:\/\/beiefritz.lu\/wp-content\/uploads\/2022\/11\/Elixier-Royal-Slider-1-2048x716-1-247x247.jpg 247w, https:\/\/beiefritz.lu\/wp-content\/uploads\/2022\/11\/Elixier-Royal-Slider-1-2048x716-1-150x150.jpg 150w, https:\/\/beiefritz.lu\/wp-content\/uploads\/2022\/11\/Elixier-Royal-Slider-1-2048x716-1-100x100.jpg 100w\" sizes=\"auto, (max-width: 247px) 100vw, 247px\" \/><img loading=\"lazy\" decoding=\"async\" width=\"247\" height=\"247\" src=\"https:\/\/beiefritz.lu\/wp-content\/uploads\/2022\/11\/Elixier-Royal-Slider-2-2048x716-1-247x247.jpg\" class=\"show-on-hover absolute fill hide-for-small back-image\" alt=\"Alternative view of SCHLO\u00dfWALD-BIENENGUT - Elixier-Royal\u00ae \u00c9lixir au venin d&#039;abeille\" aria-hidden=\"true\" srcset=\"https:\/\/beiefritz.lu\/wp-content\/uploads\/2022\/11\/Elixier-Royal-Slider-2-2048x716-1-247x247.jpg 247w, https:\/\/beiefritz.lu\/wp-content\/uploads\/2022\/11\/Elixier-Royal-Slider-2-2048x716-1-150x150.jpg 150w, https:\/\/beiefritz.lu\/wp-content\/uploads\/2022\/11\/Elixier-Royal-Slider-2-2048x716-1-100x100.jpg 100w\" sizes=\"auto, (max-width: 247px) 100vw, 247px\" \/>\t\t\t\t<\/a>\n\t\t\t<\/div>\n\t\t\t<div class=\"image-tools is-small top right show-on-hover\">\n\t\t\t\t\t\t\t<\/div>\n\t\t\t<div class=\"image-tools is-small hide-for-small bottom left show-on-hover\">\n\t\t\t\t\t\t\t<\/div>\n\t\t\t<div class=\"image-tools grid-tools text-center hide-for-small bottom hover-slide-in show-on-hover\">\n\t\t\t\t\t\t\t<\/div>\n\t\t\t\t\t<\/div>\n\n\t\t<div class=\"box-text box-text-products text-center grid-style-2\">\n\t\t\t<div class=\"title-wrapper\"><p class=\"name product-title woocommerce-loop-product__title\"><a href=\"https:\/\/beiefritz.lu\/fr\/produkt\/schlosswald-bienenengut-elixier-royal-poison-dabeille\/\" class=\"woocommerce-LoopProduct-link woocommerce-loop-product__link\">SCHLO\u00dfWALD-BIENENGUT &#8211; Elixier-Royal\u00ae \u00c9lixir au venin d&rsquo;abeille<\/a><\/p><\/div><div class=\"price-wrapper\">\n\t<span class=\"price\"><del aria-hidden=\"true\"><span class=\"woocommerce-Price-amount amount\"><bdi>99,90&nbsp;<span class=\"woocommerce-Price-currencySymbol\" translate=\"no\">&euro;<\/span><\/bdi><\/span><\/del> <span class=\"screen-reader-text\">Le prix initial \u00e9tait\u00a0: 99,90&nbsp;&euro;.<\/span><ins aria-hidden=\"true\"><span class=\"woocommerce-Price-amount amount\"><bdi>83,00&nbsp;<span class=\"woocommerce-Price-currencySymbol\" translate=\"no\">&euro;<\/span><\/bdi><\/span><\/ins><span class=\"screen-reader-text\">Le prix actuel est\u00a0: 83,00&nbsp;&euro;.<\/span><\/span>\n<\/div><div class=\"add-to-cart-button\"><a href=\"\/fr\/wp-json\/wp\/v2\/pages\/16112?add-to-cart=14043\" aria-describedby=\"woocommerce_loop_add_to_cart_link_describedby_14043\" data-quantity=\"1\" class=\"primary is-small mb-0 button product_type_simple add_to_cart_button ajax_add_to_cart is-flat\" data-product_id=\"14043\" data-product_sku=\"\" aria-label=\"Ajouter au panier\u00a0: &ldquo;SCHLO\u00dfWALD-BIENENGUT - Elixier-Royal\u00ae \u00c9lixir au venin d&#039;abeille&rdquo;\" rel=\"nofollow\" data-success_message=\"\u00ab\u00a0SCHLO\u00dfWALD-BIENENGUT - Elixier-Royal\u00ae \u00c9lixir au venin d&#039;abeille\u00a0\u00bb a \u00e9t\u00e9 ajout\u00e9 \u00e0 votre panier\" role=\"button\">Ajouter au panier<\/a><\/div>\t<span id=\"woocommerce_loop_add_to_cart_link_describedby_14043\" class=\"screen-reader-text\">\n\t\t\t<\/span>\n\t\t<\/div>\n\t<\/div>\n\t\t<\/div>\n<\/div><div class=\"product-small col has-hover product type-product post-14059 status-publish last instock product_cat-divers product_cat-nouveau product_cat-savons product_cat-soins-du-corps product_cat-zero-dechet has-post-thumbnail taxable shipping-taxable purchasable product-type-simple\">\n\t<div class=\"col-inner\">\n\t\n<div class=\"badge-container absolute left top z-1\">\n\n<\/div>\n\t<div class=\"product-small box \">\n\t\t<div class=\"box-image\">\n\t\t\t<div class=\"image-fade_in_back\">\n\t\t\t\t<a href=\"https:\/\/beiefritz.lu\/fr\/produkt\/sachets-de-savon-ca-13x11cm-avec-cordon\/\">\n\t\t\t\t\t<img loading=\"lazy\" decoding=\"async\" width=\"247\" height=\"247\" src=\"https:\/\/beiefritz.lu\/wp-content\/uploads\/2022\/10\/Seifenbeutel_1_WEB-247x247.jpg\" class=\"attachment-woocommerce_thumbnail size-woocommerce_thumbnail\" alt=\"Sachet de savon env. 13x11cm, avec cordelette\" srcset=\"https:\/\/beiefritz.lu\/wp-content\/uploads\/2022\/10\/Seifenbeutel_1_WEB-247x247.jpg 247w, https:\/\/beiefritz.lu\/wp-content\/uploads\/2022\/10\/Seifenbeutel_1_WEB-150x150.jpg 150w, https:\/\/beiefritz.lu\/wp-content\/uploads\/2022\/10\/Seifenbeutel_1_WEB-100x100.jpg 100w\" sizes=\"auto, (max-width: 247px) 100vw, 247px\" \/>\t\t\t\t<\/a>\n\t\t\t<\/div>\n\t\t\t<div class=\"image-tools is-small top right show-on-hover\">\n\t\t\t\t\t\t\t<\/div>\n\t\t\t<div class=\"image-tools is-small hide-for-small bottom left show-on-hover\">\n\t\t\t\t\t\t\t<\/div>\n\t\t\t<div class=\"image-tools grid-tools text-center hide-for-small bottom hover-slide-in show-on-hover\">\n\t\t\t\t\t\t\t<\/div>\n\t\t\t\t\t<\/div>\n\n\t\t<div class=\"box-text box-text-products text-center grid-style-2\">\n\t\t\t<div class=\"title-wrapper\"><p class=\"name product-title woocommerce-loop-product__title\"><a href=\"https:\/\/beiefritz.lu\/fr\/produkt\/sachets-de-savon-ca-13x11cm-avec-cordon\/\" class=\"woocommerce-LoopProduct-link woocommerce-loop-product__link\">Sachet de savon env. 13x11cm, avec cordelette<\/a><\/p><\/div><div class=\"price-wrapper\">\n\t<span class=\"price\"><span class=\"woocommerce-Price-amount amount\"><bdi>3,00&nbsp;<span class=\"woocommerce-Price-currencySymbol\" translate=\"no\">&euro;<\/span><\/bdi><\/span><\/span>\n<\/div><div class=\"add-to-cart-button\"><a href=\"\/fr\/wp-json\/wp\/v2\/pages\/16112?add-to-cart=14059\" aria-describedby=\"woocommerce_loop_add_to_cart_link_describedby_14059\" data-quantity=\"1\" class=\"primary is-small mb-0 button product_type_simple add_to_cart_button ajax_add_to_cart is-flat\" data-product_id=\"14059\" data-product_sku=\"\" aria-label=\"Ajouter au panier\u00a0: &ldquo;Sachet de savon env. 13x11cm, avec cordelette&rdquo;\" rel=\"nofollow\" data-success_message=\"\u00ab\u00a0Sachet de savon env. 13x11cm, avec cordelette\u00a0\u00bb a \u00e9t\u00e9 ajout\u00e9 \u00e0 votre panier\" role=\"button\">Ajouter au panier<\/a><\/div>\t<span id=\"woocommerce_loop_add_to_cart_link_describedby_14059\" class=\"screen-reader-text\">\n\t\t\t<\/span>\n\t\t<\/div>\n\t<\/div>\n\t\t<\/div>\n<\/div><div class=\"product-small col has-hover product type-product post-14133 status-publish first instock product_cat-ajovita-fr product_cat-nouveau product_cat-soins-du-corps has-post-thumbnail taxable shipping-taxable purchasable product-type-simple\">\n\t<div class=\"col-inner\">\n\t\n<div class=\"badge-container absolute left top z-1\">\n\n<div class=\"badge callout badge-circle\"><div class=\"badge-inner callout-new-bg is-small new-bubble\">Nouveau<\/div><\/div><\/div>\n\t<div class=\"product-small box \">\n\t\t<div class=\"box-image\">\n\t\t\t<div class=\"image-fade_in_back\">\n\t\t\t\t<a href=\"https:\/\/beiefritz.lu\/fr\/produkt\/ajovita-fluide-aux-yeux-avec-gelee-royale-30ml\/\">\n\t\t\t\t\t<img loading=\"lazy\" decoding=\"async\" width=\"247\" height=\"247\" src=\"https:\/\/beiefritz.lu\/wp-content\/uploads\/2022\/09\/Design-ohne-Titel-83-247x247.png\" class=\"attachment-woocommerce_thumbnail size-woocommerce_thumbnail\" alt=\"AJOVITA - Fluide contour des yeux \u00e0 la gel\u00e9e royale 30ml\" srcset=\"https:\/\/beiefritz.lu\/wp-content\/uploads\/2022\/09\/Design-ohne-Titel-83-247x247.png 247w, https:\/\/beiefritz.lu\/wp-content\/uploads\/2022\/09\/Design-ohne-Titel-83-300x300.png 300w, https:\/\/beiefritz.lu\/wp-content\/uploads\/2022\/09\/Design-ohne-Titel-83-1024x1024.png 1024w, https:\/\/beiefritz.lu\/wp-content\/uploads\/2022\/09\/Design-ohne-Titel-83-150x150.png 150w, https:\/\/beiefritz.lu\/wp-content\/uploads\/2022\/09\/Design-ohne-Titel-83-768x768.png 768w, https:\/\/beiefritz.lu\/wp-content\/uploads\/2022\/09\/Design-ohne-Titel-83-510x510.png 510w, https:\/\/beiefritz.lu\/wp-content\/uploads\/2022\/09\/Design-ohne-Titel-83-100x100.png 100w, https:\/\/beiefritz.lu\/wp-content\/uploads\/2022\/09\/Design-ohne-Titel-83.png 1080w\" sizes=\"auto, (max-width: 247px) 100vw, 247px\" \/>\t\t\t\t<\/a>\n\t\t\t<\/div>\n\t\t\t<div class=\"image-tools is-small top right show-on-hover\">\n\t\t\t\t\t\t\t<\/div>\n\t\t\t<div class=\"image-tools is-small hide-for-small bottom left show-on-hover\">\n\t\t\t\t\t\t\t<\/div>\n\t\t\t<div class=\"image-tools grid-tools text-center hide-for-small bottom hover-slide-in show-on-hover\">\n\t\t\t\t\t\t\t<\/div>\n\t\t\t\t\t<\/div>\n\n\t\t<div class=\"box-text box-text-products text-center grid-style-2\">\n\t\t\t<div class=\"title-wrapper\"><p class=\"name product-title woocommerce-loop-product__title\"><a href=\"https:\/\/beiefritz.lu\/fr\/produkt\/ajovita-fluide-aux-yeux-avec-gelee-royale-30ml\/\" class=\"woocommerce-LoopProduct-link woocommerce-loop-product__link\">AJOVITA &#8211; Fluide contour des yeux \u00e0 la gel\u00e9e royale 30ml<\/a><\/p><\/div><div class=\"price-wrapper\">\n\t<span class=\"price\"><span class=\"woocommerce-Price-amount amount\"><bdi>22,00&nbsp;<span class=\"woocommerce-Price-currencySymbol\" translate=\"no\">&euro;<\/span><\/bdi><\/span><\/span>\n<\/div><div class=\"add-to-cart-button\"><a href=\"\/fr\/wp-json\/wp\/v2\/pages\/16112?add-to-cart=14133\" aria-describedby=\"woocommerce_loop_add_to_cart_link_describedby_14133\" data-quantity=\"1\" class=\"primary is-small mb-0 button product_type_simple add_to_cart_button ajax_add_to_cart is-flat\" data-product_id=\"14133\" data-product_sku=\"\" aria-label=\"Ajouter au panier\u00a0: &ldquo;AJOVITA - Fluide contour des yeux \u00e0 la gel\u00e9e royale 30ml&rdquo;\" rel=\"nofollow\" data-success_message=\"\u00ab\u00a0AJOVITA - Fluide contour des yeux \u00e0 la gel\u00e9e royale 30ml\u00a0\u00bb a \u00e9t\u00e9 ajout\u00e9 \u00e0 votre panier\" role=\"button\">Ajouter au panier<\/a><\/div>\t<span id=\"woocommerce_loop_add_to_cart_link_describedby_14133\" class=\"screen-reader-text\">\n\t\t\t<\/span>\n\t\t<\/div>\n\t<\/div>\n\t\t<\/div>\n<\/div><div class=\"product-small col has-hover product type-product post-14135 status-publish instock product_cat-ajovita-fr product_cat-bien-etre product_cat-nouveau product_cat-soins-du-corps has-post-thumbnail taxable shipping-taxable purchasable product-type-simple\">\n\t<div class=\"col-inner\">\n\t\n<div class=\"badge-container absolute left top z-1\">\n\n<div class=\"badge callout badge-circle\"><div class=\"badge-inner callout-new-bg is-small new-bubble\">Nouveau<\/div><\/div><\/div>\n\t<div class=\"product-small box \">\n\t\t<div class=\"box-image\">\n\t\t\t<div class=\"image-fade_in_back\">\n\t\t\t\t<a href=\"https:\/\/beiefritz.lu\/fr\/produkt\/ajovita-peeling-doux-avec-miel-50ml\/\">\n\t\t\t\t\t<img loading=\"lazy\" decoding=\"async\" width=\"247\" height=\"247\" src=\"https:\/\/beiefritz.lu\/wp-content\/uploads\/2022\/09\/Design-ohne-Titel-82-247x247.png\" class=\"attachment-woocommerce_thumbnail size-woocommerce_thumbnail\" alt=\"AJOVITA - Peeling doux au miel 50ml\" srcset=\"https:\/\/beiefritz.lu\/wp-content\/uploads\/2022\/09\/Design-ohne-Titel-82-247x247.png 247w, https:\/\/beiefritz.lu\/wp-content\/uploads\/2022\/09\/Design-ohne-Titel-82-300x300.png 300w, https:\/\/beiefritz.lu\/wp-content\/uploads\/2022\/09\/Design-ohne-Titel-82-1024x1024.png 1024w, https:\/\/beiefritz.lu\/wp-content\/uploads\/2022\/09\/Design-ohne-Titel-82-150x150.png 150w, https:\/\/beiefritz.lu\/wp-content\/uploads\/2022\/09\/Design-ohne-Titel-82-768x768.png 768w, https:\/\/beiefritz.lu\/wp-content\/uploads\/2022\/09\/Design-ohne-Titel-82-510x510.png 510w, https:\/\/beiefritz.lu\/wp-content\/uploads\/2022\/09\/Design-ohne-Titel-82-100x100.png 100w, https:\/\/beiefritz.lu\/wp-content\/uploads\/2022\/09\/Design-ohne-Titel-82.png 1080w\" sizes=\"auto, (max-width: 247px) 100vw, 247px\" \/>\t\t\t\t<\/a>\n\t\t\t<\/div>\n\t\t\t<div class=\"image-tools is-small top right show-on-hover\">\n\t\t\t\t\t\t\t<\/div>\n\t\t\t<div class=\"image-tools is-small hide-for-small bottom left show-on-hover\">\n\t\t\t\t\t\t\t<\/div>\n\t\t\t<div class=\"image-tools grid-tools text-center hide-for-small bottom hover-slide-in show-on-hover\">\n\t\t\t\t\t\t\t<\/div>\n\t\t\t\t\t<\/div>\n\n\t\t<div class=\"box-text box-text-products text-center grid-style-2\">\n\t\t\t<div class=\"title-wrapper\"><p class=\"name product-title woocommerce-loop-product__title\"><a href=\"https:\/\/beiefritz.lu\/fr\/produkt\/ajovita-peeling-doux-avec-miel-50ml\/\" class=\"woocommerce-LoopProduct-link woocommerce-loop-product__link\">AJOVITA &#8211; Peeling doux au miel 50ml<\/a><\/p><\/div><div class=\"price-wrapper\">\n\t<span class=\"price\"><span class=\"woocommerce-Price-amount amount\"><bdi>22,00&nbsp;<span class=\"woocommerce-Price-currencySymbol\" translate=\"no\">&euro;<\/span><\/bdi><\/span><\/span>\n<\/div><div class=\"add-to-cart-button\"><a href=\"\/fr\/wp-json\/wp\/v2\/pages\/16112?add-to-cart=14135\" aria-describedby=\"woocommerce_loop_add_to_cart_link_describedby_14135\" data-quantity=\"1\" class=\"primary is-small mb-0 button product_type_simple add_to_cart_button ajax_add_to_cart is-flat\" data-product_id=\"14135\" data-product_sku=\"\" aria-label=\"Ajouter au panier\u00a0: &ldquo;AJOVITA - Peeling doux au miel 50ml&rdquo;\" rel=\"nofollow\" data-success_message=\"\u00ab\u00a0AJOVITA - Peeling doux au miel 50ml\u00a0\u00bb a \u00e9t\u00e9 ajout\u00e9 \u00e0 votre panier\" role=\"button\">Ajouter au panier<\/a><\/div>\t<span id=\"woocommerce_loop_add_to_cart_link_describedby_14135\" class=\"screen-reader-text\">\n\t\t\t<\/span>\n\t\t<\/div>\n\t<\/div>\n\t\t<\/div>\n<\/div><div class=\"product-small col has-hover product type-product post-14163 status-publish last instock product_cat-ajovita-fr product_cat-nouveau product_cat-soins-du-corps has-post-thumbnail taxable shipping-taxable purchasable product-type-simple\">\n\t<div class=\"col-inner\">\n\t\n<div class=\"badge-container absolute left top z-1\">\n\n<div class=\"badge callout badge-circle\"><div class=\"badge-inner callout-new-bg is-small new-bubble\">Nouveau<\/div><\/div><\/div>\n\t<div class=\"product-small box \">\n\t\t<div class=\"box-image\">\n\t\t\t<div class=\"image-fade_in_back\">\n\t\t\t\t<a href=\"https:\/\/beiefritz.lu\/fr\/produkt\/ajovita-simple-masque-du-beurre-50ml\/\">\n\t\t\t\t\t<img loading=\"lazy\" decoding=\"async\" width=\"247\" height=\"247\" src=\"https:\/\/beiefritz.lu\/wp-content\/uploads\/2022\/09\/Design-ohne-Titel-81-247x247.png\" class=\"attachment-woocommerce_thumbnail size-woocommerce_thumbnail\" alt=\"AJOVITA - Simplement beau Masque 50ml\" srcset=\"https:\/\/beiefritz.lu\/wp-content\/uploads\/2022\/09\/Design-ohne-Titel-81-247x247.png 247w, https:\/\/beiefritz.lu\/wp-content\/uploads\/2022\/09\/Design-ohne-Titel-81-300x300.png 300w, https:\/\/beiefritz.lu\/wp-content\/uploads\/2022\/09\/Design-ohne-Titel-81-1024x1024.png 1024w, https:\/\/beiefritz.lu\/wp-content\/uploads\/2022\/09\/Design-ohne-Titel-81-150x150.png 150w, https:\/\/beiefritz.lu\/wp-content\/uploads\/2022\/09\/Design-ohne-Titel-81-768x768.png 768w, https:\/\/beiefritz.lu\/wp-content\/uploads\/2022\/09\/Design-ohne-Titel-81-510x510.png 510w, https:\/\/beiefritz.lu\/wp-content\/uploads\/2022\/09\/Design-ohne-Titel-81-100x100.png 100w, https:\/\/beiefritz.lu\/wp-content\/uploads\/2022\/09\/Design-ohne-Titel-81.png 1080w\" sizes=\"auto, (max-width: 247px) 100vw, 247px\" \/>\t\t\t\t<\/a>\n\t\t\t<\/div>\n\t\t\t<div class=\"image-tools is-small top right show-on-hover\">\n\t\t\t\t\t\t\t<\/div>\n\t\t\t<div class=\"image-tools is-small hide-for-small bottom left show-on-hover\">\n\t\t\t\t\t\t\t<\/div>\n\t\t\t<div class=\"image-tools grid-tools text-center hide-for-small bottom hover-slide-in show-on-hover\">\n\t\t\t\t\t\t\t<\/div>\n\t\t\t\t\t<\/div>\n\n\t\t<div class=\"box-text box-text-products text-center grid-style-2\">\n\t\t\t<div class=\"title-wrapper\"><p class=\"name product-title woocommerce-loop-product__title\"><a href=\"https:\/\/beiefritz.lu\/fr\/produkt\/ajovita-simple-masque-du-beurre-50ml\/\" class=\"woocommerce-LoopProduct-link woocommerce-loop-product__link\">AJOVITA &#8211; Simplement beau Masque 50ml<\/a><\/p><\/div><div class=\"price-wrapper\">\n\t<span class=\"price\"><span class=\"woocommerce-Price-amount amount\"><bdi>23,00&nbsp;<span class=\"woocommerce-Price-currencySymbol\" translate=\"no\">&euro;<\/span><\/bdi><\/span><\/span>\n<\/div><div class=\"add-to-cart-button\"><a href=\"\/fr\/wp-json\/wp\/v2\/pages\/16112?add-to-cart=14163\" aria-describedby=\"woocommerce_loop_add_to_cart_link_describedby_14163\" data-quantity=\"1\" class=\"primary is-small mb-0 button product_type_simple add_to_cart_button ajax_add_to_cart is-flat\" data-product_id=\"14163\" data-product_sku=\"\" aria-label=\"Ajouter au panier\u00a0: &ldquo;AJOVITA - Simplement beau Masque 50ml&rdquo;\" rel=\"nofollow\" data-success_message=\"\u00ab\u00a0AJOVITA - Simplement beau Masque 50ml\u00a0\u00bb a \u00e9t\u00e9 ajout\u00e9 \u00e0 votre panier\" role=\"button\">Ajouter au panier<\/a><\/div>\t<span id=\"woocommerce_loop_add_to_cart_link_describedby_14163\" class=\"screen-reader-text\">\n\t\t\t<\/span>\n\t\t<\/div>\n\t<\/div>\n\t\t<\/div>\n<\/div><div class=\"product-small col has-hover product type-product post-14195 status-publish first instock product_cat-schlosswald-bienengut-fr product_cat-soins-du-corps has-post-thumbnail sale taxable shipping-taxable purchasable product-type-simple\">\n\t<div class=\"col-inner\">\n\t\n<div class=\"badge-container absolute left top z-1\">\n<div class=\"callout badge badge-circle\"><div class=\"badge-inner secondary on-sale\"><span class=\"onsale\">-14%<\/span><\/div><\/div>\n<\/div>\n\t<div class=\"product-small box \">\n\t\t<div class=\"box-image\">\n\t\t\t<div class=\"image-fade_in_back\">\n\t\t\t\t<a href=\"https:\/\/beiefritz.lu\/fr\/produkt\/schlosswald-bienengut-gelee-royale-creme-intensive\/\">\n\t\t\t\t\t<img loading=\"lazy\" decoding=\"async\" width=\"247\" height=\"247\" src=\"https:\/\/beiefritz.lu\/wp-content\/uploads\/2022\/05\/702-Gelee-Royale-Intensivcreme-weiss-1500x524-1-247x247.jpg\" class=\"attachment-woocommerce_thumbnail size-woocommerce_thumbnail\" alt=\"SCHLO\u00dfWALD-BIENENENGUT - Cr\u00e8me intensive \u00e0 la gel\u00e9e royale\" srcset=\"https:\/\/beiefritz.lu\/wp-content\/uploads\/2022\/05\/702-Gelee-Royale-Intensivcreme-weiss-1500x524-1-247x247.jpg 247w, https:\/\/beiefritz.lu\/wp-content\/uploads\/2022\/05\/702-Gelee-Royale-Intensivcreme-weiss-1500x524-1-150x150.jpg 150w, https:\/\/beiefritz.lu\/wp-content\/uploads\/2022\/05\/702-Gelee-Royale-Intensivcreme-weiss-1500x524-1-100x100.jpg 100w\" sizes=\"auto, (max-width: 247px) 100vw, 247px\" \/><img loading=\"lazy\" decoding=\"async\" width=\"247\" height=\"247\" src=\"https:\/\/beiefritz.lu\/wp-content\/uploads\/2022\/05\/802-Gelee-Royale-Intensivcreme-weiss-1500x524-1-247x247.jpg\" class=\"show-on-hover absolute fill hide-for-small back-image\" alt=\"Alternative view of SCHLO\u00dfWALD-BIENENENGUT - Cr\u00e8me intensive \u00e0 la gel\u00e9e royale\" aria-hidden=\"true\" srcset=\"https:\/\/beiefritz.lu\/wp-content\/uploads\/2022\/05\/802-Gelee-Royale-Intensivcreme-weiss-1500x524-1-247x247.jpg 247w, https:\/\/beiefritz.lu\/wp-content\/uploads\/2022\/05\/802-Gelee-Royale-Intensivcreme-weiss-1500x524-1-150x150.jpg 150w, https:\/\/beiefritz.lu\/wp-content\/uploads\/2022\/05\/802-Gelee-Royale-Intensivcreme-weiss-1500x524-1-100x100.jpg 100w\" sizes=\"auto, (max-width: 247px) 100vw, 247px\" \/>\t\t\t\t<\/a>\n\t\t\t<\/div>\n\t\t\t<div class=\"image-tools is-small top right show-on-hover\">\n\t\t\t\t\t\t\t<\/div>\n\t\t\t<div class=\"image-tools is-small hide-for-small bottom left show-on-hover\">\n\t\t\t\t\t\t\t<\/div>\n\t\t\t<div class=\"image-tools grid-tools text-center hide-for-small bottom hover-slide-in show-on-hover\">\n\t\t\t\t\t\t\t<\/div>\n\t\t\t\t\t<\/div>\n\n\t\t<div class=\"box-text box-text-products text-center grid-style-2\">\n\t\t\t<div class=\"title-wrapper\"><p class=\"name product-title woocommerce-loop-product__title\"><a href=\"https:\/\/beiefritz.lu\/fr\/produkt\/schlosswald-bienengut-gelee-royale-creme-intensive\/\" class=\"woocommerce-LoopProduct-link woocommerce-loop-product__link\">SCHLO\u00dfWALD-BIENENENGUT &#8211; Cr\u00e8me intensive \u00e0 la gel\u00e9e royale<\/a><\/p><\/div><div class=\"price-wrapper\">\n\t<span class=\"price\"><del aria-hidden=\"true\"><span class=\"woocommerce-Price-amount amount\"><bdi>34,90&nbsp;<span class=\"woocommerce-Price-currencySymbol\" translate=\"no\">&euro;<\/span><\/bdi><\/span><\/del> <span class=\"screen-reader-text\">Le prix initial \u00e9tait\u00a0: 34,90&nbsp;&euro;.<\/span><ins aria-hidden=\"true\"><span class=\"woocommerce-Price-amount amount\"><bdi>30,00&nbsp;<span class=\"woocommerce-Price-currencySymbol\" translate=\"no\">&euro;<\/span><\/bdi><\/span><\/ins><span class=\"screen-reader-text\">Le prix actuel est\u00a0: 30,00&nbsp;&euro;.<\/span><\/span>\n<\/div><div class=\"add-to-cart-button\"><a href=\"\/fr\/wp-json\/wp\/v2\/pages\/16112?add-to-cart=14195\" aria-describedby=\"woocommerce_loop_add_to_cart_link_describedby_14195\" data-quantity=\"1\" class=\"primary is-small mb-0 button product_type_simple add_to_cart_button ajax_add_to_cart is-flat\" data-product_id=\"14195\" data-product_sku=\"\" aria-label=\"Ajouter au panier\u00a0: &ldquo;SCHLO\u00dfWALD-BIENENENGUT - Cr\u00e8me intensive \u00e0 la gel\u00e9e royale&rdquo;\" rel=\"nofollow\" data-success_message=\"\u00ab\u00a0SCHLO\u00dfWALD-BIENENENGUT - Cr\u00e8me intensive \u00e0 la gel\u00e9e royale\u00a0\u00bb a \u00e9t\u00e9 ajout\u00e9 \u00e0 votre panier\" role=\"button\">Ajouter au panier<\/a><\/div>\t<span id=\"woocommerce_loop_add_to_cart_link_describedby_14195\" class=\"screen-reader-text\">\n\t\t\t<\/span>\n\t\t<\/div>\n\t<\/div>\n\t\t<\/div>\n<\/div><div class=\"product-small col has-hover product type-product post-14198 status-publish instock product_cat-bio-fr product_cat-puralp-fr product_cat-soins-du-corps product_tag-revendeurs-fr has-post-thumbnail taxable shipping-taxable purchasable product-type-simple\">\n\t<div class=\"col-inner\">\n\t\n<div class=\"badge-container absolute left top z-1\">\n\n<div class=\"badge callout badge-circle\"><div class=\"badge-inner callout-new-bg is-small new-bubble\">NEW<\/div><\/div><\/div>\n\t<div class=\"product-small box \">\n\t\t<div class=\"box-image\">\n\t\t\t<div class=\"image-fade_in_back\">\n\t\t\t\t<a href=\"https:\/\/beiefritz.lu\/fr\/produkt\/huile-de-soin-bio-au-souci-puralp\/\">\n\t\t\t\t\t<img loading=\"lazy\" decoding=\"async\" width=\"247\" height=\"247\" src=\"https:\/\/beiefritz.lu\/wp-content\/uploads\/2022\/04\/calendula-247x247.jpg\" class=\"attachment-woocommerce_thumbnail size-woocommerce_thumbnail\" alt=\"PURALP - Extrait huileux de calendula bio\" srcset=\"https:\/\/beiefritz.lu\/wp-content\/uploads\/2022\/04\/calendula-247x247.jpg 247w, https:\/\/beiefritz.lu\/wp-content\/uploads\/2022\/04\/calendula-300x300.jpg 300w, https:\/\/beiefritz.lu\/wp-content\/uploads\/2022\/04\/calendula-1024x1024.jpg 1024w, https:\/\/beiefritz.lu\/wp-content\/uploads\/2022\/04\/calendula-150x150.jpg 150w, https:\/\/beiefritz.lu\/wp-content\/uploads\/2022\/04\/calendula-768x768.jpg 768w, https:\/\/beiefritz.lu\/wp-content\/uploads\/2022\/04\/calendula-510x510.jpg 510w, https:\/\/beiefritz.lu\/wp-content\/uploads\/2022\/04\/calendula-100x100.jpg 100w, https:\/\/beiefritz.lu\/wp-content\/uploads\/2022\/04\/calendula.jpg 1080w\" sizes=\"auto, (max-width: 247px) 100vw, 247px\" \/>\t\t\t\t<\/a>\n\t\t\t<\/div>\n\t\t\t<div class=\"image-tools is-small top right show-on-hover\">\n\t\t\t\t\t\t\t<\/div>\n\t\t\t<div class=\"image-tools is-small hide-for-small bottom left show-on-hover\">\n\t\t\t\t\t\t\t<\/div>\n\t\t\t<div class=\"image-tools grid-tools text-center hide-for-small bottom hover-slide-in show-on-hover\">\n\t\t\t\t\t\t\t<\/div>\n\t\t\t\t\t<\/div>\n\n\t\t<div class=\"box-text box-text-products text-center grid-style-2\">\n\t\t\t<div class=\"title-wrapper\"><p class=\"name product-title woocommerce-loop-product__title\"><a href=\"https:\/\/beiefritz.lu\/fr\/produkt\/huile-de-soin-bio-au-souci-puralp\/\" class=\"woocommerce-LoopProduct-link woocommerce-loop-product__link\">PURALP &#8211; Extrait huileux de calendula bio<\/a><\/p><\/div><div class=\"price-wrapper\">\n\t<span class=\"price\"><span class=\"woocommerce-Price-amount amount\"><bdi>16,00&nbsp;<span class=\"woocommerce-Price-currencySymbol\" translate=\"no\">&euro;<\/span><\/bdi><\/span><\/span>\n<\/div><div class=\"add-to-cart-button\"><a href=\"\/fr\/wp-json\/wp\/v2\/pages\/16112?add-to-cart=14198\" aria-describedby=\"woocommerce_loop_add_to_cart_link_describedby_14198\" data-quantity=\"1\" class=\"primary is-small mb-0 button product_type_simple add_to_cart_button ajax_add_to_cart is-flat\" data-product_id=\"14198\" data-product_sku=\"\" aria-label=\"Ajouter au panier\u00a0: &ldquo;PURALP - Extrait huileux de calendula bio&rdquo;\" rel=\"nofollow\" data-success_message=\"\u00ab\u00a0PURALP - Extrait huileux de calendula bio\u00a0\u00bb a \u00e9t\u00e9 ajout\u00e9 \u00e0 votre panier\" role=\"button\">Ajouter au panier<\/a><\/div>\t<span id=\"woocommerce_loop_add_to_cart_link_describedby_14198\" class=\"screen-reader-text\">\n\t\t\t<\/span>\n\t\t<\/div>\n\t<\/div>\n\t\t<\/div>\n<\/div><div class=\"product-small col has-hover product type-product post-14206 status-publish last instock product_cat-bio-fr product_cat-puralp-fr product_cat-soins-du-corps product_tag-propolis-fr product_tag-revendeurs-fr has-post-thumbnail taxable shipping-taxable purchasable product-type-simple\">\n\t<div class=\"col-inner\">\n\t\n<div class=\"badge-container absolute left top z-1\">\n\n<div class=\"badge callout badge-circle\"><div class=\"badge-inner callout-new-bg is-small new-bubble\">NEW<\/div><\/div><\/div>\n\t<div class=\"product-small box \">\n\t\t<div class=\"box-image\">\n\t\t\t<div class=\"image-fade_in_back\">\n\t\t\t\t<a href=\"https:\/\/beiefritz.lu\/fr\/produkt\/onguent-bio-puralp-propolis-souci\/\">\n\t\t\t\t\t<img loading=\"lazy\" decoding=\"async\" width=\"247\" height=\"247\" src=\"https:\/\/beiefritz.lu\/wp-content\/uploads\/2022\/04\/ringelblume-247x247.jpg\" class=\"attachment-woocommerce_thumbnail size-woocommerce_thumbnail\" alt=\"PURALP - Pommade Propolis &amp; Calendula Bio\" srcset=\"https:\/\/beiefritz.lu\/wp-content\/uploads\/2022\/04\/ringelblume-247x247.jpg 247w, https:\/\/beiefritz.lu\/wp-content\/uploads\/2022\/04\/ringelblume-300x300.jpg 300w, https:\/\/beiefritz.lu\/wp-content\/uploads\/2022\/04\/ringelblume-1024x1024.jpg 1024w, https:\/\/beiefritz.lu\/wp-content\/uploads\/2022\/04\/ringelblume-150x150.jpg 150w, https:\/\/beiefritz.lu\/wp-content\/uploads\/2022\/04\/ringelblume-768x768.jpg 768w, https:\/\/beiefritz.lu\/wp-content\/uploads\/2022\/04\/ringelblume-510x510.jpg 510w, https:\/\/beiefritz.lu\/wp-content\/uploads\/2022\/04\/ringelblume-100x100.jpg 100w, https:\/\/beiefritz.lu\/wp-content\/uploads\/2022\/04\/ringelblume.jpg 1080w\" sizes=\"auto, (max-width: 247px) 100vw, 247px\" \/>\t\t\t\t<\/a>\n\t\t\t<\/div>\n\t\t\t<div class=\"image-tools is-small top right show-on-hover\">\n\t\t\t\t\t\t\t<\/div>\n\t\t\t<div class=\"image-tools is-small hide-for-small bottom left show-on-hover\">\n\t\t\t\t\t\t\t<\/div>\n\t\t\t<div class=\"image-tools grid-tools text-center hide-for-small bottom hover-slide-in show-on-hover\">\n\t\t\t\t\t\t\t<\/div>\n\t\t\t\t\t<\/div>\n\n\t\t<div class=\"box-text box-text-products text-center grid-style-2\">\n\t\t\t<div class=\"title-wrapper\"><p class=\"name product-title woocommerce-loop-product__title\"><a href=\"https:\/\/beiefritz.lu\/fr\/produkt\/onguent-bio-puralp-propolis-souci\/\" class=\"woocommerce-LoopProduct-link woocommerce-loop-product__link\">PURALP &#8211; Pommade Propolis &amp; Calendula Bio<\/a><\/p><\/div><div class=\"price-wrapper\">\n\t<span class=\"price\"><span class=\"woocommerce-Price-amount amount\"><bdi>15,00&nbsp;<span class=\"woocommerce-Price-currencySymbol\" translate=\"no\">&euro;<\/span><\/bdi><\/span><\/span>\n<\/div><div class=\"add-to-cart-button\"><a href=\"\/fr\/wp-json\/wp\/v2\/pages\/16112?add-to-cart=14206\" aria-describedby=\"woocommerce_loop_add_to_cart_link_describedby_14206\" data-quantity=\"1\" class=\"primary is-small mb-0 button product_type_simple add_to_cart_button ajax_add_to_cart is-flat\" data-product_id=\"14206\" data-product_sku=\"\" aria-label=\"Ajouter au panier\u00a0: &ldquo;PURALP - Pommade Propolis &amp; Calendula Bio&rdquo;\" rel=\"nofollow\" data-success_message=\"\u00ab\u00a0PURALP - Pommade Propolis &amp; Calendula Bio\u00a0\u00bb a \u00e9t\u00e9 ajout\u00e9 \u00e0 votre panier\" role=\"button\">Ajouter au panier<\/a><\/div>\t<span id=\"woocommerce_loop_add_to_cart_link_describedby_14206\" class=\"screen-reader-text\">\n\t\t\t<\/span>\n\t\t<\/div>\n\t<\/div>\n\t\t<\/div>\n<\/div><div class=\"product-small col has-hover product type-product post-15371 status-publish first instock product_cat-bio-fr product_cat-divers product_cat-propolis-fr product_cat-puralp-fr product_cat-soins-du-corps product_tag-propolis-fr product_tag-revendeurs-fr has-post-thumbnail taxable shipping-taxable purchasable product-type-simple\">\n\t<div class=\"col-inner\">\n\t\n<div class=\"badge-container absolute left top z-1\">\n\n<\/div>\n\t<div class=\"product-small box \">\n\t\t<div class=\"box-image\">\n\t\t\t<div class=\"image-fade_in_back\">\n\t\t\t\t<a href=\"https:\/\/beiefritz.lu\/fr\/produkt\/puralp-propolis-rose-musquee-huile-soin-cicatrices-bio-roll-on\/\">\n\t\t\t\t\t<img loading=\"lazy\" decoding=\"async\" width=\"247\" height=\"247\" src=\"https:\/\/beiefritz.lu\/wp-content\/uploads\/2021\/01\/propolis-hagebutte-bio-narbenpflege-roll-on-247x247.jpg\" class=\"attachment-woocommerce_thumbnail size-woocommerce_thumbnail\" alt=\"PURALP - Roll-On Huile Soin Cicatrice Bio Propolis &amp; Rose Musqu\u00e9e\" srcset=\"https:\/\/beiefritz.lu\/wp-content\/uploads\/2021\/01\/propolis-hagebutte-bio-narbenpflege-roll-on-247x247.jpg 247w, https:\/\/beiefritz.lu\/wp-content\/uploads\/2021\/01\/propolis-hagebutte-bio-narbenpflege-roll-on-150x150.jpg 150w, https:\/\/beiefritz.lu\/wp-content\/uploads\/2021\/01\/propolis-hagebutte-bio-narbenpflege-roll-on-100x100.jpg 100w\" sizes=\"auto, (max-width: 247px) 100vw, 247px\" \/>\t\t\t\t<\/a>\n\t\t\t<\/div>\n\t\t\t<div class=\"image-tools is-small top right show-on-hover\">\n\t\t\t\t\t\t\t<\/div>\n\t\t\t<div class=\"image-tools is-small hide-for-small bottom left show-on-hover\">\n\t\t\t\t\t\t\t<\/div>\n\t\t\t<div class=\"image-tools grid-tools text-center hide-for-small bottom hover-slide-in show-on-hover\">\n\t\t\t\t\t\t\t<\/div>\n\t\t\t\t\t<\/div>\n\n\t\t<div class=\"box-text box-text-products text-center grid-style-2\">\n\t\t\t<div class=\"title-wrapper\"><p class=\"name product-title woocommerce-loop-product__title\"><a href=\"https:\/\/beiefritz.lu\/fr\/produkt\/puralp-propolis-rose-musquee-huile-soin-cicatrices-bio-roll-on\/\" class=\"woocommerce-LoopProduct-link woocommerce-loop-product__link\">PURALP &#8211; Roll-On Huile Soin Cicatrice Bio Propolis &amp; Rose Musqu\u00e9e<\/a><\/p><\/div><div class=\"price-wrapper\"><div class=\"star-rating star-rating--inline\" role=\"img\" aria-label=\"Note 5 sur 5\"><span style=\"width:100%\">Note <strong class=\"rating\">5<\/strong> sur 5<\/span><\/div><span class=\"review-count is-small op-8\" aria-label=\"2 avis client\">(2)<\/span>\n\t<span class=\"price\"><span class=\"woocommerce-Price-amount amount\"><bdi>10,00&nbsp;<span class=\"woocommerce-Price-currencySymbol\" translate=\"no\">&euro;<\/span><\/bdi><\/span><\/span>\n<\/div><div class=\"add-to-cart-button\"><a href=\"\/fr\/wp-json\/wp\/v2\/pages\/16112?add-to-cart=15371\" aria-describedby=\"woocommerce_loop_add_to_cart_link_describedby_15371\" data-quantity=\"1\" class=\"primary is-small mb-0 button product_type_simple add_to_cart_button ajax_add_to_cart is-flat\" data-product_id=\"15371\" data-product_sku=\"2015\" aria-label=\"Ajouter au panier\u00a0: &ldquo;PURALP - Roll-On Huile Soin Cicatrice Bio Propolis &amp; Rose Musqu\u00e9e&rdquo;\" rel=\"nofollow\" data-success_message=\"\u00ab\u00a0PURALP - Roll-On Huile Soin Cicatrice Bio Propolis &amp; Rose Musqu\u00e9e\u00a0\u00bb a \u00e9t\u00e9 ajout\u00e9 \u00e0 votre panier\" role=\"button\">Ajouter au panier<\/a><\/div>\t<span id=\"woocommerce_loop_add_to_cart_link_describedby_15371\" class=\"screen-reader-text\">\n\t\t\t<\/span>\n\t\t<\/div>\n\t<\/div>\n\t\t<\/div>\n<\/div><div class=\"product-small col has-hover product type-product post-15369 status-publish instock product_cat-bio-fr product_cat-propolis-fr product_cat-puralp-fr product_cat-soins-du-corps product_tag-propolis-fr product_tag-revendeurs-fr has-post-thumbnail taxable shipping-taxable purchasable product-type-simple\">\n\t<div class=\"col-inner\">\n\t\n<div class=\"badge-container absolute left top z-1\">\n\n<\/div>\n\t<div class=\"product-small box \">\n\t\t<div class=\"box-image\">\n\t\t\t<div class=\"image-fade_in_back\">\n\t\t\t\t<a href=\"https:\/\/beiefritz.lu\/fr\/produkt\/puralp-propolis-bergarnica-pommade-bio\/\">\n\t\t\t\t\t<img loading=\"lazy\" decoding=\"async\" width=\"247\" height=\"247\" src=\"https:\/\/beiefritz.lu\/wp-content\/uploads\/2021\/01\/propolis-bergarnika-bio-salbe-247x247.jpg\" class=\"attachment-woocommerce_thumbnail size-woocommerce_thumbnail\" alt=\"PURALP - Onguent Bio Propolis &amp; Arnica des Montagnes\" srcset=\"https:\/\/beiefritz.lu\/wp-content\/uploads\/2021\/01\/propolis-bergarnika-bio-salbe-247x247.jpg 247w, https:\/\/beiefritz.lu\/wp-content\/uploads\/2021\/01\/propolis-bergarnika-bio-salbe-150x150.jpg 150w, https:\/\/beiefritz.lu\/wp-content\/uploads\/2021\/01\/propolis-bergarnika-bio-salbe-100x100.jpg 100w\" sizes=\"auto, (max-width: 247px) 100vw, 247px\" \/>\t\t\t\t<\/a>\n\t\t\t<\/div>\n\t\t\t<div class=\"image-tools is-small top right show-on-hover\">\n\t\t\t\t\t\t\t<\/div>\n\t\t\t<div class=\"image-tools is-small hide-for-small bottom left show-on-hover\">\n\t\t\t\t\t\t\t<\/div>\n\t\t\t<div class=\"image-tools grid-tools text-center hide-for-small bottom hover-slide-in show-on-hover\">\n\t\t\t\t\t\t\t<\/div>\n\t\t\t\t\t<\/div>\n\n\t\t<div class=\"box-text box-text-products text-center grid-style-2\">\n\t\t\t<div class=\"title-wrapper\"><p class=\"name product-title woocommerce-loop-product__title\"><a href=\"https:\/\/beiefritz.lu\/fr\/produkt\/puralp-propolis-bergarnica-pommade-bio\/\" class=\"woocommerce-LoopProduct-link woocommerce-loop-product__link\">PURALP &#8211; Onguent Bio Propolis &amp; Arnica des Montagnes<\/a><\/p><\/div><div class=\"price-wrapper\">\n\t<span class=\"price\"><span class=\"woocommerce-Price-amount amount\"><bdi>15,00&nbsp;<span class=\"woocommerce-Price-currencySymbol\" translate=\"no\">&euro;<\/span><\/bdi><\/span><\/span>\n<\/div><div class=\"add-to-cart-button\"><a href=\"\/fr\/wp-json\/wp\/v2\/pages\/16112?add-to-cart=15369\" aria-describedby=\"woocommerce_loop_add_to_cart_link_describedby_15369\" data-quantity=\"1\" class=\"primary is-small mb-0 button product_type_simple add_to_cart_button ajax_add_to_cart is-flat\" data-product_id=\"15369\" data-product_sku=\"2018\" aria-label=\"Ajouter au panier\u00a0: &ldquo;PURALP - Onguent Bio Propolis &amp; Arnica des Montagnes&rdquo;\" rel=\"nofollow\" data-success_message=\"\u00ab\u00a0PURALP - Onguent Bio Propolis &amp; Arnica des Montagnes\u00a0\u00bb a \u00e9t\u00e9 ajout\u00e9 \u00e0 votre panier\" role=\"button\">Ajouter au panier<\/a><\/div>\t<span id=\"woocommerce_loop_add_to_cart_link_describedby_15369\" class=\"screen-reader-text\">\n\t\t\t<\/span>\n\t\t<\/div>\n\t<\/div>\n\t\t<\/div>\n<\/div><div class=\"product-small col has-hover product type-product post-14188 status-publish last instock product_cat-schlosswald-bienengut-fr product_cat-soins-du-corps has-post-thumbnail sale taxable shipping-taxable purchasable product-type-simple\">\n\t<div class=\"col-inner\">\n\t\n<div class=\"badge-container absolute left top z-1\">\n<div class=\"callout badge badge-circle\"><div class=\"badge-inner secondary on-sale\"><span class=\"onsale\">-13%<\/span><\/div><\/div>\n<\/div>\n\t<div class=\"product-small box \">\n\t\t<div class=\"box-image\">\n\t\t\t<div class=\"image-fade_in_back\">\n\t\t\t\t<a href=\"https:\/\/beiefritz.lu\/fr\/produkt\/schlosswald-bienengut-serum-royal-with-bee-poison\/\">\n\t\t\t\t\t<img loading=\"lazy\" decoding=\"async\" width=\"247\" height=\"247\" src=\"https:\/\/beiefritz.lu\/wp-content\/uploads\/2020\/07\/805-Serum-Royal-weiss-247x247.jpg\" class=\"attachment-woocommerce_thumbnail size-woocommerce_thumbnail\" alt=\"SCHLOSSWALD-BIENENGUT - S\u00e9rum royal au venin d&#039;abeille\" srcset=\"https:\/\/beiefritz.lu\/wp-content\/uploads\/2020\/07\/805-Serum-Royal-weiss-247x247.jpg 247w, https:\/\/beiefritz.lu\/wp-content\/uploads\/2020\/07\/805-Serum-Royal-weiss-150x150.jpg 150w, https:\/\/beiefritz.lu\/wp-content\/uploads\/2020\/07\/805-Serum-Royal-weiss-100x100.jpg 100w\" sizes=\"auto, (max-width: 247px) 100vw, 247px\" \/><img loading=\"lazy\" decoding=\"async\" width=\"247\" height=\"247\" src=\"https:\/\/beiefritz.lu\/wp-content\/uploads\/2020\/07\/105-Serum-Royal-weiss-247x247.jpg\" class=\"show-on-hover absolute fill hide-for-small back-image\" alt=\"Alternative view of SCHLOSSWALD-BIENENGUT - S\u00e9rum royal au venin d&#039;abeille\" aria-hidden=\"true\" srcset=\"https:\/\/beiefritz.lu\/wp-content\/uploads\/2020\/07\/105-Serum-Royal-weiss-247x247.jpg 247w, https:\/\/beiefritz.lu\/wp-content\/uploads\/2020\/07\/105-Serum-Royal-weiss-150x150.jpg 150w, https:\/\/beiefritz.lu\/wp-content\/uploads\/2020\/07\/105-Serum-Royal-weiss-100x100.jpg 100w\" sizes=\"auto, (max-width: 247px) 100vw, 247px\" \/>\t\t\t\t<\/a>\n\t\t\t<\/div>\n\t\t\t<div class=\"image-tools is-small top right show-on-hover\">\n\t\t\t\t\t\t\t<\/div>\n\t\t\t<div class=\"image-tools is-small hide-for-small bottom left show-on-hover\">\n\t\t\t\t\t\t\t<\/div>\n\t\t\t<div class=\"image-tools grid-tools text-center hide-for-small bottom hover-slide-in show-on-hover\">\n\t\t\t\t\t\t\t<\/div>\n\t\t\t\t\t<\/div>\n\n\t\t<div class=\"box-text box-text-products text-center grid-style-2\">\n\t\t\t<div class=\"title-wrapper\"><p class=\"name product-title woocommerce-loop-product__title\"><a href=\"https:\/\/beiefritz.lu\/fr\/produkt\/schlosswald-bienengut-serum-royal-with-bee-poison\/\" class=\"woocommerce-LoopProduct-link woocommerce-loop-product__link\">SCHLOSSWALD-BIENENGUT &#8211; S\u00e9rum royal au venin d&rsquo;abeille<\/a><\/p><\/div><div class=\"price-wrapper\">\n\t<span class=\"price\"><del aria-hidden=\"true\"><span class=\"woocommerce-Price-amount amount\"><bdi>49,90&nbsp;<span class=\"woocommerce-Price-currencySymbol\" translate=\"no\">&euro;<\/span><\/bdi><\/span><\/del> <span class=\"screen-reader-text\">Le prix initial \u00e9tait\u00a0: 49,90&nbsp;&euro;.<\/span><ins aria-hidden=\"true\"><span class=\"woocommerce-Price-amount amount\"><bdi>43,50&nbsp;<span class=\"woocommerce-Price-currencySymbol\" translate=\"no\">&euro;<\/span><\/bdi><\/span><\/ins><span class=\"screen-reader-text\">Le prix actuel est\u00a0: 43,50&nbsp;&euro;.<\/span><\/span>\n<\/div><div class=\"add-to-cart-button\"><a href=\"\/fr\/wp-json\/wp\/v2\/pages\/16112?add-to-cart=14188\" aria-describedby=\"woocommerce_loop_add_to_cart_link_describedby_14188\" data-quantity=\"1\" class=\"primary is-small mb-0 button product_type_simple add_to_cart_button ajax_add_to_cart is-flat\" data-product_id=\"14188\" data-product_sku=\"2014\" aria-label=\"Ajouter au panier\u00a0: &ldquo;SCHLOSSWALD-BIENENGUT - S\u00e9rum royal au venin d&#039;abeille&rdquo;\" rel=\"nofollow\" data-success_message=\"\u00ab\u00a0SCHLOSSWALD-BIENENGUT - S\u00e9rum royal au venin d&#039;abeille\u00a0\u00bb a \u00e9t\u00e9 ajout\u00e9 \u00e0 votre panier\" role=\"button\">Ajouter au panier<\/a><\/div>\t<span id=\"woocommerce_loop_add_to_cart_link_describedby_14188\" class=\"screen-reader-text\">\n\t\t\t<\/span>\n\t\t<\/div>\n\t<\/div>\n\t\t<\/div>\n<\/div><div class=\"product-small col has-hover product type-product post-14215 status-publish first instock product_cat-divers product_cat-savons product_cat-soins-du-corps product_tag-gastro-fr product_tag-revendeurs-fr has-post-thumbnail taxable shipping-taxable purchasable product-type-simple\">\n\t<div class=\"col-inner\">\n\t\n<div class=\"badge-container absolute left top z-1\">\n\n<\/div>\n\t<div class=\"product-small box \">\n\t\t<div class=\"box-image\">\n\t\t\t<div class=\"image-fade_in_back\">\n\t\t\t\t<a href=\"https:\/\/beiefritz.lu\/fr\/produkt\/sauvegarder\/\">\n\t\t\t\t\t<img loading=\"lazy\" decoding=\"async\" width=\"247\" height=\"247\" src=\"https:\/\/beiefritz.lu\/wp-content\/uploads\/2019\/08\/42_-247x247.jpg\" class=\"attachment-woocommerce_thumbnail size-woocommerce_thumbnail\" alt=\"SAVONT - Porte savon\" srcset=\"https:\/\/beiefritz.lu\/wp-content\/uploads\/2019\/08\/42_-247x247.jpg 247w, https:\/\/beiefritz.lu\/wp-content\/uploads\/2019\/08\/42_-100x100.jpg 100w, https:\/\/beiefritz.lu\/wp-content\/uploads\/2019\/08\/42_-150x150.jpg 150w\" sizes=\"auto, (max-width: 247px) 100vw, 247px\" \/><img loading=\"lazy\" decoding=\"async\" width=\"247\" height=\"247\" src=\"https:\/\/beiefritz.lu\/wp-content\/uploads\/2019\/08\/40_-247x247.jpg\" class=\"show-on-hover absolute fill hide-for-small back-image\" alt=\"Alternative view of SAVONT - Porte savon\" aria-hidden=\"true\" srcset=\"https:\/\/beiefritz.lu\/wp-content\/uploads\/2019\/08\/40_-247x247.jpg 247w, https:\/\/beiefritz.lu\/wp-content\/uploads\/2019\/08\/40_-100x100.jpg 100w, https:\/\/beiefritz.lu\/wp-content\/uploads\/2019\/08\/40_-150x150.jpg 150w\" sizes=\"auto, (max-width: 247px) 100vw, 247px\" \/>\t\t\t\t<\/a>\n\t\t\t<\/div>\n\t\t\t<div class=\"image-tools is-small top right show-on-hover\">\n\t\t\t\t\t\t\t<\/div>\n\t\t\t<div class=\"image-tools is-small hide-for-small bottom left show-on-hover\">\n\t\t\t\t\t\t\t<\/div>\n\t\t\t<div class=\"image-tools grid-tools text-center hide-for-small bottom hover-slide-in show-on-hover\">\n\t\t\t\t\t\t\t<\/div>\n\t\t\t\t\t<\/div>\n\n\t\t<div class=\"box-text box-text-products text-center grid-style-2\">\n\t\t\t<div class=\"title-wrapper\"><p class=\"name product-title woocommerce-loop-product__title\"><a href=\"https:\/\/beiefritz.lu\/fr\/produkt\/sauvegarder\/\" class=\"woocommerce-LoopProduct-link woocommerce-loop-product__link\">SAVONT &#8211; Porte savon<\/a><\/p><\/div><div class=\"price-wrapper\"><div class=\"star-rating star-rating--inline\" role=\"img\" aria-label=\"Note 5 sur 5\"><span style=\"width:100%\">Note <strong class=\"rating\">5<\/strong> sur 5<\/span><\/div><span class=\"review-count is-small op-8\" aria-label=\"3 avis client\">(3)<\/span>\n\t<span class=\"price\"><div class=\"b2bking_tiered_range_replaced b2bking_tiered_price_range_replaced_14215\" ><span class=\"woocommerce-Price-amount amount\" aria-hidden=\"true\"><bdi>8,50&nbsp;<span class=\"woocommerce-Price-currencySymbol\" translate=\"no\">&euro;<\/span><\/bdi><\/span> <span aria-hidden=\"true\">\u00a0\u2013\u00a0<\/span> <span class=\"woocommerce-Price-amount amount\" aria-hidden=\"true\"><bdi>9,50&nbsp;<span class=\"woocommerce-Price-currencySymbol\" translate=\"no\">&euro;<\/span><\/bdi><\/span><span class=\"screen-reader-text\">Plage de prix\u00a0: 8,50&nbsp;&euro; \u00e0 9,50&nbsp;&euro;<\/span><\/div><\/span>\n<\/div><div class=\"add-to-cart-button\"><a href=\"\/fr\/wp-json\/wp\/v2\/pages\/16112?add-to-cart=14215\" aria-describedby=\"woocommerce_loop_add_to_cart_link_describedby_14215\" data-quantity=\"1\" class=\"primary is-small mb-0 button product_type_simple add_to_cart_button ajax_add_to_cart is-flat\" data-product_id=\"14215\" data-product_sku=\"5000\" aria-label=\"Ajouter au panier\u00a0: &ldquo;SAVONT - Porte savon&rdquo;\" rel=\"nofollow\" data-success_message=\"\u00ab\u00a0SAVONT - Porte savon\u00a0\u00bb a \u00e9t\u00e9 ajout\u00e9 \u00e0 votre panier\" role=\"button\">Ajouter au panier<\/a><\/div>\t<span id=\"woocommerce_loop_add_to_cart_link_describedby_14215\" class=\"screen-reader-text\">\n\t\t\t<\/span>\n\t\t<\/div>\n\t<\/div>\n\t\t<\/div>\n<\/div><div class=\"product-small col has-hover product type-product post-14213 status-publish instock product_cat-imkergut-fr product_cat-soins-du-corps product_tag-propolis-fr product_tag-revendeurs-fr has-post-thumbnail taxable shipping-taxable purchasable product-type-simple\">\n\t<div class=\"col-inner\">\n\t\n<div class=\"badge-container absolute left top z-1\">\n\n<\/div>\n\t<div class=\"product-small box \">\n\t\t<div class=\"box-image\">\n\t\t\t<div class=\"image-fade_in_back\">\n\t\t\t\t<a href=\"https:\/\/beiefritz.lu\/fr\/produkt\/deodorant-roll-on-imkergut\/\">\n\t\t\t\t\t<img loading=\"lazy\" decoding=\"async\" width=\"247\" height=\"247\" src=\"https:\/\/beiefritz.lu\/wp-content\/uploads\/2019\/08\/Deo-247x247.png\" class=\"attachment-woocommerce_thumbnail size-woocommerce_thumbnail\" alt=\"IMKERGUT - D\u00e9o Roll-On\" srcset=\"https:\/\/beiefritz.lu\/wp-content\/uploads\/2019\/08\/Deo-247x247.png 247w, https:\/\/beiefritz.lu\/wp-content\/uploads\/2019\/08\/Deo-100x100.png 100w\" sizes=\"auto, (max-width: 247px) 100vw, 247px\" \/><img loading=\"lazy\" decoding=\"async\" width=\"247\" height=\"247\" src=\"https:\/\/beiefritz.lu\/wp-content\/uploads\/2019\/08\/Deo2-247x247.png\" class=\"show-on-hover absolute fill hide-for-small back-image\" alt=\"Alternative view of IMKERGUT - D\u00e9o Roll-On\" aria-hidden=\"true\" srcset=\"https:\/\/beiefritz.lu\/wp-content\/uploads\/2019\/08\/Deo2-247x247.png 247w, https:\/\/beiefritz.lu\/wp-content\/uploads\/2019\/08\/Deo2-100x100.png 100w, https:\/\/beiefritz.lu\/wp-content\/uploads\/2019\/08\/Deo2-150x150.png 150w\" sizes=\"auto, (max-width: 247px) 100vw, 247px\" \/>\t\t\t\t<\/a>\n\t\t\t<\/div>\n\t\t\t<div class=\"image-tools is-small top right show-on-hover\">\n\t\t\t\t\t\t\t<\/div>\n\t\t\t<div class=\"image-tools is-small hide-for-small bottom left show-on-hover\">\n\t\t\t\t\t\t\t<\/div>\n\t\t\t<div class=\"image-tools grid-tools text-center hide-for-small bottom hover-slide-in show-on-hover\">\n\t\t\t\t\t\t\t<\/div>\n\t\t\t\t\t<\/div>\n\n\t\t<div class=\"box-text box-text-products text-center grid-style-2\">\n\t\t\t<div class=\"title-wrapper\"><p class=\"name product-title woocommerce-loop-product__title\"><a href=\"https:\/\/beiefritz.lu\/fr\/produkt\/deodorant-roll-on-imkergut\/\" class=\"woocommerce-LoopProduct-link woocommerce-loop-product__link\">IMKERGUT &#8211; D\u00e9o Roll-On<\/a><\/p><\/div><div class=\"price-wrapper\"><div class=\"star-rating star-rating--inline\" role=\"img\" aria-label=\"Note 5 sur 5\"><span style=\"width:100%\">Note <strong class=\"rating\">5<\/strong> sur 5<\/span><\/div><span class=\"review-count is-small op-8\" aria-label=\"2 avis client\">(2)<\/span>\n\t<span class=\"price\"><div class=\"b2bking_tiered_range_replaced b2bking_tiered_price_range_replaced_14213\" ><span class=\"woocommerce-Price-amount amount\" aria-hidden=\"true\"><bdi>9,50&nbsp;<span class=\"woocommerce-Price-currencySymbol\" translate=\"no\">&euro;<\/span><\/bdi><\/span> <span aria-hidden=\"true\">\u00a0\u2013\u00a0<\/span> <span class=\"woocommerce-Price-amount amount\" aria-hidden=\"true\"><bdi>10,00&nbsp;<span class=\"woocommerce-Price-currencySymbol\" translate=\"no\">&euro;<\/span><\/bdi><\/span><span class=\"screen-reader-text\">Plage de prix\u00a0: 9,50&nbsp;&euro; \u00e0 10,00&nbsp;&euro;<\/span><\/div><\/span>\n<\/div><div class=\"add-to-cart-button\"><a href=\"\/fr\/wp-json\/wp\/v2\/pages\/16112?add-to-cart=14213\" aria-describedby=\"woocommerce_loop_add_to_cart_link_describedby_14213\" data-quantity=\"1\" class=\"primary is-small mb-0 button product_type_simple add_to_cart_button ajax_add_to_cart is-flat\" data-product_id=\"14213\" data-product_sku=\"2011\" aria-label=\"Ajouter au panier\u00a0: &ldquo;IMKERGUT - D\u00e9o Roll-On&rdquo;\" rel=\"nofollow\" data-success_message=\"\u00ab\u00a0IMKERGUT - D\u00e9o Roll-On\u00a0\u00bb a \u00e9t\u00e9 ajout\u00e9 \u00e0 votre panier\" role=\"button\">Ajouter au panier<\/a><\/div>\t<span id=\"woocommerce_loop_add_to_cart_link_describedby_14213\" class=\"screen-reader-text\">\n\t\t\t<\/span>\n\t\t<\/div>\n\t<\/div>\n\t\t<\/div>\n<\/div><div class=\"product-small col has-hover product type-product post-14211 status-publish last instock product_cat-schlosswald-bienengut-fr product_cat-soins-du-corps has-post-thumbnail sale taxable shipping-taxable purchasable product-type-simple\">\n\t<div class=\"col-inner\">\n\t\n<div class=\"badge-container absolute left top z-1\">\n<div class=\"callout badge badge-circle\"><div class=\"badge-inner secondary on-sale\"><span class=\"onsale\">-14%<\/span><\/div><\/div>\n<\/div>\n\t<div class=\"product-small box \">\n\t\t<div class=\"box-image\">\n\t\t\t<div class=\"image-fade_in_back\">\n\t\t\t\t<a href=\"https:\/\/beiefritz.lu\/fr\/produkt\/schlosswald-bienengut-api-regent-bee-pommade-empoisonnee\/\">\n\t\t\t\t\t<img loading=\"lazy\" decoding=\"async\" width=\"247\" height=\"247\" src=\"https:\/\/beiefritz.lu\/wp-content\/uploads\/2020\/01\/7a06-API-Regent-weiss-247x247.jpg\" class=\"attachment-woocommerce_thumbnail size-woocommerce_thumbnail\" alt=\"SCHLOSSWALD-BIENENGUT - Api-Regent Pommade au venin d\u00b4abeille\" srcset=\"https:\/\/beiefritz.lu\/wp-content\/uploads\/2020\/01\/7a06-API-Regent-weiss-247x247.jpg 247w, https:\/\/beiefritz.lu\/wp-content\/uploads\/2020\/01\/7a06-API-Regent-weiss-150x150.jpg 150w, https:\/\/beiefritz.lu\/wp-content\/uploads\/2020\/01\/7a06-API-Regent-weiss-100x100.jpg 100w\" sizes=\"auto, (max-width: 247px) 100vw, 247px\" \/><img loading=\"lazy\" decoding=\"async\" width=\"247\" height=\"247\" src=\"https:\/\/beiefritz.lu\/wp-content\/uploads\/2020\/01\/1a06-API-Regent-weiss-247x247.jpg\" class=\"show-on-hover absolute fill hide-for-small back-image\" alt=\"Alternative view of SCHLOSSWALD-BIENENGUT - Api-Regent Pommade au venin d\u00b4abeille\" aria-hidden=\"true\" srcset=\"https:\/\/beiefritz.lu\/wp-content\/uploads\/2020\/01\/1a06-API-Regent-weiss-247x247.jpg 247w, https:\/\/beiefritz.lu\/wp-content\/uploads\/2020\/01\/1a06-API-Regent-weiss-150x150.jpg 150w, https:\/\/beiefritz.lu\/wp-content\/uploads\/2020\/01\/1a06-API-Regent-weiss-100x100.jpg 100w\" sizes=\"auto, (max-width: 247px) 100vw, 247px\" \/>\t\t\t\t<\/a>\n\t\t\t<\/div>\n\t\t\t<div class=\"image-tools is-small top right show-on-hover\">\n\t\t\t\t\t\t\t<\/div>\n\t\t\t<div class=\"image-tools is-small hide-for-small bottom left show-on-hover\">\n\t\t\t\t\t\t\t<\/div>\n\t\t\t<div class=\"image-tools grid-tools text-center hide-for-small bottom hover-slide-in show-on-hover\">\n\t\t\t\t\t\t\t<\/div>\n\t\t\t\t\t<\/div>\n\n\t\t<div class=\"box-text box-text-products text-center grid-style-2\">\n\t\t\t<div class=\"title-wrapper\"><p class=\"name product-title woocommerce-loop-product__title\"><a href=\"https:\/\/beiefritz.lu\/fr\/produkt\/schlosswald-bienengut-api-regent-bee-pommade-empoisonnee\/\" class=\"woocommerce-LoopProduct-link woocommerce-loop-product__link\">SCHLOSSWALD-BIENENGUT &#8211; Api-Regent Pommade au venin d\u00b4abeille<\/a><\/p><\/div><div class=\"price-wrapper\"><div class=\"star-rating star-rating--inline\" role=\"img\" aria-label=\"Note 5 sur 5\"><span style=\"width:100%\">Note <strong class=\"rating\">5<\/strong> sur 5<\/span><\/div><span class=\"review-count is-small op-8\" aria-label=\"1 avis client\">(1)<\/span>\n\t<span class=\"price\"><div class=\"b2bking_tiered_range_replaced b2bking_tiered_price_range_replaced_14211\" ><span class=\"woocommerce-Price-amount amount\" aria-hidden=\"true\"><bdi>26,50&nbsp;<span class=\"woocommerce-Price-currencySymbol\" translate=\"no\">&euro;<\/span><\/bdi><\/span> <span aria-hidden=\"true\">\u00a0\u2013\u00a0<\/span> <span class=\"woocommerce-Price-amount amount\" aria-hidden=\"true\"><bdi>30,00&nbsp;<span class=\"woocommerce-Price-currencySymbol\" translate=\"no\">&euro;<\/span><\/bdi><\/span><span class=\"screen-reader-text\">Plage de prix\u00a0: 26,50&nbsp;&euro; \u00e0 30,00&nbsp;&euro;<\/span><\/div><\/span>\n<\/div><div class=\"add-to-cart-button\"><a href=\"\/fr\/wp-json\/wp\/v2\/pages\/16112?add-to-cart=14211\" aria-describedby=\"woocommerce_loop_add_to_cart_link_describedby_14211\" data-quantity=\"1\" class=\"primary is-small mb-0 button product_type_simple add_to_cart_button ajax_add_to_cart is-flat\" data-product_id=\"14211\" data-product_sku=\"2012\" aria-label=\"Ajouter au panier\u00a0: &ldquo;SCHLOSSWALD-BIENENGUT - Api-Regent Pommade au venin d\u00b4abeille&rdquo;\" rel=\"nofollow\" data-success_message=\"\u00ab\u00a0SCHLOSSWALD-BIENENGUT - Api-Regent Pommade au venin d\u00b4abeille\u00a0\u00bb a \u00e9t\u00e9 ajout\u00e9 \u00e0 votre panier\" role=\"button\">Ajouter au panier<\/a><\/div>\t<span id=\"woocommerce_loop_add_to_cart_link_describedby_14211\" class=\"screen-reader-text\">\n\t\t\t<\/span>\n\t\t<\/div>\n\t<\/div>\n\t\t<\/div>\n<\/div><div class=\"product-small col has-hover product type-product post-14228 status-publish first instock product_cat-de-beiefritz-fr product_cat-propolis-fr product_cat-soins-du-corps product_tag-beiefritz-fr product_tag-propolis-fr product_tag-revendeurs-fr has-post-thumbnail taxable shipping-taxable purchasable product-type-simple\">\n\t<div class=\"col-inner\">\n\t\n<div class=\"badge-container absolute left top z-1\">\n\n<\/div>\n\t<div class=\"product-small box \">\n\t\t<div class=\"box-image\">\n\t\t\t<div class=\"image-fade_in_back\">\n\t\t\t\t<a href=\"https:\/\/beiefritz.lu\/fr\/produkt\/creme-au-miel-de-propolis\/\">\n\t\t\t\t\t<img loading=\"lazy\" decoding=\"async\" width=\"247\" height=\"247\" src=\"https:\/\/beiefritz.lu\/wp-content\/uploads\/2016\/02\/IMG_5770-247x247.png\" class=\"attachment-woocommerce_thumbnail size-woocommerce_thumbnail\" alt=\"DE BEIEFRITZ - Cr\u00e8me pour le visage au miel de propolis\" srcset=\"https:\/\/beiefritz.lu\/wp-content\/uploads\/2016\/02\/IMG_5770-247x247.png 247w, https:\/\/beiefritz.lu\/wp-content\/uploads\/2016\/02\/IMG_5770-300x300.png 300w, https:\/\/beiefritz.lu\/wp-content\/uploads\/2016\/02\/IMG_5770-1024x1024.png 1024w, https:\/\/beiefritz.lu\/wp-content\/uploads\/2016\/02\/IMG_5770-150x150.png 150w, https:\/\/beiefritz.lu\/wp-content\/uploads\/2016\/02\/IMG_5770-768x768.png 768w, https:\/\/beiefritz.lu\/wp-content\/uploads\/2016\/02\/IMG_5770-1536x1536.png 1536w, https:\/\/beiefritz.lu\/wp-content\/uploads\/2016\/02\/IMG_5770-2048x2048.png 2048w, https:\/\/beiefritz.lu\/wp-content\/uploads\/2016\/02\/IMG_5770-510x510.png 510w, https:\/\/beiefritz.lu\/wp-content\/uploads\/2016\/02\/IMG_5770-100x100.png 100w\" sizes=\"auto, (max-width: 247px) 100vw, 247px\" \/>\t\t\t\t<\/a>\n\t\t\t<\/div>\n\t\t\t<div class=\"image-tools is-small top right show-on-hover\">\n\t\t\t\t\t\t\t<\/div>\n\t\t\t<div class=\"image-tools is-small hide-for-small bottom left show-on-hover\">\n\t\t\t\t\t\t\t<\/div>\n\t\t\t<div class=\"image-tools grid-tools text-center hide-for-small bottom hover-slide-in show-on-hover\">\n\t\t\t\t\t\t\t<\/div>\n\t\t\t\t\t<\/div>\n\n\t\t<div class=\"box-text box-text-products text-center grid-style-2\">\n\t\t\t<div class=\"title-wrapper\"><p class=\"name product-title woocommerce-loop-product__title\"><a href=\"https:\/\/beiefritz.lu\/fr\/produkt\/creme-au-miel-de-propolis\/\" class=\"woocommerce-LoopProduct-link woocommerce-loop-product__link\">DE BEIEFRITZ &#8211; Cr\u00e8me pour le visage au miel de propolis<\/a><\/p><\/div><div class=\"price-wrapper\"><div class=\"star-rating star-rating--inline\" role=\"img\" aria-label=\"Note 5 sur 5\"><span style=\"width:100%\">Note <strong class=\"rating\">5<\/strong> sur 5<\/span><\/div><span class=\"review-count is-small op-8\" aria-label=\"3 avis client\">(3)<\/span>\n\t<span class=\"price\"><span class=\"woocommerce-Price-amount amount\"><bdi>16,00&nbsp;<span class=\"woocommerce-Price-currencySymbol\" translate=\"no\">&euro;<\/span><\/bdi><\/span><\/span>\n<\/div><div class=\"add-to-cart-button\"><a href=\"\/fr\/wp-json\/wp\/v2\/pages\/16112?add-to-cart=14228\" aria-describedby=\"woocommerce_loop_add_to_cart_link_describedby_14228\" data-quantity=\"1\" class=\"primary is-small mb-0 button product_type_simple add_to_cart_button ajax_add_to_cart is-flat\" data-product_id=\"14228\" data-product_sku=\"2006\" aria-label=\"Ajouter au panier\u00a0: &ldquo;DE BEIEFRITZ - Cr\u00e8me pour le visage au miel de propolis&rdquo;\" rel=\"nofollow\" data-success_message=\"\u00ab\u00a0DE BEIEFRITZ - Cr\u00e8me pour le visage au miel de propolis\u00a0\u00bb a \u00e9t\u00e9 ajout\u00e9 \u00e0 votre panier\" role=\"button\">Ajouter au panier<\/a><\/div>\t<span id=\"woocommerce_loop_add_to_cart_link_describedby_14228\" class=\"screen-reader-text\">\n\t\t\t<\/span>\n\t\t<\/div>\n\t<\/div>\n\t\t<\/div>\n<\/div><div class=\"product-small col has-hover product type-product post-14256 status-publish instock product_cat-de-beiefritz-fr product_cat-soins-du-corps product_tag-beiefritz-fr product_tag-revendeurs-fr has-post-thumbnail taxable shipping-taxable purchasable product-type-simple\">\n\t<div class=\"col-inner\">\n\t\n<div class=\"badge-container absolute left top z-1\">\n\n<\/div>\n\t<div class=\"product-small box \">\n\t\t<div class=\"box-image\">\n\t\t\t<div class=\"image-fade_in_back\">\n\t\t\t\t<a href=\"https:\/\/beiefritz.lu\/fr\/produkt\/gelee-royale-creme-au-miel\/\">\n\t\t\t\t\t<img loading=\"lazy\" decoding=\"async\" width=\"247\" height=\"247\" src=\"https:\/\/beiefritz.lu\/wp-content\/uploads\/2016\/03\/IMG_5771-247x247.png\" class=\"attachment-woocommerce_thumbnail size-woocommerce_thumbnail\" alt=\"DE BEIEFRITZ - Gel\u00e9e Royale Miel Cr\u00e8me pour le visage\" srcset=\"https:\/\/beiefritz.lu\/wp-content\/uploads\/2016\/03\/IMG_5771-247x247.png 247w, https:\/\/beiefritz.lu\/wp-content\/uploads\/2016\/03\/IMG_5771-300x300.png 300w, https:\/\/beiefritz.lu\/wp-content\/uploads\/2016\/03\/IMG_5771-1024x1024.png 1024w, https:\/\/beiefritz.lu\/wp-content\/uploads\/2016\/03\/IMG_5771-150x150.png 150w, https:\/\/beiefritz.lu\/wp-content\/uploads\/2016\/03\/IMG_5771-768x768.png 768w, https:\/\/beiefritz.lu\/wp-content\/uploads\/2016\/03\/IMG_5771-1536x1536.png 1536w, https:\/\/beiefritz.lu\/wp-content\/uploads\/2016\/03\/IMG_5771-2048x2048.png 2048w, https:\/\/beiefritz.lu\/wp-content\/uploads\/2016\/03\/IMG_5771-510x510.png 510w, https:\/\/beiefritz.lu\/wp-content\/uploads\/2016\/03\/IMG_5771-100x100.png 100w\" sizes=\"auto, (max-width: 247px) 100vw, 247px\" \/>\t\t\t\t<\/a>\n\t\t\t<\/div>\n\t\t\t<div class=\"image-tools is-small top right show-on-hover\">\n\t\t\t\t\t\t\t<\/div>\n\t\t\t<div class=\"image-tools is-small hide-for-small bottom left show-on-hover\">\n\t\t\t\t\t\t\t<\/div>\n\t\t\t<div class=\"image-tools grid-tools text-center hide-for-small bottom hover-slide-in show-on-hover\">\n\t\t\t\t\t\t\t<\/div>\n\t\t\t\t\t<\/div>\n\n\t\t<div class=\"box-text box-text-products text-center grid-style-2\">\n\t\t\t<div class=\"title-wrapper\"><p class=\"name product-title woocommerce-loop-product__title\"><a href=\"https:\/\/beiefritz.lu\/fr\/produkt\/gelee-royale-creme-au-miel\/\" class=\"woocommerce-LoopProduct-link woocommerce-loop-product__link\">DE BEIEFRITZ &#8211; Gel\u00e9e Royale Miel Cr\u00e8me pour le visage<\/a><\/p><\/div><div class=\"price-wrapper\"><div class=\"star-rating star-rating--inline\" role=\"img\" aria-label=\"Note 3 sur 5\"><span style=\"width:60%\">Note <strong class=\"rating\">3<\/strong> sur 5<\/span><\/div><span class=\"review-count is-small op-8\" aria-label=\"1 avis client\">(1)<\/span>\n\t<span class=\"price\"><span class=\"woocommerce-Price-amount amount\"><bdi>16,00&nbsp;<span class=\"woocommerce-Price-currencySymbol\" translate=\"no\">&euro;<\/span><\/bdi><\/span><\/span>\n<\/div><div class=\"add-to-cart-button\"><a href=\"\/fr\/wp-json\/wp\/v2\/pages\/16112?add-to-cart=14256\" aria-describedby=\"woocommerce_loop_add_to_cart_link_describedby_14256\" data-quantity=\"1\" class=\"primary is-small mb-0 button product_type_simple add_to_cart_button ajax_add_to_cart is-flat\" data-product_id=\"14256\" data-product_sku=\"2007\" aria-label=\"Ajouter au panier\u00a0: &ldquo;DE BEIEFRITZ - Gel\u00e9e Royale Miel Cr\u00e8me pour le visage&rdquo;\" rel=\"nofollow\" data-success_message=\"\u00ab\u00a0DE BEIEFRITZ - Gel\u00e9e Royale Miel Cr\u00e8me pour le visage\u00a0\u00bb a \u00e9t\u00e9 ajout\u00e9 \u00e0 votre panier\" role=\"button\">Ajouter au panier<\/a><\/div>\t<span id=\"woocommerce_loop_add_to_cart_link_describedby_14256\" class=\"screen-reader-text\">\n\t\t\t<\/span>\n\t\t<\/div>\n\t<\/div>\n\t\t<\/div>\n<\/div><div class=\"product-small col has-hover product type-product post-14240 status-publish last instock product_cat-de-beiefritz-fr product_cat-propolis-fr product_cat-soins-du-corps product_tag-beiefritz-fr product_tag-gastro-fr product_tag-propolis-fr product_tag-revendeurs-fr has-post-thumbnail featured taxable shipping-taxable purchasable product-type-simple\">\n\t<div class=\"col-inner\">\n\t\n<div class=\"badge-container absolute left top z-1\">\n\n<\/div>\n\t<div class=\"product-small box \">\n\t\t<div class=\"box-image\">\n\t\t\t<div class=\"image-fade_in_back\">\n\t\t\t\t<a href=\"https:\/\/beiefritz.lu\/fr\/produkt\/creme-mains\/\">\n\t\t\t\t\t<img loading=\"lazy\" decoding=\"async\" width=\"247\" height=\"247\" src=\"https:\/\/beiefritz.lu\/wp-content\/uploads\/2016\/02\/IMG_5760-247x247.jpg\" class=\"attachment-woocommerce_thumbnail size-woocommerce_thumbnail\" alt=\"DE BEIEFRITZ - Cr\u00e8me mains \u00e0 la propolis\" srcset=\"https:\/\/beiefritz.lu\/wp-content\/uploads\/2016\/02\/IMG_5760-247x247.jpg 247w, https:\/\/beiefritz.lu\/wp-content\/uploads\/2016\/02\/IMG_5760-300x300.jpg 300w, https:\/\/beiefritz.lu\/wp-content\/uploads\/2016\/02\/IMG_5760-1024x1024.jpg 1024w, https:\/\/beiefritz.lu\/wp-content\/uploads\/2016\/02\/IMG_5760-150x150.jpg 150w, https:\/\/beiefritz.lu\/wp-content\/uploads\/2016\/02\/IMG_5760-768x768.jpg 768w, https:\/\/beiefritz.lu\/wp-content\/uploads\/2016\/02\/IMG_5760-510x510.jpg 510w, https:\/\/beiefritz.lu\/wp-content\/uploads\/2016\/02\/IMG_5760-100x100.jpg 100w, https:\/\/beiefritz.lu\/wp-content\/uploads\/2016\/02\/IMG_5760.jpg 1080w\" sizes=\"auto, (max-width: 247px) 100vw, 247px\" \/>\t\t\t\t<\/a>\n\t\t\t<\/div>\n\t\t\t<div class=\"image-tools is-small top right show-on-hover\">\n\t\t\t\t\t\t\t<\/div>\n\t\t\t<div class=\"image-tools is-small hide-for-small bottom left show-on-hover\">\n\t\t\t\t\t\t\t<\/div>\n\t\t\t<div class=\"image-tools grid-tools text-center hide-for-small bottom hover-slide-in show-on-hover\">\n\t\t\t\t\t\t\t<\/div>\n\t\t\t\t\t<\/div>\n\n\t\t<div class=\"box-text box-text-products text-center grid-style-2\">\n\t\t\t<div class=\"title-wrapper\"><p class=\"name product-title woocommerce-loop-product__title\"><a href=\"https:\/\/beiefritz.lu\/fr\/produkt\/creme-mains\/\" class=\"woocommerce-LoopProduct-link woocommerce-loop-product__link\">DE BEIEFRITZ &#8211; Cr\u00e8me mains \u00e0 la propolis<\/a><\/p><\/div><div class=\"price-wrapper\"><div class=\"star-rating star-rating--inline\" role=\"img\" aria-label=\"Note 5 sur 5\"><span style=\"width:100%\">Note <strong class=\"rating\">5<\/strong> sur 5<\/span><\/div><span class=\"review-count is-small op-8\" aria-label=\"4 avis client\">(4)<\/span>\n\t<span class=\"price\"><span class=\"woocommerce-Price-amount amount\"><bdi>8,00&nbsp;<span class=\"woocommerce-Price-currencySymbol\" translate=\"no\">&euro;<\/span><\/bdi><\/span><\/span>\n<\/div><div class=\"add-to-cart-button\"><a href=\"\/fr\/wp-json\/wp\/v2\/pages\/16112?add-to-cart=14240\" aria-describedby=\"woocommerce_loop_add_to_cart_link_describedby_14240\" data-quantity=\"1\" class=\"primary is-small mb-0 button product_type_simple add_to_cart_button ajax_add_to_cart is-flat\" data-product_id=\"14240\" data-product_sku=\"2001\" aria-label=\"Ajouter au panier\u00a0: &ldquo;DE BEIEFRITZ - Cr\u00e8me mains \u00e0 la propolis&rdquo;\" rel=\"nofollow\" data-success_message=\"\u00ab\u00a0DE BEIEFRITZ - Cr\u00e8me mains \u00e0 la propolis\u00a0\u00bb a \u00e9t\u00e9 ajout\u00e9 \u00e0 votre panier\" role=\"button\">Ajouter au panier<\/a><\/div>\t<span id=\"woocommerce_loop_add_to_cart_link_describedby_14240\" class=\"screen-reader-text\">\n\t\t\t<\/span>\n\t\t<\/div>\n\t<\/div>\n\t\t<\/div>\n<\/div><div class=\"product-small col has-hover product type-product post-18323 status-publish first instock product_cat-bien-etre product_cat-bio-fr product_cat-nouveau product_cat-puralp-fr product_cat-soins-du-corps has-post-thumbnail taxable shipping-taxable purchasable product-type-simple\">\n\t<div class=\"col-inner\">\n\t\n<div class=\"badge-container absolute left top z-1\">\n\n<div class=\"badge callout badge-circle\"><div class=\"badge-inner callout-new-bg is-small new-bubble\">NEW<\/div><\/div><\/div>\n\t<div class=\"product-small box \">\n\t\t<div class=\"box-image\">\n\t\t\t<div class=\"image-fade_in_back\">\n\t\t\t\t<a href=\"https:\/\/beiefritz.lu\/fr\/produkt\/puralp-bougie-de-massage-bio-a-ledelweiss-et-au-pin-cembro\/\">\n\t\t\t\t\t<img loading=\"lazy\" decoding=\"async\" width=\"247\" height=\"247\" src=\"https:\/\/beiefritz.lu\/wp-content\/uploads\/2025\/05\/edelweiss-kerze-247x247.jpg\" class=\"attachment-woocommerce_thumbnail size-woocommerce_thumbnail\" alt=\"PURALP - Bougie de massage bio \u00e0 l&#039;edelweiss et au pin cembro\" srcset=\"https:\/\/beiefritz.lu\/wp-content\/uploads\/2025\/05\/edelweiss-kerze-247x247.jpg 247w, https:\/\/beiefritz.lu\/wp-content\/uploads\/2025\/05\/edelweiss-kerze-150x150.jpg 150w, https:\/\/beiefritz.lu\/wp-content\/uploads\/2025\/05\/edelweiss-kerze-100x100.jpg 100w\" sizes=\"auto, (max-width: 247px) 100vw, 247px\" \/>\t\t\t\t<\/a>\n\t\t\t<\/div>\n\t\t\t<div class=\"image-tools is-small top right show-on-hover\">\n\t\t\t\t\t\t\t<\/div>\n\t\t\t<div class=\"image-tools is-small hide-for-small bottom left show-on-hover\">\n\t\t\t\t\t\t\t<\/div>\n\t\t\t<div class=\"image-tools grid-tools text-center hide-for-small bottom hover-slide-in show-on-hover\">\n\t\t\t\t\t\t\t<\/div>\n\t\t\t\t\t<\/div>\n\n\t\t<div class=\"box-text box-text-products text-center grid-style-2\">\n\t\t\t<div class=\"title-wrapper\"><p class=\"name product-title woocommerce-loop-product__title\"><a href=\"https:\/\/beiefritz.lu\/fr\/produkt\/puralp-bougie-de-massage-bio-a-ledelweiss-et-au-pin-cembro\/\" class=\"woocommerce-LoopProduct-link woocommerce-loop-product__link\">PURALP &#8211; Bougie de massage bio \u00e0 l&rsquo;edelweiss et au pin cembro<\/a><\/p><\/div><div class=\"price-wrapper\">\n\t<span class=\"price\"><span class=\"woocommerce-Price-amount amount\"><bdi>16,00&nbsp;<span class=\"woocommerce-Price-currencySymbol\" translate=\"no\">&euro;<\/span><\/bdi><\/span><\/span>\n<\/div><div class=\"add-to-cart-button\"><a href=\"\/fr\/wp-json\/wp\/v2\/pages\/16112?add-to-cart=18323\" aria-describedby=\"woocommerce_loop_add_to_cart_link_describedby_18323\" data-quantity=\"1\" class=\"primary is-small mb-0 button product_type_simple add_to_cart_button ajax_add_to_cart is-flat\" data-product_id=\"18323\" data-product_sku=\"\" aria-label=\"Ajouter au panier\u00a0: &ldquo;PURALP - Bougie de massage bio \u00e0 l&#039;edelweiss et au pin cembro&rdquo;\" rel=\"nofollow\" data-success_message=\"\u00ab\u00a0PURALP - Bougie de massage bio \u00e0 l&#039;edelweiss et au pin cembro\u00a0\u00bb a \u00e9t\u00e9 ajout\u00e9 \u00e0 votre panier\" role=\"button\">Ajouter au panier<\/a><\/div>\t<span id=\"woocommerce_loop_add_to_cart_link_describedby_18323\" class=\"screen-reader-text\">\n\t\t\t<\/span>\n\t\t<\/div>\n\t<\/div>\n\t\t<\/div>\n<\/div><div class=\"product-small col has-hover product type-product post-17946 status-publish instock product_cat-bien-etre product_cat-bio-fr product_cat-nouveau product_cat-puralp-fr product_cat-soins-du-corps has-post-thumbnail taxable shipping-taxable purchasable product-type-simple\">\n\t<div class=\"col-inner\">\n\t\n<div class=\"badge-container absolute left top z-1\">\n\n<div class=\"badge callout badge-circle\"><div class=\"badge-inner callout-new-bg is-small new-bubble\">NEW<\/div><\/div><\/div>\n\t<div class=\"product-small box \">\n\t\t<div class=\"box-image\">\n\t\t\t<div class=\"image-fade_in_back\">\n\t\t\t\t<a href=\"https:\/\/beiefritz.lu\/fr\/produkt\/puralp-huile-corporelle-bio-a-ledelweiss-et-au-pin-cembro\/\">\n\t\t\t\t\t<img loading=\"lazy\" decoding=\"async\" width=\"247\" height=\"247\" src=\"https:\/\/beiefritz.lu\/wp-content\/uploads\/2025\/02\/Design-ohne-Titel-125-247x247.png\" class=\"attachment-woocommerce_thumbnail size-woocommerce_thumbnail\" alt=\"PURALP - Huile corporelle bio \u00e0 l&#039;edelweiss et au pin cembro\" srcset=\"https:\/\/beiefritz.lu\/wp-content\/uploads\/2025\/02\/Design-ohne-Titel-125-247x247.png 247w, https:\/\/beiefritz.lu\/wp-content\/uploads\/2025\/02\/Design-ohne-Titel-125-300x300.png 300w, https:\/\/beiefritz.lu\/wp-content\/uploads\/2025\/02\/Design-ohne-Titel-125-1024x1024.png 1024w, https:\/\/beiefritz.lu\/wp-content\/uploads\/2025\/02\/Design-ohne-Titel-125-150x150.png 150w, https:\/\/beiefritz.lu\/wp-content\/uploads\/2025\/02\/Design-ohne-Titel-125-768x768.png 768w, https:\/\/beiefritz.lu\/wp-content\/uploads\/2025\/02\/Design-ohne-Titel-125-510x510.png 510w, https:\/\/beiefritz.lu\/wp-content\/uploads\/2025\/02\/Design-ohne-Titel-125-100x100.png 100w, https:\/\/beiefritz.lu\/wp-content\/uploads\/2025\/02\/Design-ohne-Titel-125.png 1080w\" sizes=\"auto, (max-width: 247px) 100vw, 247px\" \/>\t\t\t\t<\/a>\n\t\t\t<\/div>\n\t\t\t<div class=\"image-tools is-small top right show-on-hover\">\n\t\t\t\t\t\t\t<\/div>\n\t\t\t<div class=\"image-tools is-small hide-for-small bottom left show-on-hover\">\n\t\t\t\t\t\t\t<\/div>\n\t\t\t<div class=\"image-tools grid-tools text-center hide-for-small bottom hover-slide-in show-on-hover\">\n\t\t\t\t\t\t\t<\/div>\n\t\t\t\t\t<\/div>\n\n\t\t<div class=\"box-text box-text-products text-center grid-style-2\">\n\t\t\t<div class=\"title-wrapper\"><p class=\"name product-title woocommerce-loop-product__title\"><a href=\"https:\/\/beiefritz.lu\/fr\/produkt\/puralp-huile-corporelle-bio-a-ledelweiss-et-au-pin-cembro\/\" class=\"woocommerce-LoopProduct-link woocommerce-loop-product__link\">PURALP &#8211; Huile corporelle bio \u00e0 l&rsquo;edelweiss et au pin cembro<\/a><\/p><\/div><div class=\"price-wrapper\">\n\t<span class=\"price\"><span class=\"woocommerce-Price-amount amount\"><bdi>16,00&nbsp;<span class=\"woocommerce-Price-currencySymbol\" translate=\"no\">&euro;<\/span><\/bdi><\/span><\/span>\n<\/div><div class=\"add-to-cart-button\"><a href=\"\/fr\/wp-json\/wp\/v2\/pages\/16112?add-to-cart=17946\" aria-describedby=\"woocommerce_loop_add_to_cart_link_describedby_17946\" data-quantity=\"1\" class=\"primary is-small mb-0 button product_type_simple add_to_cart_button ajax_add_to_cart is-flat\" data-product_id=\"17946\" data-product_sku=\"\" aria-label=\"Ajouter au panier\u00a0: &ldquo;PURALP - Huile corporelle bio \u00e0 l&#039;edelweiss et au pin cembro&rdquo;\" rel=\"nofollow\" data-success_message=\"\u00ab\u00a0PURALP - Huile corporelle bio \u00e0 l&#039;edelweiss et au pin cembro\u00a0\u00bb a \u00e9t\u00e9 ajout\u00e9 \u00e0 votre panier\" role=\"button\">Ajouter au panier<\/a><\/div>\t<span id=\"woocommerce_loop_add_to_cart_link_describedby_17946\" class=\"screen-reader-text\">\n\t\t\t<\/span>\n\t\t<\/div>\n\t<\/div>\n\t\t<\/div>\n<\/div><\/div>\n\n\t<div id=\"gap-894132450\" class=\"gap-element clearfix\" style=\"display:block; height:auto;\">\n\t\t\n<style>\n#gap-894132450 {\n  padding-top: 50px;\n}\n<\/style>\n\t<\/div>\n\t\r\n\r\n<div class=\"container section-title-container\" ><h4 class=\"section-title section-title-normal\"><b aria-hidden=\"true\"><\/b><span class=\"section-title-main\" ><i class=\"icon-shopping-bag\" aria-hidden=\"true\"><\/i>Ces produits pourraient vous int\u00e9resser...<\/span><b aria-hidden=\"true\"><\/b><\/h4><\/div>\r\n\r\n\t\n  \n    <div class=\"row  equalize-box large-columns-6 medium-columns-3 small-columns-2 row-small slider row-slider slider-nav-reveal slider-nav-push\"  data-flickity-options='{&quot;imagesLoaded&quot;: true, &quot;groupCells&quot;: &quot;100%&quot;, &quot;dragThreshold&quot; : 5, &quot;cellAlign&quot;: &quot;left&quot;,&quot;wrapAround&quot;: true,&quot;prevNextButtons&quot;: true,&quot;percentPosition&quot;: true,&quot;pageDots&quot;: false, &quot;rightToLeft&quot;: false, &quot;autoPlay&quot; : 3000}' >\n\n  \n\t     <div class=\"col\" >\n\t\t\t\t\t\t<div class=\"col-inner\">\n\t\t\t\t\t\t\n<div class=\"badge-container absolute left top z-1\">\n\n<div class=\"badge callout badge-circle\"><div class=\"badge-inner callout-new-bg is-small new-bubble\">NEW<\/div><\/div><\/div>\n\t\t\t\t\t\t<div class=\"product-small box has-hover box-bounce box-text-bottom\">\n\t\t\t\t\t\t\t<div class=\"box-image\" >\n\t\t\t\t\t\t\t\t<div class=\"\" >\n\t\t\t\t\t\t\t\t\t<a href=\"https:\/\/beiefritz.lu\/fr\/produkt\/fr-beiefritz-fraise-en-miel\/\" aria-label=\"DE BEIEFRITZ - Miel \u00e0 la fraise\">\n\t\t\t\t\t\t\t\t\t\t<img loading=\"lazy\" decoding=\"async\" width=\"1\" height=\"1\" src=\"https:\/\/beiefritz.lu\/wp-content\/uploads\/2022\/08\/IMG_0224.heic\" class=\"attachment-woocommerce_thumbnail size-woocommerce_thumbnail\" alt=\"DE BEIEFRITZ - Miel \u00e0 la fraise\" \/>\t\t\t\t\t\t\t\t\t<\/a>\n\t\t\t\t\t\t\t\t\t\t\t\t\t\t\t\t\t\t \t\t\t\t\t\t\t\t<\/div>\n\t\t\t\t\t\t\t\t<div class=\"image-tools top right show-on-hover\">\n\t\t\t\t\t\t\t\t\t\t\t\t\t\t\t\t\t<\/div>\n\t\t\t\t\t\t\t\t\t\t\t\t\t\t\t\t\t<div class=\"image-tools grid-tools text-center hide-for-small bottom hover-slide-in show-on-hover\">\n\t\t\t\t\t\t\t\t\t\t\t\t\t\t\t\t\t\t\t<\/div>\n\t\t\t\t\t\t\t\t\t\t\t\t\t\t\t\t<div class=\"out-of-stock-label\">Rupture de stock<\/div>\t\t\t\t\t\t\t<\/div>\n\n\t\t\t\t\t\t\t<div class=\"box-text text-center\" >\n\t\t\t\t\t\t\t\t<div class=\"title-wrapper\"><p class=\"name product-title woocommerce-loop-product__title\"><a href=\"https:\/\/beiefritz.lu\/fr\/produkt\/fr-beiefritz-fraise-en-miel\/\" class=\"woocommerce-LoopProduct-link woocommerce-loop-product__link\">DE BEIEFRITZ &#8211; Miel \u00e0 la fraise<\/a><\/p><\/div><div class=\"price-wrapper\"><\/div><div class=\"add-to-cart-button\"><a href=\"https:\/\/beiefritz.lu\/fr\/produkt\/fr-beiefritz-fraise-en-miel\/\" aria-describedby=\"woocommerce_loop_add_to_cart_link_describedby_14193\" data-quantity=\"1\" class=\"primary is-small mb-0 button product_type_simple is-flat\" data-product_id=\"14193\" data-product_sku=\"1015\" aria-label=\"En savoir plus sur &ldquo;DE BEIEFRITZ - Miel \u00e0 la fraise&rdquo;\" rel=\"\" data-success_message=\"\">Lire la suite<\/a><\/div>\t<span id=\"woocommerce_loop_add_to_cart_link_describedby_14193\" class=\"screen-reader-text\">\n\t\t\t<\/span>\n\t\t\t\t\t\t\t<\/div>\n\t\t\t\t\t\t<\/div>\n\t\t\t\t\t\t<\/div>\n\t\t\t\t\t<\/div><div class=\"col\" >\n\t\t\t\t\t\t<div class=\"col-inner\">\n\t\t\t\t\t\t\n<div class=\"badge-container absolute left top z-1\">\n\n<\/div>\n\t\t\t\t\t\t<div class=\"product-small box has-hover box-bounce box-text-bottom\">\n\t\t\t\t\t\t\t<div class=\"box-image\" >\n\t\t\t\t\t\t\t\t<div class=\"\" >\n\t\t\t\t\t\t\t\t\t<a href=\"https:\/\/beiefritz.lu\/fr\/produkt\/de-beiefritz-hunneg-mat-hammbier\/\" aria-label=\"DE BEIEFRITZ - Framboise au miel\">\n\t\t\t\t\t\t\t\t\t\t<img loading=\"lazy\" decoding=\"async\" width=\"247\" height=\"247\" src=\"https:\/\/beiefritz.lu\/wp-content\/uploads\/2020\/10\/IMG_4289-247x247.png\" class=\"attachment-woocommerce_thumbnail size-woocommerce_thumbnail\" alt=\"DE BEIEFRITZ - Framboise au miel\" srcset=\"https:\/\/beiefritz.lu\/wp-content\/uploads\/2020\/10\/IMG_4289-247x247.png 247w, https:\/\/beiefritz.lu\/wp-content\/uploads\/2020\/10\/IMG_4289-300x300.png 300w, https:\/\/beiefritz.lu\/wp-content\/uploads\/2020\/10\/IMG_4289-1024x1024.png 1024w, https:\/\/beiefritz.lu\/wp-content\/uploads\/2020\/10\/IMG_4289-150x150.png 150w, https:\/\/beiefritz.lu\/wp-content\/uploads\/2020\/10\/IMG_4289-768x768.png 768w, https:\/\/beiefritz.lu\/wp-content\/uploads\/2020\/10\/IMG_4289-1536x1536.png 1536w, https:\/\/beiefritz.lu\/wp-content\/uploads\/2020\/10\/IMG_4289-2048x2048.png 2048w, https:\/\/beiefritz.lu\/wp-content\/uploads\/2020\/10\/IMG_4289-510x510.png 510w, https:\/\/beiefritz.lu\/wp-content\/uploads\/2020\/10\/IMG_4289-100x100.png 100w\" sizes=\"auto, (max-width: 247px) 100vw, 247px\" \/>\t\t\t\t\t\t\t\t\t<\/a>\n\t\t\t\t\t\t\t\t\t\t\t\t\t\t\t\t\t\t \t\t\t\t\t\t\t\t<\/div>\n\t\t\t\t\t\t\t\t<div class=\"image-tools top right show-on-hover\">\n\t\t\t\t\t\t\t\t\t\t\t\t\t\t\t\t\t<\/div>\n\t\t\t\t\t\t\t\t\t\t\t\t\t\t\t\t\t<div class=\"image-tools grid-tools text-center hide-for-small bottom hover-slide-in show-on-hover\">\n\t\t\t\t\t\t\t\t\t\t\t\t\t\t\t\t\t\t\t<\/div>\n\t\t\t\t\t\t\t\t\t\t\t\t\t\t\t\t\t\t\t\t\t\t\t<\/div>\n\n\t\t\t\t\t\t\t<div class=\"box-text text-center\" >\n\t\t\t\t\t\t\t\t<div class=\"title-wrapper\"><p class=\"name product-title woocommerce-loop-product__title\"><a href=\"https:\/\/beiefritz.lu\/fr\/produkt\/de-beiefritz-hunneg-mat-hammbier\/\" class=\"woocommerce-LoopProduct-link woocommerce-loop-product__link\">DE BEIEFRITZ &#8211; Framboise au miel<\/a><\/p><\/div><div class=\"price-wrapper\"><\/div><div class=\"add-to-cart-button\"><a href=\"\/fr\/wp-json\/wp\/v2\/pages\/16112?add-to-cart=15353\" aria-describedby=\"woocommerce_loop_add_to_cart_link_describedby_15353\" data-quantity=\"1\" class=\"primary is-small mb-0 button product_type_simple add_to_cart_button ajax_add_to_cart is-flat\" data-product_id=\"15353\" data-product_sku=\"1013\" aria-label=\"Ajouter au panier\u00a0: &ldquo;DE BEIEFRITZ - Framboise au miel&rdquo;\" rel=\"nofollow\" data-success_message=\"\u00ab\u00a0DE BEIEFRITZ - Framboise au miel\u00a0\u00bb a \u00e9t\u00e9 ajout\u00e9 \u00e0 votre panier\" role=\"button\">Ajouter au panier<\/a><\/div>\t<span id=\"woocommerce_loop_add_to_cart_link_describedby_15353\" class=\"screen-reader-text\">\n\t\t\t<\/span>\n\t\t\t\t\t\t\t<\/div>\n\t\t\t\t\t\t<\/div>\n\t\t\t\t\t\t<\/div>\n\t\t\t\t\t<\/div><div class=\"col\" >\n\t\t\t\t\t\t<div class=\"col-inner\">\n\t\t\t\t\t\t\n<div class=\"badge-container absolute left top z-1\">\n<div class=\"callout badge badge-circle\"><div class=\"badge-inner secondary on-sale\"><span class=\"onsale\">-17%<\/span><\/div><\/div>\n<\/div>\n\t\t\t\t\t\t<div class=\"product-small box has-hover box-bounce box-text-bottom\">\n\t\t\t\t\t\t\t<div class=\"box-image\" >\n\t\t\t\t\t\t\t\t<div class=\"\" >\n\t\t\t\t\t\t\t\t\t<a href=\"https:\/\/beiefritz.lu\/fr\/produkt\/de-beiefritz-hivey-biere-au-miel-luxembourgeoise-en-pack-de-six\/\" aria-label=\"DE BEIEFRITZ - HIVEY Bi\u00e8re au miel luxembourgeoise en pack de six\">\n\t\t\t\t\t\t\t\t\t\t<img loading=\"lazy\" decoding=\"async\" width=\"247\" height=\"247\" src=\"https:\/\/beiefritz.lu\/wp-content\/uploads\/2025\/08\/Hivey_Sixpack-247x247.png\" class=\"attachment-woocommerce_thumbnail size-woocommerce_thumbnail\" alt=\"DE BEIEFRITZ - HIVEY Bi\u00e8re au miel luxembourgeoise en pack de six\" srcset=\"https:\/\/beiefritz.lu\/wp-content\/uploads\/2025\/08\/Hivey_Sixpack-247x247.png 247w, https:\/\/beiefritz.lu\/wp-content\/uploads\/2025\/08\/Hivey_Sixpack-300x300.png 300w, https:\/\/beiefritz.lu\/wp-content\/uploads\/2025\/08\/Hivey_Sixpack-1024x1024.png 1024w, https:\/\/beiefritz.lu\/wp-content\/uploads\/2025\/08\/Hivey_Sixpack-150x150.png 150w, https:\/\/beiefritz.lu\/wp-content\/uploads\/2025\/08\/Hivey_Sixpack-768x768.png 768w, https:\/\/beiefritz.lu\/wp-content\/uploads\/2025\/08\/Hivey_Sixpack-510x510.png 510w, https:\/\/beiefritz.lu\/wp-content\/uploads\/2025\/08\/Hivey_Sixpack-100x100.png 100w, https:\/\/beiefritz.lu\/wp-content\/uploads\/2025\/08\/Hivey_Sixpack.png 1210w\" sizes=\"auto, (max-width: 247px) 100vw, 247px\" \/>\t\t\t\t\t\t\t\t\t<\/a>\n\t\t\t\t\t\t\t\t\t\t\t\t\t\t\t\t\t\t \t\t\t\t\t\t\t\t<\/div>\n\t\t\t\t\t\t\t\t<div class=\"image-tools top right show-on-hover\">\n\t\t\t\t\t\t\t\t\t\t\t\t\t\t\t\t\t<\/div>\n\t\t\t\t\t\t\t\t\t\t\t\t\t\t\t\t\t<div class=\"image-tools grid-tools text-center hide-for-small bottom hover-slide-in show-on-hover\">\n\t\t\t\t\t\t\t\t\t\t\t\t\t\t\t\t\t\t\t<\/div>\n\t\t\t\t\t\t\t\t\t\t\t\t\t\t\t\t<div class=\"out-of-stock-label\">Rupture de stock<\/div>\t\t\t\t\t\t\t<\/div>\n\n\t\t\t\t\t\t\t<div class=\"box-text text-center\" >\n\t\t\t\t\t\t\t\t<div class=\"title-wrapper\"><p class=\"name product-title woocommerce-loop-product__title\"><a href=\"https:\/\/beiefritz.lu\/fr\/produkt\/de-beiefritz-hivey-biere-au-miel-luxembourgeoise-en-pack-de-six\/\" class=\"woocommerce-LoopProduct-link woocommerce-loop-product__link\">DE BEIEFRITZ &#8211; HIVEY Bi\u00e8re au miel luxembourgeoise en pack de six<\/a><\/p><\/div><div class=\"price-wrapper\"><\/div><div class=\"add-to-cart-button\"><a href=\"https:\/\/beiefritz.lu\/fr\/produkt\/de-beiefritz-hivey-biere-au-miel-luxembourgeoise-en-pack-de-six\/\" aria-describedby=\"woocommerce_loop_add_to_cart_link_describedby_18527\" data-quantity=\"1\" class=\"primary is-small mb-0 button product_type_simple is-flat\" data-product_id=\"18527\" data-product_sku=\"4022\" aria-label=\"En savoir plus sur &ldquo;DE BEIEFRITZ - HIVEY Bi\u00e8re au miel luxembourgeoise en pack de six&rdquo;\" rel=\"\" data-success_message=\"\">Lire la suite<\/a><\/div>\t<span id=\"woocommerce_loop_add_to_cart_link_describedby_18527\" class=\"screen-reader-text\">\n\t\t\t<\/span>\n\t\t\t\t\t\t\t<\/div>\n\t\t\t\t\t\t<\/div>\n\t\t\t\t\t\t<\/div>\n\t\t\t\t\t<\/div><div class=\"col\" >\n\t\t\t\t\t\t<div class=\"col-inner\">\n\t\t\t\t\t\t\n<div class=\"badge-container absolute left top z-1\">\n\n<\/div>\n\t\t\t\t\t\t<div class=\"product-small box has-hover box-bounce box-text-bottom\">\n\t\t\t\t\t\t\t<div class=\"box-image\" >\n\t\t\t\t\t\t\t\t<div class=\"\" >\n\t\t\t\t\t\t\t\t\t<a href=\"https:\/\/beiefritz.lu\/fr\/produkt\/de-beiefritz-hivey-biere-au-miel-luxembourgeoise-24-x-33cl\/\" aria-label=\"DE BEIEFRITZ - HIVEY Bi\u00e8re au miel luxembourgeoise (24 \u00d7 33cl)\">\n\t\t\t\t\t\t\t\t\t\t<img loading=\"lazy\" decoding=\"async\" width=\"247\" height=\"247\" src=\"https:\/\/beiefritz.lu\/wp-content\/uploads\/2020\/11\/Beier_Karton_bannen-247x247.png\" class=\"show-on-hover absolute fill hide-for-small back-image\" alt=\"Alternative view of DE BEIEFRITZ - HIVEY Bi\u00e8re au miel luxembourgeoise (24 \u00d7 33cl)\" aria-hidden=\"true\" srcset=\"https:\/\/beiefritz.lu\/wp-content\/uploads\/2020\/11\/Beier_Karton_bannen-247x247.png 247w, https:\/\/beiefritz.lu\/wp-content\/uploads\/2020\/11\/Beier_Karton_bannen-300x300.png 300w, https:\/\/beiefritz.lu\/wp-content\/uploads\/2020\/11\/Beier_Karton_bannen-1024x1024.png 1024w, https:\/\/beiefritz.lu\/wp-content\/uploads\/2020\/11\/Beier_Karton_bannen-150x150.png 150w, https:\/\/beiefritz.lu\/wp-content\/uploads\/2020\/11\/Beier_Karton_bannen-768x768.png 768w, https:\/\/beiefritz.lu\/wp-content\/uploads\/2020\/11\/Beier_Karton_bannen-510x510.png 510w, https:\/\/beiefritz.lu\/wp-content\/uploads\/2020\/11\/Beier_Karton_bannen-100x100.png 100w, https:\/\/beiefritz.lu\/wp-content\/uploads\/2020\/11\/Beier_Karton_bannen.png 1080w\" sizes=\"auto, (max-width: 247px) 100vw, 247px\" \/><img loading=\"lazy\" decoding=\"async\" width=\"247\" height=\"247\" src=\"https:\/\/beiefritz.lu\/wp-content\/uploads\/2025\/08\/Honigbier_Karton-247x247.png\" class=\"attachment-woocommerce_thumbnail size-woocommerce_thumbnail\" alt=\"DE BEIEFRITZ - HIVEY Bi\u00e8re au miel luxembourgeoise (24 \u00d7 33cl)\" srcset=\"https:\/\/beiefritz.lu\/wp-content\/uploads\/2025\/08\/Honigbier_Karton-247x247.png 247w, https:\/\/beiefritz.lu\/wp-content\/uploads\/2025\/08\/Honigbier_Karton-300x300.png 300w, https:\/\/beiefritz.lu\/wp-content\/uploads\/2025\/08\/Honigbier_Karton-1024x1024.png 1024w, https:\/\/beiefritz.lu\/wp-content\/uploads\/2025\/08\/Honigbier_Karton-150x150.png 150w, https:\/\/beiefritz.lu\/wp-content\/uploads\/2025\/08\/Honigbier_Karton-768x768.png 768w, https:\/\/beiefritz.lu\/wp-content\/uploads\/2025\/08\/Honigbier_Karton-510x510.png 510w, https:\/\/beiefritz.lu\/wp-content\/uploads\/2025\/08\/Honigbier_Karton-100x100.png 100w, https:\/\/beiefritz.lu\/wp-content\/uploads\/2025\/08\/Honigbier_Karton.png 1210w\" sizes=\"auto, (max-width: 247px) 100vw, 247px\" \/>\t\t\t\t\t\t\t\t\t<\/a>\n\t\t\t\t\t\t\t\t\t\t\t\t\t\t\t\t\t\t \t\t\t\t\t\t\t\t<\/div>\n\t\t\t\t\t\t\t\t<div class=\"image-tools top right show-on-hover\">\n\t\t\t\t\t\t\t\t\t\t\t\t\t\t\t\t\t<\/div>\n\t\t\t\t\t\t\t\t\t\t\t\t\t\t\t\t\t<div class=\"image-tools grid-tools text-center hide-for-small bottom hover-slide-in show-on-hover\">\n\t\t\t\t\t\t\t\t\t\t\t\t\t\t\t\t\t\t\t<\/div>\n\t\t\t\t\t\t\t\t\t\t\t\t\t\t\t\t<div class=\"out-of-stock-label\">Rupture de stock<\/div>\t\t\t\t\t\t\t<\/div>\n\n\t\t\t\t\t\t\t<div class=\"box-text text-center\" >\n\t\t\t\t\t\t\t\t<div class=\"title-wrapper\"><p class=\"name product-title woocommerce-loop-product__title\"><a href=\"https:\/\/beiefritz.lu\/fr\/produkt\/de-beiefritz-hivey-biere-au-miel-luxembourgeoise-24-x-33cl\/\" class=\"woocommerce-LoopProduct-link woocommerce-loop-product__link\">DE BEIEFRITZ &#8211; HIVEY Bi\u00e8re au miel luxembourgeoise (24 \u00d7 33cl)<\/a><\/p><\/div><div class=\"price-wrapper\"><\/div><div class=\"add-to-cart-button\"><a href=\"https:\/\/beiefritz.lu\/fr\/produkt\/de-beiefritz-hivey-biere-au-miel-luxembourgeoise-24-x-33cl\/\" aria-describedby=\"woocommerce_loop_add_to_cart_link_describedby_18528\" data-quantity=\"1\" class=\"primary is-small mb-0 button product_type_simple is-flat\" data-product_id=\"18528\" data-product_sku=\"4025\" aria-label=\"En savoir plus sur &ldquo;DE BEIEFRITZ - HIVEY Bi\u00e8re au miel luxembourgeoise (24 \u00d7 33cl)&rdquo;\" rel=\"\" data-success_message=\"\">Lire la suite<\/a><\/div>\t<span id=\"woocommerce_loop_add_to_cart_link_describedby_18528\" class=\"screen-reader-text\">\n\t\t\t<\/span>\n\t\t\t\t\t\t\t<\/div>\n\t\t\t\t\t\t<\/div>\n\t\t\t\t\t\t<\/div>\n\t\t\t\t\t<\/div><div class=\"col\" >\n\t\t\t\t\t\t<div class=\"col-inner\">\n\t\t\t\t\t\t\n<div class=\"badge-container absolute left top z-1\">\n<div class=\"callout badge badge-circle\"><div class=\"badge-inner secondary on-sale\"><span class=\"onsale\">-14%<\/span><\/div><\/div>\n<\/div>\n\t\t\t\t\t\t<div class=\"product-small box has-hover box-bounce box-text-bottom\">\n\t\t\t\t\t\t\t<div class=\"box-image\" >\n\t\t\t\t\t\t\t\t<div class=\"\" >\n\t\t\t\t\t\t\t\t\t<a href=\"https:\/\/beiefritz.lu\/fr\/produkt\/de-beiefritz-hivey-biere-au-miel-luxembourgeoise-33cl\/\" aria-label=\"DE BEIEFRITZ - HIVEY Bi\u00e8re au miel luxembourgeoise (33cl)\">\n\t\t\t\t\t\t\t\t\t\t<img loading=\"lazy\" decoding=\"async\" width=\"247\" height=\"247\" src=\"https:\/\/beiefritz.lu\/wp-content\/uploads\/2025\/08\/Hivey_Flaesch-1-247x247.png\" class=\"attachment-woocommerce_thumbnail size-woocommerce_thumbnail\" alt=\"DE BEIEFRITZ - HIVEY Bi\u00e8re au miel luxembourgeoise (33cl)\" srcset=\"https:\/\/beiefritz.lu\/wp-content\/uploads\/2025\/08\/Hivey_Flaesch-1-247x247.png 247w, https:\/\/beiefritz.lu\/wp-content\/uploads\/2025\/08\/Hivey_Flaesch-1-300x300.png 300w, https:\/\/beiefritz.lu\/wp-content\/uploads\/2025\/08\/Hivey_Flaesch-1-1024x1024.png 1024w, https:\/\/beiefritz.lu\/wp-content\/uploads\/2025\/08\/Hivey_Flaesch-1-150x150.png 150w, https:\/\/beiefritz.lu\/wp-content\/uploads\/2025\/08\/Hivey_Flaesch-1-768x768.png 768w, https:\/\/beiefritz.lu\/wp-content\/uploads\/2025\/08\/Hivey_Flaesch-1-510x510.png 510w, https:\/\/beiefritz.lu\/wp-content\/uploads\/2025\/08\/Hivey_Flaesch-1-100x100.png 100w, https:\/\/beiefritz.lu\/wp-content\/uploads\/2025\/08\/Hivey_Flaesch-1.png 1210w\" sizes=\"auto, (max-width: 247px) 100vw, 247px\" \/>\t\t\t\t\t\t\t\t\t<\/a>\n\t\t\t\t\t\t\t\t\t\t\t\t\t\t\t\t\t\t \t\t\t\t\t\t\t\t<\/div>\n\t\t\t\t\t\t\t\t<div class=\"image-tools top right show-on-hover\">\n\t\t\t\t\t\t\t\t\t\t\t\t\t\t\t\t\t<\/div>\n\t\t\t\t\t\t\t\t\t\t\t\t\t\t\t\t\t<div class=\"image-tools grid-tools text-center hide-for-small bottom hover-slide-in show-on-hover\">\n\t\t\t\t\t\t\t\t\t\t\t\t\t\t\t\t\t\t\t<\/div>\n\t\t\t\t\t\t\t\t\t\t\t\t\t\t\t\t<div class=\"out-of-stock-label\">Rupture de stock<\/div>\t\t\t\t\t\t\t<\/div>\n\n\t\t\t\t\t\t\t<div class=\"box-text text-center\" >\n\t\t\t\t\t\t\t\t<div class=\"title-wrapper\"><p class=\"name product-title woocommerce-loop-product__title\"><a href=\"https:\/\/beiefritz.lu\/fr\/produkt\/de-beiefritz-hivey-biere-au-miel-luxembourgeoise-33cl\/\" class=\"woocommerce-LoopProduct-link woocommerce-loop-product__link\">DE BEIEFRITZ &#8211; HIVEY Bi\u00e8re au miel luxembourgeoise (33cl)<\/a><\/p><\/div><div class=\"price-wrapper\"><\/div><div class=\"add-to-cart-button\"><a href=\"https:\/\/beiefritz.lu\/fr\/produkt\/de-beiefritz-hivey-biere-au-miel-luxembourgeoise-33cl\/\" aria-describedby=\"woocommerce_loop_add_to_cart_link_describedby_18522\" data-quantity=\"1\" class=\"primary is-small mb-0 button product_type_simple is-flat\" data-product_id=\"18522\" data-product_sku=\"4020\" aria-label=\"En savoir plus sur &ldquo;DE BEIEFRITZ - HIVEY Bi\u00e8re au miel luxembourgeoise (33cl)&rdquo;\" rel=\"\" data-success_message=\"\">Lire la suite<\/a><\/div>\t<span id=\"woocommerce_loop_add_to_cart_link_describedby_18522\" class=\"screen-reader-text\">\n\t\t\t<\/span>\n\t\t\t\t\t\t\t<\/div>\n\t\t\t\t\t\t<\/div>\n\t\t\t\t\t\t<\/div>\n\t\t\t\t\t<\/div><div class=\"col\" >\n\t\t\t\t\t\t<div class=\"col-inner\">\n\t\t\t\t\t\t\n<div class=\"badge-container absolute left top z-1\">\n\n<\/div>\n\t\t\t\t\t\t<div class=\"product-small box has-hover box-bounce box-text-bottom\">\n\t\t\t\t\t\t\t<div class=\"box-image\" >\n\t\t\t\t\t\t\t\t<div class=\"\" >\n\t\t\t\t\t\t\t\t\t<a href=\"https:\/\/beiefritz.lu\/fr\/produkt\/creme-mains\/\" aria-label=\"DE BEIEFRITZ - Cr\u00e8me mains \u00e0 la propolis\">\n\t\t\t\t\t\t\t\t\t\t<img loading=\"lazy\" decoding=\"async\" width=\"247\" height=\"247\" src=\"https:\/\/beiefritz.lu\/wp-content\/uploads\/2016\/02\/IMG_5760-247x247.jpg\" class=\"attachment-woocommerce_thumbnail size-woocommerce_thumbnail\" alt=\"DE BEIEFRITZ - Cr\u00e8me mains \u00e0 la propolis\" srcset=\"https:\/\/beiefritz.lu\/wp-content\/uploads\/2016\/02\/IMG_5760-247x247.jpg 247w, https:\/\/beiefritz.lu\/wp-content\/uploads\/2016\/02\/IMG_5760-300x300.jpg 300w, https:\/\/beiefritz.lu\/wp-content\/uploads\/2016\/02\/IMG_5760-1024x1024.jpg 1024w, https:\/\/beiefritz.lu\/wp-content\/uploads\/2016\/02\/IMG_5760-150x150.jpg 150w, https:\/\/beiefritz.lu\/wp-content\/uploads\/2016\/02\/IMG_5760-768x768.jpg 768w, https:\/\/beiefritz.lu\/wp-content\/uploads\/2016\/02\/IMG_5760-510x510.jpg 510w, https:\/\/beiefritz.lu\/wp-content\/uploads\/2016\/02\/IMG_5760-100x100.jpg 100w, https:\/\/beiefritz.lu\/wp-content\/uploads\/2016\/02\/IMG_5760.jpg 1080w\" sizes=\"auto, (max-width: 247px) 100vw, 247px\" \/>\t\t\t\t\t\t\t\t\t<\/a>\n\t\t\t\t\t\t\t\t\t\t\t\t\t\t\t\t\t\t \t\t\t\t\t\t\t\t<\/div>\n\t\t\t\t\t\t\t\t<div class=\"image-tools top right show-on-hover\">\n\t\t\t\t\t\t\t\t\t\t\t\t\t\t\t\t\t<\/div>\n\t\t\t\t\t\t\t\t\t\t\t\t\t\t\t\t\t<div class=\"image-tools grid-tools text-center hide-for-small bottom hover-slide-in show-on-hover\">\n\t\t\t\t\t\t\t\t\t\t\t\t\t\t\t\t\t\t\t<\/div>\n\t\t\t\t\t\t\t\t\t\t\t\t\t\t\t\t\t\t\t\t\t\t\t<\/div>\n\n\t\t\t\t\t\t\t<div class=\"box-text text-center\" >\n\t\t\t\t\t\t\t\t<div class=\"title-wrapper\"><p class=\"name product-title woocommerce-loop-product__title\"><a href=\"https:\/\/beiefritz.lu\/fr\/produkt\/creme-mains\/\" class=\"woocommerce-LoopProduct-link woocommerce-loop-product__link\">DE BEIEFRITZ &#8211; Cr\u00e8me mains \u00e0 la propolis<\/a><\/p><\/div><div class=\"price-wrapper\"><\/div><div class=\"add-to-cart-button\"><a href=\"\/fr\/wp-json\/wp\/v2\/pages\/16112?add-to-cart=14240\" aria-describedby=\"woocommerce_loop_add_to_cart_link_describedby_14240\" data-quantity=\"1\" class=\"primary is-small mb-0 button product_type_simple add_to_cart_button ajax_add_to_cart is-flat\" data-product_id=\"14240\" data-product_sku=\"2001\" aria-label=\"Ajouter au panier\u00a0: &ldquo;DE BEIEFRITZ - Cr\u00e8me mains \u00e0 la propolis&rdquo;\" rel=\"nofollow\" data-success_message=\"\u00ab\u00a0DE BEIEFRITZ - Cr\u00e8me mains \u00e0 la propolis\u00a0\u00bb a \u00e9t\u00e9 ajout\u00e9 \u00e0 votre panier\" role=\"button\">Ajouter au panier<\/a><\/div>\t<span id=\"woocommerce_loop_add_to_cart_link_describedby_14240\" class=\"screen-reader-text\">\n\t\t\t<\/span>\n\t\t\t\t\t\t\t<\/div>\n\t\t\t\t\t\t<\/div>\n\t\t\t\t\t\t<\/div>\n\t\t\t\t\t<\/div><\/div>\n\n\n","protected":false},"excerpt":{"rendered":"","protected":false},"author":1,"featured_media":0,"parent":0,"menu_order":0,"comment_status":"closed","ping_status":"closed","template":"","meta":{"footnotes":""},"class_list":["post-16112","page","type-page","status-publish","hentry"],"aioseo_notices":[],"aioseo_head":"\n\t\t<!-- All in One SEO 5.0.1.1 - aioseo.com -->\n\t<meta name=\"description\" content=\"La cr\u00e8me mains \u00e0 la propolis est un produit d&#039;origine naturelle. Elle s&#039;absorbe rapidement... Notre cr\u00e8me pour les mains est un produit \u00e0 base naturelle. Il s&#039;absorbe rapidement et n&#039;est pas gras. Les mains bien travaill\u00e9es retrouvent leur souplesse gr\u00e2ce \u00e0 la cire d&#039;abeille, la propolis et l&#039;huile de noix de macadamia. Si vous appliquez\" \/>\n\t<meta name=\"robots\" content=\"max-image-preview:large\" \/>\n\t<link rel=\"canonical\" href=\"https:\/\/beiefritz.lu\/fr\/produkt\/creme-mains\/\" \/>\n\t<meta name=\"generator\" content=\"All in One SEO (AIOSEO) 5.0.1.1\" \/>\n\t\t<meta property=\"og:locale\" content=\"fr_FR\" \/>\n\t\t<meta property=\"og:site_name\" content=\"De Beiefritz - Miel, Goutte de miel, bi\u00e8re au miel et autres produits de la ruche\" \/>\n\t\t<meta property=\"og:type\" content=\"article\" \/>\n\t\t<meta property=\"og:title\" content=\"DE BEIEFRITZ \u2013 Cr\u00e8me mains \u00e0 la propolis - De Beiefritz\" \/>\n\t\t<meta property=\"og:description\" content=\"La cr\u00e8me mains \u00e0 la propolis est un produit d&#039;origine naturelle. Elle s&#039;absorbe rapidement... Notre cr\u00e8me pour les mains est un produit \u00e0 base naturelle. Il s&#039;absorbe rapidement et n&#039;est pas gras. Les mains bien travaill\u00e9es retrouvent leur souplesse gr\u00e2ce \u00e0 la cire d&#039;abeille, la propolis et l&#039;huile de noix de macadamia. Si vous appliquez\" \/>\n\t\t<meta property=\"og:url\" content=\"https:\/\/beiefritz.lu\/fr\/produkt\/creme-mains\/\" \/>\n\t\t<meta property=\"article:published_time\" content=\"2025-08-12T21:49:23+00:00\" \/>\n\t\t<meta property=\"article:modified_time\" content=\"2026-06-02T10:58:23+00:00\" \/>\n\t\t<meta property=\"article:publisher\" content=\"https:\/\/www.facebook.com\/beiefritz\" \/>\n\t\t<meta name=\"twitter:card\" content=\"summary_large_image\" \/>\n\t\t<meta name=\"twitter:title\" content=\"DE BEIEFRITZ \u2013 Cr\u00e8me mains \u00e0 la propolis - De Beiefritz\" \/>\n\t\t<meta name=\"twitter:description\" content=\"La cr\u00e8me mains \u00e0 la propolis est un produit d&#039;origine naturelle. Elle s&#039;absorbe rapidement... Notre cr\u00e8me pour les mains est un produit \u00e0 base naturelle. Il s&#039;absorbe rapidement et n&#039;est pas gras. Les mains bien travaill\u00e9es retrouvent leur souplesse gr\u00e2ce \u00e0 la cire d&#039;abeille, la propolis et l&#039;huile de noix de macadamia. Si vous appliquez\" \/>\n\t\t<script type=\"application\/ld+json\" class=\"aioseo-schema\">\n\t\t\t{\"@context\":\"https:\\\/\\\/schema.org\",\"@graph\":[{\"@type\":\"BreadcrumbList\",\"@id\":\"https:\\\/\\\/beiefritz.lu\\\/fr\\\/produkt\\\/creme-mains\\\/#breadcrumblist\",\"itemListElement\":[{\"@type\":\"ListItem\",\"@id\":\"https:\\\/\\\/beiefritz.lu\\\/fr\\\/#listItem\",\"position\":1,\"name\":\"Home\",\"item\":\"https:\\\/\\\/beiefritz.lu\\\/fr\\\/\",\"nextItem\":{\"@type\":\"ListItem\",\"@id\":\"https:\\\/\\\/beiefritz.lu\\\/fr\\\/soins-de-la-peau\\\/#listItem\",\"name\":\"Soins de la peau\"}},{\"@type\":\"ListItem\",\"@id\":\"https:\\\/\\\/beiefritz.lu\\\/fr\\\/soins-de-la-peau\\\/#listItem\",\"position\":2,\"name\":\"Soins de la peau\",\"previousItem\":{\"@type\":\"ListItem\",\"@id\":\"https:\\\/\\\/beiefritz.lu\\\/fr\\\/#listItem\",\"name\":\"Home\"}}]},{\"@type\":\"ItemPage\",\"@id\":\"https:\\\/\\\/beiefritz.lu\\\/fr\\\/produkt\\\/creme-mains\\\/#itempage\",\"url\":\"https:\\\/\\\/beiefritz.lu\\\/fr\\\/produkt\\\/creme-mains\\\/\",\"name\":\"DE BEIEFRITZ \\u2013 Cr\\u00e8me mains \\u00e0 la propolis - De Beiefritz\",\"description\":\"La cr\\u00e8me mains \\u00e0 la propolis est un produit d'origine naturelle. Elle s'absorbe rapidement... Notre cr\\u00e8me pour les mains est un produit \\u00e0 base naturelle. Il s'absorbe rapidement et n'est pas gras. Les mains bien travaill\\u00e9es retrouvent leur souplesse gr\\u00e2ce \\u00e0 la cire d'abeille, la propolis et l'huile de noix de macadamia. Si vous appliquez\",\"inLanguage\":\"fr-FR\",\"isPartOf\":{\"@id\":\"https:\\\/\\\/beiefritz.lu\\\/fr\\\/#website\"},\"breadcrumb\":{\"@id\":\"https:\\\/\\\/beiefritz.lu\\\/fr\\\/produkt\\\/creme-mains\\\/#breadcrumblist\"},\"image\":{\"@type\":\"ImageObject\",\"url\":\"https:\\\/\\\/beiefritz.lu\\\/wp-content\\\/uploads\\\/2016\\\/02\\\/IMG_5760.jpg\",\"@id\":\"https:\\\/\\\/beiefritz.lu\\\/fr\\\/produkt\\\/creme-mains\\\/#mainImage\",\"width\":1080,\"height\":1080},\"primaryImageOfPage\":{\"@id\":\"https:\\\/\\\/beiefritz.lu\\\/fr\\\/produkt\\\/creme-mains\\\/#mainImage\"},\"datePublished\":\"2025-08-12T23:49:23+02:00\",\"dateModified\":\"2026-06-02T12:58:23+02:00\"},{\"@type\":\"Organization\",\"@id\":\"https:\\\/\\\/beiefritz.lu\\\/fr\\\/#organization\",\"name\":\"De Beiefritz\",\"description\":\"Miel, Goutte de miel, bi\\u00e8re au miel et autres produits de la ruche\",\"url\":\"https:\\\/\\\/beiefritz.lu\\\/fr\\\/\",\"sameAs\":[\"https:\\\/\\\/www.facebook.com\\\/beiefritz\",\"https:\\\/\\\/www.instagram.com\\\/beiefritz\"]},{\"@type\":\"WebSite\",\"@id\":\"https:\\\/\\\/beiefritz.lu\\\/fr\\\/#website\",\"url\":\"https:\\\/\\\/beiefritz.lu\\\/fr\\\/\",\"name\":\"De Beiefritz\",\"description\":\"Miel, Goutte de miel, bi\\u00e8re au miel et autres produits de la ruche\",\"inLanguage\":\"fr-FR\",\"publisher\":{\"@id\":\"https:\\\/\\\/beiefritz.lu\\\/fr\\\/#organization\"}}]}\n\t\t<\/script>\n\t\t<!-- All in One SEO -->\n\n","aioseo_head_json":{"title":"DE BEIEFRITZ \u2013 Cr\u00e8me mains \u00e0 la propolis - De Beiefritz","description":"La cr\u00e8me mains \u00e0 la propolis est un produit d'origine naturelle. Elle s'absorbe rapidement... Notre cr\u00e8me pour les mains est un produit \u00e0 base naturelle. Il s'absorbe rapidement et n'est pas gras. Les mains bien travaill\u00e9es retrouvent leur souplesse gr\u00e2ce \u00e0 la cire d'abeille, la propolis et l'huile de noix de macadamia. Si vous appliquez","canonical_url":"https:\/\/beiefritz.lu\/fr\/produkt\/creme-mains\/","robots":"max-image-preview:large","keywords":"","webmasterTools":{"miscellaneous":""},"schema":{"@context":"https:\/\/schema.org","@graph":[{"@type":"BreadcrumbList","@id":"https:\/\/beiefritz.lu\/fr\/produkt\/creme-mains\/#breadcrumblist","itemListElement":[{"@type":"ListItem","@id":"https:\/\/beiefritz.lu\/fr\/#listItem","position":1,"name":"Home","item":"https:\/\/beiefritz.lu\/fr\/","nextItem":{"@type":"ListItem","@id":"https:\/\/beiefritz.lu\/fr\/soins-de-la-peau\/#listItem","name":"Soins de la peau"}},{"@type":"ListItem","@id":"https:\/\/beiefritz.lu\/fr\/soins-de-la-peau\/#listItem","position":2,"name":"Soins de la peau","previousItem":{"@type":"ListItem","@id":"https:\/\/beiefritz.lu\/fr\/#listItem","name":"Home"}}]},{"@type":"ItemPage","@id":"https:\/\/beiefritz.lu\/fr\/produkt\/creme-mains\/#itempage","url":"https:\/\/beiefritz.lu\/fr\/produkt\/creme-mains\/","name":"DE BEIEFRITZ \u2013 Cr\u00e8me mains \u00e0 la propolis - De Beiefritz","description":"La cr\u00e8me mains \u00e0 la propolis est un produit d'origine naturelle. Elle s'absorbe rapidement... Notre cr\u00e8me pour les mains est un produit \u00e0 base naturelle. Il s'absorbe rapidement et n'est pas gras. Les mains bien travaill\u00e9es retrouvent leur souplesse gr\u00e2ce \u00e0 la cire d'abeille, la propolis et l'huile de noix de macadamia. Si vous appliquez","inLanguage":"fr-FR","isPartOf":{"@id":"https:\/\/beiefritz.lu\/fr\/#website"},"breadcrumb":{"@id":"https:\/\/beiefritz.lu\/fr\/produkt\/creme-mains\/#breadcrumblist"},"image":{"@type":"ImageObject","url":"https:\/\/beiefritz.lu\/wp-content\/uploads\/2016\/02\/IMG_5760.jpg","@id":"https:\/\/beiefritz.lu\/fr\/produkt\/creme-mains\/#mainImage","width":1080,"height":1080},"primaryImageOfPage":{"@id":"https:\/\/beiefritz.lu\/fr\/produkt\/creme-mains\/#mainImage"},"datePublished":"2025-08-12T23:49:23+02:00","dateModified":"2026-06-02T12:58:23+02:00"},{"@type":"Organization","@id":"https:\/\/beiefritz.lu\/fr\/#organization","name":"De Beiefritz","description":"Miel, Goutte de miel, bi\u00e8re au miel et autres produits de la ruche","url":"https:\/\/beiefritz.lu\/fr\/","sameAs":["https:\/\/www.facebook.com\/beiefritz","https:\/\/www.instagram.com\/beiefritz"]},{"@type":"WebSite","@id":"https:\/\/beiefritz.lu\/fr\/#website","url":"https:\/\/beiefritz.lu\/fr\/","name":"De Beiefritz","description":"Miel, Goutte de miel, bi\u00e8re au miel et autres produits de la ruche","inLanguage":"fr-FR","publisher":{"@id":"https:\/\/beiefritz.lu\/fr\/#organization"}}]},"og:locale":"fr_FR","og:site_name":"De Beiefritz - Miel, Goutte de miel, bi\u00e8re au miel et autres produits de la ruche","og:type":"article","og:title":"DE BEIEFRITZ \u2013 Cr\u00e8me mains \u00e0 la propolis - De Beiefritz","og:description":"La cr\u00e8me mains \u00e0 la propolis est un produit d'origine naturelle. Elle s'absorbe rapidement... Notre cr\u00e8me pour les mains est un produit \u00e0 base naturelle. Il s'absorbe rapidement et n'est pas gras. Les mains bien travaill\u00e9es retrouvent leur souplesse gr\u00e2ce \u00e0 la cire d'abeille, la propolis et l'huile de noix de macadamia. Si vous appliquez","og:url":"https:\/\/beiefritz.lu\/fr\/produkt\/creme-mains\/","article:published_time":"2025-08-12T21:49:23+00:00","article:modified_time":"2026-06-02T10:58:23+00:00","article:publisher":"https:\/\/www.facebook.com\/beiefritz","twitter:card":"summary_large_image","twitter:title":"DE BEIEFRITZ \u2013 Cr\u00e8me mains \u00e0 la propolis - De Beiefritz","twitter:description":"La cr\u00e8me mains \u00e0 la propolis est un produit d'origine naturelle. Elle s'absorbe rapidement... Notre cr\u00e8me pour les mains est un produit \u00e0 base naturelle. Il s'absorbe rapidement et n'est pas gras. Les mains bien travaill\u00e9es retrouvent leur souplesse gr\u00e2ce \u00e0 la cire d'abeille, la propolis et l'huile de noix de macadamia. Si vous appliquez"},"aioseo_meta_data":{"post_id":"16112","title":null,"description":null,"keywords":null,"keyphrases":null,"primary_term":null,"canonical_url":null,"og_title":null,"og_description":null,"og_object_type":"default","og_image_type":"default","og_image_url":null,"og_image_width":null,"og_image_height":null,"og_image_custom_url":null,"og_image_custom_fields":null,"og_video":null,"og_custom_url":null,"og_article_section":null,"og_article_tags":null,"twitter_use_og":false,"twitter_card":"default","twitter_image_type":"default","twitter_image_url":null,"twitter_image_custom_url":null,"twitter_image_custom_fields":null,"twitter_title":null,"twitter_description":null,"schema":{"blockGraphs":[],"customGraphs":[],"default":{"data":{"Article":[],"Course":[],"Dataset":[],"FAQPage":[],"Movie":[],"Person":[],"Product":[],"ProductReview":[],"Car":[],"Recipe":[],"Service":[],"SoftwareApplication":[],"WebPage":[]},"graphName":"","isEnabled":true},"graphs":[]},"schema_type":"default","schema_type_options":null,"pillar_content":false,"robots_default":true,"robots_noindex":false,"robots_noarchive":false,"robots_nosnippet":false,"robots_nofollow":false,"robots_noimageindex":false,"robots_noodp":false,"robots_notranslate":false,"robots_max_snippet":null,"robots_max_videopreview":null,"robots_max_imagepreview":"large","priority":null,"frequency":null,"local_seo":null,"breadcrumb_settings":null,"limit_modified_date":false,"ai":null,"created":"2025-01-12 09:43:49","updated":"2025-06-11 14:58:19","focus_keyword":null,"additional_keywords":null,"truseo_locale":null,"seo_analyzer_scan_date":null},"aioseo_breadcrumb":"<div class=\"aioseo-breadcrumbs\"><span class=\"aioseo-breadcrumb\">\n\t\t\t<a href=\"https:\/\/beiefritz.lu\/fr\/\" title=\"Home\">Home<\/a>\n\t\t<\/span><span class=\"aioseo-breadcrumb-separator\">&raquo;<\/span><span class=\"aioseo-breadcrumb\">\n\t\t\tSoins de la peau\n\t\t<\/span><\/div>","aioseo_breadcrumb_json":[{"label":"Home","link":"https:\/\/beiefritz.lu\/fr\/"},{"label":"Soins de la peau","link":"https:\/\/beiefritz.lu\/fr\/soins-de-la-peau\/"}],"_links":{"self":[{"href":"https:\/\/beiefritz.lu\/fr\/wp-json\/wp\/v2\/pages\/16112","targetHints":{"allow":["GET"]}}],"collection":[{"href":"https:\/\/beiefritz.lu\/fr\/wp-json\/wp\/v2\/pages"}],"about":[{"href":"https:\/\/beiefritz.lu\/fr\/wp-json\/wp\/v2\/types\/page"}],"author":[{"embeddable":true,"href":"https:\/\/beiefritz.lu\/fr\/wp-json\/wp\/v2\/users\/1"}],"replies":[{"embeddable":true,"href":"https:\/\/beiefritz.lu\/fr\/wp-json\/wp\/v2\/comments?post=16112"}],"version-history":[{"count":2,"href":"https:\/\/beiefritz.lu\/fr\/wp-json\/wp\/v2\/pages\/16112\/revisions"}],"predecessor-version":[{"id":17581,"href":"https:\/\/beiefritz.lu\/fr\/wp-json\/wp\/v2\/pages\/16112\/revisions\/17581"}],"wp:attachment":[{"href":"https:\/\/beiefritz.lu\/fr\/wp-json\/wp\/v2\/media?parent=16112"}],"curies":[{"name":"wp","href":"https:\/\/api.w.org\/{rel}","templated":true}]}}