{"id":8717,"date":"2020-11-04T13:22:45","date_gmt":"2020-11-04T12:22:45","guid":{"rendered":"https:\/\/www.beiefritz.lu\/spiritueux\/"},"modified":"2025-01-22T10:43:07","modified_gmt":"2025-01-22T09:43:07","slug":"spiritueux","status":"publish","type":"page","link":"https:\/\/beiefritz.lu\/fr\/spiritueux\/","title":{"rendered":"eau-de-vie au miel"},"content":{"rendered":"\n<div class=\"container section-title-container\" ><h1 class=\"section-title section-title-center\"><b aria-hidden=\"true\"><\/b><span class=\"section-title-main\" >Eau-de-vie de miel luxembourgeoise (Hunnegdr\u00ebpp)<\/span><b aria-hidden=\"true\"><\/b><\/h1><\/div>\n\n<div class=\"row\"  id=\"row-1115203305\">\n\n\n\t<div id=\"col-1195750355\" class=\"col medium-1 small-12 large-1\"  >\n\t\t\t\t<div class=\"col-inner\"  >\n\t\t\t\n\t\t\t\n\n\n\t\t<\/div>\n\t\t\t\t\t<\/div>\n\n\t\n\n\t<div id=\"col-838889913\" class=\"col medium-10 small-12 large-10\"  >\n\t\t\t\t<div class=\"col-inner\"  >\n\t\t\t\n\t\t\t\n\n<p style=\"text-align: center;\">Cette eau-de-vie de miel traditionnelle luxembourgeoise est fabriqu\u00e9e de mani\u00e8re artisanale selon une recette maison secr\u00e8te et repose pendant des mois afin de d\u00e9velopper son go\u00fbt unique et cors\u00e9.<\/p>\n\n\t\t<\/div>\n\t\t\t\t\t<\/div>\n\n\t\n\n\t<div id=\"col-476956032\" class=\"col medium-1 small-12 large-1\"  >\n\t\t\t\t<div class=\"col-inner\"  >\n\t\t\t\n\t\t\t\n\n\n\t\t<\/div>\n\t\t\t\t\t<\/div>\n\n\t\n\n<\/div>\n\t\n  \n    <div class=\"row  equalize-box large-columns-4 medium-columns-3 small-columns-2 row-small\" >\n  \n\t     <div class=\"col\" >\n\t\t\t\t\t\t<div class=\"col-inner\">\n\t\t\t\t\t\t\n<div class=\"badge-container absolute left top z-1\">\n\n<\/div>\n\t\t\t\t\t\t<div class=\"product-small box has-hover box-bounce box-text-bottom\">\n\t\t\t\t\t\t\t<div class=\"box-image\" >\n\t\t\t\t\t\t\t\t<div class=\"\" >\n\t\t\t\t\t\t\t\t\t<a href=\"https:\/\/beiefritz.lu\/fr\/produkt\/eau-de-vie-de-miel-doree-avec-elegance\/\" aria-label=\"Une eau-de-vie de miel dor\u00e9e et \u00e9l\u00e9gante\">\n\t\t\t\t\t\t\t\t\t\t<img loading=\"lazy\" decoding=\"async\" width=\"247\" height=\"247\" src=\"https:\/\/beiefritz.lu\/wp-content\/uploads\/2023\/11\/Design-ohne-Titel-110-247x247.png\" class=\"attachment-woocommerce_thumbnail size-woocommerce_thumbnail\" alt=\"Une eau-de-vie de miel dor\u00e9e et \u00e9l\u00e9gante\" srcset=\"https:\/\/beiefritz.lu\/wp-content\/uploads\/2023\/11\/Design-ohne-Titel-110-247x247.png 247w, https:\/\/beiefritz.lu\/wp-content\/uploads\/2023\/11\/Design-ohne-Titel-110-300x300.png 300w, https:\/\/beiefritz.lu\/wp-content\/uploads\/2023\/11\/Design-ohne-Titel-110-1024x1024.png 1024w, https:\/\/beiefritz.lu\/wp-content\/uploads\/2023\/11\/Design-ohne-Titel-110-150x150.png 150w, https:\/\/beiefritz.lu\/wp-content\/uploads\/2023\/11\/Design-ohne-Titel-110-768x768.png 768w, https:\/\/beiefritz.lu\/wp-content\/uploads\/2023\/11\/Design-ohne-Titel-110-510x510.png 510w, https:\/\/beiefritz.lu\/wp-content\/uploads\/2023\/11\/Design-ohne-Titel-110-100x100.png 100w, https:\/\/beiefritz.lu\/wp-content\/uploads\/2023\/11\/Design-ohne-Titel-110.png 1080w\" sizes=\"auto, (max-width: 247px) 100vw, 247px\" \/>\t\t\t\t\t\t\t\t\t<\/a>\n\t\t\t\t\t\t\t\t\t\t\t\t\t\t\t\t\t\t \t\t\t\t\t\t\t\t<\/div>\n\t\t\t\t\t\t\t\t<div class=\"image-tools top right show-on-hover\">\n\t\t\t\t\t\t\t\t\t\t\t\t\t\t\t\t\t<\/div>\n\t\t\t\t\t\t\t\t\t\t\t\t\t\t\t\t\t<div class=\"image-tools grid-tools text-center hide-for-small bottom hover-slide-in show-on-hover\">\n\t\t\t\t\t\t\t\t\t\t\t\t\t\t\t\t\t\t\t<\/div>\n\t\t\t\t\t\t\t\t\t\t\t\t\t\t\t\t\t\t\t\t\t\t\t<\/div>\n\n\t\t\t\t\t\t\t<div class=\"box-text text-center\" >\n\t\t\t\t\t\t\t\t<div class=\"title-wrapper\"><p class=\"name product-title woocommerce-loop-product__title\"><a href=\"https:\/\/beiefritz.lu\/fr\/produkt\/eau-de-vie-de-miel-doree-avec-elegance\/\" class=\"woocommerce-LoopProduct-link woocommerce-loop-product__link\">Une eau-de-vie de miel dor\u00e9e et \u00e9l\u00e9gante<\/a><\/p><\/div><div class=\"price-wrapper\">\n\t<span class=\"price\"><span class=\"woocommerce-Price-amount amount\"><bdi>29,00&nbsp;<span class=\"woocommerce-Price-currencySymbol\" translate=\"no\">&euro;<\/span><\/bdi><\/span><\/span>\n<\/div><div class=\"add-to-cart-button\"><a href=\"\/fr\/wp-json\/wp\/v2\/pages\/8717?add-to-cart=15512\" aria-describedby=\"woocommerce_loop_add_to_cart_link_describedby_15512\" data-quantity=\"1\" class=\"primary is-small mb-0 button product_type_simple add_to_cart_button ajax_add_to_cart is-flat\" data-product_id=\"15512\" data-product_sku=\"\" aria-label=\"Ajouter au panier\u00a0: &ldquo;Une eau-de-vie de miel dor\u00e9e et \u00e9l\u00e9gante&rdquo;\" rel=\"nofollow\" data-success_message=\"\u00ab\u00a0Une eau-de-vie de miel dor\u00e9e et \u00e9l\u00e9gante\u00a0\u00bb a \u00e9t\u00e9 ajout\u00e9 \u00e0 votre panier\" role=\"button\">Ajouter au panier<\/a><\/div>\t<span id=\"woocommerce_loop_add_to_cart_link_describedby_15512\" class=\"screen-reader-text\">\n\t\t\t<\/span>\n\t\t\t\t\t\t\t<\/div>\n\t\t\t\t\t\t<\/div>\n\t\t\t\t\t\t<\/div>\n\t\t\t\t\t<\/div><div class=\"col\" >\n\t\t\t\t\t\t<div class=\"col-inner\">\n\t\t\t\t\t\t\n<div class=\"badge-container absolute left top z-1\">\n\n<\/div>\n\t\t\t\t\t\t<div class=\"product-small box has-hover box-bounce box-text-bottom\">\n\t\t\t\t\t\t\t<div class=\"box-image\" >\n\t\t\t\t\t\t\t\t<div class=\"\" >\n\t\t\t\t\t\t\t\t\t<a href=\"https:\/\/beiefritz.lu\/fr\/produkt\/boite-de-la-fete-des-peres\/\" aria-label=\"Coffret de spiritueux\">\n\t\t\t\t\t\t\t\t\t\t<img loading=\"lazy\" decoding=\"async\" width=\"247\" height=\"247\" src=\"https:\/\/beiefritz.lu\/wp-content\/uploads\/2022\/09\/IMG_7001-247x247.png\" class=\"attachment-woocommerce_thumbnail size-woocommerce_thumbnail\" alt=\"Coffret de spiritueux\" srcset=\"https:\/\/beiefritz.lu\/wp-content\/uploads\/2022\/09\/IMG_7001-247x247.png 247w, https:\/\/beiefritz.lu\/wp-content\/uploads\/2022\/09\/IMG_7001-300x300.png 300w, https:\/\/beiefritz.lu\/wp-content\/uploads\/2022\/09\/IMG_7001-1024x1024.png 1024w, https:\/\/beiefritz.lu\/wp-content\/uploads\/2022\/09\/IMG_7001-150x150.png 150w, https:\/\/beiefritz.lu\/wp-content\/uploads\/2022\/09\/IMG_7001-768x768.png 768w, https:\/\/beiefritz.lu\/wp-content\/uploads\/2022\/09\/IMG_7001-1536x1536.png 1536w, https:\/\/beiefritz.lu\/wp-content\/uploads\/2022\/09\/IMG_7001-2048x2048.png 2048w, https:\/\/beiefritz.lu\/wp-content\/uploads\/2022\/09\/IMG_7001-510x510.png 510w, https:\/\/beiefritz.lu\/wp-content\/uploads\/2022\/09\/IMG_7001-100x100.png 100w\" sizes=\"auto, (max-width: 247px) 100vw, 247px\" \/>\t\t\t\t\t\t\t\t\t<\/a>\n\t\t\t\t\t\t\t\t\t\t\t\t\t\t\t\t\t\t \t\t\t\t\t\t\t\t<\/div>\n\t\t\t\t\t\t\t\t<div class=\"image-tools top right show-on-hover\">\n\t\t\t\t\t\t\t\t\t\t\t\t\t\t\t\t\t<\/div>\n\t\t\t\t\t\t\t\t\t\t\t\t\t\t\t\t\t<div class=\"image-tools grid-tools text-center hide-for-small bottom hover-slide-in show-on-hover\">\n\t\t\t\t\t\t\t\t\t\t\t\t\t\t\t\t\t\t\t<\/div>\n\t\t\t\t\t\t\t\t\t\t\t\t\t\t\t\t\t\t\t\t\t\t\t<\/div>\n\n\t\t\t\t\t\t\t<div class=\"box-text text-center\" >\n\t\t\t\t\t\t\t\t<div class=\"title-wrapper\"><p class=\"name product-title woocommerce-loop-product__title\"><a href=\"https:\/\/beiefritz.lu\/fr\/produkt\/boite-de-la-fete-des-peres\/\" class=\"woocommerce-LoopProduct-link woocommerce-loop-product__link\">Coffret de spiritueux<\/a><\/p><\/div><div class=\"price-wrapper\">\n\t<span class=\"price\"><span class=\"woocommerce-Price-amount amount\"><bdi>65,00&nbsp;<span class=\"woocommerce-Price-currencySymbol\" translate=\"no\">&euro;<\/span><\/bdi><\/span><\/span>\n<\/div><div class=\"add-to-cart-button\"><a href=\"\/fr\/wp-json\/wp\/v2\/pages\/8717?add-to-cart=14140\" aria-describedby=\"woocommerce_loop_add_to_cart_link_describedby_14140\" data-quantity=\"1\" class=\"primary is-small mb-0 button product_type_simple add_to_cart_button ajax_add_to_cart is-flat\" data-product_id=\"14140\" data-product_sku=\"\" aria-label=\"Ajouter au panier\u00a0: &ldquo;Coffret de spiritueux&rdquo;\" rel=\"nofollow\" data-success_message=\"\u00ab\u00a0Coffret de spiritueux\u00a0\u00bb a \u00e9t\u00e9 ajout\u00e9 \u00e0 votre panier\" role=\"button\">Ajouter au panier<\/a><\/div>\t<span id=\"woocommerce_loop_add_to_cart_link_describedby_14140\" class=\"screen-reader-text\">\n\t\t\t<\/span>\n\t\t\t\t\t\t\t<\/div>\n\t\t\t\t\t\t<\/div>\n\t\t\t\t\t\t<\/div>\n\t\t\t\t\t<\/div><div class=\"col\" >\n\t\t\t\t\t\t<div class=\"col-inner\">\n\t\t\t\t\t\t\n<div class=\"badge-container absolute left top z-1\">\n\n<\/div>\n\t\t\t\t\t\t<div class=\"product-small box has-hover box-bounce box-text-bottom\">\n\t\t\t\t\t\t\t<div class=\"box-image\" >\n\t\t\t\t\t\t\t\t<div class=\"\" >\n\t\t\t\t\t\t\t\t\t<a href=\"https:\/\/beiefritz.lu\/fr\/produkt\/eau-de-vie-de-miel-10cl\/\" aria-label=\"DE BEIEFRITZ - Eau-de-vie de miel luxembourgeoise &quot;Hunnegdr\u00ebpp&quot; 10 cl\">\n\t\t\t\t\t\t\t\t\t\t<img loading=\"lazy\" decoding=\"async\" width=\"247\" height=\"247\" src=\"https:\/\/beiefritz.lu\/wp-content\/uploads\/2018\/05\/Design-ohne-Titel-12-247x247.png\" class=\"attachment-woocommerce_thumbnail size-woocommerce_thumbnail\" alt=\"DE BEIEFRITZ - Eau-de-vie de miel luxembourgeoise &quot;Hunnegdr\u00ebpp&quot; 10 cl\" srcset=\"https:\/\/beiefritz.lu\/wp-content\/uploads\/2018\/05\/Design-ohne-Titel-12-247x247.png 247w, https:\/\/beiefritz.lu\/wp-content\/uploads\/2018\/05\/Design-ohne-Titel-12-100x100.png 100w, https:\/\/beiefritz.lu\/wp-content\/uploads\/2018\/05\/Design-ohne-Titel-12-510x510.png 510w, https:\/\/beiefritz.lu\/wp-content\/uploads\/2018\/05\/Design-ohne-Titel-12-300x300.png 300w, https:\/\/beiefritz.lu\/wp-content\/uploads\/2018\/05\/Design-ohne-Titel-12-1024x1024.png 1024w, https:\/\/beiefritz.lu\/wp-content\/uploads\/2018\/05\/Design-ohne-Titel-12-150x150.png 150w, https:\/\/beiefritz.lu\/wp-content\/uploads\/2018\/05\/Design-ohne-Titel-12-768x768.png 768w, https:\/\/beiefritz.lu\/wp-content\/uploads\/2018\/05\/Design-ohne-Titel-12.png 1080w\" sizes=\"auto, (max-width: 247px) 100vw, 247px\" \/>\t\t\t\t\t\t\t\t\t<\/a>\n\t\t\t\t\t\t\t\t\t\t\t\t\t\t\t\t\t\t \t\t\t\t\t\t\t\t<\/div>\n\t\t\t\t\t\t\t\t<div class=\"image-tools top right show-on-hover\">\n\t\t\t\t\t\t\t\t\t\t\t\t\t\t\t\t\t<\/div>\n\t\t\t\t\t\t\t\t\t\t\t\t\t\t\t\t\t<div class=\"image-tools grid-tools text-center hide-for-small bottom hover-slide-in show-on-hover\">\n\t\t\t\t\t\t\t\t\t\t\t\t\t\t\t\t\t\t\t<\/div>\n\t\t\t\t\t\t\t\t\t\t\t\t\t\t\t\t\t\t\t\t\t\t\t<\/div>\n\n\t\t\t\t\t\t\t<div class=\"box-text text-center\" >\n\t\t\t\t\t\t\t\t<div class=\"title-wrapper\"><p class=\"name product-title woocommerce-loop-product__title\"><a href=\"https:\/\/beiefritz.lu\/fr\/produkt\/eau-de-vie-de-miel-10cl\/\" class=\"woocommerce-LoopProduct-link woocommerce-loop-product__link\">DE BEIEFRITZ &#8211; Eau-de-vie de miel luxembourgeoise \u00ab\u00a0Hunnegdr\u00ebpp\u00a0\u00bb 10 cl<\/a><\/p><\/div><div class=\"price-wrapper\"><div class=\"star-rating star-rating--inline\" role=\"img\" aria-label=\"Note 5 sur 5\"><span style=\"width:100%\">Note <strong class=\"rating\">5<\/strong> sur 5<\/span><\/div><span class=\"review-count is-small op-8\" aria-label=\"1 avis client\">(1)<\/span>\n\t<span class=\"price\"><span class=\"woocommerce-Price-amount amount\"><bdi>7,00&nbsp;<span class=\"woocommerce-Price-currencySymbol\" translate=\"no\">&euro;<\/span><\/bdi><\/span><\/span>\n<\/div><div class=\"add-to-cart-button\"><a href=\"\/fr\/wp-json\/wp\/v2\/pages\/8717?add-to-cart=14186\" aria-describedby=\"woocommerce_loop_add_to_cart_link_describedby_14186\" data-quantity=\"1\" class=\"primary is-small mb-0 button product_type_simple add_to_cart_button ajax_add_to_cart is-flat\" data-product_id=\"14186\" data-product_sku=\"4011\" aria-label=\"Ajouter au panier\u00a0: &ldquo;DE BEIEFRITZ - Eau-de-vie de miel luxembourgeoise &quot;Hunnegdr\u00ebpp&quot; 10 cl&rdquo;\" rel=\"nofollow\" data-success_message=\"\u00ab\u00a0DE BEIEFRITZ - Eau-de-vie de miel luxembourgeoise &quot;Hunnegdr\u00ebpp&quot; 10 cl\u00a0\u00bb a \u00e9t\u00e9 ajout\u00e9 \u00e0 votre panier\" role=\"button\">Ajouter au panier<\/a><\/div>\t<span id=\"woocommerce_loop_add_to_cart_link_describedby_14186\" class=\"screen-reader-text\">\n\t\t\t<\/span>\n\t\t\t\t\t\t\t<\/div>\n\t\t\t\t\t\t<\/div>\n\t\t\t\t\t\t<\/div>\n\t\t\t\t\t<\/div><div class=\"col\" >\n\t\t\t\t\t\t<div class=\"col-inner\">\n\t\t\t\t\t\t\n<div class=\"badge-container absolute left top z-1\">\n\n<\/div>\n\t\t\t\t\t\t<div class=\"product-small box has-hover box-bounce box-text-bottom\">\n\t\t\t\t\t\t\t<div class=\"box-image\" >\n\t\t\t\t\t\t\t\t<div class=\"\" >\n\t\t\t\t\t\t\t\t\t<a href=\"https:\/\/beiefritz.lu\/fr\/produkt\/schnaps-au-miel-50cl\/\" aria-label=\"DE BEIEFRITZ - Eau-de-vie de miel luxembourgeoise &quot;Hunnegdr\u00ebpp&quot; 50 cl\">\n\t\t\t\t\t\t\t\t\t\t<img loading=\"lazy\" decoding=\"async\" width=\"247\" height=\"247\" src=\"https:\/\/beiefritz.lu\/wp-content\/uploads\/2018\/05\/Design-ohne-Titel-12-247x247.png\" class=\"attachment-woocommerce_thumbnail size-woocommerce_thumbnail\" alt=\"DE BEIEFRITZ - Eau-de-vie de miel luxembourgeoise &quot;Hunnegdr\u00ebpp&quot; 50 cl\" srcset=\"https:\/\/beiefritz.lu\/wp-content\/uploads\/2018\/05\/Design-ohne-Titel-12-247x247.png 247w, https:\/\/beiefritz.lu\/wp-content\/uploads\/2018\/05\/Design-ohne-Titel-12-100x100.png 100w, https:\/\/beiefritz.lu\/wp-content\/uploads\/2018\/05\/Design-ohne-Titel-12-510x510.png 510w, https:\/\/beiefritz.lu\/wp-content\/uploads\/2018\/05\/Design-ohne-Titel-12-300x300.png 300w, https:\/\/beiefritz.lu\/wp-content\/uploads\/2018\/05\/Design-ohne-Titel-12-1024x1024.png 1024w, https:\/\/beiefritz.lu\/wp-content\/uploads\/2018\/05\/Design-ohne-Titel-12-150x150.png 150w, https:\/\/beiefritz.lu\/wp-content\/uploads\/2018\/05\/Design-ohne-Titel-12-768x768.png 768w, https:\/\/beiefritz.lu\/wp-content\/uploads\/2018\/05\/Design-ohne-Titel-12.png 1080w\" sizes=\"auto, (max-width: 247px) 100vw, 247px\" \/>\t\t\t\t\t\t\t\t\t<\/a>\n\t\t\t\t\t\t\t\t\t\t\t\t\t\t\t\t\t\t \t\t\t\t\t\t\t\t<\/div>\n\t\t\t\t\t\t\t\t<div class=\"image-tools top right show-on-hover\">\n\t\t\t\t\t\t\t\t\t\t\t\t\t\t\t\t\t<\/div>\n\t\t\t\t\t\t\t\t\t\t\t\t\t\t\t\t\t<div class=\"image-tools grid-tools text-center hide-for-small bottom hover-slide-in show-on-hover\">\n\t\t\t\t\t\t\t\t\t\t\t\t\t\t\t\t\t\t\t<\/div>\n\t\t\t\t\t\t\t\t\t\t\t\t\t\t\t\t\t\t\t\t\t\t\t<\/div>\n\n\t\t\t\t\t\t\t<div class=\"box-text text-center\" >\n\t\t\t\t\t\t\t\t<div class=\"title-wrapper\"><p class=\"name product-title woocommerce-loop-product__title\"><a href=\"https:\/\/beiefritz.lu\/fr\/produkt\/schnaps-au-miel-50cl\/\" class=\"woocommerce-LoopProduct-link woocommerce-loop-product__link\">DE BEIEFRITZ &#8211; Eau-de-vie de miel luxembourgeoise \u00ab\u00a0Hunnegdr\u00ebpp\u00a0\u00bb 50 cl<\/a><\/p><\/div><div class=\"price-wrapper\"><div class=\"star-rating star-rating--inline\" role=\"img\" aria-label=\"Note 5 sur 5\"><span style=\"width:100%\">Note <strong class=\"rating\">5<\/strong> sur 5<\/span><\/div><span class=\"review-count is-small op-8\" aria-label=\"8 avis client\">(8)<\/span>\n\t<span class=\"price\"><div class=\"b2bking_tiered_range_replaced b2bking_tiered_price_range_replaced_14233\" ><span class=\"woocommerce-Price-amount amount\" aria-hidden=\"true\"><bdi>21,00&nbsp;<span class=\"woocommerce-Price-currencySymbol\" translate=\"no\">&euro;<\/span><\/bdi><\/span> <span aria-hidden=\"true\">\u00a0\u2013\u00a0<\/span> <span class=\"woocommerce-Price-amount amount\" aria-hidden=\"true\"><bdi>25,00&nbsp;<span class=\"woocommerce-Price-currencySymbol\" translate=\"no\">&euro;<\/span><\/bdi><\/span><span class=\"screen-reader-text\">Plage de prix\u00a0: 21,00&nbsp;&euro; \u00e0 25,00&nbsp;&euro;<\/span><\/div><\/span>\n<\/div><div class=\"add-to-cart-button\"><a href=\"\/fr\/wp-json\/wp\/v2\/pages\/8717?add-to-cart=14233\" aria-describedby=\"woocommerce_loop_add_to_cart_link_describedby_14233\" data-quantity=\"1\" class=\"primary is-small mb-0 button product_type_simple add_to_cart_button ajax_add_to_cart is-flat\" data-product_id=\"14233\" data-product_sku=\"4010\" aria-label=\"Ajouter au panier\u00a0: &ldquo;DE BEIEFRITZ - Eau-de-vie de miel luxembourgeoise &quot;Hunnegdr\u00ebpp&quot; 50 cl&rdquo;\" rel=\"nofollow\" data-success_message=\"\u00ab\u00a0DE BEIEFRITZ - Eau-de-vie de miel luxembourgeoise &quot;Hunnegdr\u00ebpp&quot; 50 cl\u00a0\u00bb a \u00e9t\u00e9 ajout\u00e9 \u00e0 votre panier\" role=\"button\">Ajouter au panier<\/a><\/div>\t<span id=\"woocommerce_loop_add_to_cart_link_describedby_14233\" class=\"screen-reader-text\">\n\t\t\t<\/span>\n\t\t\t\t\t\t\t<\/div>\n\t\t\t\t\t\t<\/div>\n\t\t\t\t\t\t<\/div>\n\t\t\t\t\t<\/div><div class=\"col\" >\n\t\t\t\t\t\t<div class=\"col-inner\">\n\t\t\t\t\t\t\n<div class=\"badge-container absolute left top z-1\">\n\n<\/div>\n\t\t\t\t\t\t<div class=\"product-small box has-hover box-bounce box-text-bottom\">\n\t\t\t\t\t\t\t<div class=\"box-image\" >\n\t\t\t\t\t\t\t\t<div class=\"\" >\n\t\t\t\t\t\t\t\t\t<a href=\"https:\/\/beiefritz.lu\/fr\/produkt\/sac-cadeau-pour-eau-de-vie-au-miel-50cl\/\" aria-label=\"Sac cadeau pour eau-de-vie au miel 50cl\">\n\t\t\t\t\t\t\t\t\t\t<img loading=\"lazy\" decoding=\"async\" width=\"247\" height=\"247\" src=\"https:\/\/beiefritz.lu\/wp-content\/uploads\/2021\/09\/Design-ohne-Titel-68-247x247.png\" class=\"attachment-woocommerce_thumbnail size-woocommerce_thumbnail\" alt=\"Sac cadeau pour eau-de-vie au miel 50cl\" srcset=\"https:\/\/beiefritz.lu\/wp-content\/uploads\/2021\/09\/Design-ohne-Titel-68-247x247.png 247w, https:\/\/beiefritz.lu\/wp-content\/uploads\/2021\/09\/Design-ohne-Titel-68-300x300.png 300w, https:\/\/beiefritz.lu\/wp-content\/uploads\/2021\/09\/Design-ohne-Titel-68-1024x1024.png 1024w, https:\/\/beiefritz.lu\/wp-content\/uploads\/2021\/09\/Design-ohne-Titel-68-150x150.png 150w, https:\/\/beiefritz.lu\/wp-content\/uploads\/2021\/09\/Design-ohne-Titel-68-768x768.png 768w, https:\/\/beiefritz.lu\/wp-content\/uploads\/2021\/09\/Design-ohne-Titel-68-510x510.png 510w, https:\/\/beiefritz.lu\/wp-content\/uploads\/2021\/09\/Design-ohne-Titel-68-100x100.png 100w, https:\/\/beiefritz.lu\/wp-content\/uploads\/2021\/09\/Design-ohne-Titel-68.png 1080w\" sizes=\"auto, (max-width: 247px) 100vw, 247px\" \/>\t\t\t\t\t\t\t\t\t<\/a>\n\t\t\t\t\t\t\t\t\t\t\t\t\t\t\t\t\t\t \t\t\t\t\t\t\t\t<\/div>\n\t\t\t\t\t\t\t\t<div class=\"image-tools top right show-on-hover\">\n\t\t\t\t\t\t\t\t\t\t\t\t\t\t\t\t\t<\/div>\n\t\t\t\t\t\t\t\t\t\t\t\t\t\t\t\t\t<div class=\"image-tools grid-tools text-center hide-for-small bottom hover-slide-in show-on-hover\">\n\t\t\t\t\t\t\t\t\t\t\t\t\t\t\t\t\t\t\t<\/div>\n\t\t\t\t\t\t\t\t\t\t\t\t\t\t\t\t\t\t\t\t\t\t\t<\/div>\n\n\t\t\t\t\t\t\t<div class=\"box-text text-center\" >\n\t\t\t\t\t\t\t\t<div class=\"title-wrapper\"><p class=\"name product-title woocommerce-loop-product__title\"><a href=\"https:\/\/beiefritz.lu\/fr\/produkt\/sac-cadeau-pour-eau-de-vie-au-miel-50cl\/\" class=\"woocommerce-LoopProduct-link woocommerce-loop-product__link\">Sac cadeau pour eau-de-vie au miel 50cl<\/a><\/p><\/div><div class=\"price-wrapper\">\n\t<span class=\"price\"><span class=\"woocommerce-Price-amount amount\"><bdi>3,00&nbsp;<span class=\"woocommerce-Price-currencySymbol\" translate=\"no\">&euro;<\/span><\/bdi><\/span><\/span>\n<\/div><div class=\"add-to-cart-button\"><a href=\"\/fr\/wp-json\/wp\/v2\/pages\/8717?add-to-cart=15346\" aria-describedby=\"woocommerce_loop_add_to_cart_link_describedby_15346\" data-quantity=\"1\" class=\"primary is-small mb-0 button product_type_simple add_to_cart_button ajax_add_to_cart is-flat\" data-product_id=\"15346\" data-product_sku=\"\" aria-label=\"Ajouter au panier\u00a0: &ldquo;Sac cadeau pour eau-de-vie au miel 50cl&rdquo;\" rel=\"nofollow\" data-success_message=\"\u00ab\u00a0Sac cadeau pour eau-de-vie au miel 50cl\u00a0\u00bb a \u00e9t\u00e9 ajout\u00e9 \u00e0 votre panier\" role=\"button\">Ajouter au panier<\/a><\/div>\t<span id=\"woocommerce_loop_add_to_cart_link_describedby_15346\" class=\"screen-reader-text\">\n\t\t\t<\/span>\n\t\t\t\t\t\t\t<\/div>\n\t\t\t\t\t\t<\/div>\n\t\t\t\t\t\t<\/div>\n\t\t\t\t\t<\/div><\/div>\n\n\t<div id=\"gap-587746189\" class=\"gap-element clearfix\" style=\"display:block; height:auto;\">\n\t\t\n<style>\n#gap-587746189 {\n  padding-top: 50px;\n}\n<\/style>\n\t<\/div>\n\t\r\n\r\n<div class=\"container section-title-container\" ><h4 class=\"section-title section-title-normal\"><b aria-hidden=\"true\"><\/b><span class=\"section-title-main\" ><i class=\"icon-shopping-bag\" aria-hidden=\"true\"><\/i>Ces produits pourraient vous int\u00e9resser...<\/span><b aria-hidden=\"true\"><\/b><\/h4><\/div>\r\n\r\n\t\n  \n    <div class=\"row  equalize-box large-columns-6 medium-columns-3 small-columns-2 row-small slider row-slider slider-nav-reveal slider-nav-push\"  data-flickity-options='{&quot;imagesLoaded&quot;: true, &quot;groupCells&quot;: &quot;100%&quot;, &quot;dragThreshold&quot; : 5, &quot;cellAlign&quot;: &quot;left&quot;,&quot;wrapAround&quot;: true,&quot;prevNextButtons&quot;: true,&quot;percentPosition&quot;: true,&quot;pageDots&quot;: false, &quot;rightToLeft&quot;: false, &quot;autoPlay&quot; : 3000}' >\n\n  \n\t     <div class=\"col\" >\n\t\t\t\t\t\t<div class=\"col-inner\">\n\t\t\t\t\t\t\n<div class=\"badge-container absolute left top z-1\">\n\n<\/div>\n\t\t\t\t\t\t<div class=\"product-small box has-hover box-bounce box-text-bottom\">\n\t\t\t\t\t\t\t<div class=\"box-image\" >\n\t\t\t\t\t\t\t\t<div class=\"\" >\n\t\t\t\t\t\t\t\t\t<a href=\"https:\/\/beiefritz.lu\/fr\/produkt\/creme-mains\/\" aria-label=\"DE BEIEFRITZ - Cr\u00e8me mains \u00e0 la propolis\">\n\t\t\t\t\t\t\t\t\t\t<img loading=\"lazy\" decoding=\"async\" width=\"247\" height=\"247\" src=\"https:\/\/beiefritz.lu\/wp-content\/uploads\/2016\/02\/IMG_5760-247x247.jpg\" class=\"attachment-woocommerce_thumbnail size-woocommerce_thumbnail\" alt=\"DE BEIEFRITZ - Cr\u00e8me mains \u00e0 la propolis\" srcset=\"https:\/\/beiefritz.lu\/wp-content\/uploads\/2016\/02\/IMG_5760-247x247.jpg 247w, https:\/\/beiefritz.lu\/wp-content\/uploads\/2016\/02\/IMG_5760-300x300.jpg 300w, https:\/\/beiefritz.lu\/wp-content\/uploads\/2016\/02\/IMG_5760-1024x1024.jpg 1024w, https:\/\/beiefritz.lu\/wp-content\/uploads\/2016\/02\/IMG_5760-150x150.jpg 150w, https:\/\/beiefritz.lu\/wp-content\/uploads\/2016\/02\/IMG_5760-768x768.jpg 768w, https:\/\/beiefritz.lu\/wp-content\/uploads\/2016\/02\/IMG_5760-510x510.jpg 510w, https:\/\/beiefritz.lu\/wp-content\/uploads\/2016\/02\/IMG_5760-100x100.jpg 100w, https:\/\/beiefritz.lu\/wp-content\/uploads\/2016\/02\/IMG_5760.jpg 1080w\" sizes=\"auto, (max-width: 247px) 100vw, 247px\" \/>\t\t\t\t\t\t\t\t\t<\/a>\n\t\t\t\t\t\t\t\t\t\t\t\t\t\t\t\t\t\t \t\t\t\t\t\t\t\t<\/div>\n\t\t\t\t\t\t\t\t<div class=\"image-tools top right show-on-hover\">\n\t\t\t\t\t\t\t\t\t\t\t\t\t\t\t\t\t<\/div>\n\t\t\t\t\t\t\t\t\t\t\t\t\t\t\t\t\t<div class=\"image-tools grid-tools text-center hide-for-small bottom hover-slide-in show-on-hover\">\n\t\t\t\t\t\t\t\t\t\t\t\t\t\t\t\t\t\t\t<\/div>\n\t\t\t\t\t\t\t\t\t\t\t\t\t\t\t\t\t\t\t\t\t\t\t<\/div>\n\n\t\t\t\t\t\t\t<div class=\"box-text text-center\" >\n\t\t\t\t\t\t\t\t<div class=\"title-wrapper\"><p class=\"name product-title woocommerce-loop-product__title\"><a href=\"https:\/\/beiefritz.lu\/fr\/produkt\/creme-mains\/\" class=\"woocommerce-LoopProduct-link woocommerce-loop-product__link\">DE BEIEFRITZ &#8211; Cr\u00e8me mains \u00e0 la propolis<\/a><\/p><\/div><div class=\"price-wrapper\"><\/div><div class=\"add-to-cart-button\"><a href=\"\/fr\/wp-json\/wp\/v2\/pages\/8717?add-to-cart=14240\" aria-describedby=\"woocommerce_loop_add_to_cart_link_describedby_14240\" data-quantity=\"1\" class=\"primary is-small mb-0 button product_type_simple add_to_cart_button ajax_add_to_cart is-flat\" data-product_id=\"14240\" data-product_sku=\"2001\" aria-label=\"Ajouter au panier\u00a0: &ldquo;DE BEIEFRITZ - Cr\u00e8me mains \u00e0 la propolis&rdquo;\" rel=\"nofollow\" data-success_message=\"\u00ab\u00a0DE BEIEFRITZ - Cr\u00e8me mains \u00e0 la propolis\u00a0\u00bb a \u00e9t\u00e9 ajout\u00e9 \u00e0 votre panier\" role=\"button\">Ajouter au panier<\/a><\/div>\t<span id=\"woocommerce_loop_add_to_cart_link_describedby_14240\" class=\"screen-reader-text\">\n\t\t\t<\/span>\n\t\t\t\t\t\t\t<\/div>\n\t\t\t\t\t\t<\/div>\n\t\t\t\t\t\t<\/div>\n\t\t\t\t\t<\/div><div class=\"col\" >\n\t\t\t\t\t\t<div class=\"col-inner\">\n\t\t\t\t\t\t\n<div class=\"badge-container absolute left top z-1\">\n<div class=\"callout badge badge-circle\"><div class=\"badge-inner secondary on-sale\"><span class=\"onsale\">-17%<\/span><\/div><\/div>\n<\/div>\n\t\t\t\t\t\t<div class=\"product-small box has-hover box-bounce box-text-bottom\">\n\t\t\t\t\t\t\t<div class=\"box-image\" >\n\t\t\t\t\t\t\t\t<div class=\"\" >\n\t\t\t\t\t\t\t\t\t<a href=\"https:\/\/beiefritz.lu\/fr\/produkt\/de-beiefritz-hivey-biere-au-miel-luxembourgeoise-en-pack-de-six\/\" aria-label=\"DE BEIEFRITZ - HIVEY Bi\u00e8re au miel luxembourgeoise en pack de six\">\n\t\t\t\t\t\t\t\t\t\t<img loading=\"lazy\" decoding=\"async\" width=\"247\" height=\"247\" src=\"https:\/\/beiefritz.lu\/wp-content\/uploads\/2025\/08\/Hivey_Sixpack-247x247.png\" class=\"attachment-woocommerce_thumbnail size-woocommerce_thumbnail\" alt=\"DE BEIEFRITZ - HIVEY Bi\u00e8re au miel luxembourgeoise en pack de six\" srcset=\"https:\/\/beiefritz.lu\/wp-content\/uploads\/2025\/08\/Hivey_Sixpack-247x247.png 247w, https:\/\/beiefritz.lu\/wp-content\/uploads\/2025\/08\/Hivey_Sixpack-300x300.png 300w, https:\/\/beiefritz.lu\/wp-content\/uploads\/2025\/08\/Hivey_Sixpack-1024x1024.png 1024w, https:\/\/beiefritz.lu\/wp-content\/uploads\/2025\/08\/Hivey_Sixpack-150x150.png 150w, https:\/\/beiefritz.lu\/wp-content\/uploads\/2025\/08\/Hivey_Sixpack-768x768.png 768w, https:\/\/beiefritz.lu\/wp-content\/uploads\/2025\/08\/Hivey_Sixpack-510x510.png 510w, https:\/\/beiefritz.lu\/wp-content\/uploads\/2025\/08\/Hivey_Sixpack-100x100.png 100w, https:\/\/beiefritz.lu\/wp-content\/uploads\/2025\/08\/Hivey_Sixpack.png 1210w\" sizes=\"auto, (max-width: 247px) 100vw, 247px\" \/>\t\t\t\t\t\t\t\t\t<\/a>\n\t\t\t\t\t\t\t\t\t\t\t\t\t\t\t\t\t\t \t\t\t\t\t\t\t\t<\/div>\n\t\t\t\t\t\t\t\t<div class=\"image-tools top right show-on-hover\">\n\t\t\t\t\t\t\t\t\t\t\t\t\t\t\t\t\t<\/div>\n\t\t\t\t\t\t\t\t\t\t\t\t\t\t\t\t\t<div class=\"image-tools grid-tools text-center hide-for-small bottom hover-slide-in show-on-hover\">\n\t\t\t\t\t\t\t\t\t\t\t\t\t\t\t\t\t\t\t<\/div>\n\t\t\t\t\t\t\t\t\t\t\t\t\t\t\t\t<div class=\"out-of-stock-label\">Rupture de stock<\/div>\t\t\t\t\t\t\t<\/div>\n\n\t\t\t\t\t\t\t<div class=\"box-text text-center\" >\n\t\t\t\t\t\t\t\t<div class=\"title-wrapper\"><p class=\"name product-title woocommerce-loop-product__title\"><a href=\"https:\/\/beiefritz.lu\/fr\/produkt\/de-beiefritz-hivey-biere-au-miel-luxembourgeoise-en-pack-de-six\/\" class=\"woocommerce-LoopProduct-link woocommerce-loop-product__link\">DE BEIEFRITZ &#8211; HIVEY Bi\u00e8re au miel luxembourgeoise en pack de six<\/a><\/p><\/div><div class=\"price-wrapper\"><\/div><div class=\"add-to-cart-button\"><a href=\"https:\/\/beiefritz.lu\/fr\/produkt\/de-beiefritz-hivey-biere-au-miel-luxembourgeoise-en-pack-de-six\/\" aria-describedby=\"woocommerce_loop_add_to_cart_link_describedby_18527\" data-quantity=\"1\" class=\"primary is-small mb-0 button product_type_simple is-flat\" data-product_id=\"18527\" data-product_sku=\"4022\" aria-label=\"En savoir plus sur &ldquo;DE BEIEFRITZ - HIVEY Bi\u00e8re au miel luxembourgeoise en pack de six&rdquo;\" rel=\"\" data-success_message=\"\">Lire la suite<\/a><\/div>\t<span id=\"woocommerce_loop_add_to_cart_link_describedby_18527\" class=\"screen-reader-text\">\n\t\t\t<\/span>\n\t\t\t\t\t\t\t<\/div>\n\t\t\t\t\t\t<\/div>\n\t\t\t\t\t\t<\/div>\n\t\t\t\t\t<\/div><div class=\"col\" >\n\t\t\t\t\t\t<div class=\"col-inner\">\n\t\t\t\t\t\t\n<div class=\"badge-container absolute left top z-1\">\n\n<\/div>\n\t\t\t\t\t\t<div class=\"product-small box has-hover box-bounce box-text-bottom\">\n\t\t\t\t\t\t\t<div class=\"box-image\" >\n\t\t\t\t\t\t\t\t<div class=\"\" >\n\t\t\t\t\t\t\t\t\t<a href=\"https:\/\/beiefritz.lu\/fr\/produkt\/de-beiefritz-hunneg-mat-hammbier\/\" aria-label=\"DE BEIEFRITZ - Framboise au miel\">\n\t\t\t\t\t\t\t\t\t\t<img loading=\"lazy\" decoding=\"async\" width=\"247\" height=\"247\" src=\"https:\/\/beiefritz.lu\/wp-content\/uploads\/2020\/10\/IMG_4289-247x247.png\" class=\"attachment-woocommerce_thumbnail size-woocommerce_thumbnail\" alt=\"DE BEIEFRITZ - Framboise au miel\" srcset=\"https:\/\/beiefritz.lu\/wp-content\/uploads\/2020\/10\/IMG_4289-247x247.png 247w, https:\/\/beiefritz.lu\/wp-content\/uploads\/2020\/10\/IMG_4289-300x300.png 300w, https:\/\/beiefritz.lu\/wp-content\/uploads\/2020\/10\/IMG_4289-1024x1024.png 1024w, https:\/\/beiefritz.lu\/wp-content\/uploads\/2020\/10\/IMG_4289-150x150.png 150w, https:\/\/beiefritz.lu\/wp-content\/uploads\/2020\/10\/IMG_4289-768x768.png 768w, https:\/\/beiefritz.lu\/wp-content\/uploads\/2020\/10\/IMG_4289-1536x1536.png 1536w, https:\/\/beiefritz.lu\/wp-content\/uploads\/2020\/10\/IMG_4289-2048x2048.png 2048w, https:\/\/beiefritz.lu\/wp-content\/uploads\/2020\/10\/IMG_4289-510x510.png 510w, https:\/\/beiefritz.lu\/wp-content\/uploads\/2020\/10\/IMG_4289-100x100.png 100w\" sizes=\"auto, (max-width: 247px) 100vw, 247px\" \/>\t\t\t\t\t\t\t\t\t<\/a>\n\t\t\t\t\t\t\t\t\t\t\t\t\t\t\t\t\t\t \t\t\t\t\t\t\t\t<\/div>\n\t\t\t\t\t\t\t\t<div class=\"image-tools top right show-on-hover\">\n\t\t\t\t\t\t\t\t\t\t\t\t\t\t\t\t\t<\/div>\n\t\t\t\t\t\t\t\t\t\t\t\t\t\t\t\t\t<div class=\"image-tools grid-tools text-center hide-for-small bottom hover-slide-in show-on-hover\">\n\t\t\t\t\t\t\t\t\t\t\t\t\t\t\t\t\t\t\t<\/div>\n\t\t\t\t\t\t\t\t\t\t\t\t\t\t\t\t\t\t\t\t\t\t\t<\/div>\n\n\t\t\t\t\t\t\t<div class=\"box-text text-center\" >\n\t\t\t\t\t\t\t\t<div class=\"title-wrapper\"><p class=\"name product-title woocommerce-loop-product__title\"><a href=\"https:\/\/beiefritz.lu\/fr\/produkt\/de-beiefritz-hunneg-mat-hammbier\/\" class=\"woocommerce-LoopProduct-link woocommerce-loop-product__link\">DE BEIEFRITZ &#8211; Framboise au miel<\/a><\/p><\/div><div class=\"price-wrapper\"><\/div><div class=\"add-to-cart-button\"><a href=\"\/fr\/wp-json\/wp\/v2\/pages\/8717?add-to-cart=15353\" aria-describedby=\"woocommerce_loop_add_to_cart_link_describedby_15353\" data-quantity=\"1\" class=\"primary is-small mb-0 button product_type_simple add_to_cart_button ajax_add_to_cart is-flat\" data-product_id=\"15353\" data-product_sku=\"1013\" aria-label=\"Ajouter au panier\u00a0: &ldquo;DE BEIEFRITZ - Framboise au miel&rdquo;\" rel=\"nofollow\" data-success_message=\"\u00ab\u00a0DE BEIEFRITZ - Framboise au miel\u00a0\u00bb a \u00e9t\u00e9 ajout\u00e9 \u00e0 votre panier\" role=\"button\">Ajouter au panier<\/a><\/div>\t<span id=\"woocommerce_loop_add_to_cart_link_describedby_15353\" class=\"screen-reader-text\">\n\t\t\t<\/span>\n\t\t\t\t\t\t\t<\/div>\n\t\t\t\t\t\t<\/div>\n\t\t\t\t\t\t<\/div>\n\t\t\t\t\t<\/div><div class=\"col\" >\n\t\t\t\t\t\t<div class=\"col-inner\">\n\t\t\t\t\t\t\n<div class=\"badge-container absolute left top z-1\">\n<div class=\"callout badge badge-circle\"><div class=\"badge-inner secondary on-sale\"><span class=\"onsale\">-14%<\/span><\/div><\/div>\n<\/div>\n\t\t\t\t\t\t<div class=\"product-small box has-hover box-bounce box-text-bottom\">\n\t\t\t\t\t\t\t<div class=\"box-image\" >\n\t\t\t\t\t\t\t\t<div class=\"\" >\n\t\t\t\t\t\t\t\t\t<a href=\"https:\/\/beiefritz.lu\/fr\/produkt\/de-beiefritz-hivey-biere-au-miel-luxembourgeoise-33cl\/\" aria-label=\"DE BEIEFRITZ - HIVEY Bi\u00e8re au miel luxembourgeoise (33cl)\">\n\t\t\t\t\t\t\t\t\t\t<img loading=\"lazy\" decoding=\"async\" width=\"247\" height=\"247\" src=\"https:\/\/beiefritz.lu\/wp-content\/uploads\/2025\/08\/Hivey_Flaesch-1-247x247.png\" class=\"attachment-woocommerce_thumbnail size-woocommerce_thumbnail\" alt=\"DE BEIEFRITZ - HIVEY Bi\u00e8re au miel luxembourgeoise (33cl)\" srcset=\"https:\/\/beiefritz.lu\/wp-content\/uploads\/2025\/08\/Hivey_Flaesch-1-247x247.png 247w, https:\/\/beiefritz.lu\/wp-content\/uploads\/2025\/08\/Hivey_Flaesch-1-300x300.png 300w, https:\/\/beiefritz.lu\/wp-content\/uploads\/2025\/08\/Hivey_Flaesch-1-1024x1024.png 1024w, https:\/\/beiefritz.lu\/wp-content\/uploads\/2025\/08\/Hivey_Flaesch-1-150x150.png 150w, https:\/\/beiefritz.lu\/wp-content\/uploads\/2025\/08\/Hivey_Flaesch-1-768x768.png 768w, https:\/\/beiefritz.lu\/wp-content\/uploads\/2025\/08\/Hivey_Flaesch-1-510x510.png 510w, https:\/\/beiefritz.lu\/wp-content\/uploads\/2025\/08\/Hivey_Flaesch-1-100x100.png 100w, https:\/\/beiefritz.lu\/wp-content\/uploads\/2025\/08\/Hivey_Flaesch-1.png 1210w\" sizes=\"auto, (max-width: 247px) 100vw, 247px\" \/>\t\t\t\t\t\t\t\t\t<\/a>\n\t\t\t\t\t\t\t\t\t\t\t\t\t\t\t\t\t\t \t\t\t\t\t\t\t\t<\/div>\n\t\t\t\t\t\t\t\t<div class=\"image-tools top right show-on-hover\">\n\t\t\t\t\t\t\t\t\t\t\t\t\t\t\t\t\t<\/div>\n\t\t\t\t\t\t\t\t\t\t\t\t\t\t\t\t\t<div class=\"image-tools grid-tools text-center hide-for-small bottom hover-slide-in show-on-hover\">\n\t\t\t\t\t\t\t\t\t\t\t\t\t\t\t\t\t\t\t<\/div>\n\t\t\t\t\t\t\t\t\t\t\t\t\t\t\t\t<div class=\"out-of-stock-label\">Rupture de stock<\/div>\t\t\t\t\t\t\t<\/div>\n\n\t\t\t\t\t\t\t<div class=\"box-text text-center\" >\n\t\t\t\t\t\t\t\t<div class=\"title-wrapper\"><p class=\"name product-title woocommerce-loop-product__title\"><a href=\"https:\/\/beiefritz.lu\/fr\/produkt\/de-beiefritz-hivey-biere-au-miel-luxembourgeoise-33cl\/\" class=\"woocommerce-LoopProduct-link woocommerce-loop-product__link\">DE BEIEFRITZ &#8211; HIVEY Bi\u00e8re au miel luxembourgeoise (33cl)<\/a><\/p><\/div><div class=\"price-wrapper\"><\/div><div class=\"add-to-cart-button\"><a href=\"https:\/\/beiefritz.lu\/fr\/produkt\/de-beiefritz-hivey-biere-au-miel-luxembourgeoise-33cl\/\" aria-describedby=\"woocommerce_loop_add_to_cart_link_describedby_18522\" data-quantity=\"1\" class=\"primary is-small mb-0 button product_type_simple is-flat\" data-product_id=\"18522\" data-product_sku=\"4020\" aria-label=\"En savoir plus sur &ldquo;DE BEIEFRITZ - HIVEY Bi\u00e8re au miel luxembourgeoise (33cl)&rdquo;\" rel=\"\" data-success_message=\"\">Lire la suite<\/a><\/div>\t<span id=\"woocommerce_loop_add_to_cart_link_describedby_18522\" class=\"screen-reader-text\">\n\t\t\t<\/span>\n\t\t\t\t\t\t\t<\/div>\n\t\t\t\t\t\t<\/div>\n\t\t\t\t\t\t<\/div>\n\t\t\t\t\t<\/div><div class=\"col\" >\n\t\t\t\t\t\t<div class=\"col-inner\">\n\t\t\t\t\t\t\n<div class=\"badge-container absolute left top z-1\">\n\n<\/div>\n\t\t\t\t\t\t<div class=\"product-small box has-hover box-bounce box-text-bottom\">\n\t\t\t\t\t\t\t<div class=\"box-image\" >\n\t\t\t\t\t\t\t\t<div class=\"\" >\n\t\t\t\t\t\t\t\t\t<a href=\"https:\/\/beiefritz.lu\/fr\/produkt\/de-beiefritz-hivey-biere-au-miel-luxembourgeoise-24-x-33cl\/\" aria-label=\"DE BEIEFRITZ - HIVEY Bi\u00e8re au miel luxembourgeoise (24 \u00d7 33cl)\">\n\t\t\t\t\t\t\t\t\t\t<img loading=\"lazy\" decoding=\"async\" width=\"247\" height=\"247\" src=\"https:\/\/beiefritz.lu\/wp-content\/uploads\/2020\/11\/Beier_Karton_bannen-247x247.png\" class=\"show-on-hover absolute fill hide-for-small back-image\" alt=\"Alternative view of DE BEIEFRITZ - HIVEY Bi\u00e8re au miel luxembourgeoise (24 \u00d7 33cl)\" aria-hidden=\"true\" srcset=\"https:\/\/beiefritz.lu\/wp-content\/uploads\/2020\/11\/Beier_Karton_bannen-247x247.png 247w, https:\/\/beiefritz.lu\/wp-content\/uploads\/2020\/11\/Beier_Karton_bannen-300x300.png 300w, https:\/\/beiefritz.lu\/wp-content\/uploads\/2020\/11\/Beier_Karton_bannen-1024x1024.png 1024w, https:\/\/beiefritz.lu\/wp-content\/uploads\/2020\/11\/Beier_Karton_bannen-150x150.png 150w, https:\/\/beiefritz.lu\/wp-content\/uploads\/2020\/11\/Beier_Karton_bannen-768x768.png 768w, https:\/\/beiefritz.lu\/wp-content\/uploads\/2020\/11\/Beier_Karton_bannen-510x510.png 510w, https:\/\/beiefritz.lu\/wp-content\/uploads\/2020\/11\/Beier_Karton_bannen-100x100.png 100w, https:\/\/beiefritz.lu\/wp-content\/uploads\/2020\/11\/Beier_Karton_bannen.png 1080w\" sizes=\"auto, (max-width: 247px) 100vw, 247px\" \/><img loading=\"lazy\" decoding=\"async\" width=\"247\" height=\"247\" src=\"https:\/\/beiefritz.lu\/wp-content\/uploads\/2025\/08\/Honigbier_Karton-247x247.png\" class=\"attachment-woocommerce_thumbnail size-woocommerce_thumbnail\" alt=\"DE BEIEFRITZ - HIVEY Bi\u00e8re au miel luxembourgeoise (24 \u00d7 33cl)\" srcset=\"https:\/\/beiefritz.lu\/wp-content\/uploads\/2025\/08\/Honigbier_Karton-247x247.png 247w, https:\/\/beiefritz.lu\/wp-content\/uploads\/2025\/08\/Honigbier_Karton-300x300.png 300w, https:\/\/beiefritz.lu\/wp-content\/uploads\/2025\/08\/Honigbier_Karton-1024x1024.png 1024w, https:\/\/beiefritz.lu\/wp-content\/uploads\/2025\/08\/Honigbier_Karton-150x150.png 150w, https:\/\/beiefritz.lu\/wp-content\/uploads\/2025\/08\/Honigbier_Karton-768x768.png 768w, https:\/\/beiefritz.lu\/wp-content\/uploads\/2025\/08\/Honigbier_Karton-510x510.png 510w, https:\/\/beiefritz.lu\/wp-content\/uploads\/2025\/08\/Honigbier_Karton-100x100.png 100w, https:\/\/beiefritz.lu\/wp-content\/uploads\/2025\/08\/Honigbier_Karton.png 1210w\" sizes=\"auto, (max-width: 247px) 100vw, 247px\" \/>\t\t\t\t\t\t\t\t\t<\/a>\n\t\t\t\t\t\t\t\t\t\t\t\t\t\t\t\t\t\t \t\t\t\t\t\t\t\t<\/div>\n\t\t\t\t\t\t\t\t<div class=\"image-tools top right show-on-hover\">\n\t\t\t\t\t\t\t\t\t\t\t\t\t\t\t\t\t<\/div>\n\t\t\t\t\t\t\t\t\t\t\t\t\t\t\t\t\t<div class=\"image-tools grid-tools text-center hide-for-small bottom hover-slide-in show-on-hover\">\n\t\t\t\t\t\t\t\t\t\t\t\t\t\t\t\t\t\t\t<\/div>\n\t\t\t\t\t\t\t\t\t\t\t\t\t\t\t\t<div class=\"out-of-stock-label\">Rupture de stock<\/div>\t\t\t\t\t\t\t<\/div>\n\n\t\t\t\t\t\t\t<div class=\"box-text text-center\" >\n\t\t\t\t\t\t\t\t<div class=\"title-wrapper\"><p class=\"name product-title woocommerce-loop-product__title\"><a href=\"https:\/\/beiefritz.lu\/fr\/produkt\/de-beiefritz-hivey-biere-au-miel-luxembourgeoise-24-x-33cl\/\" class=\"woocommerce-LoopProduct-link woocommerce-loop-product__link\">DE BEIEFRITZ &#8211; HIVEY Bi\u00e8re au miel luxembourgeoise (24 \u00d7 33cl)<\/a><\/p><\/div><div class=\"price-wrapper\"><\/div><div class=\"add-to-cart-button\"><a href=\"https:\/\/beiefritz.lu\/fr\/produkt\/de-beiefritz-hivey-biere-au-miel-luxembourgeoise-24-x-33cl\/\" aria-describedby=\"woocommerce_loop_add_to_cart_link_describedby_18528\" data-quantity=\"1\" class=\"primary is-small mb-0 button product_type_simple is-flat\" data-product_id=\"18528\" data-product_sku=\"4025\" aria-label=\"En savoir plus sur &ldquo;DE BEIEFRITZ - HIVEY Bi\u00e8re au miel luxembourgeoise (24 \u00d7 33cl)&rdquo;\" rel=\"\" data-success_message=\"\">Lire la suite<\/a><\/div>\t<span id=\"woocommerce_loop_add_to_cart_link_describedby_18528\" class=\"screen-reader-text\">\n\t\t\t<\/span>\n\t\t\t\t\t\t\t<\/div>\n\t\t\t\t\t\t<\/div>\n\t\t\t\t\t\t<\/div>\n\t\t\t\t\t<\/div><div class=\"col\" >\n\t\t\t\t\t\t<div class=\"col-inner\">\n\t\t\t\t\t\t\n<div class=\"badge-container absolute left top z-1\">\n\n<div class=\"badge callout badge-circle\"><div class=\"badge-inner callout-new-bg is-small new-bubble\">NEW<\/div><\/div><\/div>\n\t\t\t\t\t\t<div class=\"product-small box has-hover box-bounce box-text-bottom\">\n\t\t\t\t\t\t\t<div class=\"box-image\" >\n\t\t\t\t\t\t\t\t<div class=\"\" >\n\t\t\t\t\t\t\t\t\t<a href=\"https:\/\/beiefritz.lu\/fr\/produkt\/fr-beiefritz-fraise-en-miel\/\" aria-label=\"DE BEIEFRITZ - Miel \u00e0 la fraise\">\n\t\t\t\t\t\t\t\t\t\t<img loading=\"lazy\" decoding=\"async\" width=\"1\" height=\"1\" src=\"https:\/\/beiefritz.lu\/wp-content\/uploads\/2022\/08\/IMG_0224.heic\" class=\"attachment-woocommerce_thumbnail size-woocommerce_thumbnail\" alt=\"DE BEIEFRITZ - Miel \u00e0 la fraise\" \/>\t\t\t\t\t\t\t\t\t<\/a>\n\t\t\t\t\t\t\t\t\t\t\t\t\t\t\t\t\t\t \t\t\t\t\t\t\t\t<\/div>\n\t\t\t\t\t\t\t\t<div class=\"image-tools top right show-on-hover\">\n\t\t\t\t\t\t\t\t\t\t\t\t\t\t\t\t\t<\/div>\n\t\t\t\t\t\t\t\t\t\t\t\t\t\t\t\t\t<div class=\"image-tools grid-tools text-center hide-for-small bottom hover-slide-in show-on-hover\">\n\t\t\t\t\t\t\t\t\t\t\t\t\t\t\t\t\t\t\t<\/div>\n\t\t\t\t\t\t\t\t\t\t\t\t\t\t\t\t<div class=\"out-of-stock-label\">Rupture de stock<\/div>\t\t\t\t\t\t\t<\/div>\n\n\t\t\t\t\t\t\t<div class=\"box-text text-center\" >\n\t\t\t\t\t\t\t\t<div class=\"title-wrapper\"><p class=\"name product-title woocommerce-loop-product__title\"><a href=\"https:\/\/beiefritz.lu\/fr\/produkt\/fr-beiefritz-fraise-en-miel\/\" class=\"woocommerce-LoopProduct-link woocommerce-loop-product__link\">DE BEIEFRITZ &#8211; Miel \u00e0 la fraise<\/a><\/p><\/div><div class=\"price-wrapper\"><\/div><div class=\"add-to-cart-button\"><a href=\"https:\/\/beiefritz.lu\/fr\/produkt\/fr-beiefritz-fraise-en-miel\/\" aria-describedby=\"woocommerce_loop_add_to_cart_link_describedby_14193\" data-quantity=\"1\" class=\"primary is-small mb-0 button product_type_simple is-flat\" data-product_id=\"14193\" data-product_sku=\"1015\" aria-label=\"En savoir plus sur &ldquo;DE BEIEFRITZ - Miel \u00e0 la fraise&rdquo;\" rel=\"\" data-success_message=\"\">Lire la suite<\/a><\/div>\t<span id=\"woocommerce_loop_add_to_cart_link_describedby_14193\" class=\"screen-reader-text\">\n\t\t\t<\/span>\n\t\t\t\t\t\t\t<\/div>\n\t\t\t\t\t\t<\/div>\n\t\t\t\t\t\t<\/div>\n\t\t\t\t\t<\/div><\/div>\n\n\n","protected":false},"excerpt":{"rendered":"","protected":false},"author":1,"featured_media":0,"parent":0,"menu_order":0,"comment_status":"closed","ping_status":"closed","template":"","meta":{"footnotes":""},"class_list":["post-8717","page","type-page","status-publish","hentry"],"aioseo_notices":[],"aioseo_head":"\n\t\t<!-- All in One SEO 5.0.1.1 - aioseo.com -->\n\t<meta name=\"description\" content=\"Miel de Luxembourg affin\u00e9 \u00e0 la fraise\" \/>\n\t<meta name=\"robots\" content=\"max-image-preview:large\" \/>\n\t<link rel=\"canonical\" href=\"https:\/\/beiefritz.lu\/fr\/produkt\/fr-beiefritz-fraise-en-miel\/\" \/>\n\t<meta name=\"generator\" content=\"All in One SEO (AIOSEO) 5.0.1.1\" \/>\n\t\t<meta property=\"og:locale\" content=\"fr_FR\" \/>\n\t\t<meta property=\"og:site_name\" content=\"De Beiefritz - Miel, Goutte de miel, bi\u00e8re au miel et autres produits de la ruche\" \/>\n\t\t<meta property=\"og:type\" content=\"article\" \/>\n\t\t<meta property=\"og:title\" content=\"DE BEIEFRITZ \u2013 Miel \u00e0 la fraise - De Beiefritz\" \/>\n\t\t<meta property=\"og:description\" content=\"Miel de Luxembourg affin\u00e9 \u00e0 la fraise\" \/>\n\t\t<meta property=\"og:url\" content=\"https:\/\/beiefritz.lu\/fr\/produkt\/fr-beiefritz-fraise-en-miel\/\" \/>\n\t\t<meta property=\"article:published_time\" content=\"2025-08-12T22:00:58+00:00\" \/>\n\t\t<meta property=\"article:modified_time\" content=\"2025-08-12T22:01:01+00:00\" \/>\n\t\t<meta property=\"article:publisher\" content=\"https:\/\/www.facebook.com\/beiefritz\" \/>\n\t\t<meta name=\"twitter:card\" content=\"summary_large_image\" \/>\n\t\t<meta name=\"twitter:title\" content=\"DE BEIEFRITZ \u2013 Miel \u00e0 la fraise - De Beiefritz\" \/>\n\t\t<meta name=\"twitter:description\" content=\"Miel de Luxembourg affin\u00e9 \u00e0 la fraise\" \/>\n\t\t<script type=\"application\/ld+json\" class=\"aioseo-schema\">\n\t\t\t{\"@context\":\"https:\\\/\\\/schema.org\",\"@graph\":[{\"@type\":\"BreadcrumbList\",\"@id\":\"https:\\\/\\\/beiefritz.lu\\\/fr\\\/produkt\\\/fr-beiefritz-fraise-en-miel\\\/#breadcrumblist\",\"itemListElement\":[{\"@type\":\"ListItem\",\"@id\":\"https:\\\/\\\/beiefritz.lu\\\/fr\\\/#listItem\",\"position\":1,\"name\":\"Home\",\"item\":\"https:\\\/\\\/beiefritz.lu\\\/fr\\\/\",\"nextItem\":{\"@type\":\"ListItem\",\"@id\":\"https:\\\/\\\/beiefritz.lu\\\/fr\\\/spiritueux\\\/#listItem\",\"name\":\"eau-de-vie au miel\"}},{\"@type\":\"ListItem\",\"@id\":\"https:\\\/\\\/beiefritz.lu\\\/fr\\\/spiritueux\\\/#listItem\",\"position\":2,\"name\":\"eau-de-vie au miel\",\"previousItem\":{\"@type\":\"ListItem\",\"@id\":\"https:\\\/\\\/beiefritz.lu\\\/fr\\\/#listItem\",\"name\":\"Home\"}}]},{\"@type\":\"ItemPage\",\"@id\":\"https:\\\/\\\/beiefritz.lu\\\/fr\\\/produkt\\\/fr-beiefritz-fraise-en-miel\\\/#itempage\",\"url\":\"https:\\\/\\\/beiefritz.lu\\\/fr\\\/produkt\\\/fr-beiefritz-fraise-en-miel\\\/\",\"name\":\"DE BEIEFRITZ \\u2013 Miel \\u00e0 la fraise - De Beiefritz\",\"description\":\"Miel de Luxembourg affin\\u00e9 \\u00e0 la fraise\",\"inLanguage\":\"fr-FR\",\"isPartOf\":{\"@id\":\"https:\\\/\\\/beiefritz.lu\\\/fr\\\/#website\"},\"breadcrumb\":{\"@id\":\"https:\\\/\\\/beiefritz.lu\\\/fr\\\/produkt\\\/fr-beiefritz-fraise-en-miel\\\/#breadcrumblist\"},\"image\":{\"@type\":\"ImageObject\",\"url\":\"https:\\\/\\\/beiefritz.lu\\\/wp-content\\\/uploads\\\/2022\\\/08\\\/IMG_0224.heic\",\"@id\":\"https:\\\/\\\/beiefritz.lu\\\/fr\\\/produkt\\\/fr-beiefritz-fraise-en-miel\\\/#mainImage\"},\"primaryImageOfPage\":{\"@id\":\"https:\\\/\\\/beiefritz.lu\\\/fr\\\/produkt\\\/fr-beiefritz-fraise-en-miel\\\/#mainImage\"},\"datePublished\":\"2025-08-13T00:00:58+02:00\",\"dateModified\":\"2025-08-13T00:01:01+02:00\"},{\"@type\":\"Organization\",\"@id\":\"https:\\\/\\\/beiefritz.lu\\\/fr\\\/#organization\",\"name\":\"De Beiefritz\",\"description\":\"Miel, Goutte de miel, bi\\u00e8re au miel et autres produits de la ruche\",\"url\":\"https:\\\/\\\/beiefritz.lu\\\/fr\\\/\",\"sameAs\":[\"https:\\\/\\\/www.facebook.com\\\/beiefritz\",\"https:\\\/\\\/www.instagram.com\\\/beiefritz\"]},{\"@type\":\"WebSite\",\"@id\":\"https:\\\/\\\/beiefritz.lu\\\/fr\\\/#website\",\"url\":\"https:\\\/\\\/beiefritz.lu\\\/fr\\\/\",\"name\":\"De Beiefritz\",\"description\":\"Miel, Goutte de miel, bi\\u00e8re au miel et autres produits de la ruche\",\"inLanguage\":\"fr-FR\",\"publisher\":{\"@id\":\"https:\\\/\\\/beiefritz.lu\\\/fr\\\/#organization\"}}]}\n\t\t<\/script>\n\t\t<!-- All in One SEO -->\n\n","aioseo_head_json":{"title":"DE BEIEFRITZ \u2013 Miel \u00e0 la fraise - De Beiefritz","description":"Miel de Luxembourg affin\u00e9 \u00e0 la fraise","canonical_url":"https:\/\/beiefritz.lu\/fr\/produkt\/fr-beiefritz-fraise-en-miel\/","robots":"max-image-preview:large","keywords":"","webmasterTools":{"miscellaneous":""},"schema":{"@context":"https:\/\/schema.org","@graph":[{"@type":"BreadcrumbList","@id":"https:\/\/beiefritz.lu\/fr\/produkt\/fr-beiefritz-fraise-en-miel\/#breadcrumblist","itemListElement":[{"@type":"ListItem","@id":"https:\/\/beiefritz.lu\/fr\/#listItem","position":1,"name":"Home","item":"https:\/\/beiefritz.lu\/fr\/","nextItem":{"@type":"ListItem","@id":"https:\/\/beiefritz.lu\/fr\/spiritueux\/#listItem","name":"eau-de-vie au miel"}},{"@type":"ListItem","@id":"https:\/\/beiefritz.lu\/fr\/spiritueux\/#listItem","position":2,"name":"eau-de-vie au miel","previousItem":{"@type":"ListItem","@id":"https:\/\/beiefritz.lu\/fr\/#listItem","name":"Home"}}]},{"@type":"ItemPage","@id":"https:\/\/beiefritz.lu\/fr\/produkt\/fr-beiefritz-fraise-en-miel\/#itempage","url":"https:\/\/beiefritz.lu\/fr\/produkt\/fr-beiefritz-fraise-en-miel\/","name":"DE BEIEFRITZ \u2013 Miel \u00e0 la fraise - De Beiefritz","description":"Miel de Luxembourg affin\u00e9 \u00e0 la fraise","inLanguage":"fr-FR","isPartOf":{"@id":"https:\/\/beiefritz.lu\/fr\/#website"},"breadcrumb":{"@id":"https:\/\/beiefritz.lu\/fr\/produkt\/fr-beiefritz-fraise-en-miel\/#breadcrumblist"},"image":{"@type":"ImageObject","url":"https:\/\/beiefritz.lu\/wp-content\/uploads\/2022\/08\/IMG_0224.heic","@id":"https:\/\/beiefritz.lu\/fr\/produkt\/fr-beiefritz-fraise-en-miel\/#mainImage"},"primaryImageOfPage":{"@id":"https:\/\/beiefritz.lu\/fr\/produkt\/fr-beiefritz-fraise-en-miel\/#mainImage"},"datePublished":"2025-08-13T00:00:58+02:00","dateModified":"2025-08-13T00:01:01+02:00"},{"@type":"Organization","@id":"https:\/\/beiefritz.lu\/fr\/#organization","name":"De Beiefritz","description":"Miel, Goutte de miel, bi\u00e8re au miel et autres produits de la ruche","url":"https:\/\/beiefritz.lu\/fr\/","sameAs":["https:\/\/www.facebook.com\/beiefritz","https:\/\/www.instagram.com\/beiefritz"]},{"@type":"WebSite","@id":"https:\/\/beiefritz.lu\/fr\/#website","url":"https:\/\/beiefritz.lu\/fr\/","name":"De Beiefritz","description":"Miel, Goutte de miel, bi\u00e8re au miel et autres produits de la ruche","inLanguage":"fr-FR","publisher":{"@id":"https:\/\/beiefritz.lu\/fr\/#organization"}}]},"og:locale":"fr_FR","og:site_name":"De Beiefritz - Miel, Goutte de miel, bi\u00e8re au miel et autres produits de la ruche","og:type":"article","og:title":"DE BEIEFRITZ \u2013 Miel \u00e0 la fraise - De Beiefritz","og:description":"Miel de Luxembourg affin\u00e9 \u00e0 la fraise","og:url":"https:\/\/beiefritz.lu\/fr\/produkt\/fr-beiefritz-fraise-en-miel\/","article:published_time":"2025-08-12T22:00:58+00:00","article:modified_time":"2025-08-12T22:01:01+00:00","article:publisher":"https:\/\/www.facebook.com\/beiefritz","twitter:card":"summary_large_image","twitter:title":"DE BEIEFRITZ \u2013 Miel \u00e0 la fraise - De Beiefritz","twitter:description":"Miel de Luxembourg affin\u00e9 \u00e0 la fraise"},"aioseo_meta_data":{"post_id":"8717","title":null,"description":null,"keywords":null,"keyphrases":null,"primary_term":null,"canonical_url":null,"og_title":null,"og_description":null,"og_object_type":"default","og_image_type":"default","og_image_url":null,"og_image_width":null,"og_image_height":null,"og_image_custom_url":null,"og_image_custom_fields":null,"og_video":null,"og_custom_url":null,"og_article_section":null,"og_article_tags":null,"twitter_use_og":false,"twitter_card":"default","twitter_image_type":"default","twitter_image_url":null,"twitter_image_custom_url":null,"twitter_image_custom_fields":null,"twitter_title":null,"twitter_description":null,"schema":{"blockGraphs":[],"customGraphs":[],"default":{"data":{"Article":[],"Course":[],"Dataset":[],"FAQPage":[],"Movie":[],"Person":[],"Product":[],"ProductReview":[],"Car":[],"Recipe":[],"Service":[],"SoftwareApplication":[],"WebPage":[]},"graphName":"","isEnabled":true},"graphs":[]},"schema_type":"default","schema_type_options":null,"pillar_content":false,"robots_default":true,"robots_noindex":false,"robots_noarchive":false,"robots_nosnippet":false,"robots_nofollow":false,"robots_noimageindex":false,"robots_noodp":false,"robots_notranslate":false,"robots_max_snippet":null,"robots_max_videopreview":null,"robots_max_imagepreview":"large","priority":null,"frequency":null,"local_seo":null,"breadcrumb_settings":null,"limit_modified_date":false,"ai":null,"created":"2025-01-11 04:12:37","updated":"2025-06-10 21:29:16","focus_keyword":null,"additional_keywords":null,"truseo_locale":null,"seo_analyzer_scan_date":null},"aioseo_breadcrumb":"<div class=\"aioseo-breadcrumbs\"><span class=\"aioseo-breadcrumb\">\n\t\t\t<a href=\"https:\/\/beiefritz.lu\/fr\/\" title=\"Home\">Home<\/a>\n\t\t<\/span><span class=\"aioseo-breadcrumb-separator\">&raquo;<\/span><span class=\"aioseo-breadcrumb\">\n\t\t\teau-de-vie au miel\n\t\t<\/span><\/div>","aioseo_breadcrumb_json":[{"label":"Home","link":"https:\/\/beiefritz.lu\/fr\/"},{"label":"eau-de-vie au miel","link":"https:\/\/beiefritz.lu\/fr\/spiritueux\/"}],"_links":{"self":[{"href":"https:\/\/beiefritz.lu\/fr\/wp-json\/wp\/v2\/pages\/8717","targetHints":{"allow":["GET"]}}],"collection":[{"href":"https:\/\/beiefritz.lu\/fr\/wp-json\/wp\/v2\/pages"}],"about":[{"href":"https:\/\/beiefritz.lu\/fr\/wp-json\/wp\/v2\/types\/page"}],"author":[{"embeddable":true,"href":"https:\/\/beiefritz.lu\/fr\/wp-json\/wp\/v2\/users\/1"}],"replies":[{"embeddable":true,"href":"https:\/\/beiefritz.lu\/fr\/wp-json\/wp\/v2\/comments?post=8717"}],"version-history":[{"count":11,"href":"https:\/\/beiefritz.lu\/fr\/wp-json\/wp\/v2\/pages\/8717\/revisions"}],"predecessor-version":[{"id":17731,"href":"https:\/\/beiefritz.lu\/fr\/wp-json\/wp\/v2\/pages\/8717\/revisions\/17731"}],"wp:attachment":[{"href":"https:\/\/beiefritz.lu\/fr\/wp-json\/wp\/v2\/media?parent=8717"}],"curies":[{"name":"wp","href":"https:\/\/api.w.org\/{rel}","templated":true}]}}