{"id":14059,"date":"2025-09-08T19:49:10","date_gmt":"2025-09-08T17:49:10","guid":{"rendered":"https:\/\/www.beiefritz.lu\/shop\/sachet-de-savon-env-13x11cm-avec-cordelette\/"},"modified":"2025-11-04T00:11:50","modified_gmt":"2025-11-03T23:11:50","slug":"sachets-de-savon-ca-13x11cm-avec-cordon","status":"publish","type":"product","link":"https:\/\/beiefritz.lu\/fr\/produkt\/sachets-de-savon-ca-13x11cm-avec-cordon\/","title":{"rendered":"Sachet de savon env. 13x11cm, avec cordelette"},"content":{"rendered":"<p data-start=\"335\" data-end=\"662\">Nos sachets de savon sont fabriqu\u00e9s \u00e0 partir d&rsquo;un m\u00e9lange naturel de coton et de lin et se ferment facilement \u00e0 l&rsquo;aide d&rsquo;une cordelette.<br data-start=\"470\" data-end=\"473\">Les grands savons comme les petits restes de savon peuvent y \u00eatre merveilleusement mouss\u00e9s &#8211; la peau est exfoli\u00e9e en douceur. Apr\u00e8s le lavage ou la douche, il suffit de les suspendre et de les laisser s\u00e9cher. <\/p>\n<p data-start=\"664\" data-end=\"783\"><strong data-start=\"664\" data-end=\"676\">Remarque :<\/strong> il s&rsquo;agit ici uniquement du sachet de savon. Le savon correspondant est vendu s\u00e9par\u00e9ment. <\/p>\n<p data-start=\"785\" data-end=\"898\">Associ\u00e9 \u00e0 l&rsquo;un de nos savons au miel, le sachet de savon est une belle id\u00e9e de cadeau pour de nombreuses occasions.<\/p>\n","protected":false},"excerpt":{"rendered":"<p>Nos sachets de savon sont fabriqu\u00e9s \u00e0 partir d&rsquo;un m\u00e9lange naturel de coton et de lin et se ferment facilement \u00e0 l&rsquo;aide d&rsquo;une cordelette.Les grands savons comme les petits restes de savon peuvent y \u00eatre merveilleusement mouss\u00e9s &#8211; la peau est exfoli\u00e9e en douceur. Apr\u00e8s le lavage ou la douche, il suffit de les suspendre [&#8230;]\n","protected":false},"featured_media":13335,"comment_status":"open","ping_status":"closed","template":"","meta":[],"product_brand":[],"product_cat":[272,257,266,530,496],"product_tag":[],"class_list":["post-14059","product","type-product","status-publish","has-post-thumbnail","product_cat-divers","product_cat-nouveau","product_cat-savons","product_cat-soins-du-corps","product_cat-zero-dechet","first","instock","taxable","shipping-taxable","purchasable","product-type-simple"],"aioseo_notices":[],"aioseo_head":"\n\t\t<!-- All in One SEO 5.0.1.1 - aioseo.com -->\n\t<meta name=\"description\" content=\"Nos sachets de savon sont fabriqu\u00e9s \u00e0 partir d&#039;un m\u00e9lange naturel de coton et de lin et se ferment facilement \u00e0 l&#039;aide d&#039;une cordelette.Les grands savons comme les petits restes de savon peuvent y \u00eatre merveilleusement mouss\u00e9s - la peau est exfoli\u00e9e en douceur. Apr\u00e8s le lavage ou la douche, il suffit de les suspendre\" \/>\n\t<meta name=\"robots\" content=\"max-image-preview:large\" \/>\n\t<link rel=\"canonical\" href=\"https:\/\/beiefritz.lu\/fr\/produkt\/sachets-de-savon-ca-13x11cm-avec-cordon\/\" \/>\n\t<meta name=\"generator\" content=\"All in One SEO (AIOSEO) 5.0.1.1\" \/>\n\t\t<meta property=\"og:locale\" content=\"fr_FR\" \/>\n\t\t<meta property=\"og:site_name\" content=\"De Beiefritz - Miel, Goutte de miel, bi\u00e8re au miel et autres produits de la ruche\" \/>\n\t\t<meta property=\"og:type\" content=\"article\" \/>\n\t\t<meta property=\"og:title\" content=\"Sachet de savon env. 13x11cm, avec cordelette - De Beiefritz\" \/>\n\t\t<meta property=\"og:description\" content=\"Nos sachets de savon sont fabriqu\u00e9s \u00e0 partir d&#039;un m\u00e9lange naturel de coton et de lin et se ferment facilement \u00e0 l&#039;aide d&#039;une cordelette.Les grands savons comme les petits restes de savon peuvent y \u00eatre merveilleusement mouss\u00e9s - la peau est exfoli\u00e9e en douceur. Apr\u00e8s le lavage ou la douche, il suffit de les suspendre\" \/>\n\t\t<meta property=\"og:url\" content=\"https:\/\/beiefritz.lu\/fr\/produkt\/sachets-de-savon-ca-13x11cm-avec-cordon\/\" \/>\n\t\t<meta property=\"article:published_time\" content=\"2025-09-08T17:49:10+00:00\" \/>\n\t\t<meta property=\"article:modified_time\" content=\"2025-11-03T23:11:50+00:00\" \/>\n\t\t<meta property=\"article:publisher\" content=\"https:\/\/www.facebook.com\/beiefritz\" \/>\n\t\t<meta name=\"twitter:card\" content=\"summary_large_image\" \/>\n\t\t<meta name=\"twitter:title\" content=\"Sachet de savon env. 13x11cm, avec cordelette - De Beiefritz\" \/>\n\t\t<meta name=\"twitter:description\" content=\"Nos sachets de savon sont fabriqu\u00e9s \u00e0 partir d&#039;un m\u00e9lange naturel de coton et de lin et se ferment facilement \u00e0 l&#039;aide d&#039;une cordelette.Les grands savons comme les petits restes de savon peuvent y \u00eatre merveilleusement mouss\u00e9s - la peau est exfoli\u00e9e en douceur. Apr\u00e8s le lavage ou la douche, il suffit de les suspendre\" \/>\n\t\t<script type=\"application\/ld+json\" class=\"aioseo-schema\">\n\t\t\t{\"@context\":\"https:\\\/\\\/schema.org\",\"@graph\":[{\"@type\":\"BreadcrumbList\",\"@id\":\"https:\\\/\\\/beiefritz.lu\\\/fr\\\/produkt\\\/sachets-de-savon-ca-13x11cm-avec-cordon\\\/#breadcrumblist\",\"itemListElement\":[{\"@type\":\"ListItem\",\"@id\":\"https:\\\/\\\/beiefritz.lu\\\/fr\\\/#listItem\",\"position\":1,\"name\":\"Home\",\"item\":\"https:\\\/\\\/beiefritz.lu\\\/fr\\\/\",\"nextItem\":{\"@type\":\"ListItem\",\"@id\":\"https:\\\/\\\/beiefritz.lu\\\/?page_id=6272#listItem\",\"name\":\"Priv\\u00e9\\u00a0: shop2\"}},{\"@type\":\"ListItem\",\"@id\":\"https:\\\/\\\/beiefritz.lu\\\/?page_id=6272#listItem\",\"position\":2,\"name\":\"Priv\\u00e9\\u00a0: shop2\",\"item\":\"https:\\\/\\\/beiefritz.lu\\\/?page_id=6272\",\"nextItem\":{\"@type\":\"ListItem\",\"@id\":\"https:\\\/\\\/beiefritz.lu\\\/fr\\\/cat\\u00e9gories-de-produits\\\/nouveau\\\/#listItem\",\"name\":\"Nouveaut\\u00e9s\"},\"previousItem\":{\"@type\":\"ListItem\",\"@id\":\"https:\\\/\\\/beiefritz.lu\\\/fr\\\/#listItem\",\"name\":\"Home\"}},{\"@type\":\"ListItem\",\"@id\":\"https:\\\/\\\/beiefritz.lu\\\/fr\\\/cat\\u00e9gories-de-produits\\\/nouveau\\\/#listItem\",\"position\":3,\"name\":\"Nouveaut\\u00e9s\",\"item\":\"https:\\\/\\\/beiefritz.lu\\\/fr\\\/cat\\u00e9gories-de-produits\\\/nouveau\\\/\",\"nextItem\":{\"@type\":\"ListItem\",\"@id\":\"https:\\\/\\\/beiefritz.lu\\\/fr\\\/produkt\\\/sachets-de-savon-ca-13x11cm-avec-cordon\\\/#listItem\",\"name\":\"Sachet de savon env. 13x11cm, avec cordelette\"},\"previousItem\":{\"@type\":\"ListItem\",\"@id\":\"https:\\\/\\\/beiefritz.lu\\\/?page_id=6272#listItem\",\"name\":\"Priv\\u00e9\\u00a0: shop2\"}},{\"@type\":\"ListItem\",\"@id\":\"https:\\\/\\\/beiefritz.lu\\\/fr\\\/produkt\\\/sachets-de-savon-ca-13x11cm-avec-cordon\\\/#listItem\",\"position\":4,\"name\":\"Sachet de savon env. 13x11cm, avec cordelette\",\"previousItem\":{\"@type\":\"ListItem\",\"@id\":\"https:\\\/\\\/beiefritz.lu\\\/fr\\\/cat\\u00e9gories-de-produits\\\/nouveau\\\/#listItem\",\"name\":\"Nouveaut\\u00e9s\"}}]},{\"@type\":\"ItemPage\",\"@id\":\"https:\\\/\\\/beiefritz.lu\\\/fr\\\/produkt\\\/sachets-de-savon-ca-13x11cm-avec-cordon\\\/#itempage\",\"url\":\"https:\\\/\\\/beiefritz.lu\\\/fr\\\/produkt\\\/sachets-de-savon-ca-13x11cm-avec-cordon\\\/\",\"name\":\"Sachet de savon env. 13x11cm, avec cordelette - De Beiefritz\",\"description\":\"Nos sachets de savon sont fabriqu\\u00e9s \\u00e0 partir d'un m\\u00e9lange naturel de coton et de lin et se ferment facilement \\u00e0 l'aide d'une cordelette.Les grands savons comme les petits restes de savon peuvent y \\u00eatre merveilleusement mouss\\u00e9s - la peau est exfoli\\u00e9e en douceur. Apr\\u00e8s le lavage ou la douche, il suffit de les suspendre\",\"inLanguage\":\"fr-FR\",\"isPartOf\":{\"@id\":\"https:\\\/\\\/beiefritz.lu\\\/fr\\\/#website\"},\"breadcrumb\":{\"@id\":\"https:\\\/\\\/beiefritz.lu\\\/fr\\\/produkt\\\/sachets-de-savon-ca-13x11cm-avec-cordon\\\/#breadcrumblist\"},\"image\":{\"@type\":\"ImageObject\",\"url\":\"https:\\\/\\\/beiefritz.lu\\\/wp-content\\\/uploads\\\/2022\\\/10\\\/Seifenbeutel_1_WEB.jpg\",\"@id\":\"https:\\\/\\\/beiefritz.lu\\\/fr\\\/produkt\\\/sachets-de-savon-ca-13x11cm-avec-cordon\\\/#mainImage\",\"width\":600,\"height\":450},\"primaryImageOfPage\":{\"@id\":\"https:\\\/\\\/beiefritz.lu\\\/fr\\\/produkt\\\/sachets-de-savon-ca-13x11cm-avec-cordon\\\/#mainImage\"},\"datePublished\":\"2025-09-08T19:49:10+02:00\",\"dateModified\":\"2025-11-04T00:11:50+01:00\"},{\"@type\":\"Organization\",\"@id\":\"https:\\\/\\\/beiefritz.lu\\\/fr\\\/#organization\",\"name\":\"De Beiefritz\",\"description\":\"Miel, Goutte de miel, bi\\u00e8re au miel et autres produits de la ruche\",\"url\":\"https:\\\/\\\/beiefritz.lu\\\/fr\\\/\",\"sameAs\":[\"https:\\\/\\\/www.facebook.com\\\/beiefritz\",\"https:\\\/\\\/www.instagram.com\\\/beiefritz\"]},{\"@type\":\"WebSite\",\"@id\":\"https:\\\/\\\/beiefritz.lu\\\/fr\\\/#website\",\"url\":\"https:\\\/\\\/beiefritz.lu\\\/fr\\\/\",\"name\":\"De Beiefritz\",\"description\":\"Miel, Goutte de miel, bi\\u00e8re au miel et autres produits de la ruche\",\"inLanguage\":\"fr-FR\",\"publisher\":{\"@id\":\"https:\\\/\\\/beiefritz.lu\\\/fr\\\/#organization\"}}]}\n\t\t<\/script>\n\t\t<!-- All in One SEO -->\n\n","aioseo_head_json":{"title":"Sachet de savon env. 13x11cm, avec cordelette - De Beiefritz","description":"Nos sachets de savon sont fabriqu\u00e9s \u00e0 partir d'un m\u00e9lange naturel de coton et de lin et se ferment facilement \u00e0 l'aide d'une cordelette.Les grands savons comme les petits restes de savon peuvent y \u00eatre merveilleusement mouss\u00e9s - la peau est exfoli\u00e9e en douceur. Apr\u00e8s le lavage ou la douche, il suffit de les suspendre","canonical_url":"https:\/\/beiefritz.lu\/fr\/produkt\/sachets-de-savon-ca-13x11cm-avec-cordon\/","robots":"max-image-preview:large","keywords":"","webmasterTools":{"miscellaneous":""},"schema":{"@context":"https:\/\/schema.org","@graph":[{"@type":"BreadcrumbList","@id":"https:\/\/beiefritz.lu\/fr\/produkt\/sachets-de-savon-ca-13x11cm-avec-cordon\/#breadcrumblist","itemListElement":[{"@type":"ListItem","@id":"https:\/\/beiefritz.lu\/fr\/#listItem","position":1,"name":"Home","item":"https:\/\/beiefritz.lu\/fr\/","nextItem":{"@type":"ListItem","@id":"https:\/\/beiefritz.lu\/?page_id=6272#listItem","name":"Priv\u00e9\u00a0: shop2"}},{"@type":"ListItem","@id":"https:\/\/beiefritz.lu\/?page_id=6272#listItem","position":2,"name":"Priv\u00e9\u00a0: shop2","item":"https:\/\/beiefritz.lu\/?page_id=6272","nextItem":{"@type":"ListItem","@id":"https:\/\/beiefritz.lu\/fr\/cat\u00e9gories-de-produits\/nouveau\/#listItem","name":"Nouveaut\u00e9s"},"previousItem":{"@type":"ListItem","@id":"https:\/\/beiefritz.lu\/fr\/#listItem","name":"Home"}},{"@type":"ListItem","@id":"https:\/\/beiefritz.lu\/fr\/cat\u00e9gories-de-produits\/nouveau\/#listItem","position":3,"name":"Nouveaut\u00e9s","item":"https:\/\/beiefritz.lu\/fr\/cat\u00e9gories-de-produits\/nouveau\/","nextItem":{"@type":"ListItem","@id":"https:\/\/beiefritz.lu\/fr\/produkt\/sachets-de-savon-ca-13x11cm-avec-cordon\/#listItem","name":"Sachet de savon env. 13x11cm, avec cordelette"},"previousItem":{"@type":"ListItem","@id":"https:\/\/beiefritz.lu\/?page_id=6272#listItem","name":"Priv\u00e9\u00a0: shop2"}},{"@type":"ListItem","@id":"https:\/\/beiefritz.lu\/fr\/produkt\/sachets-de-savon-ca-13x11cm-avec-cordon\/#listItem","position":4,"name":"Sachet de savon env. 13x11cm, avec cordelette","previousItem":{"@type":"ListItem","@id":"https:\/\/beiefritz.lu\/fr\/cat\u00e9gories-de-produits\/nouveau\/#listItem","name":"Nouveaut\u00e9s"}}]},{"@type":"ItemPage","@id":"https:\/\/beiefritz.lu\/fr\/produkt\/sachets-de-savon-ca-13x11cm-avec-cordon\/#itempage","url":"https:\/\/beiefritz.lu\/fr\/produkt\/sachets-de-savon-ca-13x11cm-avec-cordon\/","name":"Sachet de savon env. 13x11cm, avec cordelette - De Beiefritz","description":"Nos sachets de savon sont fabriqu\u00e9s \u00e0 partir d'un m\u00e9lange naturel de coton et de lin et se ferment facilement \u00e0 l'aide d'une cordelette.Les grands savons comme les petits restes de savon peuvent y \u00eatre merveilleusement mouss\u00e9s - la peau est exfoli\u00e9e en douceur. Apr\u00e8s le lavage ou la douche, il suffit de les suspendre","inLanguage":"fr-FR","isPartOf":{"@id":"https:\/\/beiefritz.lu\/fr\/#website"},"breadcrumb":{"@id":"https:\/\/beiefritz.lu\/fr\/produkt\/sachets-de-savon-ca-13x11cm-avec-cordon\/#breadcrumblist"},"image":{"@type":"ImageObject","url":"https:\/\/beiefritz.lu\/wp-content\/uploads\/2022\/10\/Seifenbeutel_1_WEB.jpg","@id":"https:\/\/beiefritz.lu\/fr\/produkt\/sachets-de-savon-ca-13x11cm-avec-cordon\/#mainImage","width":600,"height":450},"primaryImageOfPage":{"@id":"https:\/\/beiefritz.lu\/fr\/produkt\/sachets-de-savon-ca-13x11cm-avec-cordon\/#mainImage"},"datePublished":"2025-09-08T19:49:10+02:00","dateModified":"2025-11-04T00:11:50+01:00"},{"@type":"Organization","@id":"https:\/\/beiefritz.lu\/fr\/#organization","name":"De Beiefritz","description":"Miel, Goutte de miel, bi\u00e8re au miel et autres produits de la ruche","url":"https:\/\/beiefritz.lu\/fr\/","sameAs":["https:\/\/www.facebook.com\/beiefritz","https:\/\/www.instagram.com\/beiefritz"]},{"@type":"WebSite","@id":"https:\/\/beiefritz.lu\/fr\/#website","url":"https:\/\/beiefritz.lu\/fr\/","name":"De Beiefritz","description":"Miel, Goutte de miel, bi\u00e8re au miel et autres produits de la ruche","inLanguage":"fr-FR","publisher":{"@id":"https:\/\/beiefritz.lu\/fr\/#organization"}}]},"og:locale":"fr_FR","og:site_name":"De Beiefritz - Miel, Goutte de miel, bi\u00e8re au miel et autres produits de la ruche","og:type":"article","og:title":"Sachet de savon env. 13x11cm, avec cordelette - De Beiefritz","og:description":"Nos sachets de savon sont fabriqu\u00e9s \u00e0 partir d'un m\u00e9lange naturel de coton et de lin et se ferment facilement \u00e0 l'aide d'une cordelette.Les grands savons comme les petits restes de savon peuvent y \u00eatre merveilleusement mouss\u00e9s - la peau est exfoli\u00e9e en douceur. Apr\u00e8s le lavage ou la douche, il suffit de les suspendre","og:url":"https:\/\/beiefritz.lu\/fr\/produkt\/sachets-de-savon-ca-13x11cm-avec-cordon\/","article:published_time":"2025-09-08T17:49:10+00:00","article:modified_time":"2025-11-03T23:11:50+00:00","article:publisher":"https:\/\/www.facebook.com\/beiefritz","twitter:card":"summary_large_image","twitter:title":"Sachet de savon env. 13x11cm, avec cordelette - De Beiefritz","twitter:description":"Nos sachets de savon sont fabriqu\u00e9s \u00e0 partir d'un m\u00e9lange naturel de coton et de lin et se ferment facilement \u00e0 l'aide d'une cordelette.Les grands savons comme les petits restes de savon peuvent y \u00eatre merveilleusement mouss\u00e9s - la peau est exfoli\u00e9e en douceur. Apr\u00e8s le lavage ou la douche, il suffit de les suspendre"},"aioseo_meta_data":{"post_id":"14059","title":null,"description":null,"keywords":null,"keyphrases":null,"primary_term":null,"canonical_url":null,"og_title":null,"og_description":null,"og_object_type":"default","og_image_type":"default","og_image_url":null,"og_image_width":null,"og_image_height":null,"og_image_custom_url":null,"og_image_custom_fields":null,"og_video":null,"og_custom_url":null,"og_article_section":null,"og_article_tags":null,"twitter_use_og":false,"twitter_card":"default","twitter_image_type":"default","twitter_image_url":null,"twitter_image_custom_url":null,"twitter_image_custom_fields":null,"twitter_title":null,"twitter_description":null,"schema":{"blockGraphs":[],"customGraphs":[],"default":{"data":{"Article":[],"Course":[],"Dataset":[],"FAQPage":[],"Movie":[],"Person":[],"Product":[],"ProductReview":[],"Car":[],"Recipe":[],"Service":[],"SoftwareApplication":[],"WebPage":[]},"graphName":"","isEnabled":true},"graphs":[]},"schema_type":"default","schema_type_options":null,"pillar_content":false,"robots_default":true,"robots_noindex":false,"robots_noarchive":false,"robots_nosnippet":false,"robots_nofollow":false,"robots_noimageindex":false,"robots_noodp":false,"robots_notranslate":false,"robots_max_snippet":null,"robots_max_videopreview":null,"robots_max_imagepreview":"large","priority":null,"frequency":null,"local_seo":null,"breadcrumb_settings":null,"limit_modified_date":false,"ai":null,"created":"2025-01-12 10:33:50","updated":"2026-08-18 21:33:39","focus_keyword":null,"additional_keywords":null,"truseo_locale":null,"seo_analyzer_scan_date":null},"aioseo_breadcrumb":"<div class=\"aioseo-breadcrumbs\"><span class=\"aioseo-breadcrumb\">\n\t\t\t<a href=\"https:\/\/beiefritz.lu\/fr\/\" title=\"Home\">Home<\/a>\n\t\t<\/span><span class=\"aioseo-breadcrumb-separator\">&raquo;<\/span><span class=\"aioseo-breadcrumb\">\n\t\t\t<a href=\"https:\/\/beiefritz.lu\/?page_id=6272\" title=\"Priv\u00e9 : shop2\">Priv\u00e9 : shop2<\/a>\n\t\t<\/span><span class=\"aioseo-breadcrumb-separator\">&raquo;<\/span><span class=\"aioseo-breadcrumb\">\n\t\t\t<a href=\"https:\/\/beiefritz.lu\/fr\/cat\u00e9gories-de-produits\/nouveau\/\" title=\"Nouveaut\u00e9s\">Nouveaut\u00e9s<\/a>\n\t\t<\/span><span class=\"aioseo-breadcrumb-separator\">&raquo;<\/span><span class=\"aioseo-breadcrumb\">\n\t\t\tSachet de savon env. 13x11cm, avec cordelette\n\t\t<\/span><\/div>","aioseo_breadcrumb_json":[{"label":"Home","link":"https:\/\/beiefritz.lu\/fr\/"},{"label":"Priv\u00e9\u00a0: shop2","link":"https:\/\/beiefritz.lu\/?page_id=6272"},{"label":"Nouveaut\u00e9s","link":"https:\/\/beiefritz.lu\/fr\/cat\u00e9gories-de-produits\/nouveau\/"},{"label":"Sachet de savon env. 13x11cm, avec cordelette","link":"https:\/\/beiefritz.lu\/fr\/produkt\/sachets-de-savon-ca-13x11cm-avec-cordon\/"}],"_links":{"self":[{"href":"https:\/\/beiefritz.lu\/fr\/wp-json\/wp\/v2\/product\/14059","targetHints":{"allow":["GET"]}}],"collection":[{"href":"https:\/\/beiefritz.lu\/fr\/wp-json\/wp\/v2\/product"}],"about":[{"href":"https:\/\/beiefritz.lu\/fr\/wp-json\/wp\/v2\/types\/product"}],"replies":[{"embeddable":true,"href":"https:\/\/beiefritz.lu\/fr\/wp-json\/wp\/v2\/comments?post=14059"}],"wp:featuredmedia":[{"embeddable":true,"href":"https:\/\/beiefritz.lu\/fr\/wp-json\/wp\/v2\/media\/13335"}],"wp:attachment":[{"href":"https:\/\/beiefritz.lu\/fr\/wp-json\/wp\/v2\/media?parent=14059"}],"wp:term":[{"taxonomy":"product_brand","embeddable":true,"href":"https:\/\/beiefritz.lu\/fr\/wp-json\/wp\/v2\/product_brand?post=14059"},{"taxonomy":"product_cat","embeddable":true,"href":"https:\/\/beiefritz.lu\/fr\/wp-json\/wp\/v2\/product_cat?post=14059"},{"taxonomy":"product_tag","embeddable":true,"href":"https:\/\/beiefritz.lu\/fr\/wp-json\/wp\/v2\/product_tag?post=14059"}],"curies":[{"name":"wp","href":"https:\/\/api.w.org\/{rel}","templated":true}]}}