{"id":14096,"date":"2025-08-12T23:49:42","date_gmt":"2025-08-12T21:49:42","guid":{"rendered":"https:\/\/www.beiefritz.lu\/shop\/de-beiefritz-miel-de-lavande-du-sud-de-la-france\/"},"modified":"2026-06-02T12:58:23","modified_gmt":"2026-06-02T10:58:23","slug":"miel-de-lavande","status":"publish","type":"product","link":"https:\/\/beiefritz.lu\/fr\/produkt\/miel-de-lavande\/","title":{"rendered":"DE BEIEFRITZ &#8211; Miel de lavande du Sud de la France"},"content":{"rendered":"<p>Notre miel de lavande est issu d&rsquo;une petite exploitation apicole familiale traditionnelle du sud de la France, au c\u0153ur de la Provence.<\/p>\n<p>Ici dans le Parc Naturel du Luberon, plus pr\u00e9cis\u00e9ment \u00e0 Vach\u00e8res, le miel de lavande est r\u00e9colt\u00e9 pour nous \u00e0 la fin de l&rsquo;\u00e9t\u00e9, et apr\u00e8s r\u00e9colte il arrive directement au Luxembourg pour \u00eatre soigneusement mis en pots. De cette fa\u00e7on, l&rsquo;ar\u00f4me de la r\u00e9gion et le nectar sont pr\u00e9serv\u00e9s de mani\u00e8re optimale.<\/p>\n<p>&nbsp;<\/p>\n<p>Contenu : 230g<\/p>\n<p>&nbsp;<\/p>\n<p><a href=\"https:\/\/www.beiefritz.lu\/wp-content\/uploads\/2018\/05\/1486411249.jpg\"><img loading=\"lazy\" decoding=\"async\" class=\"wp-image-1455 alignleft\" src=\"https:\/\/www.beiefritz.lu\/wp-content\/uploads\/2018\/05\/1486411249.jpg\" alt=\"\" width=\"534\" height=\"283\" srcset=\"https:\/\/beiefritz.lu\/wp-content\/uploads\/2018\/05\/1486411249.jpg 1020w, https:\/\/beiefritz.lu\/wp-content\/uploads\/2018\/05\/1486411249-510x270.jpg 510w, https:\/\/beiefritz.lu\/wp-content\/uploads\/2018\/05\/1486411249-300x159.jpg 300w, https:\/\/beiefritz.lu\/wp-content\/uploads\/2018\/05\/1486411249-768x407.jpg 768w\" sizes=\"auto, (max-width: 534px) 100vw, 534px\" \/><\/a><\/p>\n<p><a href=\"https:\/\/www.beiefritz.lu\/wp-content\/uploads\/2018\/05\/1486411303.jpg\"><img loading=\"lazy\" decoding=\"async\" class=\"wp-image-1456 alignright\" src=\"https:\/\/www.beiefritz.lu\/wp-content\/uploads\/2018\/05\/1486411303.jpg\" alt=\"\" width=\"287\" height=\"383\" srcset=\"https:\/\/beiefritz.lu\/wp-content\/uploads\/2018\/05\/1486411303.jpg 519w, https:\/\/beiefritz.lu\/wp-content\/uploads\/2018\/05\/1486411303-510x680.jpg 510w, https:\/\/beiefritz.lu\/wp-content\/uploads\/2018\/05\/1486411303-225x300.jpg 225w\" sizes=\"auto, (max-width: 287px) 100vw, 287px\" \/><\/a><\/p>\n<p>&nbsp;<\/p>\n<p>&nbsp;<\/p>\n<p>&nbsp;<\/p>\n<p>&nbsp;<\/p>\n<p>&nbsp;<\/p>\n<p>&nbsp;<\/p>\n<p>&nbsp;<\/p>\n<p>&nbsp;<\/p>\n<p>&nbsp;<\/p>\n<p><a href=\"https:\/\/www.beiefritz.lu\/wp-content\/uploads\/2018\/05\/1486411384.jpg\"><img loading=\"lazy\" decoding=\"async\" class=\"wp-image-1457 alignleft\" src=\"https:\/\/www.beiefritz.lu\/wp-content\/uploads\/2018\/05\/1486411384.jpg\" alt=\"\" width=\"558\" height=\"417\" srcset=\"https:\/\/beiefritz.lu\/wp-content\/uploads\/2018\/05\/1486411384.jpg 656w, https:\/\/beiefritz.lu\/wp-content\/uploads\/2018\/05\/1486411384-510x381.jpg 510w, https:\/\/beiefritz.lu\/wp-content\/uploads\/2018\/05\/1486411384-300x224.jpg 300w\" sizes=\"auto, (max-width: 558px) 100vw, 558px\" \/><\/a><\/p>\n","protected":false},"excerpt":{"rendered":"<p>Notre miel de lavande est issu d&rsquo;une petite exploitation apicole familiale traditionnelle du sud de la France, au c\u0153ur de la Provence. Ici dans le Parc Naturel du Luberon, plus pr\u00e9cis\u00e9ment \u00e0 Vach\u00e8res, le miel de lavande est r\u00e9colt\u00e9 pour nous \u00e0 la fin de l&rsquo;\u00e9t\u00e9, et apr\u00e8s r\u00e9colte il arrive directement au Luxembourg pour [&#8230;]\n","protected":false},"featured_media":13787,"comment_status":"open","ping_status":"closed","template":"","meta":[],"product_brand":[],"product_cat":[588,597],"product_tag":[],"class_list":["post-14096","product","type-product","status-publish","has-post-thumbnail","product_cat-de-beiefritz-fr","product_cat-miels-de-varietes","first","instock","taxable","shipping-taxable","purchasable","product-type-simple"],"aioseo_notices":[],"aioseo_head":"\n\t\t<!-- All in One SEO 5.0.1.1 - aioseo.com -->\n\t<meta name=\"description\" content=\"Notre miel de lavande est issu d&#039;une petite exploitation apicole familiale traditionnelle du sud de la France, au c\u0153ur de la Provence. Ici dans le Parc Naturel du Luberon, plus pr\u00e9cis\u00e9ment \u00e0 Vach\u00e8res, le miel de lavande est r\u00e9colt\u00e9 pour nous \u00e0 la fin de l&#039;\u00e9t\u00e9, et apr\u00e8s r\u00e9colte il arrive directement au Luxembourg pour\" \/>\n\t<meta name=\"robots\" content=\"max-image-preview:large\" \/>\n\t<link rel=\"canonical\" href=\"https:\/\/beiefritz.lu\/fr\/produkt\/miel-de-lavande\/\" \/>\n\t<meta name=\"generator\" content=\"All in One SEO (AIOSEO) 5.0.1.1\" \/>\n\t\t<meta property=\"og:locale\" content=\"fr_FR\" \/>\n\t\t<meta property=\"og:site_name\" content=\"De Beiefritz - Miel, Goutte de miel, bi\u00e8re au miel et autres produits de la ruche\" \/>\n\t\t<meta property=\"og:type\" content=\"article\" \/>\n\t\t<meta property=\"og:title\" content=\"DE BEIEFRITZ \u2013 Miel de lavande du Sud de la France - De Beiefritz\" \/>\n\t\t<meta property=\"og:description\" content=\"Notre miel de lavande est issu d&#039;une petite exploitation apicole familiale traditionnelle du sud de la France, au c\u0153ur de la Provence. Ici dans le Parc Naturel du Luberon, plus pr\u00e9cis\u00e9ment \u00e0 Vach\u00e8res, le miel de lavande est r\u00e9colt\u00e9 pour nous \u00e0 la fin de l&#039;\u00e9t\u00e9, et apr\u00e8s r\u00e9colte il arrive directement au Luxembourg pour\" \/>\n\t\t<meta property=\"og:url\" content=\"https:\/\/beiefritz.lu\/fr\/produkt\/miel-de-lavande\/\" \/>\n\t\t<meta property=\"article:published_time\" content=\"2025-08-12T21:49:42+00:00\" \/>\n\t\t<meta property=\"article:modified_time\" content=\"2026-06-02T10:58:23+00:00\" \/>\n\t\t<meta property=\"article:publisher\" content=\"https:\/\/www.facebook.com\/beiefritz\" \/>\n\t\t<meta name=\"twitter:card\" content=\"summary_large_image\" \/>\n\t\t<meta name=\"twitter:title\" content=\"DE BEIEFRITZ \u2013 Miel de lavande du Sud de la France - De Beiefritz\" \/>\n\t\t<meta name=\"twitter:description\" content=\"Notre miel de lavande est issu d&#039;une petite exploitation apicole familiale traditionnelle du sud de la France, au c\u0153ur de la Provence. Ici dans le Parc Naturel du Luberon, plus pr\u00e9cis\u00e9ment \u00e0 Vach\u00e8res, le miel de lavande est r\u00e9colt\u00e9 pour nous \u00e0 la fin de l&#039;\u00e9t\u00e9, et apr\u00e8s r\u00e9colte il arrive directement au Luxembourg pour\" \/>\n\t\t<script type=\"application\/ld+json\" class=\"aioseo-schema\">\n\t\t\t{\"@context\":\"https:\\\/\\\/schema.org\",\"@graph\":[{\"@type\":\"BreadcrumbList\",\"@id\":\"https:\\\/\\\/beiefritz.lu\\\/fr\\\/produkt\\\/miel-de-lavande\\\/#breadcrumblist\",\"itemListElement\":[{\"@type\":\"ListItem\",\"@id\":\"https:\\\/\\\/beiefritz.lu\\\/fr\\\/#listItem\",\"position\":1,\"name\":\"Home\",\"item\":\"https:\\\/\\\/beiefritz.lu\\\/fr\\\/\",\"nextItem\":{\"@type\":\"ListItem\",\"@id\":\"https:\\\/\\\/beiefritz.lu\\\/?page_id=6272#listItem\",\"name\":\"Priv\\u00e9\\u00a0: shop2\"}},{\"@type\":\"ListItem\",\"@id\":\"https:\\\/\\\/beiefritz.lu\\\/?page_id=6272#listItem\",\"position\":2,\"name\":\"Priv\\u00e9\\u00a0: shop2\",\"item\":\"https:\\\/\\\/beiefritz.lu\\\/?page_id=6272\",\"nextItem\":{\"@type\":\"ListItem\",\"@id\":\"https:\\\/\\\/beiefritz.lu\\\/fr\\\/cat\\u00e9gories-de-produits\\\/de-beiefritz-fr\\\/#listItem\",\"name\":\"De Beiefritz\"},\"previousItem\":{\"@type\":\"ListItem\",\"@id\":\"https:\\\/\\\/beiefritz.lu\\\/fr\\\/#listItem\",\"name\":\"Home\"}},{\"@type\":\"ListItem\",\"@id\":\"https:\\\/\\\/beiefritz.lu\\\/fr\\\/cat\\u00e9gories-de-produits\\\/de-beiefritz-fr\\\/#listItem\",\"position\":3,\"name\":\"De Beiefritz\",\"item\":\"https:\\\/\\\/beiefritz.lu\\\/fr\\\/cat\\u00e9gories-de-produits\\\/de-beiefritz-fr\\\/\",\"nextItem\":{\"@type\":\"ListItem\",\"@id\":\"https:\\\/\\\/beiefritz.lu\\\/fr\\\/produkt\\\/miel-de-lavande\\\/#listItem\",\"name\":\"DE BEIEFRITZ &#8211; Miel de lavande du Sud de la France\"},\"previousItem\":{\"@type\":\"ListItem\",\"@id\":\"https:\\\/\\\/beiefritz.lu\\\/?page_id=6272#listItem\",\"name\":\"Priv\\u00e9\\u00a0: shop2\"}},{\"@type\":\"ListItem\",\"@id\":\"https:\\\/\\\/beiefritz.lu\\\/fr\\\/produkt\\\/miel-de-lavande\\\/#listItem\",\"position\":4,\"name\":\"DE BEIEFRITZ &#8211; Miel de lavande du Sud de la France\",\"previousItem\":{\"@type\":\"ListItem\",\"@id\":\"https:\\\/\\\/beiefritz.lu\\\/fr\\\/cat\\u00e9gories-de-produits\\\/de-beiefritz-fr\\\/#listItem\",\"name\":\"De Beiefritz\"}}]},{\"@type\":\"ItemPage\",\"@id\":\"https:\\\/\\\/beiefritz.lu\\\/fr\\\/produkt\\\/miel-de-lavande\\\/#itempage\",\"url\":\"https:\\\/\\\/beiefritz.lu\\\/fr\\\/produkt\\\/miel-de-lavande\\\/\",\"name\":\"DE BEIEFRITZ \\u2013 Miel de lavande du Sud de la France - De Beiefritz\",\"description\":\"Notre miel de lavande est issu d'une petite exploitation apicole familiale traditionnelle du sud de la France, au c\\u0153ur de la Provence. Ici dans le Parc Naturel du Luberon, plus pr\\u00e9cis\\u00e9ment \\u00e0 Vach\\u00e8res, le miel de lavande est r\\u00e9colt\\u00e9 pour nous \\u00e0 la fin de l'\\u00e9t\\u00e9, et apr\\u00e8s r\\u00e9colte il arrive directement au Luxembourg pour\",\"inLanguage\":\"fr-FR\",\"isPartOf\":{\"@id\":\"https:\\\/\\\/beiefritz.lu\\\/fr\\\/#website\"},\"breadcrumb\":{\"@id\":\"https:\\\/\\\/beiefritz.lu\\\/fr\\\/produkt\\\/miel-de-lavande\\\/#breadcrumblist\"},\"image\":{\"@type\":\"ImageObject\",\"url\":\"https:\\\/\\\/beiefritz.lu\\\/wp-content\\\/uploads\\\/2018\\\/05\\\/Lavendel_1080.png\",\"@id\":\"https:\\\/\\\/beiefritz.lu\\\/fr\\\/produkt\\\/miel-de-lavande\\\/#mainImage\",\"width\":1080,\"height\":1080},\"primaryImageOfPage\":{\"@id\":\"https:\\\/\\\/beiefritz.lu\\\/fr\\\/produkt\\\/miel-de-lavande\\\/#mainImage\"},\"datePublished\":\"2025-08-12T23:49:42+02:00\",\"dateModified\":\"2026-06-02T12:58:23+02:00\"},{\"@type\":\"Organization\",\"@id\":\"https:\\\/\\\/beiefritz.lu\\\/fr\\\/#organization\",\"name\":\"De Beiefritz\",\"description\":\"Miel, Goutte de miel, bi\\u00e8re au miel et autres produits de la ruche\",\"url\":\"https:\\\/\\\/beiefritz.lu\\\/fr\\\/\",\"sameAs\":[\"https:\\\/\\\/www.facebook.com\\\/beiefritz\",\"https:\\\/\\\/www.instagram.com\\\/beiefritz\"]},{\"@type\":\"WebSite\",\"@id\":\"https:\\\/\\\/beiefritz.lu\\\/fr\\\/#website\",\"url\":\"https:\\\/\\\/beiefritz.lu\\\/fr\\\/\",\"name\":\"De Beiefritz\",\"description\":\"Miel, Goutte de miel, bi\\u00e8re au miel et autres produits de la ruche\",\"inLanguage\":\"fr-FR\",\"publisher\":{\"@id\":\"https:\\\/\\\/beiefritz.lu\\\/fr\\\/#organization\"}}]}\n\t\t<\/script>\n\t\t<!-- All in One SEO -->\n\n","aioseo_head_json":{"title":"DE BEIEFRITZ \u2013 Miel de lavande du Sud de la France - De Beiefritz","description":"Notre miel de lavande est issu d'une petite exploitation apicole familiale traditionnelle du sud de la France, au c\u0153ur de la Provence. Ici dans le Parc Naturel du Luberon, plus pr\u00e9cis\u00e9ment \u00e0 Vach\u00e8res, le miel de lavande est r\u00e9colt\u00e9 pour nous \u00e0 la fin de l'\u00e9t\u00e9, et apr\u00e8s r\u00e9colte il arrive directement au Luxembourg pour","canonical_url":"https:\/\/beiefritz.lu\/fr\/produkt\/miel-de-lavande\/","robots":"max-image-preview:large","keywords":"","webmasterTools":{"miscellaneous":""},"schema":{"@context":"https:\/\/schema.org","@graph":[{"@type":"BreadcrumbList","@id":"https:\/\/beiefritz.lu\/fr\/produkt\/miel-de-lavande\/#breadcrumblist","itemListElement":[{"@type":"ListItem","@id":"https:\/\/beiefritz.lu\/fr\/#listItem","position":1,"name":"Home","item":"https:\/\/beiefritz.lu\/fr\/","nextItem":{"@type":"ListItem","@id":"https:\/\/beiefritz.lu\/?page_id=6272#listItem","name":"Priv\u00e9\u00a0: shop2"}},{"@type":"ListItem","@id":"https:\/\/beiefritz.lu\/?page_id=6272#listItem","position":2,"name":"Priv\u00e9\u00a0: shop2","item":"https:\/\/beiefritz.lu\/?page_id=6272","nextItem":{"@type":"ListItem","@id":"https:\/\/beiefritz.lu\/fr\/cat\u00e9gories-de-produits\/de-beiefritz-fr\/#listItem","name":"De Beiefritz"},"previousItem":{"@type":"ListItem","@id":"https:\/\/beiefritz.lu\/fr\/#listItem","name":"Home"}},{"@type":"ListItem","@id":"https:\/\/beiefritz.lu\/fr\/cat\u00e9gories-de-produits\/de-beiefritz-fr\/#listItem","position":3,"name":"De Beiefritz","item":"https:\/\/beiefritz.lu\/fr\/cat\u00e9gories-de-produits\/de-beiefritz-fr\/","nextItem":{"@type":"ListItem","@id":"https:\/\/beiefritz.lu\/fr\/produkt\/miel-de-lavande\/#listItem","name":"DE BEIEFRITZ &#8211; Miel de lavande du Sud de la France"},"previousItem":{"@type":"ListItem","@id":"https:\/\/beiefritz.lu\/?page_id=6272#listItem","name":"Priv\u00e9\u00a0: shop2"}},{"@type":"ListItem","@id":"https:\/\/beiefritz.lu\/fr\/produkt\/miel-de-lavande\/#listItem","position":4,"name":"DE BEIEFRITZ &#8211; Miel de lavande du Sud de la France","previousItem":{"@type":"ListItem","@id":"https:\/\/beiefritz.lu\/fr\/cat\u00e9gories-de-produits\/de-beiefritz-fr\/#listItem","name":"De Beiefritz"}}]},{"@type":"ItemPage","@id":"https:\/\/beiefritz.lu\/fr\/produkt\/miel-de-lavande\/#itempage","url":"https:\/\/beiefritz.lu\/fr\/produkt\/miel-de-lavande\/","name":"DE BEIEFRITZ \u2013 Miel de lavande du Sud de la France - De Beiefritz","description":"Notre miel de lavande est issu d'une petite exploitation apicole familiale traditionnelle du sud de la France, au c\u0153ur de la Provence. Ici dans le Parc Naturel du Luberon, plus pr\u00e9cis\u00e9ment \u00e0 Vach\u00e8res, le miel de lavande est r\u00e9colt\u00e9 pour nous \u00e0 la fin de l'\u00e9t\u00e9, et apr\u00e8s r\u00e9colte il arrive directement au Luxembourg pour","inLanguage":"fr-FR","isPartOf":{"@id":"https:\/\/beiefritz.lu\/fr\/#website"},"breadcrumb":{"@id":"https:\/\/beiefritz.lu\/fr\/produkt\/miel-de-lavande\/#breadcrumblist"},"image":{"@type":"ImageObject","url":"https:\/\/beiefritz.lu\/wp-content\/uploads\/2018\/05\/Lavendel_1080.png","@id":"https:\/\/beiefritz.lu\/fr\/produkt\/miel-de-lavande\/#mainImage","width":1080,"height":1080},"primaryImageOfPage":{"@id":"https:\/\/beiefritz.lu\/fr\/produkt\/miel-de-lavande\/#mainImage"},"datePublished":"2025-08-12T23:49:42+02:00","dateModified":"2026-06-02T12:58:23+02:00"},{"@type":"Organization","@id":"https:\/\/beiefritz.lu\/fr\/#organization","name":"De Beiefritz","description":"Miel, Goutte de miel, bi\u00e8re au miel et autres produits de la ruche","url":"https:\/\/beiefritz.lu\/fr\/","sameAs":["https:\/\/www.facebook.com\/beiefritz","https:\/\/www.instagram.com\/beiefritz"]},{"@type":"WebSite","@id":"https:\/\/beiefritz.lu\/fr\/#website","url":"https:\/\/beiefritz.lu\/fr\/","name":"De Beiefritz","description":"Miel, Goutte de miel, bi\u00e8re au miel et autres produits de la ruche","inLanguage":"fr-FR","publisher":{"@id":"https:\/\/beiefritz.lu\/fr\/#organization"}}]},"og:locale":"fr_FR","og:site_name":"De Beiefritz - Miel, Goutte de miel, bi\u00e8re au miel et autres produits de la ruche","og:type":"article","og:title":"DE BEIEFRITZ \u2013 Miel de lavande du Sud de la France - De Beiefritz","og:description":"Notre miel de lavande est issu d'une petite exploitation apicole familiale traditionnelle du sud de la France, au c\u0153ur de la Provence. Ici dans le Parc Naturel du Luberon, plus pr\u00e9cis\u00e9ment \u00e0 Vach\u00e8res, le miel de lavande est r\u00e9colt\u00e9 pour nous \u00e0 la fin de l'\u00e9t\u00e9, et apr\u00e8s r\u00e9colte il arrive directement au Luxembourg pour","og:url":"https:\/\/beiefritz.lu\/fr\/produkt\/miel-de-lavande\/","article:published_time":"2025-08-12T21:49:42+00:00","article:modified_time":"2026-06-02T10:58:23+00:00","article:publisher":"https:\/\/www.facebook.com\/beiefritz","twitter:card":"summary_large_image","twitter:title":"DE BEIEFRITZ \u2013 Miel de lavande du Sud de la France - De Beiefritz","twitter:description":"Notre miel de lavande est issu d'une petite exploitation apicole familiale traditionnelle du sud de la France, au c\u0153ur de la Provence. Ici dans le Parc Naturel du Luberon, plus pr\u00e9cis\u00e9ment \u00e0 Vach\u00e8res, le miel de lavande est r\u00e9colt\u00e9 pour nous \u00e0 la fin de l'\u00e9t\u00e9, et apr\u00e8s r\u00e9colte il arrive directement au Luxembourg pour"},"aioseo_meta_data":{"post_id":"14096","title":null,"description":null,"keywords":null,"keyphrases":{"focus":{"keyphrase":"","score":0,"analysis":{"keyphraseInTitle":{"score":0,"maxScore":9,"error":1}}},"additional":[]},"primary_term":null,"canonical_url":null,"og_title":null,"og_description":null,"og_object_type":"default","og_image_type":"default","og_image_url":null,"og_image_width":null,"og_image_height":null,"og_image_custom_url":null,"og_image_custom_fields":null,"og_video":"","og_custom_url":null,"og_article_section":null,"og_article_tags":null,"twitter_use_og":false,"twitter_card":"default","twitter_image_type":"default","twitter_image_url":null,"twitter_image_custom_url":null,"twitter_image_custom_fields":null,"twitter_title":null,"twitter_description":null,"schema":{"blockGraphs":[],"customGraphs":[],"default":{"data":{"Article":[],"Course":[],"Dataset":[],"FAQPage":[],"Movie":[],"Person":[],"Product":[],"ProductReview":[],"Car":[],"Recipe":[],"Service":[],"SoftwareApplication":[],"WebPage":[]},"graphName":"ItemPage","isEnabled":true},"graphs":[]},"schema_type":"default","schema_type_options":null,"pillar_content":false,"robots_default":true,"robots_noindex":false,"robots_noarchive":false,"robots_nosnippet":false,"robots_nofollow":false,"robots_noimageindex":false,"robots_noodp":false,"robots_notranslate":false,"robots_max_snippet":"-1","robots_max_videopreview":"-1","robots_max_imagepreview":"large","priority":null,"frequency":"default","local_seo":null,"breadcrumb_settings":null,"limit_modified_date":false,"ai":null,"created":"2025-01-12 09:53:24","updated":"2026-08-18 21:33:39","focus_keyword":null,"additional_keywords":null,"truseo_locale":null,"seo_analyzer_scan_date":null},"aioseo_breadcrumb":"<div class=\"aioseo-breadcrumbs\"><span class=\"aioseo-breadcrumb\">\n\t\t\t<a href=\"https:\/\/beiefritz.lu\/fr\/\" title=\"Home\">Home<\/a>\n\t\t<\/span><span class=\"aioseo-breadcrumb-separator\">&raquo;<\/span><span class=\"aioseo-breadcrumb\">\n\t\t\t<a href=\"https:\/\/beiefritz.lu\/?page_id=6272\" title=\"Priv\u00e9 : shop2\">Priv\u00e9 : shop2<\/a>\n\t\t<\/span><span class=\"aioseo-breadcrumb-separator\">&raquo;<\/span><span class=\"aioseo-breadcrumb\">\n\t\t\t<a href=\"https:\/\/beiefritz.lu\/fr\/cat\u00e9gories-de-produits\/de-beiefritz-fr\/\" title=\"De Beiefritz\">De Beiefritz<\/a>\n\t\t<\/span><span class=\"aioseo-breadcrumb-separator\">&raquo;<\/span><span class=\"aioseo-breadcrumb\">\n\t\t\tDE BEIEFRITZ \u2013 Miel de lavande du Sud de la France\n\t\t<\/span><\/div>","aioseo_breadcrumb_json":[{"label":"Home","link":"https:\/\/beiefritz.lu\/fr\/"},{"label":"Priv\u00e9\u00a0: shop2","link":"https:\/\/beiefritz.lu\/?page_id=6272"},{"label":"De Beiefritz","link":"https:\/\/beiefritz.lu\/fr\/cat\u00e9gories-de-produits\/de-beiefritz-fr\/"},{"label":"DE BEIEFRITZ &#8211; Miel de lavande du Sud de la France","link":"https:\/\/beiefritz.lu\/fr\/produkt\/miel-de-lavande\/"}],"_links":{"self":[{"href":"https:\/\/beiefritz.lu\/fr\/wp-json\/wp\/v2\/product\/14096","targetHints":{"allow":["GET"]}}],"collection":[{"href":"https:\/\/beiefritz.lu\/fr\/wp-json\/wp\/v2\/product"}],"about":[{"href":"https:\/\/beiefritz.lu\/fr\/wp-json\/wp\/v2\/types\/product"}],"replies":[{"embeddable":true,"href":"https:\/\/beiefritz.lu\/fr\/wp-json\/wp\/v2\/comments?post=14096"}],"wp:featuredmedia":[{"embeddable":true,"href":"https:\/\/beiefritz.lu\/fr\/wp-json\/wp\/v2\/media\/13787"}],"wp:attachment":[{"href":"https:\/\/beiefritz.lu\/fr\/wp-json\/wp\/v2\/media?parent=14096"}],"wp:term":[{"taxonomy":"product_brand","embeddable":true,"href":"https:\/\/beiefritz.lu\/fr\/wp-json\/wp\/v2\/product_brand?post=14096"},{"taxonomy":"product_cat","embeddable":true,"href":"https:\/\/beiefritz.lu\/fr\/wp-json\/wp\/v2\/product_cat?post=14096"},{"taxonomy":"product_tag","embeddable":true,"href":"https:\/\/beiefritz.lu\/fr\/wp-json\/wp\/v2\/product_tag?post=14096"}],"curies":[{"name":"wp","href":"https:\/\/api.w.org\/{rel}","templated":true}]}}