{"id":14215,"date":"2025-08-12T23:49:57","date_gmt":"2025-08-12T21:49:57","guid":{"rendered":"https:\/\/www.beiefritz.lu\/shop\/savont-porte-savon\/"},"modified":"2025-08-12T23:49:58","modified_gmt":"2025-08-12T21:49:58","slug":"sauvegarder","status":"publish","type":"product","link":"https:\/\/beiefritz.lu\/fr\/produkt\/sauvegarder\/","title":{"rendered":"SAVONT &#8211; Porte savon"},"content":{"rendered":"<p>Le porte-savon Savont complet incl. Ventouse et plateau magn\u00e9tique.<\/p>\n<ul>\n<li>Il peut \u00eatre install\u00e9 \u00e0 l&rsquo;int\u00e9rieur de l&rsquo;\u00e9vier, dans le bain ou la douche<\/li>\n<li>La ventouse adh\u00e8re \u00e0 toutes les surfaces lisses<\/li>\n<li>maintient les savons jusqu&rsquo;\u00e0 <b>150 g<\/b> en permanence dans n&rsquo;importe quelle position<\/li>\n<li>toujours amovible et peut \u00eatre remis en place<\/li>\n<li>pas de per\u00e7age, pas de collage, toujours propre<\/li>\n<\/ul>\n<p>Fabrication en Allemagne. Utilisation d&rsquo;une ventouse robuste avec un aimant puissant pour une prise ferme.<\/p>\n<p><iframe loading=\"lazy\" title=\"SAVONT Save your soap\" width=\"1020\" height=\"574\" src=\"https:\/\/www.youtube.com\/embed\/-6sE3v4cKOg?feature=oembed\" frameborder=\"0\" allow=\"accelerometer; autoplay; clipboard-write; encrypted-media; gyroscope; picture-in-picture\" allowfullscreen><\/iframe><\/p>\n","protected":false},"excerpt":{"rendered":"<p>Le porte-savon Savont complet incl. Ventouse et plateau magn\u00e9tique. Il peut \u00eatre install\u00e9 \u00e0 l&rsquo;int\u00e9rieur de l&rsquo;\u00e9vier, dans le bain ou la douche La ventouse adh\u00e8re \u00e0 toutes les surfaces lisses maintient les savons jusqu&rsquo;\u00e0 150 g en permanence dans n&rsquo;importe quelle position toujours amovible et peut \u00eatre remis en place pas de per\u00e7age, pas [&#8230;]\n","protected":false},"featured_media":9718,"comment_status":"open","ping_status":"closed","template":"","meta":[],"product_brand":[],"product_cat":[272,266,530],"product_tag":[435,450],"class_list":["post-14215","product","type-product","status-publish","has-post-thumbnail","product_cat-divers","product_cat-savons","product_cat-soins-du-corps","product_tag-gastro-fr","product_tag-revendeurs-fr","first","instock","taxable","shipping-taxable","purchasable","product-type-simple"],"aioseo_notices":[],"aioseo_head":"\n\t\t<!-- All in One SEO 5.0.1.1 - aioseo.com -->\n\t<meta name=\"description\" content=\"Le porte-savon Savont complet incl. Ventouse et plateau magn\u00e9tique. Il peut \u00eatre install\u00e9 \u00e0 l&#039;int\u00e9rieur de l&#039;\u00e9vier, dans le bain ou la douche La ventouse adh\u00e8re \u00e0 toutes les surfaces lisses maintient les savons jusqu&#039;\u00e0 150 g en permanence dans n&#039;importe quelle position toujours amovible et peut \u00eatre remis en place pas de per\u00e7age, pas\" \/>\n\t<meta name=\"robots\" content=\"max-image-preview:large\" \/>\n\t<link rel=\"canonical\" href=\"https:\/\/beiefritz.lu\/fr\/produkt\/sauvegarder\/\" \/>\n\t<meta name=\"generator\" content=\"All in One SEO (AIOSEO) 5.0.1.1\" \/>\n\t\t<meta property=\"og:locale\" content=\"fr_FR\" \/>\n\t\t<meta property=\"og:site_name\" content=\"De Beiefritz - Miel, Goutte de miel, bi\u00e8re au miel et autres produits de la ruche\" \/>\n\t\t<meta property=\"og:type\" content=\"article\" \/>\n\t\t<meta property=\"og:title\" content=\"SAVONT \u2013 Porte savon - De Beiefritz\" \/>\n\t\t<meta property=\"og:description\" content=\"Le porte-savon Savont complet incl. Ventouse et plateau magn\u00e9tique. Il peut \u00eatre install\u00e9 \u00e0 l&#039;int\u00e9rieur de l&#039;\u00e9vier, dans le bain ou la douche La ventouse adh\u00e8re \u00e0 toutes les surfaces lisses maintient les savons jusqu&#039;\u00e0 150 g en permanence dans n&#039;importe quelle position toujours amovible et peut \u00eatre remis en place pas de per\u00e7age, pas\" \/>\n\t\t<meta property=\"og:url\" content=\"https:\/\/beiefritz.lu\/fr\/produkt\/sauvegarder\/\" \/>\n\t\t<meta property=\"article:published_time\" content=\"2025-08-12T21:49:57+00:00\" \/>\n\t\t<meta property=\"article:modified_time\" content=\"2025-08-12T21:49:58+00:00\" \/>\n\t\t<meta property=\"article:publisher\" content=\"https:\/\/www.facebook.com\/beiefritz\" \/>\n\t\t<meta name=\"twitter:card\" content=\"summary_large_image\" \/>\n\t\t<meta name=\"twitter:title\" content=\"SAVONT \u2013 Porte savon - De Beiefritz\" \/>\n\t\t<meta name=\"twitter:description\" content=\"Le porte-savon Savont complet incl. Ventouse et plateau magn\u00e9tique. Il peut \u00eatre install\u00e9 \u00e0 l&#039;int\u00e9rieur de l&#039;\u00e9vier, dans le bain ou la douche La ventouse adh\u00e8re \u00e0 toutes les surfaces lisses maintient les savons jusqu&#039;\u00e0 150 g en permanence dans n&#039;importe quelle position toujours amovible et peut \u00eatre remis en place pas de per\u00e7age, pas\" \/>\n\t\t<script type=\"application\/ld+json\" class=\"aioseo-schema\">\n\t\t\t{\"@context\":\"https:\\\/\\\/schema.org\",\"@graph\":[{\"@type\":\"BreadcrumbList\",\"@id\":\"https:\\\/\\\/beiefritz.lu\\\/fr\\\/produkt\\\/sauvegarder\\\/#breadcrumblist\",\"itemListElement\":[{\"@type\":\"ListItem\",\"@id\":\"https:\\\/\\\/beiefritz.lu\\\/fr\\\/#listItem\",\"position\":1,\"name\":\"Home\",\"item\":\"https:\\\/\\\/beiefritz.lu\\\/fr\\\/\",\"nextItem\":{\"@type\":\"ListItem\",\"@id\":\"https:\\\/\\\/beiefritz.lu\\\/?page_id=6272#listItem\",\"name\":\"Priv\\u00e9\\u00a0: shop2\"}},{\"@type\":\"ListItem\",\"@id\":\"https:\\\/\\\/beiefritz.lu\\\/?page_id=6272#listItem\",\"position\":2,\"name\":\"Priv\\u00e9\\u00a0: shop2\",\"item\":\"https:\\\/\\\/beiefritz.lu\\\/?page_id=6272\",\"nextItem\":{\"@type\":\"ListItem\",\"@id\":\"https:\\\/\\\/beiefritz.lu\\\/fr\\\/cat\\u00e9gories-de-produits\\\/savons\\\/#listItem\",\"name\":\"Savons\"},\"previousItem\":{\"@type\":\"ListItem\",\"@id\":\"https:\\\/\\\/beiefritz.lu\\\/fr\\\/#listItem\",\"name\":\"Home\"}},{\"@type\":\"ListItem\",\"@id\":\"https:\\\/\\\/beiefritz.lu\\\/fr\\\/cat\\u00e9gories-de-produits\\\/savons\\\/#listItem\",\"position\":3,\"name\":\"Savons\",\"item\":\"https:\\\/\\\/beiefritz.lu\\\/fr\\\/cat\\u00e9gories-de-produits\\\/savons\\\/\",\"nextItem\":{\"@type\":\"ListItem\",\"@id\":\"https:\\\/\\\/beiefritz.lu\\\/fr\\\/produkt\\\/sauvegarder\\\/#listItem\",\"name\":\"SAVONT &#8211; Porte savon\"},\"previousItem\":{\"@type\":\"ListItem\",\"@id\":\"https:\\\/\\\/beiefritz.lu\\\/?page_id=6272#listItem\",\"name\":\"Priv\\u00e9\\u00a0: shop2\"}},{\"@type\":\"ListItem\",\"@id\":\"https:\\\/\\\/beiefritz.lu\\\/fr\\\/produkt\\\/sauvegarder\\\/#listItem\",\"position\":4,\"name\":\"SAVONT &#8211; Porte savon\",\"previousItem\":{\"@type\":\"ListItem\",\"@id\":\"https:\\\/\\\/beiefritz.lu\\\/fr\\\/cat\\u00e9gories-de-produits\\\/savons\\\/#listItem\",\"name\":\"Savons\"}}]},{\"@type\":\"ItemPage\",\"@id\":\"https:\\\/\\\/beiefritz.lu\\\/fr\\\/produkt\\\/sauvegarder\\\/#itempage\",\"url\":\"https:\\\/\\\/beiefritz.lu\\\/fr\\\/produkt\\\/sauvegarder\\\/\",\"name\":\"SAVONT \\u2013 Porte savon - De Beiefritz\",\"description\":\"Le porte-savon Savont complet incl. Ventouse et plateau magn\\u00e9tique. Il peut \\u00eatre install\\u00e9 \\u00e0 l'int\\u00e9rieur de l'\\u00e9vier, dans le bain ou la douche La ventouse adh\\u00e8re \\u00e0 toutes les surfaces lisses maintient les savons jusqu'\\u00e0 150 g en permanence dans n'importe quelle position toujours amovible et peut \\u00eatre remis en place pas de per\\u00e7age, pas\",\"inLanguage\":\"fr-FR\",\"isPartOf\":{\"@id\":\"https:\\\/\\\/beiefritz.lu\\\/fr\\\/#website\"},\"breadcrumb\":{\"@id\":\"https:\\\/\\\/beiefritz.lu\\\/fr\\\/produkt\\\/sauvegarder\\\/#breadcrumblist\"},\"image\":{\"@type\":\"ImageObject\",\"url\":\"https:\\\/\\\/beiefritz.lu\\\/wp-content\\\/uploads\\\/2019\\\/08\\\/42_.jpg\",\"@id\":\"https:\\\/\\\/beiefritz.lu\\\/fr\\\/produkt\\\/sauvegarder\\\/#mainImage\",\"width\":800,\"height\":601},\"primaryImageOfPage\":{\"@id\":\"https:\\\/\\\/beiefritz.lu\\\/fr\\\/produkt\\\/sauvegarder\\\/#mainImage\"},\"datePublished\":\"2025-08-12T23:49:57+02:00\",\"dateModified\":\"2025-08-12T23:49:58+02:00\"},{\"@type\":\"Organization\",\"@id\":\"https:\\\/\\\/beiefritz.lu\\\/fr\\\/#organization\",\"name\":\"De Beiefritz\",\"description\":\"Miel, Goutte de miel, bi\\u00e8re au miel et autres produits de la ruche\",\"url\":\"https:\\\/\\\/beiefritz.lu\\\/fr\\\/\",\"sameAs\":[\"https:\\\/\\\/www.facebook.com\\\/beiefritz\",\"https:\\\/\\\/www.instagram.com\\\/beiefritz\"]},{\"@type\":\"WebSite\",\"@id\":\"https:\\\/\\\/beiefritz.lu\\\/fr\\\/#website\",\"url\":\"https:\\\/\\\/beiefritz.lu\\\/fr\\\/\",\"name\":\"De Beiefritz\",\"description\":\"Miel, Goutte de miel, bi\\u00e8re au miel et autres produits de la ruche\",\"inLanguage\":\"fr-FR\",\"publisher\":{\"@id\":\"https:\\\/\\\/beiefritz.lu\\\/fr\\\/#organization\"}}]}\n\t\t<\/script>\n\t\t<!-- All in One SEO -->\n\n","aioseo_head_json":{"title":"SAVONT \u2013 Porte savon - De Beiefritz","description":"Le porte-savon Savont complet incl. Ventouse et plateau magn\u00e9tique. Il peut \u00eatre install\u00e9 \u00e0 l'int\u00e9rieur de l'\u00e9vier, dans le bain ou la douche La ventouse adh\u00e8re \u00e0 toutes les surfaces lisses maintient les savons jusqu'\u00e0 150 g en permanence dans n'importe quelle position toujours amovible et peut \u00eatre remis en place pas de per\u00e7age, pas","canonical_url":"https:\/\/beiefritz.lu\/fr\/produkt\/sauvegarder\/","robots":"max-image-preview:large","keywords":"","webmasterTools":{"miscellaneous":""},"schema":{"@context":"https:\/\/schema.org","@graph":[{"@type":"BreadcrumbList","@id":"https:\/\/beiefritz.lu\/fr\/produkt\/sauvegarder\/#breadcrumblist","itemListElement":[{"@type":"ListItem","@id":"https:\/\/beiefritz.lu\/fr\/#listItem","position":1,"name":"Home","item":"https:\/\/beiefritz.lu\/fr\/","nextItem":{"@type":"ListItem","@id":"https:\/\/beiefritz.lu\/?page_id=6272#listItem","name":"Priv\u00e9\u00a0: shop2"}},{"@type":"ListItem","@id":"https:\/\/beiefritz.lu\/?page_id=6272#listItem","position":2,"name":"Priv\u00e9\u00a0: shop2","item":"https:\/\/beiefritz.lu\/?page_id=6272","nextItem":{"@type":"ListItem","@id":"https:\/\/beiefritz.lu\/fr\/cat\u00e9gories-de-produits\/savons\/#listItem","name":"Savons"},"previousItem":{"@type":"ListItem","@id":"https:\/\/beiefritz.lu\/fr\/#listItem","name":"Home"}},{"@type":"ListItem","@id":"https:\/\/beiefritz.lu\/fr\/cat\u00e9gories-de-produits\/savons\/#listItem","position":3,"name":"Savons","item":"https:\/\/beiefritz.lu\/fr\/cat\u00e9gories-de-produits\/savons\/","nextItem":{"@type":"ListItem","@id":"https:\/\/beiefritz.lu\/fr\/produkt\/sauvegarder\/#listItem","name":"SAVONT &#8211; Porte savon"},"previousItem":{"@type":"ListItem","@id":"https:\/\/beiefritz.lu\/?page_id=6272#listItem","name":"Priv\u00e9\u00a0: shop2"}},{"@type":"ListItem","@id":"https:\/\/beiefritz.lu\/fr\/produkt\/sauvegarder\/#listItem","position":4,"name":"SAVONT &#8211; Porte savon","previousItem":{"@type":"ListItem","@id":"https:\/\/beiefritz.lu\/fr\/cat\u00e9gories-de-produits\/savons\/#listItem","name":"Savons"}}]},{"@type":"ItemPage","@id":"https:\/\/beiefritz.lu\/fr\/produkt\/sauvegarder\/#itempage","url":"https:\/\/beiefritz.lu\/fr\/produkt\/sauvegarder\/","name":"SAVONT \u2013 Porte savon - De Beiefritz","description":"Le porte-savon Savont complet incl. Ventouse et plateau magn\u00e9tique. Il peut \u00eatre install\u00e9 \u00e0 l'int\u00e9rieur de l'\u00e9vier, dans le bain ou la douche La ventouse adh\u00e8re \u00e0 toutes les surfaces lisses maintient les savons jusqu'\u00e0 150 g en permanence dans n'importe quelle position toujours amovible et peut \u00eatre remis en place pas de per\u00e7age, pas","inLanguage":"fr-FR","isPartOf":{"@id":"https:\/\/beiefritz.lu\/fr\/#website"},"breadcrumb":{"@id":"https:\/\/beiefritz.lu\/fr\/produkt\/sauvegarder\/#breadcrumblist"},"image":{"@type":"ImageObject","url":"https:\/\/beiefritz.lu\/wp-content\/uploads\/2019\/08\/42_.jpg","@id":"https:\/\/beiefritz.lu\/fr\/produkt\/sauvegarder\/#mainImage","width":800,"height":601},"primaryImageOfPage":{"@id":"https:\/\/beiefritz.lu\/fr\/produkt\/sauvegarder\/#mainImage"},"datePublished":"2025-08-12T23:49:57+02:00","dateModified":"2025-08-12T23:49:58+02:00"},{"@type":"Organization","@id":"https:\/\/beiefritz.lu\/fr\/#organization","name":"De Beiefritz","description":"Miel, Goutte de miel, bi\u00e8re au miel et autres produits de la ruche","url":"https:\/\/beiefritz.lu\/fr\/","sameAs":["https:\/\/www.facebook.com\/beiefritz","https:\/\/www.instagram.com\/beiefritz"]},{"@type":"WebSite","@id":"https:\/\/beiefritz.lu\/fr\/#website","url":"https:\/\/beiefritz.lu\/fr\/","name":"De Beiefritz","description":"Miel, Goutte de miel, bi\u00e8re au miel et autres produits de la ruche","inLanguage":"fr-FR","publisher":{"@id":"https:\/\/beiefritz.lu\/fr\/#organization"}}]},"og:locale":"fr_FR","og:site_name":"De Beiefritz - Miel, Goutte de miel, bi\u00e8re au miel et autres produits de la ruche","og:type":"article","og:title":"SAVONT \u2013 Porte savon - De Beiefritz","og:description":"Le porte-savon Savont complet incl. Ventouse et plateau magn\u00e9tique. Il peut \u00eatre install\u00e9 \u00e0 l'int\u00e9rieur de l'\u00e9vier, dans le bain ou la douche La ventouse adh\u00e8re \u00e0 toutes les surfaces lisses maintient les savons jusqu'\u00e0 150 g en permanence dans n'importe quelle position toujours amovible et peut \u00eatre remis en place pas de per\u00e7age, pas","og:url":"https:\/\/beiefritz.lu\/fr\/produkt\/sauvegarder\/","article:published_time":"2025-08-12T21:49:57+00:00","article:modified_time":"2025-08-12T21:49:58+00:00","article:publisher":"https:\/\/www.facebook.com\/beiefritz","twitter:card":"summary_large_image","twitter:title":"SAVONT \u2013 Porte savon - De Beiefritz","twitter:description":"Le porte-savon Savont complet incl. Ventouse et plateau magn\u00e9tique. Il peut \u00eatre install\u00e9 \u00e0 l'int\u00e9rieur de l'\u00e9vier, dans le bain ou la douche La ventouse adh\u00e8re \u00e0 toutes les surfaces lisses maintient les savons jusqu'\u00e0 150 g en permanence dans n'importe quelle position toujours amovible et peut \u00eatre remis en place pas de per\u00e7age, pas"},"aioseo_meta_data":{"post_id":"14215","title":null,"description":null,"keywords":null,"keyphrases":null,"primary_term":null,"canonical_url":null,"og_title":null,"og_description":null,"og_object_type":"default","og_image_type":"default","og_image_url":null,"og_image_width":null,"og_image_height":null,"og_image_custom_url":null,"og_image_custom_fields":null,"og_video":null,"og_custom_url":null,"og_article_section":null,"og_article_tags":null,"twitter_use_og":false,"twitter_card":"default","twitter_image_type":"default","twitter_image_url":null,"twitter_image_custom_url":null,"twitter_image_custom_fields":null,"twitter_title":null,"twitter_description":null,"schema":{"blockGraphs":[],"customGraphs":[],"default":{"data":{"Article":[],"Course":[],"Dataset":[],"FAQPage":[],"Movie":[],"Person":[],"Product":[],"ProductReview":[],"Car":[],"Recipe":[],"Service":[],"SoftwareApplication":[],"WebPage":[]},"graphName":"","isEnabled":true},"graphs":[]},"schema_type":"default","schema_type_options":null,"pillar_content":false,"robots_default":true,"robots_noindex":false,"robots_noarchive":false,"robots_nosnippet":false,"robots_nofollow":false,"robots_noimageindex":false,"robots_noodp":false,"robots_notranslate":false,"robots_max_snippet":null,"robots_max_videopreview":null,"robots_max_imagepreview":"large","priority":null,"frequency":null,"local_seo":null,"breadcrumb_settings":null,"limit_modified_date":false,"ai":null,"created":"2025-01-12 09:57:12","updated":"2025-08-12 21:57:05","focus_keyword":null,"additional_keywords":null,"truseo_locale":null,"seo_analyzer_scan_date":null},"aioseo_breadcrumb":"<div class=\"aioseo-breadcrumbs\"><span class=\"aioseo-breadcrumb\">\n\t\t\t<a href=\"https:\/\/beiefritz.lu\/fr\/\" title=\"Home\">Home<\/a>\n\t\t<\/span><span class=\"aioseo-breadcrumb-separator\">&raquo;<\/span><span class=\"aioseo-breadcrumb\">\n\t\t\t<a href=\"https:\/\/beiefritz.lu\/?page_id=6272\" title=\"Priv\u00e9 : shop2\">Priv\u00e9 : shop2<\/a>\n\t\t<\/span><span class=\"aioseo-breadcrumb-separator\">&raquo;<\/span><span class=\"aioseo-breadcrumb\">\n\t\t\t<a href=\"https:\/\/beiefritz.lu\/fr\/cat\u00e9gories-de-produits\/savons\/\" title=\"Savons\">Savons<\/a>\n\t\t<\/span><span class=\"aioseo-breadcrumb-separator\">&raquo;<\/span><span class=\"aioseo-breadcrumb\">\n\t\t\tSAVONT \u2013 Porte savon\n\t\t<\/span><\/div>","aioseo_breadcrumb_json":[{"label":"Home","link":"https:\/\/beiefritz.lu\/fr\/"},{"label":"Priv\u00e9\u00a0: shop2","link":"https:\/\/beiefritz.lu\/?page_id=6272"},{"label":"Savons","link":"https:\/\/beiefritz.lu\/fr\/cat\u00e9gories-de-produits\/savons\/"},{"label":"SAVONT &#8211; Porte savon","link":"https:\/\/beiefritz.lu\/fr\/produkt\/sauvegarder\/"}],"_links":{"self":[{"href":"https:\/\/beiefritz.lu\/fr\/wp-json\/wp\/v2\/product\/14215","targetHints":{"allow":["GET"]}}],"collection":[{"href":"https:\/\/beiefritz.lu\/fr\/wp-json\/wp\/v2\/product"}],"about":[{"href":"https:\/\/beiefritz.lu\/fr\/wp-json\/wp\/v2\/types\/product"}],"replies":[{"embeddable":true,"href":"https:\/\/beiefritz.lu\/fr\/wp-json\/wp\/v2\/comments?post=14215"}],"wp:featuredmedia":[{"embeddable":true,"href":"https:\/\/beiefritz.lu\/fr\/wp-json\/wp\/v2\/media\/9718"}],"wp:attachment":[{"href":"https:\/\/beiefritz.lu\/fr\/wp-json\/wp\/v2\/media?parent=14215"}],"wp:term":[{"taxonomy":"product_brand","embeddable":true,"href":"https:\/\/beiefritz.lu\/fr\/wp-json\/wp\/v2\/product_brand?post=14215"},{"taxonomy":"product_cat","embeddable":true,"href":"https:\/\/beiefritz.lu\/fr\/wp-json\/wp\/v2\/product_cat?post=14215"},{"taxonomy":"product_tag","embeddable":true,"href":"https:\/\/beiefritz.lu\/fr\/wp-json\/wp\/v2\/product_tag?post=14215"}],"curies":[{"name":"wp","href":"https:\/\/api.w.org\/{rel}","templated":true}]}}