{"id":14256,"date":"2025-08-12T23:49:27","date_gmt":"2025-08-12T21:49:27","guid":{"rendered":"https:\/\/www.beiefritz.lu\/shop\/de-beiefritz-gelee-royale-miel-creme\/"},"modified":"2026-03-12T13:29:49","modified_gmt":"2026-03-12T12:29:49","slug":"gelee-royale-creme-au-miel","status":"publish","type":"product","link":"https:\/\/beiefritz.lu\/fr\/produkt\/gelee-royale-creme-au-miel\/","title":{"rendered":"DE BEIEFRITZ &#8211; Gel\u00e9e Royale Miel Cr\u00e8me pour le visage"},"content":{"rendered":"<div class=\"page\" title=\"Page 2\">\n<div class=\"section\">\n<div class=\"layoutArea\">\n<div class=\"column\">\n<p>Id\u00e9al pour le jour et la nuit. Avec huile de tournesol, huile de jojoba, beurre de karit\u00e9, vitamine E. Application : Appliquer sur le visage et le cou matin et soir apr\u00e8s avoir nettoy\u00e9 la peau.<\/p>\n<\/div>\n<p>\u00e0 la gel\u00e9e royale<\/p>\n<\/div><\/div>\n<\/p><\/div>\n","protected":false},"excerpt":{"rendered":"<p>Cr\u00e8me anti-\u00e2ge revitalisante<\/p>\n<p>Pour les peaux matures et s\u00e8ches<\/p>\n","protected":false},"featured_media":10509,"comment_status":"open","ping_status":"closed","template":"","meta":[],"product_brand":[],"product_cat":[588,530],"product_tag":[430,450],"class_list":["post-14256","product","type-product","status-publish","has-post-thumbnail","product_cat-de-beiefritz-fr","product_cat-soins-du-corps","product_tag-beiefritz-fr","product_tag-revendeurs-fr","first","instock","taxable","shipping-taxable","purchasable","product-type-simple"],"aioseo_notices":[],"aioseo_head":"\n\t\t<!-- All in One SEO 5.0.1.1 - aioseo.com -->\n\t<meta name=\"description\" content=\"Cr\u00e8me anti-\u00e2ge revitalisante Pour les peaux matures et s\u00e8ches\" \/>\n\t<meta name=\"robots\" content=\"max-image-preview:large\" \/>\n\t<link rel=\"canonical\" href=\"https:\/\/beiefritz.lu\/fr\/produkt\/gelee-royale-creme-au-miel\/\" \/>\n\t<meta name=\"generator\" content=\"All in One SEO (AIOSEO) 5.0.1.1\" \/>\n\t\t<meta property=\"og:locale\" content=\"fr_FR\" \/>\n\t\t<meta property=\"og:site_name\" content=\"De Beiefritz - Miel, Goutte de miel, bi\u00e8re au miel et autres produits de la ruche\" \/>\n\t\t<meta property=\"og:type\" content=\"article\" \/>\n\t\t<meta property=\"og:title\" content=\"DE BEIEFRITZ \u2013 Gel\u00e9e Royale Miel Cr\u00e8me pour le visage - De Beiefritz\" \/>\n\t\t<meta property=\"og:description\" content=\"Cr\u00e8me anti-\u00e2ge revitalisante Pour les peaux matures et s\u00e8ches\" \/>\n\t\t<meta property=\"og:url\" content=\"https:\/\/beiefritz.lu\/fr\/produkt\/gelee-royale-creme-au-miel\/\" \/>\n\t\t<meta property=\"article:published_time\" content=\"2025-08-12T21:49:27+00:00\" \/>\n\t\t<meta property=\"article:modified_time\" content=\"2026-03-12T12:29:49+00:00\" \/>\n\t\t<meta property=\"article:publisher\" content=\"https:\/\/www.facebook.com\/beiefritz\" \/>\n\t\t<meta name=\"twitter:card\" content=\"summary_large_image\" \/>\n\t\t<meta name=\"twitter:title\" content=\"DE BEIEFRITZ \u2013 Gel\u00e9e Royale Miel Cr\u00e8me pour le visage - De Beiefritz\" \/>\n\t\t<meta name=\"twitter:description\" content=\"Cr\u00e8me anti-\u00e2ge revitalisante Pour les peaux matures et s\u00e8ches\" \/>\n\t\t<script type=\"application\/ld+json\" class=\"aioseo-schema\">\n\t\t\t{\"@context\":\"https:\\\/\\\/schema.org\",\"@graph\":[{\"@type\":\"BreadcrumbList\",\"@id\":\"https:\\\/\\\/beiefritz.lu\\\/fr\\\/produkt\\\/gelee-royale-creme-au-miel\\\/#breadcrumblist\",\"itemListElement\":[{\"@type\":\"ListItem\",\"@id\":\"https:\\\/\\\/beiefritz.lu\\\/fr\\\/#listItem\",\"position\":1,\"name\":\"Home\",\"item\":\"https:\\\/\\\/beiefritz.lu\\\/fr\\\/\",\"nextItem\":{\"@type\":\"ListItem\",\"@id\":\"https:\\\/\\\/beiefritz.lu\\\/?page_id=6272#listItem\",\"name\":\"Priv\\u00e9\\u00a0: shop2\"}},{\"@type\":\"ListItem\",\"@id\":\"https:\\\/\\\/beiefritz.lu\\\/?page_id=6272#listItem\",\"position\":2,\"name\":\"Priv\\u00e9\\u00a0: shop2\",\"item\":\"https:\\\/\\\/beiefritz.lu\\\/?page_id=6272\",\"nextItem\":{\"@type\":\"ListItem\",\"@id\":\"https:\\\/\\\/beiefritz.lu\\\/fr\\\/cat\\u00e9gories-de-produits\\\/soins-du-corps\\\/#listItem\",\"name\":\"Soins du corps\"},\"previousItem\":{\"@type\":\"ListItem\",\"@id\":\"https:\\\/\\\/beiefritz.lu\\\/fr\\\/#listItem\",\"name\":\"Home\"}},{\"@type\":\"ListItem\",\"@id\":\"https:\\\/\\\/beiefritz.lu\\\/fr\\\/cat\\u00e9gories-de-produits\\\/soins-du-corps\\\/#listItem\",\"position\":3,\"name\":\"Soins du corps\",\"item\":\"https:\\\/\\\/beiefritz.lu\\\/fr\\\/cat\\u00e9gories-de-produits\\\/soins-du-corps\\\/\",\"nextItem\":{\"@type\":\"ListItem\",\"@id\":\"https:\\\/\\\/beiefritz.lu\\\/fr\\\/produkt\\\/gelee-royale-creme-au-miel\\\/#listItem\",\"name\":\"DE BEIEFRITZ &#8211; Gel\\u00e9e Royale Miel Cr\\u00e8me pour le visage\"},\"previousItem\":{\"@type\":\"ListItem\",\"@id\":\"https:\\\/\\\/beiefritz.lu\\\/?page_id=6272#listItem\",\"name\":\"Priv\\u00e9\\u00a0: shop2\"}},{\"@type\":\"ListItem\",\"@id\":\"https:\\\/\\\/beiefritz.lu\\\/fr\\\/produkt\\\/gelee-royale-creme-au-miel\\\/#listItem\",\"position\":4,\"name\":\"DE BEIEFRITZ &#8211; Gel\\u00e9e Royale Miel Cr\\u00e8me pour le visage\",\"previousItem\":{\"@type\":\"ListItem\",\"@id\":\"https:\\\/\\\/beiefritz.lu\\\/fr\\\/cat\\u00e9gories-de-produits\\\/soins-du-corps\\\/#listItem\",\"name\":\"Soins du corps\"}}]},{\"@type\":\"ItemPage\",\"@id\":\"https:\\\/\\\/beiefritz.lu\\\/fr\\\/produkt\\\/gelee-royale-creme-au-miel\\\/#itempage\",\"url\":\"https:\\\/\\\/beiefritz.lu\\\/fr\\\/produkt\\\/gelee-royale-creme-au-miel\\\/\",\"name\":\"DE BEIEFRITZ \\u2013 Gel\\u00e9e Royale Miel Cr\\u00e8me pour le visage - De Beiefritz\",\"description\":\"Cr\\u00e8me anti-\\u00e2ge revitalisante Pour les peaux matures et s\\u00e8ches\",\"inLanguage\":\"fr-FR\",\"isPartOf\":{\"@id\":\"https:\\\/\\\/beiefritz.lu\\\/fr\\\/#website\"},\"breadcrumb\":{\"@id\":\"https:\\\/\\\/beiefritz.lu\\\/fr\\\/produkt\\\/gelee-royale-creme-au-miel\\\/#breadcrumblist\"},\"image\":{\"@type\":\"ImageObject\",\"url\":\"https:\\\/\\\/beiefritz.lu\\\/wp-content\\\/uploads\\\/2016\\\/03\\\/IMG_5771.png\",\"@id\":\"https:\\\/\\\/beiefritz.lu\\\/fr\\\/produkt\\\/gelee-royale-creme-au-miel\\\/#mainImage\",\"width\":3024,\"height\":3024},\"primaryImageOfPage\":{\"@id\":\"https:\\\/\\\/beiefritz.lu\\\/fr\\\/produkt\\\/gelee-royale-creme-au-miel\\\/#mainImage\"},\"datePublished\":\"2025-08-12T23:49:27+02:00\",\"dateModified\":\"2026-03-12T13:29:49+01:00\"},{\"@type\":\"Organization\",\"@id\":\"https:\\\/\\\/beiefritz.lu\\\/fr\\\/#organization\",\"name\":\"De Beiefritz\",\"description\":\"Miel, Goutte de miel, bi\\u00e8re au miel et autres produits de la ruche\",\"url\":\"https:\\\/\\\/beiefritz.lu\\\/fr\\\/\",\"sameAs\":[\"https:\\\/\\\/www.facebook.com\\\/beiefritz\",\"https:\\\/\\\/www.instagram.com\\\/beiefritz\"]},{\"@type\":\"WebSite\",\"@id\":\"https:\\\/\\\/beiefritz.lu\\\/fr\\\/#website\",\"url\":\"https:\\\/\\\/beiefritz.lu\\\/fr\\\/\",\"name\":\"De Beiefritz\",\"description\":\"Miel, Goutte de miel, bi\\u00e8re au miel et autres produits de la ruche\",\"inLanguage\":\"fr-FR\",\"publisher\":{\"@id\":\"https:\\\/\\\/beiefritz.lu\\\/fr\\\/#organization\"}}]}\n\t\t<\/script>\n\t\t<!-- All in One SEO -->\n\n","aioseo_head_json":{"title":"DE BEIEFRITZ \u2013 Gel\u00e9e Royale Miel Cr\u00e8me pour le visage - De Beiefritz","description":"Cr\u00e8me anti-\u00e2ge revitalisante Pour les peaux matures et s\u00e8ches","canonical_url":"https:\/\/beiefritz.lu\/fr\/produkt\/gelee-royale-creme-au-miel\/","robots":"max-image-preview:large","keywords":"","webmasterTools":{"miscellaneous":""},"schema":{"@context":"https:\/\/schema.org","@graph":[{"@type":"BreadcrumbList","@id":"https:\/\/beiefritz.lu\/fr\/produkt\/gelee-royale-creme-au-miel\/#breadcrumblist","itemListElement":[{"@type":"ListItem","@id":"https:\/\/beiefritz.lu\/fr\/#listItem","position":1,"name":"Home","item":"https:\/\/beiefritz.lu\/fr\/","nextItem":{"@type":"ListItem","@id":"https:\/\/beiefritz.lu\/?page_id=6272#listItem","name":"Priv\u00e9\u00a0: shop2"}},{"@type":"ListItem","@id":"https:\/\/beiefritz.lu\/?page_id=6272#listItem","position":2,"name":"Priv\u00e9\u00a0: shop2","item":"https:\/\/beiefritz.lu\/?page_id=6272","nextItem":{"@type":"ListItem","@id":"https:\/\/beiefritz.lu\/fr\/cat\u00e9gories-de-produits\/soins-du-corps\/#listItem","name":"Soins du corps"},"previousItem":{"@type":"ListItem","@id":"https:\/\/beiefritz.lu\/fr\/#listItem","name":"Home"}},{"@type":"ListItem","@id":"https:\/\/beiefritz.lu\/fr\/cat\u00e9gories-de-produits\/soins-du-corps\/#listItem","position":3,"name":"Soins du corps","item":"https:\/\/beiefritz.lu\/fr\/cat\u00e9gories-de-produits\/soins-du-corps\/","nextItem":{"@type":"ListItem","@id":"https:\/\/beiefritz.lu\/fr\/produkt\/gelee-royale-creme-au-miel\/#listItem","name":"DE BEIEFRITZ &#8211; Gel\u00e9e Royale Miel Cr\u00e8me pour le visage"},"previousItem":{"@type":"ListItem","@id":"https:\/\/beiefritz.lu\/?page_id=6272#listItem","name":"Priv\u00e9\u00a0: shop2"}},{"@type":"ListItem","@id":"https:\/\/beiefritz.lu\/fr\/produkt\/gelee-royale-creme-au-miel\/#listItem","position":4,"name":"DE BEIEFRITZ &#8211; Gel\u00e9e Royale Miel Cr\u00e8me pour le visage","previousItem":{"@type":"ListItem","@id":"https:\/\/beiefritz.lu\/fr\/cat\u00e9gories-de-produits\/soins-du-corps\/#listItem","name":"Soins du corps"}}]},{"@type":"ItemPage","@id":"https:\/\/beiefritz.lu\/fr\/produkt\/gelee-royale-creme-au-miel\/#itempage","url":"https:\/\/beiefritz.lu\/fr\/produkt\/gelee-royale-creme-au-miel\/","name":"DE BEIEFRITZ \u2013 Gel\u00e9e Royale Miel Cr\u00e8me pour le visage - De Beiefritz","description":"Cr\u00e8me anti-\u00e2ge revitalisante Pour les peaux matures et s\u00e8ches","inLanguage":"fr-FR","isPartOf":{"@id":"https:\/\/beiefritz.lu\/fr\/#website"},"breadcrumb":{"@id":"https:\/\/beiefritz.lu\/fr\/produkt\/gelee-royale-creme-au-miel\/#breadcrumblist"},"image":{"@type":"ImageObject","url":"https:\/\/beiefritz.lu\/wp-content\/uploads\/2016\/03\/IMG_5771.png","@id":"https:\/\/beiefritz.lu\/fr\/produkt\/gelee-royale-creme-au-miel\/#mainImage","width":3024,"height":3024},"primaryImageOfPage":{"@id":"https:\/\/beiefritz.lu\/fr\/produkt\/gelee-royale-creme-au-miel\/#mainImage"},"datePublished":"2025-08-12T23:49:27+02:00","dateModified":"2026-03-12T13:29:49+01:00"},{"@type":"Organization","@id":"https:\/\/beiefritz.lu\/fr\/#organization","name":"De Beiefritz","description":"Miel, Goutte de miel, bi\u00e8re au miel et autres produits de la ruche","url":"https:\/\/beiefritz.lu\/fr\/","sameAs":["https:\/\/www.facebook.com\/beiefritz","https:\/\/www.instagram.com\/beiefritz"]},{"@type":"WebSite","@id":"https:\/\/beiefritz.lu\/fr\/#website","url":"https:\/\/beiefritz.lu\/fr\/","name":"De Beiefritz","description":"Miel, Goutte de miel, bi\u00e8re au miel et autres produits de la ruche","inLanguage":"fr-FR","publisher":{"@id":"https:\/\/beiefritz.lu\/fr\/#organization"}}]},"og:locale":"fr_FR","og:site_name":"De Beiefritz - Miel, Goutte de miel, bi\u00e8re au miel et autres produits de la ruche","og:type":"article","og:title":"DE BEIEFRITZ \u2013 Gel\u00e9e Royale Miel Cr\u00e8me pour le visage - De Beiefritz","og:description":"Cr\u00e8me anti-\u00e2ge revitalisante Pour les peaux matures et s\u00e8ches","og:url":"https:\/\/beiefritz.lu\/fr\/produkt\/gelee-royale-creme-au-miel\/","article:published_time":"2025-08-12T21:49:27+00:00","article:modified_time":"2026-03-12T12:29:49+00:00","article:publisher":"https:\/\/www.facebook.com\/beiefritz","twitter:card":"summary_large_image","twitter:title":"DE BEIEFRITZ \u2013 Gel\u00e9e Royale Miel Cr\u00e8me pour le visage - De Beiefritz","twitter:description":"Cr\u00e8me anti-\u00e2ge revitalisante Pour les peaux matures et s\u00e8ches"},"aioseo_meta_data":{"post_id":"14256","title":null,"description":null,"keywords":null,"keyphrases":{"focus":{"keyphrase":"","score":0,"analysis":{"keyphraseInTitle":{"score":0,"maxScore":9,"error":1}}},"additional":[]},"primary_term":null,"canonical_url":null,"og_title":null,"og_description":null,"og_object_type":"default","og_image_type":"default","og_image_url":null,"og_image_width":null,"og_image_height":null,"og_image_custom_url":null,"og_image_custom_fields":null,"og_video":"","og_custom_url":null,"og_article_section":null,"og_article_tags":null,"twitter_use_og":false,"twitter_card":"default","twitter_image_type":"default","twitter_image_url":null,"twitter_image_custom_url":null,"twitter_image_custom_fields":null,"twitter_title":null,"twitter_description":null,"schema":{"blockGraphs":[],"customGraphs":[],"default":{"data":{"Article":[],"Course":[],"Dataset":[],"FAQPage":[],"Movie":[],"Person":[],"Product":[],"ProductReview":[],"Car":[],"Recipe":[],"Service":[],"SoftwareApplication":[],"WebPage":[]},"graphName":"ItemPage","isEnabled":true},"graphs":[]},"schema_type":"default","schema_type_options":null,"pillar_content":false,"robots_default":true,"robots_noindex":false,"robots_noarchive":false,"robots_nosnippet":false,"robots_nofollow":false,"robots_noimageindex":false,"robots_noodp":false,"robots_notranslate":false,"robots_max_snippet":"-1","robots_max_videopreview":"-1","robots_max_imagepreview":"large","priority":null,"frequency":"default","local_seo":null,"breadcrumb_settings":null,"limit_modified_date":false,"ai":null,"created":"2025-01-12 09:49:53","updated":"2026-08-18 21:34:53","focus_keyword":null,"additional_keywords":null,"truseo_locale":null,"seo_analyzer_scan_date":null},"aioseo_breadcrumb":"<div class=\"aioseo-breadcrumbs\"><span class=\"aioseo-breadcrumb\">\n\t\t\t<a href=\"https:\/\/beiefritz.lu\/fr\/\" title=\"Home\">Home<\/a>\n\t\t<\/span><span class=\"aioseo-breadcrumb-separator\">&raquo;<\/span><span class=\"aioseo-breadcrumb\">\n\t\t\t<a href=\"https:\/\/beiefritz.lu\/?page_id=6272\" title=\"Priv\u00e9 : shop2\">Priv\u00e9 : shop2<\/a>\n\t\t<\/span><span class=\"aioseo-breadcrumb-separator\">&raquo;<\/span><span class=\"aioseo-breadcrumb\">\n\t\t\t<a href=\"https:\/\/beiefritz.lu\/fr\/cat\u00e9gories-de-produits\/soins-du-corps\/\" title=\"Soins du corps\">Soins du corps<\/a>\n\t\t<\/span><span class=\"aioseo-breadcrumb-separator\">&raquo;<\/span><span class=\"aioseo-breadcrumb\">\n\t\t\tDE BEIEFRITZ \u2013 Gel\u00e9e Royale Miel Cr\u00e8me pour le visage\n\t\t<\/span><\/div>","aioseo_breadcrumb_json":[{"label":"Home","link":"https:\/\/beiefritz.lu\/fr\/"},{"label":"Priv\u00e9\u00a0: shop2","link":"https:\/\/beiefritz.lu\/?page_id=6272"},{"label":"Soins du corps","link":"https:\/\/beiefritz.lu\/fr\/cat\u00e9gories-de-produits\/soins-du-corps\/"},{"label":"DE BEIEFRITZ &#8211; Gel\u00e9e Royale Miel Cr\u00e8me pour le visage","link":"https:\/\/beiefritz.lu\/fr\/produkt\/gelee-royale-creme-au-miel\/"}],"_links":{"self":[{"href":"https:\/\/beiefritz.lu\/fr\/wp-json\/wp\/v2\/product\/14256","targetHints":{"allow":["GET"]}}],"collection":[{"href":"https:\/\/beiefritz.lu\/fr\/wp-json\/wp\/v2\/product"}],"about":[{"href":"https:\/\/beiefritz.lu\/fr\/wp-json\/wp\/v2\/types\/product"}],"replies":[{"embeddable":true,"href":"https:\/\/beiefritz.lu\/fr\/wp-json\/wp\/v2\/comments?post=14256"}],"wp:featuredmedia":[{"embeddable":true,"href":"https:\/\/beiefritz.lu\/fr\/wp-json\/wp\/v2\/media\/10509"}],"wp:attachment":[{"href":"https:\/\/beiefritz.lu\/fr\/wp-json\/wp\/v2\/media?parent=14256"}],"wp:term":[{"taxonomy":"product_brand","embeddable":true,"href":"https:\/\/beiefritz.lu\/fr\/wp-json\/wp\/v2\/product_brand?post=14256"},{"taxonomy":"product_cat","embeddable":true,"href":"https:\/\/beiefritz.lu\/fr\/wp-json\/wp\/v2\/product_cat?post=14256"},{"taxonomy":"product_tag","embeddable":true,"href":"https:\/\/beiefritz.lu\/fr\/wp-json\/wp\/v2\/product_tag?post=14256"}],"curies":[{"name":"wp","href":"https:\/\/api.w.org\/{rel}","templated":true}]}}