{"id":15679,"date":"2025-09-08T20:11:27","date_gmt":"2025-09-08T18:11:27","guid":{"rendered":"https:\/\/www.beiefritz.lu\/?post_type=product&#038;p=15679"},"modified":"2025-09-08T20:11:28","modified_gmt":"2025-09-08T18:11:28","slug":"puralp-obedliacht-melange-de-plantes-aromatiques-bio","status":"publish","type":"product","link":"https:\/\/beiefritz.lu\/fr\/produkt\/puralp-obedliacht-melange-de-plantes-aromatiques-bio\/","title":{"rendered":"PURALP &#8211; \u00ab\u00a0Obedliacht\u00a0\u00bb M\u00e9lange de plantes aromatiques bio"},"content":{"rendered":"<p><b>Obedliacht <\/b><b>(en allemand : Abendlicht)<\/b><\/p>\n<p>Apr\u00e8s une journ\u00e9e bien remplie et fatigante, notre m\u00e9lange de tisanes bio \u00ab\u00a0Obedliacht\u00a0\u00bb est exactement ce qu&rsquo;il vous faut. L&rsquo;infusion \u00e9quilibr\u00e9e de m\u00e9lisse citronn\u00e9e odorante, de fleurs de tilleul douces ainsi que de fleurs de lavande et de mauve d\u00e9licates, se d\u00e9guste de pr\u00e9f\u00e9rence une heure avant d&rsquo;aller se coucher.<\/p>\n<p>Notre culture d&rsquo;herbes aromatiques de l&rsquo;Allg\u00e4u est r\u00e9alis\u00e9e avec beaucoup d&rsquo;amour et un travail manuel laborieux selon les directives de \u00ab\u00a0Bioland\u00a0\u00bb.<\/p>\n<p>&nbsp;<\/p>\n<p>Taille de l&#8217;emballage : 25 g<\/p>\n","protected":false},"excerpt":{"rendered":"<p>Obedliacht (en allemand : Abendlicht) Apr\u00e8s une journ\u00e9e bien remplie et fatigante, notre m\u00e9lange de tisanes bio \u00ab\u00a0Obedliacht\u00a0\u00bb est exactement ce qu&rsquo;il vous faut. L&rsquo;infusion \u00e9quilibr\u00e9e de m\u00e9lisse citronn\u00e9e odorante, de fleurs de tilleul douces ainsi que de fleurs de lavande et de mauve d\u00e9licates, se d\u00e9guste de pr\u00e9f\u00e9rence une heure avant d&rsquo;aller se coucher. [&#8230;]\n","protected":false},"featured_media":15682,"comment_status":"open","ping_status":"closed","template":"","meta":[],"product_brand":[],"product_cat":[656,260,581],"product_tag":[],"class_list":["post-15679","product","type-product","status-publish","has-post-thumbnail","product_cat-bio-fr","product_cat-puralp-fr","product_cat-the","first","instock","taxable","shipping-taxable","purchasable","product-type-simple"],"aioseo_notices":[],"aioseo_head":"\n\t\t<!-- All in One SEO 5.0.1.1 - aioseo.com -->\n\t<meta name=\"description\" content=\"Obedliacht (en allemand : Abendlicht) Apr\u00e8s une journ\u00e9e bien remplie et fatigante, notre m\u00e9lange de tisanes bio &quot;Obedliacht&quot; est exactement ce qu&#039;il vous faut. L&#039;infusion \u00e9quilibr\u00e9e de m\u00e9lisse citronn\u00e9e odorante, de fleurs de tilleul douces ainsi que de fleurs de lavande et de mauve d\u00e9licates, se d\u00e9guste de pr\u00e9f\u00e9rence une heure avant d&#039;aller se coucher.\" \/>\n\t<meta name=\"robots\" content=\"max-image-preview:large\" \/>\n\t<link rel=\"canonical\" href=\"https:\/\/beiefritz.lu\/fr\/produkt\/puralp-obedliacht-melange-de-plantes-aromatiques-bio\/\" \/>\n\t<meta name=\"generator\" content=\"All in One SEO (AIOSEO) 5.0.1.1\" \/>\n\t\t<meta property=\"og:locale\" content=\"fr_FR\" \/>\n\t\t<meta property=\"og:site_name\" content=\"De Beiefritz - Miel, Goutte de miel, bi\u00e8re au miel et autres produits de la ruche\" \/>\n\t\t<meta property=\"og:type\" content=\"article\" \/>\n\t\t<meta property=\"og:title\" content=\"PURALP \u2013 \u00ab Obedliacht \u00bb M\u00e9lange de plantes aromatiques bio - De Beiefritz\" \/>\n\t\t<meta property=\"og:description\" content=\"Obedliacht (en allemand : Abendlicht) Apr\u00e8s une journ\u00e9e bien remplie et fatigante, notre m\u00e9lange de tisanes bio &quot;Obedliacht&quot; est exactement ce qu&#039;il vous faut. L&#039;infusion \u00e9quilibr\u00e9e de m\u00e9lisse citronn\u00e9e odorante, de fleurs de tilleul douces ainsi que de fleurs de lavande et de mauve d\u00e9licates, se d\u00e9guste de pr\u00e9f\u00e9rence une heure avant d&#039;aller se coucher.\" \/>\n\t\t<meta property=\"og:url\" content=\"https:\/\/beiefritz.lu\/fr\/produkt\/puralp-obedliacht-melange-de-plantes-aromatiques-bio\/\" \/>\n\t\t<meta property=\"article:published_time\" content=\"2025-09-08T18:11:27+00:00\" \/>\n\t\t<meta property=\"article:modified_time\" content=\"2025-09-08T18:11:28+00:00\" \/>\n\t\t<meta property=\"article:publisher\" content=\"https:\/\/www.facebook.com\/beiefritz\" \/>\n\t\t<meta name=\"twitter:card\" content=\"summary_large_image\" \/>\n\t\t<meta name=\"twitter:title\" content=\"PURALP \u2013 \u00ab Obedliacht \u00bb M\u00e9lange de plantes aromatiques bio - De Beiefritz\" \/>\n\t\t<meta name=\"twitter:description\" content=\"Obedliacht (en allemand : Abendlicht) Apr\u00e8s une journ\u00e9e bien remplie et fatigante, notre m\u00e9lange de tisanes bio &quot;Obedliacht&quot; est exactement ce qu&#039;il vous faut. L&#039;infusion \u00e9quilibr\u00e9e de m\u00e9lisse citronn\u00e9e odorante, de fleurs de tilleul douces ainsi que de fleurs de lavande et de mauve d\u00e9licates, se d\u00e9guste de pr\u00e9f\u00e9rence une heure avant d&#039;aller se coucher.\" \/>\n\t\t<script type=\"application\/ld+json\" class=\"aioseo-schema\">\n\t\t\t{\"@context\":\"https:\\\/\\\/schema.org\",\"@graph\":[{\"@type\":\"BreadcrumbList\",\"@id\":\"https:\\\/\\\/beiefritz.lu\\\/fr\\\/produkt\\\/puralp-obedliacht-melange-de-plantes-aromatiques-bio\\\/#breadcrumblist\",\"itemListElement\":[{\"@type\":\"ListItem\",\"@id\":\"https:\\\/\\\/beiefritz.lu\\\/fr\\\/#listItem\",\"position\":1,\"name\":\"Home\",\"item\":\"https:\\\/\\\/beiefritz.lu\\\/fr\\\/\",\"nextItem\":{\"@type\":\"ListItem\",\"@id\":\"https:\\\/\\\/beiefritz.lu\\\/?page_id=6272#listItem\",\"name\":\"Priv\\u00e9\\u00a0: shop2\"}},{\"@type\":\"ListItem\",\"@id\":\"https:\\\/\\\/beiefritz.lu\\\/?page_id=6272#listItem\",\"position\":2,\"name\":\"Priv\\u00e9\\u00a0: shop2\",\"item\":\"https:\\\/\\\/beiefritz.lu\\\/?page_id=6272\",\"nextItem\":{\"@type\":\"ListItem\",\"@id\":\"https:\\\/\\\/beiefritz.lu\\\/fr\\\/cat\\u00e9gories-de-produits\\\/puralp-fr\\\/#listItem\",\"name\":\"Puralp\"},\"previousItem\":{\"@type\":\"ListItem\",\"@id\":\"https:\\\/\\\/beiefritz.lu\\\/fr\\\/#listItem\",\"name\":\"Home\"}},{\"@type\":\"ListItem\",\"@id\":\"https:\\\/\\\/beiefritz.lu\\\/fr\\\/cat\\u00e9gories-de-produits\\\/puralp-fr\\\/#listItem\",\"position\":3,\"name\":\"Puralp\",\"item\":\"https:\\\/\\\/beiefritz.lu\\\/fr\\\/cat\\u00e9gories-de-produits\\\/puralp-fr\\\/\",\"nextItem\":{\"@type\":\"ListItem\",\"@id\":\"https:\\\/\\\/beiefritz.lu\\\/fr\\\/produkt\\\/puralp-obedliacht-melange-de-plantes-aromatiques-bio\\\/#listItem\",\"name\":\"PURALP &#8211; \\u00ab\\u00a0Obedliacht\\u00a0\\u00bb M\\u00e9lange de plantes aromatiques bio\"},\"previousItem\":{\"@type\":\"ListItem\",\"@id\":\"https:\\\/\\\/beiefritz.lu\\\/?page_id=6272#listItem\",\"name\":\"Priv\\u00e9\\u00a0: shop2\"}},{\"@type\":\"ListItem\",\"@id\":\"https:\\\/\\\/beiefritz.lu\\\/fr\\\/produkt\\\/puralp-obedliacht-melange-de-plantes-aromatiques-bio\\\/#listItem\",\"position\":4,\"name\":\"PURALP &#8211; \\u00ab\\u00a0Obedliacht\\u00a0\\u00bb M\\u00e9lange de plantes aromatiques bio\",\"previousItem\":{\"@type\":\"ListItem\",\"@id\":\"https:\\\/\\\/beiefritz.lu\\\/fr\\\/cat\\u00e9gories-de-produits\\\/puralp-fr\\\/#listItem\",\"name\":\"Puralp\"}}]},{\"@type\":\"ItemPage\",\"@id\":\"https:\\\/\\\/beiefritz.lu\\\/fr\\\/produkt\\\/puralp-obedliacht-melange-de-plantes-aromatiques-bio\\\/#itempage\",\"url\":\"https:\\\/\\\/beiefritz.lu\\\/fr\\\/produkt\\\/puralp-obedliacht-melange-de-plantes-aromatiques-bio\\\/\",\"name\":\"PURALP \\u2013 \\u00ab Obedliacht \\u00bb M\\u00e9lange de plantes aromatiques bio - De Beiefritz\",\"description\":\"Obedliacht (en allemand : Abendlicht) Apr\\u00e8s une journ\\u00e9e bien remplie et fatigante, notre m\\u00e9lange de tisanes bio \\\"Obedliacht\\\" est exactement ce qu'il vous faut. L'infusion \\u00e9quilibr\\u00e9e de m\\u00e9lisse citronn\\u00e9e odorante, de fleurs de tilleul douces ainsi que de fleurs de lavande et de mauve d\\u00e9licates, se d\\u00e9guste de pr\\u00e9f\\u00e9rence une heure avant d'aller se coucher.\",\"inLanguage\":\"fr-FR\",\"isPartOf\":{\"@id\":\"https:\\\/\\\/beiefritz.lu\\\/fr\\\/#website\"},\"breadcrumb\":{\"@id\":\"https:\\\/\\\/beiefritz.lu\\\/fr\\\/produkt\\\/puralp-obedliacht-melange-de-plantes-aromatiques-bio\\\/#breadcrumblist\"},\"image\":{\"@type\":\"ImageObject\",\"url\":\"https:\\\/\\\/beiefritz.lu\\\/wp-content\\\/uploads\\\/2024\\\/02\\\/obedliacht.jpg\",\"@id\":\"https:\\\/\\\/beiefritz.lu\\\/fr\\\/produkt\\\/puralp-obedliacht-melange-de-plantes-aromatiques-bio\\\/#mainImage\",\"width\":1080,\"height\":810},\"primaryImageOfPage\":{\"@id\":\"https:\\\/\\\/beiefritz.lu\\\/fr\\\/produkt\\\/puralp-obedliacht-melange-de-plantes-aromatiques-bio\\\/#mainImage\"},\"datePublished\":\"2025-09-08T20:11:27+02:00\",\"dateModified\":\"2025-09-08T20:11:28+02:00\"},{\"@type\":\"Organization\",\"@id\":\"https:\\\/\\\/beiefritz.lu\\\/fr\\\/#organization\",\"name\":\"De Beiefritz\",\"description\":\"Miel, Goutte de miel, bi\\u00e8re au miel et autres produits de la ruche\",\"url\":\"https:\\\/\\\/beiefritz.lu\\\/fr\\\/\",\"sameAs\":[\"https:\\\/\\\/www.facebook.com\\\/beiefritz\",\"https:\\\/\\\/www.instagram.com\\\/beiefritz\"]},{\"@type\":\"WebSite\",\"@id\":\"https:\\\/\\\/beiefritz.lu\\\/fr\\\/#website\",\"url\":\"https:\\\/\\\/beiefritz.lu\\\/fr\\\/\",\"name\":\"De Beiefritz\",\"description\":\"Miel, Goutte de miel, bi\\u00e8re au miel et autres produits de la ruche\",\"inLanguage\":\"fr-FR\",\"publisher\":{\"@id\":\"https:\\\/\\\/beiefritz.lu\\\/fr\\\/#organization\"}}]}\n\t\t<\/script>\n\t\t<!-- All in One SEO -->\n\n","aioseo_head_json":{"title":"PURALP \u2013 \u00ab Obedliacht \u00bb M\u00e9lange de plantes aromatiques bio - De Beiefritz","description":"Obedliacht (en allemand : Abendlicht) Apr\u00e8s une journ\u00e9e bien remplie et fatigante, notre m\u00e9lange de tisanes bio \"Obedliacht\" est exactement ce qu'il vous faut. L'infusion \u00e9quilibr\u00e9e de m\u00e9lisse citronn\u00e9e odorante, de fleurs de tilleul douces ainsi que de fleurs de lavande et de mauve d\u00e9licates, se d\u00e9guste de pr\u00e9f\u00e9rence une heure avant d'aller se coucher.","canonical_url":"https:\/\/beiefritz.lu\/fr\/produkt\/puralp-obedliacht-melange-de-plantes-aromatiques-bio\/","robots":"max-image-preview:large","keywords":"","webmasterTools":{"miscellaneous":""},"schema":{"@context":"https:\/\/schema.org","@graph":[{"@type":"BreadcrumbList","@id":"https:\/\/beiefritz.lu\/fr\/produkt\/puralp-obedliacht-melange-de-plantes-aromatiques-bio\/#breadcrumblist","itemListElement":[{"@type":"ListItem","@id":"https:\/\/beiefritz.lu\/fr\/#listItem","position":1,"name":"Home","item":"https:\/\/beiefritz.lu\/fr\/","nextItem":{"@type":"ListItem","@id":"https:\/\/beiefritz.lu\/?page_id=6272#listItem","name":"Priv\u00e9\u00a0: shop2"}},{"@type":"ListItem","@id":"https:\/\/beiefritz.lu\/?page_id=6272#listItem","position":2,"name":"Priv\u00e9\u00a0: shop2","item":"https:\/\/beiefritz.lu\/?page_id=6272","nextItem":{"@type":"ListItem","@id":"https:\/\/beiefritz.lu\/fr\/cat\u00e9gories-de-produits\/puralp-fr\/#listItem","name":"Puralp"},"previousItem":{"@type":"ListItem","@id":"https:\/\/beiefritz.lu\/fr\/#listItem","name":"Home"}},{"@type":"ListItem","@id":"https:\/\/beiefritz.lu\/fr\/cat\u00e9gories-de-produits\/puralp-fr\/#listItem","position":3,"name":"Puralp","item":"https:\/\/beiefritz.lu\/fr\/cat\u00e9gories-de-produits\/puralp-fr\/","nextItem":{"@type":"ListItem","@id":"https:\/\/beiefritz.lu\/fr\/produkt\/puralp-obedliacht-melange-de-plantes-aromatiques-bio\/#listItem","name":"PURALP &#8211; \u00ab\u00a0Obedliacht\u00a0\u00bb M\u00e9lange de plantes aromatiques bio"},"previousItem":{"@type":"ListItem","@id":"https:\/\/beiefritz.lu\/?page_id=6272#listItem","name":"Priv\u00e9\u00a0: shop2"}},{"@type":"ListItem","@id":"https:\/\/beiefritz.lu\/fr\/produkt\/puralp-obedliacht-melange-de-plantes-aromatiques-bio\/#listItem","position":4,"name":"PURALP &#8211; \u00ab\u00a0Obedliacht\u00a0\u00bb M\u00e9lange de plantes aromatiques bio","previousItem":{"@type":"ListItem","@id":"https:\/\/beiefritz.lu\/fr\/cat\u00e9gories-de-produits\/puralp-fr\/#listItem","name":"Puralp"}}]},{"@type":"ItemPage","@id":"https:\/\/beiefritz.lu\/fr\/produkt\/puralp-obedliacht-melange-de-plantes-aromatiques-bio\/#itempage","url":"https:\/\/beiefritz.lu\/fr\/produkt\/puralp-obedliacht-melange-de-plantes-aromatiques-bio\/","name":"PURALP \u2013 \u00ab Obedliacht \u00bb M\u00e9lange de plantes aromatiques bio - De Beiefritz","description":"Obedliacht (en allemand : Abendlicht) Apr\u00e8s une journ\u00e9e bien remplie et fatigante, notre m\u00e9lange de tisanes bio \"Obedliacht\" est exactement ce qu'il vous faut. L'infusion \u00e9quilibr\u00e9e de m\u00e9lisse citronn\u00e9e odorante, de fleurs de tilleul douces ainsi que de fleurs de lavande et de mauve d\u00e9licates, se d\u00e9guste de pr\u00e9f\u00e9rence une heure avant d'aller se coucher.","inLanguage":"fr-FR","isPartOf":{"@id":"https:\/\/beiefritz.lu\/fr\/#website"},"breadcrumb":{"@id":"https:\/\/beiefritz.lu\/fr\/produkt\/puralp-obedliacht-melange-de-plantes-aromatiques-bio\/#breadcrumblist"},"image":{"@type":"ImageObject","url":"https:\/\/beiefritz.lu\/wp-content\/uploads\/2024\/02\/obedliacht.jpg","@id":"https:\/\/beiefritz.lu\/fr\/produkt\/puralp-obedliacht-melange-de-plantes-aromatiques-bio\/#mainImage","width":1080,"height":810},"primaryImageOfPage":{"@id":"https:\/\/beiefritz.lu\/fr\/produkt\/puralp-obedliacht-melange-de-plantes-aromatiques-bio\/#mainImage"},"datePublished":"2025-09-08T20:11:27+02:00","dateModified":"2025-09-08T20:11:28+02:00"},{"@type":"Organization","@id":"https:\/\/beiefritz.lu\/fr\/#organization","name":"De Beiefritz","description":"Miel, Goutte de miel, bi\u00e8re au miel et autres produits de la ruche","url":"https:\/\/beiefritz.lu\/fr\/","sameAs":["https:\/\/www.facebook.com\/beiefritz","https:\/\/www.instagram.com\/beiefritz"]},{"@type":"WebSite","@id":"https:\/\/beiefritz.lu\/fr\/#website","url":"https:\/\/beiefritz.lu\/fr\/","name":"De Beiefritz","description":"Miel, Goutte de miel, bi\u00e8re au miel et autres produits de la ruche","inLanguage":"fr-FR","publisher":{"@id":"https:\/\/beiefritz.lu\/fr\/#organization"}}]},"og:locale":"fr_FR","og:site_name":"De Beiefritz - Miel, Goutte de miel, bi\u00e8re au miel et autres produits de la ruche","og:type":"article","og:title":"PURALP \u2013 \u00ab Obedliacht \u00bb M\u00e9lange de plantes aromatiques bio - De Beiefritz","og:description":"Obedliacht (en allemand : Abendlicht) Apr\u00e8s une journ\u00e9e bien remplie et fatigante, notre m\u00e9lange de tisanes bio &quot;Obedliacht&quot; est exactement ce qu'il vous faut. L'infusion \u00e9quilibr\u00e9e de m\u00e9lisse citronn\u00e9e odorante, de fleurs de tilleul douces ainsi que de fleurs de lavande et de mauve d\u00e9licates, se d\u00e9guste de pr\u00e9f\u00e9rence une heure avant d'aller se coucher.","og:url":"https:\/\/beiefritz.lu\/fr\/produkt\/puralp-obedliacht-melange-de-plantes-aromatiques-bio\/","article:published_time":"2025-09-08T18:11:27+00:00","article:modified_time":"2025-09-08T18:11:28+00:00","article:publisher":"https:\/\/www.facebook.com\/beiefritz","twitter:card":"summary_large_image","twitter:title":"PURALP \u2013 \u00ab Obedliacht \u00bb M\u00e9lange de plantes aromatiques bio - De Beiefritz","twitter:description":"Obedliacht (en allemand : Abendlicht) Apr\u00e8s une journ\u00e9e bien remplie et fatigante, notre m\u00e9lange de tisanes bio &quot;Obedliacht&quot; est exactement ce qu'il vous faut. L'infusion \u00e9quilibr\u00e9e de m\u00e9lisse citronn\u00e9e odorante, de fleurs de tilleul douces ainsi que de fleurs de lavande et de mauve d\u00e9licates, se d\u00e9guste de pr\u00e9f\u00e9rence une heure avant d'aller se coucher."},"aioseo_meta_data":{"post_id":"15679","title":null,"description":null,"keywords":null,"keyphrases":{"focus":{"keyphrase":"","score":0,"analysis":{"keyphraseInTitle":{"score":0,"maxScore":9,"error":1}}},"additional":[]},"primary_term":null,"canonical_url":null,"og_title":null,"og_description":null,"og_object_type":"default","og_image_type":"default","og_image_url":null,"og_image_width":null,"og_image_height":null,"og_image_custom_url":null,"og_image_custom_fields":null,"og_video":"","og_custom_url":null,"og_article_section":null,"og_article_tags":null,"twitter_use_og":false,"twitter_card":"default","twitter_image_type":"default","twitter_image_url":null,"twitter_image_custom_url":null,"twitter_image_custom_fields":null,"twitter_title":null,"twitter_description":null,"schema":{"blockGraphs":[],"customGraphs":[],"default":{"data":{"Article":[],"Course":[],"Dataset":[],"FAQPage":[],"Movie":[],"Person":[],"Product":[],"ProductReview":[],"Car":[],"Recipe":[],"Service":[],"SoftwareApplication":[],"WebPage":[]},"graphName":"ItemPage","isEnabled":true},"graphs":[]},"schema_type":"default","schema_type_options":null,"pillar_content":false,"robots_default":true,"robots_noindex":false,"robots_noarchive":false,"robots_nosnippet":false,"robots_nofollow":false,"robots_noimageindex":false,"robots_noodp":false,"robots_notranslate":false,"robots_max_snippet":"-1","robots_max_videopreview":"-1","robots_max_imagepreview":"large","priority":null,"frequency":"default","local_seo":null,"breadcrumb_settings":null,"limit_modified_date":false,"ai":null,"created":"2025-01-12 10:59:22","updated":"2025-09-08 18:17:43","focus_keyword":null,"additional_keywords":null,"truseo_locale":null,"seo_analyzer_scan_date":null},"aioseo_breadcrumb":"<div class=\"aioseo-breadcrumbs\"><span class=\"aioseo-breadcrumb\">\n\t\t\t<a href=\"https:\/\/beiefritz.lu\/fr\/\" title=\"Home\">Home<\/a>\n\t\t<\/span><span class=\"aioseo-breadcrumb-separator\">&raquo;<\/span><span class=\"aioseo-breadcrumb\">\n\t\t\t<a href=\"https:\/\/beiefritz.lu\/?page_id=6272\" title=\"Priv\u00e9 : shop2\">Priv\u00e9 : shop2<\/a>\n\t\t<\/span><span class=\"aioseo-breadcrumb-separator\">&raquo;<\/span><span class=\"aioseo-breadcrumb\">\n\t\t\t<a href=\"https:\/\/beiefritz.lu\/fr\/cat\u00e9gories-de-produits\/puralp-fr\/\" title=\"Puralp\">Puralp<\/a>\n\t\t<\/span><span class=\"aioseo-breadcrumb-separator\">&raquo;<\/span><span class=\"aioseo-breadcrumb\">\n\t\t\tPURALP \u2013 \u00ab Obedliacht \u00bb M\u00e9lange de plantes aromatiques bio\n\t\t<\/span><\/div>","aioseo_breadcrumb_json":[{"label":"Home","link":"https:\/\/beiefritz.lu\/fr\/"},{"label":"Priv\u00e9\u00a0: shop2","link":"https:\/\/beiefritz.lu\/?page_id=6272"},{"label":"Puralp","link":"https:\/\/beiefritz.lu\/fr\/cat\u00e9gories-de-produits\/puralp-fr\/"},{"label":"PURALP &#8211; \u00ab\u00a0Obedliacht\u00a0\u00bb M\u00e9lange de plantes aromatiques bio","link":"https:\/\/beiefritz.lu\/fr\/produkt\/puralp-obedliacht-melange-de-plantes-aromatiques-bio\/"}],"_links":{"self":[{"href":"https:\/\/beiefritz.lu\/fr\/wp-json\/wp\/v2\/product\/15679","targetHints":{"allow":["GET"]}}],"collection":[{"href":"https:\/\/beiefritz.lu\/fr\/wp-json\/wp\/v2\/product"}],"about":[{"href":"https:\/\/beiefritz.lu\/fr\/wp-json\/wp\/v2\/types\/product"}],"replies":[{"embeddable":true,"href":"https:\/\/beiefritz.lu\/fr\/wp-json\/wp\/v2\/comments?post=15679"}],"wp:featuredmedia":[{"embeddable":true,"href":"https:\/\/beiefritz.lu\/fr\/wp-json\/wp\/v2\/media\/15682"}],"wp:attachment":[{"href":"https:\/\/beiefritz.lu\/fr\/wp-json\/wp\/v2\/media?parent=15679"}],"wp:term":[{"taxonomy":"product_brand","embeddable":true,"href":"https:\/\/beiefritz.lu\/fr\/wp-json\/wp\/v2\/product_brand?post=15679"},{"taxonomy":"product_cat","embeddable":true,"href":"https:\/\/beiefritz.lu\/fr\/wp-json\/wp\/v2\/product_cat?post=15679"},{"taxonomy":"product_tag","embeddable":true,"href":"https:\/\/beiefritz.lu\/fr\/wp-json\/wp\/v2\/product_tag?post=15679"}],"curies":[{"name":"wp","href":"https:\/\/api.w.org\/{rel}","templated":true}]}}