{"id":15685,"date":"2025-09-08T20:11:29","date_gmt":"2025-09-08T18:11:29","guid":{"rendered":"https:\/\/www.beiefritz.lu\/?post_type=product&#038;p=15685"},"modified":"2025-09-08T20:11:31","modified_gmt":"2025-09-08T18:11:31","slug":"puralp-gipfelgrueess-melange-dinfusions-bio-aux-herbes-et-aux-fruits","status":"publish","type":"product","link":"https:\/\/beiefritz.lu\/fr\/produkt\/puralp-gipfelgrueess-melange-dinfusions-bio-aux-herbes-et-aux-fruits\/","title":{"rendered":"PURALP &#8211; \u00ab\u00a0Gipfelgr\u00fce\u00df\u00a0\u00bb M\u00e9lange d&rsquo;infusions bio aux herbes et aux fruits"},"content":{"rendered":"<p><strong>Gipfelgr\u00fce\u00df (en fran\u00e7ais : salut au sommet)<\/strong><\/p>\n<p>L&rsquo;infusion fruit\u00e9e aux herbes \u00ab\u00a0Gipfelgr\u00fce\u00df\u00a0\u00bb est un compagnon savoureux pour les longues randonn\u00e9es \u00e0 ski et en montagne. Il est \u00e9galement excellent rafra\u00eechi comme th\u00e9 glac\u00e9 les jours de grande chaleur. L&rsquo;agr\u00e9able douceur fruit\u00e9e et la fra\u00eecheur de la menthe \u00e0 pomme ainsi que les fleurs de cosmos et de calendula font de cette infusion une exp\u00e9rience gustative color\u00e9e.<\/p>\n<p>Notre culture d&rsquo;herbes aromatiques de l&rsquo;Allg\u00e4u est r\u00e9alis\u00e9e avec beaucoup d&rsquo;amour et un travail manuel laborieux selon les directives de \u00ab\u00a0Bioland\u00a0\u00bb.<\/p>\n<p>&nbsp;<\/p>\n<p>Taille de l&#8217;emballage : 25 g<\/p>\n","protected":false},"excerpt":{"rendered":"<p>Gipfelgr\u00fce\u00df (en fran\u00e7ais : salut au sommet) L&rsquo;infusion fruit\u00e9e aux herbes \u00ab\u00a0Gipfelgr\u00fce\u00df\u00a0\u00bb est un compagnon savoureux pour les longues randonn\u00e9es \u00e0 ski et en montagne. Il est \u00e9galement excellent rafra\u00eechi comme th\u00e9 glac\u00e9 les jours de grande chaleur. L&rsquo;agr\u00e9able douceur fruit\u00e9e et la fra\u00eecheur de la menthe \u00e0 pomme ainsi que les fleurs de cosmos [&#8230;]\n","protected":false},"featured_media":15688,"comment_status":"open","ping_status":"closed","template":"","meta":[],"product_brand":[],"product_cat":[656,260,581],"product_tag":[],"class_list":["post-15685","product","type-product","status-publish","has-post-thumbnail","product_cat-bio-fr","product_cat-puralp-fr","product_cat-the","first","instock","taxable","shipping-taxable","purchasable","product-type-simple"],"aioseo_notices":[],"aioseo_head":"\n\t\t<!-- All in One SEO 5.0.1.1 - aioseo.com -->\n\t<meta name=\"description\" content=\"Gipfelgr\u00fce\u00df (en fran\u00e7ais : salut au sommet) L&#039;infusion fruit\u00e9e aux herbes &quot;Gipfelgr\u00fce\u00df&quot; est un compagnon savoureux pour les longues randonn\u00e9es \u00e0 ski et en montagne. Il est \u00e9galement excellent rafra\u00eechi comme th\u00e9 glac\u00e9 les jours de grande chaleur. L&#039;agr\u00e9able douceur fruit\u00e9e et la fra\u00eecheur de la menthe \u00e0 pomme ainsi que les fleurs de cosmos\" \/>\n\t<meta name=\"robots\" content=\"max-image-preview:large\" \/>\n\t<link rel=\"canonical\" href=\"https:\/\/beiefritz.lu\/fr\/produkt\/puralp-gipfelgrueess-melange-dinfusions-bio-aux-herbes-et-aux-fruits\/\" \/>\n\t<meta name=\"generator\" content=\"All in One SEO (AIOSEO) 5.0.1.1\" \/>\n\t\t<meta property=\"og:locale\" content=\"fr_FR\" \/>\n\t\t<meta property=\"og:site_name\" content=\"De Beiefritz - Miel, Goutte de miel, bi\u00e8re au miel et autres produits de la ruche\" \/>\n\t\t<meta property=\"og:type\" content=\"article\" \/>\n\t\t<meta property=\"og:title\" content=\"PURALP \u2013 \u00ab Gipfelgr\u00fce\u00df \u00bb M\u00e9lange d\u2019infusions bio aux herbes et aux fruits - De Beiefritz\" \/>\n\t\t<meta property=\"og:description\" content=\"Gipfelgr\u00fce\u00df (en fran\u00e7ais : salut au sommet) L&#039;infusion fruit\u00e9e aux herbes &quot;Gipfelgr\u00fce\u00df&quot; est un compagnon savoureux pour les longues randonn\u00e9es \u00e0 ski et en montagne. Il est \u00e9galement excellent rafra\u00eechi comme th\u00e9 glac\u00e9 les jours de grande chaleur. L&#039;agr\u00e9able douceur fruit\u00e9e et la fra\u00eecheur de la menthe \u00e0 pomme ainsi que les fleurs de cosmos\" \/>\n\t\t<meta property=\"og:url\" content=\"https:\/\/beiefritz.lu\/fr\/produkt\/puralp-gipfelgrueess-melange-dinfusions-bio-aux-herbes-et-aux-fruits\/\" \/>\n\t\t<meta property=\"article:published_time\" content=\"2025-09-08T18:11:29+00:00\" \/>\n\t\t<meta property=\"article:modified_time\" content=\"2025-09-08T18:11:31+00:00\" \/>\n\t\t<meta property=\"article:publisher\" content=\"https:\/\/www.facebook.com\/beiefritz\" \/>\n\t\t<meta name=\"twitter:card\" content=\"summary_large_image\" \/>\n\t\t<meta name=\"twitter:title\" content=\"PURALP \u2013 \u00ab Gipfelgr\u00fce\u00df \u00bb M\u00e9lange d\u2019infusions bio aux herbes et aux fruits - De Beiefritz\" \/>\n\t\t<meta name=\"twitter:description\" content=\"Gipfelgr\u00fce\u00df (en fran\u00e7ais : salut au sommet) L&#039;infusion fruit\u00e9e aux herbes &quot;Gipfelgr\u00fce\u00df&quot; est un compagnon savoureux pour les longues randonn\u00e9es \u00e0 ski et en montagne. Il est \u00e9galement excellent rafra\u00eechi comme th\u00e9 glac\u00e9 les jours de grande chaleur. L&#039;agr\u00e9able douceur fruit\u00e9e et la fra\u00eecheur de la menthe \u00e0 pomme ainsi que les fleurs de cosmos\" \/>\n\t\t<script type=\"application\/ld+json\" class=\"aioseo-schema\">\n\t\t\t{\"@context\":\"https:\\\/\\\/schema.org\",\"@graph\":[{\"@type\":\"BreadcrumbList\",\"@id\":\"https:\\\/\\\/beiefritz.lu\\\/fr\\\/produkt\\\/puralp-gipfelgrueess-melange-dinfusions-bio-aux-herbes-et-aux-fruits\\\/#breadcrumblist\",\"itemListElement\":[{\"@type\":\"ListItem\",\"@id\":\"https:\\\/\\\/beiefritz.lu\\\/fr\\\/#listItem\",\"position\":1,\"name\":\"Home\",\"item\":\"https:\\\/\\\/beiefritz.lu\\\/fr\\\/\",\"nextItem\":{\"@type\":\"ListItem\",\"@id\":\"https:\\\/\\\/beiefritz.lu\\\/?page_id=6272#listItem\",\"name\":\"Priv\\u00e9\\u00a0: shop2\"}},{\"@type\":\"ListItem\",\"@id\":\"https:\\\/\\\/beiefritz.lu\\\/?page_id=6272#listItem\",\"position\":2,\"name\":\"Priv\\u00e9\\u00a0: shop2\",\"item\":\"https:\\\/\\\/beiefritz.lu\\\/?page_id=6272\",\"nextItem\":{\"@type\":\"ListItem\",\"@id\":\"https:\\\/\\\/beiefritz.lu\\\/fr\\\/cat\\u00e9gories-de-produits\\\/puralp-fr\\\/#listItem\",\"name\":\"Puralp\"},\"previousItem\":{\"@type\":\"ListItem\",\"@id\":\"https:\\\/\\\/beiefritz.lu\\\/fr\\\/#listItem\",\"name\":\"Home\"}},{\"@type\":\"ListItem\",\"@id\":\"https:\\\/\\\/beiefritz.lu\\\/fr\\\/cat\\u00e9gories-de-produits\\\/puralp-fr\\\/#listItem\",\"position\":3,\"name\":\"Puralp\",\"item\":\"https:\\\/\\\/beiefritz.lu\\\/fr\\\/cat\\u00e9gories-de-produits\\\/puralp-fr\\\/\",\"nextItem\":{\"@type\":\"ListItem\",\"@id\":\"https:\\\/\\\/beiefritz.lu\\\/fr\\\/produkt\\\/puralp-gipfelgrueess-melange-dinfusions-bio-aux-herbes-et-aux-fruits\\\/#listItem\",\"name\":\"PURALP &#8211; \\u00ab\\u00a0Gipfelgr\\u00fce\\u00df\\u00a0\\u00bb M\\u00e9lange d&rsquo;infusions bio aux herbes et aux fruits\"},\"previousItem\":{\"@type\":\"ListItem\",\"@id\":\"https:\\\/\\\/beiefritz.lu\\\/?page_id=6272#listItem\",\"name\":\"Priv\\u00e9\\u00a0: shop2\"}},{\"@type\":\"ListItem\",\"@id\":\"https:\\\/\\\/beiefritz.lu\\\/fr\\\/produkt\\\/puralp-gipfelgrueess-melange-dinfusions-bio-aux-herbes-et-aux-fruits\\\/#listItem\",\"position\":4,\"name\":\"PURALP &#8211; \\u00ab\\u00a0Gipfelgr\\u00fce\\u00df\\u00a0\\u00bb M\\u00e9lange d&rsquo;infusions bio aux herbes et aux fruits\",\"previousItem\":{\"@type\":\"ListItem\",\"@id\":\"https:\\\/\\\/beiefritz.lu\\\/fr\\\/cat\\u00e9gories-de-produits\\\/puralp-fr\\\/#listItem\",\"name\":\"Puralp\"}}]},{\"@type\":\"ItemPage\",\"@id\":\"https:\\\/\\\/beiefritz.lu\\\/fr\\\/produkt\\\/puralp-gipfelgrueess-melange-dinfusions-bio-aux-herbes-et-aux-fruits\\\/#itempage\",\"url\":\"https:\\\/\\\/beiefritz.lu\\\/fr\\\/produkt\\\/puralp-gipfelgrueess-melange-dinfusions-bio-aux-herbes-et-aux-fruits\\\/\",\"name\":\"PURALP \\u2013 \\u00ab Gipfelgr\\u00fce\\u00df \\u00bb M\\u00e9lange d\\u2019infusions bio aux herbes et aux fruits - De Beiefritz\",\"description\":\"Gipfelgr\\u00fce\\u00df (en fran\\u00e7ais : salut au sommet) L'infusion fruit\\u00e9e aux herbes \\\"Gipfelgr\\u00fce\\u00df\\\" est un compagnon savoureux pour les longues randonn\\u00e9es \\u00e0 ski et en montagne. Il est \\u00e9galement excellent rafra\\u00eechi comme th\\u00e9 glac\\u00e9 les jours de grande chaleur. L'agr\\u00e9able douceur fruit\\u00e9e et la fra\\u00eecheur de la menthe \\u00e0 pomme ainsi que les fleurs de cosmos\",\"inLanguage\":\"fr-FR\",\"isPartOf\":{\"@id\":\"https:\\\/\\\/beiefritz.lu\\\/fr\\\/#website\"},\"breadcrumb\":{\"@id\":\"https:\\\/\\\/beiefritz.lu\\\/fr\\\/produkt\\\/puralp-gipfelgrueess-melange-dinfusions-bio-aux-herbes-et-aux-fruits\\\/#breadcrumblist\"},\"image\":{\"@type\":\"ImageObject\",\"url\":\"https:\\\/\\\/beiefritz.lu\\\/wp-content\\\/uploads\\\/2024\\\/02\\\/gipfelgrueess.jpg\",\"@id\":\"https:\\\/\\\/beiefritz.lu\\\/fr\\\/produkt\\\/puralp-gipfelgrueess-melange-dinfusions-bio-aux-herbes-et-aux-fruits\\\/#mainImage\",\"width\":1080,\"height\":810},\"primaryImageOfPage\":{\"@id\":\"https:\\\/\\\/beiefritz.lu\\\/fr\\\/produkt\\\/puralp-gipfelgrueess-melange-dinfusions-bio-aux-herbes-et-aux-fruits\\\/#mainImage\"},\"datePublished\":\"2025-09-08T20:11:29+02:00\",\"dateModified\":\"2025-09-08T20:11:31+02:00\"},{\"@type\":\"Organization\",\"@id\":\"https:\\\/\\\/beiefritz.lu\\\/fr\\\/#organization\",\"name\":\"De Beiefritz\",\"description\":\"Miel, Goutte de miel, bi\\u00e8re au miel et autres produits de la ruche\",\"url\":\"https:\\\/\\\/beiefritz.lu\\\/fr\\\/\",\"sameAs\":[\"https:\\\/\\\/www.facebook.com\\\/beiefritz\",\"https:\\\/\\\/www.instagram.com\\\/beiefritz\"]},{\"@type\":\"WebSite\",\"@id\":\"https:\\\/\\\/beiefritz.lu\\\/fr\\\/#website\",\"url\":\"https:\\\/\\\/beiefritz.lu\\\/fr\\\/\",\"name\":\"De Beiefritz\",\"description\":\"Miel, Goutte de miel, bi\\u00e8re au miel et autres produits de la ruche\",\"inLanguage\":\"fr-FR\",\"publisher\":{\"@id\":\"https:\\\/\\\/beiefritz.lu\\\/fr\\\/#organization\"}}]}\n\t\t<\/script>\n\t\t<!-- All in One SEO -->\n\n","aioseo_head_json":{"title":"PURALP \u2013 \u00ab Gipfelgr\u00fce\u00df \u00bb M\u00e9lange d\u2019infusions bio aux herbes et aux fruits - De Beiefritz","description":"Gipfelgr\u00fce\u00df (en fran\u00e7ais : salut au sommet) L'infusion fruit\u00e9e aux herbes \"Gipfelgr\u00fce\u00df\" est un compagnon savoureux pour les longues randonn\u00e9es \u00e0 ski et en montagne. Il est \u00e9galement excellent rafra\u00eechi comme th\u00e9 glac\u00e9 les jours de grande chaleur. L'agr\u00e9able douceur fruit\u00e9e et la fra\u00eecheur de la menthe \u00e0 pomme ainsi que les fleurs de cosmos","canonical_url":"https:\/\/beiefritz.lu\/fr\/produkt\/puralp-gipfelgrueess-melange-dinfusions-bio-aux-herbes-et-aux-fruits\/","robots":"max-image-preview:large","keywords":"","webmasterTools":{"miscellaneous":""},"schema":{"@context":"https:\/\/schema.org","@graph":[{"@type":"BreadcrumbList","@id":"https:\/\/beiefritz.lu\/fr\/produkt\/puralp-gipfelgrueess-melange-dinfusions-bio-aux-herbes-et-aux-fruits\/#breadcrumblist","itemListElement":[{"@type":"ListItem","@id":"https:\/\/beiefritz.lu\/fr\/#listItem","position":1,"name":"Home","item":"https:\/\/beiefritz.lu\/fr\/","nextItem":{"@type":"ListItem","@id":"https:\/\/beiefritz.lu\/?page_id=6272#listItem","name":"Priv\u00e9\u00a0: shop2"}},{"@type":"ListItem","@id":"https:\/\/beiefritz.lu\/?page_id=6272#listItem","position":2,"name":"Priv\u00e9\u00a0: shop2","item":"https:\/\/beiefritz.lu\/?page_id=6272","nextItem":{"@type":"ListItem","@id":"https:\/\/beiefritz.lu\/fr\/cat\u00e9gories-de-produits\/puralp-fr\/#listItem","name":"Puralp"},"previousItem":{"@type":"ListItem","@id":"https:\/\/beiefritz.lu\/fr\/#listItem","name":"Home"}},{"@type":"ListItem","@id":"https:\/\/beiefritz.lu\/fr\/cat\u00e9gories-de-produits\/puralp-fr\/#listItem","position":3,"name":"Puralp","item":"https:\/\/beiefritz.lu\/fr\/cat\u00e9gories-de-produits\/puralp-fr\/","nextItem":{"@type":"ListItem","@id":"https:\/\/beiefritz.lu\/fr\/produkt\/puralp-gipfelgrueess-melange-dinfusions-bio-aux-herbes-et-aux-fruits\/#listItem","name":"PURALP &#8211; \u00ab\u00a0Gipfelgr\u00fce\u00df\u00a0\u00bb M\u00e9lange d&rsquo;infusions bio aux herbes et aux fruits"},"previousItem":{"@type":"ListItem","@id":"https:\/\/beiefritz.lu\/?page_id=6272#listItem","name":"Priv\u00e9\u00a0: shop2"}},{"@type":"ListItem","@id":"https:\/\/beiefritz.lu\/fr\/produkt\/puralp-gipfelgrueess-melange-dinfusions-bio-aux-herbes-et-aux-fruits\/#listItem","position":4,"name":"PURALP &#8211; \u00ab\u00a0Gipfelgr\u00fce\u00df\u00a0\u00bb M\u00e9lange d&rsquo;infusions bio aux herbes et aux fruits","previousItem":{"@type":"ListItem","@id":"https:\/\/beiefritz.lu\/fr\/cat\u00e9gories-de-produits\/puralp-fr\/#listItem","name":"Puralp"}}]},{"@type":"ItemPage","@id":"https:\/\/beiefritz.lu\/fr\/produkt\/puralp-gipfelgrueess-melange-dinfusions-bio-aux-herbes-et-aux-fruits\/#itempage","url":"https:\/\/beiefritz.lu\/fr\/produkt\/puralp-gipfelgrueess-melange-dinfusions-bio-aux-herbes-et-aux-fruits\/","name":"PURALP \u2013 \u00ab Gipfelgr\u00fce\u00df \u00bb M\u00e9lange d\u2019infusions bio aux herbes et aux fruits - De Beiefritz","description":"Gipfelgr\u00fce\u00df (en fran\u00e7ais : salut au sommet) L'infusion fruit\u00e9e aux herbes \"Gipfelgr\u00fce\u00df\" est un compagnon savoureux pour les longues randonn\u00e9es \u00e0 ski et en montagne. Il est \u00e9galement excellent rafra\u00eechi comme th\u00e9 glac\u00e9 les jours de grande chaleur. L'agr\u00e9able douceur fruit\u00e9e et la fra\u00eecheur de la menthe \u00e0 pomme ainsi que les fleurs de cosmos","inLanguage":"fr-FR","isPartOf":{"@id":"https:\/\/beiefritz.lu\/fr\/#website"},"breadcrumb":{"@id":"https:\/\/beiefritz.lu\/fr\/produkt\/puralp-gipfelgrueess-melange-dinfusions-bio-aux-herbes-et-aux-fruits\/#breadcrumblist"},"image":{"@type":"ImageObject","url":"https:\/\/beiefritz.lu\/wp-content\/uploads\/2024\/02\/gipfelgrueess.jpg","@id":"https:\/\/beiefritz.lu\/fr\/produkt\/puralp-gipfelgrueess-melange-dinfusions-bio-aux-herbes-et-aux-fruits\/#mainImage","width":1080,"height":810},"primaryImageOfPage":{"@id":"https:\/\/beiefritz.lu\/fr\/produkt\/puralp-gipfelgrueess-melange-dinfusions-bio-aux-herbes-et-aux-fruits\/#mainImage"},"datePublished":"2025-09-08T20:11:29+02:00","dateModified":"2025-09-08T20:11:31+02:00"},{"@type":"Organization","@id":"https:\/\/beiefritz.lu\/fr\/#organization","name":"De Beiefritz","description":"Miel, Goutte de miel, bi\u00e8re au miel et autres produits de la ruche","url":"https:\/\/beiefritz.lu\/fr\/","sameAs":["https:\/\/www.facebook.com\/beiefritz","https:\/\/www.instagram.com\/beiefritz"]},{"@type":"WebSite","@id":"https:\/\/beiefritz.lu\/fr\/#website","url":"https:\/\/beiefritz.lu\/fr\/","name":"De Beiefritz","description":"Miel, Goutte de miel, bi\u00e8re au miel et autres produits de la ruche","inLanguage":"fr-FR","publisher":{"@id":"https:\/\/beiefritz.lu\/fr\/#organization"}}]},"og:locale":"fr_FR","og:site_name":"De Beiefritz - Miel, Goutte de miel, bi\u00e8re au miel et autres produits de la ruche","og:type":"article","og:title":"PURALP \u2013 \u00ab Gipfelgr\u00fce\u00df \u00bb M\u00e9lange d\u2019infusions bio aux herbes et aux fruits - De Beiefritz","og:description":"Gipfelgr\u00fce\u00df (en fran\u00e7ais : salut au sommet) L'infusion fruit\u00e9e aux herbes &quot;Gipfelgr\u00fce\u00df&quot; est un compagnon savoureux pour les longues randonn\u00e9es \u00e0 ski et en montagne. Il est \u00e9galement excellent rafra\u00eechi comme th\u00e9 glac\u00e9 les jours de grande chaleur. L'agr\u00e9able douceur fruit\u00e9e et la fra\u00eecheur de la menthe \u00e0 pomme ainsi que les fleurs de cosmos","og:url":"https:\/\/beiefritz.lu\/fr\/produkt\/puralp-gipfelgrueess-melange-dinfusions-bio-aux-herbes-et-aux-fruits\/","article:published_time":"2025-09-08T18:11:29+00:00","article:modified_time":"2025-09-08T18:11:31+00:00","article:publisher":"https:\/\/www.facebook.com\/beiefritz","twitter:card":"summary_large_image","twitter:title":"PURALP \u2013 \u00ab Gipfelgr\u00fce\u00df \u00bb M\u00e9lange d\u2019infusions bio aux herbes et aux fruits - De Beiefritz","twitter:description":"Gipfelgr\u00fce\u00df (en fran\u00e7ais : salut au sommet) L'infusion fruit\u00e9e aux herbes &quot;Gipfelgr\u00fce\u00df&quot; est un compagnon savoureux pour les longues randonn\u00e9es \u00e0 ski et en montagne. Il est \u00e9galement excellent rafra\u00eechi comme th\u00e9 glac\u00e9 les jours de grande chaleur. L'agr\u00e9able douceur fruit\u00e9e et la fra\u00eecheur de la menthe \u00e0 pomme ainsi que les fleurs de cosmos"},"aioseo_meta_data":{"post_id":"15685","title":null,"description":null,"keywords":null,"keyphrases":{"focus":{"keyphrase":"","score":0,"analysis":{"keyphraseInTitle":{"score":0,"maxScore":9,"error":1}}},"additional":[]},"primary_term":null,"canonical_url":null,"og_title":null,"og_description":null,"og_object_type":"default","og_image_type":"default","og_image_url":null,"og_image_width":null,"og_image_height":null,"og_image_custom_url":null,"og_image_custom_fields":null,"og_video":"","og_custom_url":null,"og_article_section":null,"og_article_tags":null,"twitter_use_og":false,"twitter_card":"default","twitter_image_type":"default","twitter_image_url":null,"twitter_image_custom_url":null,"twitter_image_custom_fields":null,"twitter_title":null,"twitter_description":null,"schema":{"blockGraphs":[],"customGraphs":[],"default":{"data":{"Article":[],"Course":[],"Dataset":[],"FAQPage":[],"Movie":[],"Person":[],"Product":[],"ProductReview":[],"Car":[],"Recipe":[],"Service":[],"SoftwareApplication":[],"WebPage":[]},"graphName":"ItemPage","isEnabled":true},"graphs":[]},"schema_type":"default","schema_type_options":null,"pillar_content":false,"robots_default":true,"robots_noindex":false,"robots_noarchive":false,"robots_nosnippet":false,"robots_nofollow":false,"robots_noimageindex":false,"robots_noodp":false,"robots_notranslate":false,"robots_max_snippet":"-1","robots_max_videopreview":"-1","robots_max_imagepreview":"large","priority":null,"frequency":"default","local_seo":null,"breadcrumb_settings":null,"limit_modified_date":false,"ai":null,"created":"2025-01-12 11:00:12","updated":"2025-09-08 18:18:23","focus_keyword":null,"additional_keywords":null,"truseo_locale":null,"seo_analyzer_scan_date":null},"aioseo_breadcrumb":"<div class=\"aioseo-breadcrumbs\"><span class=\"aioseo-breadcrumb\">\n\t\t\t<a href=\"https:\/\/beiefritz.lu\/fr\/\" title=\"Home\">Home<\/a>\n\t\t<\/span><span class=\"aioseo-breadcrumb-separator\">&raquo;<\/span><span class=\"aioseo-breadcrumb\">\n\t\t\t<a href=\"https:\/\/beiefritz.lu\/?page_id=6272\" title=\"Priv\u00e9 : shop2\">Priv\u00e9 : shop2<\/a>\n\t\t<\/span><span class=\"aioseo-breadcrumb-separator\">&raquo;<\/span><span class=\"aioseo-breadcrumb\">\n\t\t\t<a href=\"https:\/\/beiefritz.lu\/fr\/cat\u00e9gories-de-produits\/puralp-fr\/\" title=\"Puralp\">Puralp<\/a>\n\t\t<\/span><span class=\"aioseo-breadcrumb-separator\">&raquo;<\/span><span class=\"aioseo-breadcrumb\">\n\t\t\tPURALP \u2013 \u00ab Gipfelgr\u00fce\u00df \u00bb M\u00e9lange d\u2019infusions bio aux herbes et aux fruits\n\t\t<\/span><\/div>","aioseo_breadcrumb_json":[{"label":"Home","link":"https:\/\/beiefritz.lu\/fr\/"},{"label":"Priv\u00e9\u00a0: shop2","link":"https:\/\/beiefritz.lu\/?page_id=6272"},{"label":"Puralp","link":"https:\/\/beiefritz.lu\/fr\/cat\u00e9gories-de-produits\/puralp-fr\/"},{"label":"PURALP &#8211; \u00ab\u00a0Gipfelgr\u00fce\u00df\u00a0\u00bb M\u00e9lange d&rsquo;infusions bio aux herbes et aux fruits","link":"https:\/\/beiefritz.lu\/fr\/produkt\/puralp-gipfelgrueess-melange-dinfusions-bio-aux-herbes-et-aux-fruits\/"}],"_links":{"self":[{"href":"https:\/\/beiefritz.lu\/fr\/wp-json\/wp\/v2\/product\/15685","targetHints":{"allow":["GET"]}}],"collection":[{"href":"https:\/\/beiefritz.lu\/fr\/wp-json\/wp\/v2\/product"}],"about":[{"href":"https:\/\/beiefritz.lu\/fr\/wp-json\/wp\/v2\/types\/product"}],"replies":[{"embeddable":true,"href":"https:\/\/beiefritz.lu\/fr\/wp-json\/wp\/v2\/comments?post=15685"}],"wp:featuredmedia":[{"embeddable":true,"href":"https:\/\/beiefritz.lu\/fr\/wp-json\/wp\/v2\/media\/15688"}],"wp:attachment":[{"href":"https:\/\/beiefritz.lu\/fr\/wp-json\/wp\/v2\/media?parent=15685"}],"wp:term":[{"taxonomy":"product_brand","embeddable":true,"href":"https:\/\/beiefritz.lu\/fr\/wp-json\/wp\/v2\/product_brand?post=15685"},{"taxonomy":"product_cat","embeddable":true,"href":"https:\/\/beiefritz.lu\/fr\/wp-json\/wp\/v2\/product_cat?post=15685"},{"taxonomy":"product_tag","embeddable":true,"href":"https:\/\/beiefritz.lu\/fr\/wp-json\/wp\/v2\/product_tag?post=15685"}],"curies":[{"name":"wp","href":"https:\/\/api.w.org\/{rel}","templated":true}]}}