{"id":15694,"date":"2025-09-08T20:11:31","date_gmt":"2025-09-08T18:11:31","guid":{"rendered":"https:\/\/www.beiefritz.lu\/shop\/puralp-baume-bio-a-la-propolis-et-au-thym\/"},"modified":"2025-09-08T20:11:33","modified_gmt":"2025-09-08T18:11:33","slug":"puralp-baume-bio-a-la-propolis-et-au-thym","status":"publish","type":"product","link":"https:\/\/beiefritz.lu\/fr\/produkt\/puralp-baume-bio-a-la-propolis-et-au-thym\/","title":{"rendered":"PURALP &#8211; Baume bio \u00e0 la propolis et au thym"},"content":{"rendered":"<h3 data-start=\"201\" data-end=\"269\">Baume bio \u00e0 la propolis et au thym &#8211; des soins naturels pour les jours froids<\/h3>\n<p data-start=\"271\" data-end=\"501\">Notre <strong data-start=\"277\" data-end=\"310\">baume bio \u00e0 la propolis et au thym<\/strong> est <strong data-start=\"317\" data-end=\"331\">apaisant<\/strong>, <strong data-start=\"333\" data-end=\"348\">relaxant<\/strong> et id\u00e9al pour la <strong data-start=\"371\" data-end=\"391\">saison froide<\/strong>. Lorsqu&rsquo;il est frott\u00e9, il stimule la <strong data-start=\"420\" data-end=\"440\">circulation sanguine de la peau<\/strong> et <strong data-start=\"463\" data-end=\"484\">procure un r\u00e9chauffement agr\u00e9able<\/strong> des zones cutan\u00e9es. <\/p>\n<p data-start=\"503\" data-end=\"701\">La combinaison d \u00ab <strong data-start=\"536\" data-end=\"555\">huile de millepertuis de<\/strong> qualit\u00e9 sup\u00e9rieure et d <strong data-start=\"557\" data-end=\"577\"> \u00bb huiles<\/strong> essentielles de <strong data-start=\"582\" data-end=\"601\">thym citronn\u00e9<\/strong>, de <strong data-start=\"603\" data-end=\"619\">pin cembro<\/strong>, de <strong data-start=\"621\" data-end=\"633\">lavande et<\/strong> <strong data-start=\"638\" data-end=\"650\">de romarin<\/strong> produit un effet agr\u00e9able et <strong data-start=\"677\" data-end=\"699\">bienfaisant<\/strong>.<\/p>\n<p data-start=\"703\" data-end=\"958\">Le baume est compl\u00e9t\u00e9 par de <strong data-start=\"734\" data-end=\"761\">la cire d&rsquo;abeille naturelle<\/strong> <strong data-start=\"780\" data-end=\"800\">de qualit\u00e9 biologique<\/strong> certifi\u00e9e &#8211; une <strong data-start=\"815\" data-end=\"831\">source de chaleur<\/strong> douce aux propri\u00e9t\u00e9s soignantes. De plus, l&rsquo;<strong data-start=\"900\" data-end=\"912\">huile de mauve<\/strong> qu&rsquo;il contient renforce l&rsquo;effet apaisant de la <strong data-start=\"945\" data-end=\"957\">propolis<\/strong> sur la peau. <\/p>\n<p data-start=\"960\" data-end=\"1117\">\u2705 Ingr\u00e9dients 100 % naturels<br data-start=\"992\" data-end=\"995\">\u2705 Id\u00e9al pour l&rsquo;hiver, le sport et la d\u00e9tente musculaire<br data-start=\"1042\" data-end=\"1045\">\u2705 Contient de la cire d&rsquo;abeille pr\u00e9cieuse &amp; des huiles bio<br data-start=\"1084\" data-end=\"1087\">\u2705 Sans additifs artificiels<\/p>\n<p data-start=\"1119\" data-end=\"1136\"><strong data-start=\"1119\" data-end=\"1136\">Contenu : 30 ml<\/strong><\/p>\n","protected":false},"excerpt":{"rendered":"<p>Baume bio \u00e0 la propolis et au thym &#8211; des soins naturels pour les jours froids Notre baume bio \u00e0 la propolis et au thym est apaisant, relaxant et id\u00e9al pour la saison froide. Lorsqu&rsquo;il est frott\u00e9, il stimule la circulation sanguine de la peau et procure un r\u00e9chauffement agr\u00e9able des zones cutan\u00e9es. La combinaison [&#8230;]\n","protected":false},"featured_media":15692,"comment_status":"open","ping_status":"closed","template":"","meta":[],"product_brand":[],"product_cat":[659,656,257,260,530],"product_tag":[],"class_list":["post-15694","product","type-product","status-publish","has-post-thumbnail","product_cat-bien-etre","product_cat-bio-fr","product_cat-nouveau","product_cat-puralp-fr","product_cat-soins-du-corps","first","instock","taxable","shipping-taxable","purchasable","product-type-simple"],"aioseo_notices":[],"aioseo_head":"\n\t\t<!-- All in One SEO 5.0.1.1 - aioseo.com -->\n\t<meta name=\"description\" content=\"Le baume bio \u00e0 la propolis et au thym de Beiefritz procure de la chaleur, d\u00e9tend et soigne avec des huiles naturelles bio et de la cire d&#039;abeille. Id\u00e9al pour les jours froids.\" \/>\n\t<meta name=\"robots\" content=\"max-image-preview:large\" \/>\n\t<link rel=\"canonical\" href=\"https:\/\/beiefritz.lu\/fr\/produkt\/puralp-baume-bio-a-la-propolis-et-au-thym\/\" \/>\n\t<meta name=\"generator\" content=\"All in One SEO (AIOSEO) 5.0.1.1\" \/>\n\t\t<meta property=\"og:locale\" content=\"fr_FR\" \/>\n\t\t<meta property=\"og:site_name\" content=\"De Beiefritz - Miel, Goutte de miel, bi\u00e8re au miel et autres produits de la ruche\" \/>\n\t\t<meta property=\"og:type\" content=\"article\" \/>\n\t\t<meta property=\"og:title\" content=\"Baume \u00e0 la propolis et au thym - Chauffer en cas de rhume\" \/>\n\t\t<meta property=\"og:description\" content=\"Le baume bio \u00e0 la propolis et au thym de Beiefritz procure de la chaleur, d\u00e9tend et soigne avec des huiles naturelles bio et de la cire d&#039;abeille. Id\u00e9al pour les jours froids.\" \/>\n\t\t<meta property=\"og:url\" content=\"https:\/\/beiefritz.lu\/fr\/produkt\/puralp-baume-bio-a-la-propolis-et-au-thym\/\" \/>\n\t\t<meta property=\"article:published_time\" content=\"2025-09-08T18:11:31+00:00\" \/>\n\t\t<meta property=\"article:modified_time\" content=\"2025-09-08T18:11:33+00:00\" \/>\n\t\t<meta property=\"article:publisher\" content=\"https:\/\/www.facebook.com\/beiefritz\" \/>\n\t\t<meta name=\"twitter:card\" content=\"summary_large_image\" \/>\n\t\t<meta name=\"twitter:title\" content=\"Baume \u00e0 la propolis et au thym - Chauffer en cas de rhume\" \/>\n\t\t<meta name=\"twitter:description\" content=\"Le baume bio \u00e0 la propolis et au thym de Beiefritz procure de la chaleur, d\u00e9tend et soigne avec des huiles naturelles bio et de la cire d&#039;abeille. Id\u00e9al pour les jours froids.\" \/>\n\t\t<script type=\"application\/ld+json\" class=\"aioseo-schema\">\n\t\t\t{\"@context\":\"https:\\\/\\\/schema.org\",\"@graph\":[{\"@type\":\"BreadcrumbList\",\"@id\":\"https:\\\/\\\/beiefritz.lu\\\/fr\\\/produkt\\\/puralp-baume-bio-a-la-propolis-et-au-thym\\\/#breadcrumblist\",\"itemListElement\":[{\"@type\":\"ListItem\",\"@id\":\"https:\\\/\\\/beiefritz.lu\\\/fr\\\/#listItem\",\"position\":1,\"name\":\"Home\",\"item\":\"https:\\\/\\\/beiefritz.lu\\\/fr\\\/\",\"nextItem\":{\"@type\":\"ListItem\",\"@id\":\"https:\\\/\\\/beiefritz.lu\\\/?page_id=6272#listItem\",\"name\":\"Priv\\u00e9\\u00a0: shop2\"}},{\"@type\":\"ListItem\",\"@id\":\"https:\\\/\\\/beiefritz.lu\\\/?page_id=6272#listItem\",\"position\":2,\"name\":\"Priv\\u00e9\\u00a0: shop2\",\"item\":\"https:\\\/\\\/beiefritz.lu\\\/?page_id=6272\",\"nextItem\":{\"@type\":\"ListItem\",\"@id\":\"https:\\\/\\\/beiefritz.lu\\\/fr\\\/cat\\u00e9gories-de-produits\\\/nouveau\\\/#listItem\",\"name\":\"Nouveaut\\u00e9s\"},\"previousItem\":{\"@type\":\"ListItem\",\"@id\":\"https:\\\/\\\/beiefritz.lu\\\/fr\\\/#listItem\",\"name\":\"Home\"}},{\"@type\":\"ListItem\",\"@id\":\"https:\\\/\\\/beiefritz.lu\\\/fr\\\/cat\\u00e9gories-de-produits\\\/nouveau\\\/#listItem\",\"position\":3,\"name\":\"Nouveaut\\u00e9s\",\"item\":\"https:\\\/\\\/beiefritz.lu\\\/fr\\\/cat\\u00e9gories-de-produits\\\/nouveau\\\/\",\"nextItem\":{\"@type\":\"ListItem\",\"@id\":\"https:\\\/\\\/beiefritz.lu\\\/fr\\\/produkt\\\/puralp-baume-bio-a-la-propolis-et-au-thym\\\/#listItem\",\"name\":\"PURALP &#8211; Baume bio \\u00e0 la propolis et au thym\"},\"previousItem\":{\"@type\":\"ListItem\",\"@id\":\"https:\\\/\\\/beiefritz.lu\\\/?page_id=6272#listItem\",\"name\":\"Priv\\u00e9\\u00a0: shop2\"}},{\"@type\":\"ListItem\",\"@id\":\"https:\\\/\\\/beiefritz.lu\\\/fr\\\/produkt\\\/puralp-baume-bio-a-la-propolis-et-au-thym\\\/#listItem\",\"position\":4,\"name\":\"PURALP &#8211; Baume bio \\u00e0 la propolis et au thym\",\"previousItem\":{\"@type\":\"ListItem\",\"@id\":\"https:\\\/\\\/beiefritz.lu\\\/fr\\\/cat\\u00e9gories-de-produits\\\/nouveau\\\/#listItem\",\"name\":\"Nouveaut\\u00e9s\"}}]},{\"@type\":\"ItemPage\",\"@id\":\"https:\\\/\\\/beiefritz.lu\\\/fr\\\/produkt\\\/puralp-baume-bio-a-la-propolis-et-au-thym\\\/#itempage\",\"url\":\"https:\\\/\\\/beiefritz.lu\\\/fr\\\/produkt\\\/puralp-baume-bio-a-la-propolis-et-au-thym\\\/\",\"name\":\"Baume \\u00e0 la propolis et au thym - Chauffer en cas de rhume\",\"description\":\"Le baume bio \\u00e0 la propolis et au thym de Beiefritz procure de la chaleur, d\\u00e9tend et soigne avec des huiles naturelles bio et de la cire d'abeille. Id\\u00e9al pour les jours froids.\",\"inLanguage\":\"fr-FR\",\"isPartOf\":{\"@id\":\"https:\\\/\\\/beiefritz.lu\\\/fr\\\/#website\"},\"breadcrumb\":{\"@id\":\"https:\\\/\\\/beiefritz.lu\\\/fr\\\/produkt\\\/puralp-baume-bio-a-la-propolis-et-au-thym\\\/#breadcrumblist\"},\"image\":{\"@type\":\"ImageObject\",\"url\":\"https:\\\/\\\/beiefritz.lu\\\/wp-content\\\/uploads\\\/2024\\\/02\\\/bio-thymian.jpg\",\"@id\":\"https:\\\/\\\/beiefritz.lu\\\/fr\\\/produkt\\\/puralp-baume-bio-a-la-propolis-et-au-thym\\\/#mainImage\",\"width\":1080,\"height\":810},\"primaryImageOfPage\":{\"@id\":\"https:\\\/\\\/beiefritz.lu\\\/fr\\\/produkt\\\/puralp-baume-bio-a-la-propolis-et-au-thym\\\/#mainImage\"},\"datePublished\":\"2025-09-08T20:11:31+02:00\",\"dateModified\":\"2025-09-08T20:11:33+02:00\"},{\"@type\":\"Organization\",\"@id\":\"https:\\\/\\\/beiefritz.lu\\\/fr\\\/#organization\",\"name\":\"De Beiefritz\",\"description\":\"Miel, Goutte de miel, bi\\u00e8re au miel et autres produits de la ruche\",\"url\":\"https:\\\/\\\/beiefritz.lu\\\/fr\\\/\",\"sameAs\":[\"https:\\\/\\\/www.facebook.com\\\/beiefritz\",\"https:\\\/\\\/www.instagram.com\\\/beiefritz\"]},{\"@type\":\"WebSite\",\"@id\":\"https:\\\/\\\/beiefritz.lu\\\/fr\\\/#website\",\"url\":\"https:\\\/\\\/beiefritz.lu\\\/fr\\\/\",\"name\":\"De Beiefritz\",\"description\":\"Miel, Goutte de miel, bi\\u00e8re au miel et autres produits de la ruche\",\"inLanguage\":\"fr-FR\",\"publisher\":{\"@id\":\"https:\\\/\\\/beiefritz.lu\\\/fr\\\/#organization\"}}]}\n\t\t<\/script>\n\t\t<!-- All in One SEO -->\n\n","aioseo_head_json":{"title":"Baume \u00e0 la propolis et au thym - Chauffer en cas de rhume","description":"Le baume bio \u00e0 la propolis et au thym de Beiefritz procure de la chaleur, d\u00e9tend et soigne avec des huiles naturelles bio et de la cire d'abeille. Id\u00e9al pour les jours froids.","canonical_url":"https:\/\/beiefritz.lu\/fr\/produkt\/puralp-baume-bio-a-la-propolis-et-au-thym\/","robots":"max-image-preview:large","keywords":"","webmasterTools":{"miscellaneous":""},"schema":{"@context":"https:\/\/schema.org","@graph":[{"@type":"BreadcrumbList","@id":"https:\/\/beiefritz.lu\/fr\/produkt\/puralp-baume-bio-a-la-propolis-et-au-thym\/#breadcrumblist","itemListElement":[{"@type":"ListItem","@id":"https:\/\/beiefritz.lu\/fr\/#listItem","position":1,"name":"Home","item":"https:\/\/beiefritz.lu\/fr\/","nextItem":{"@type":"ListItem","@id":"https:\/\/beiefritz.lu\/?page_id=6272#listItem","name":"Priv\u00e9\u00a0: shop2"}},{"@type":"ListItem","@id":"https:\/\/beiefritz.lu\/?page_id=6272#listItem","position":2,"name":"Priv\u00e9\u00a0: shop2","item":"https:\/\/beiefritz.lu\/?page_id=6272","nextItem":{"@type":"ListItem","@id":"https:\/\/beiefritz.lu\/fr\/cat\u00e9gories-de-produits\/nouveau\/#listItem","name":"Nouveaut\u00e9s"},"previousItem":{"@type":"ListItem","@id":"https:\/\/beiefritz.lu\/fr\/#listItem","name":"Home"}},{"@type":"ListItem","@id":"https:\/\/beiefritz.lu\/fr\/cat\u00e9gories-de-produits\/nouveau\/#listItem","position":3,"name":"Nouveaut\u00e9s","item":"https:\/\/beiefritz.lu\/fr\/cat\u00e9gories-de-produits\/nouveau\/","nextItem":{"@type":"ListItem","@id":"https:\/\/beiefritz.lu\/fr\/produkt\/puralp-baume-bio-a-la-propolis-et-au-thym\/#listItem","name":"PURALP &#8211; Baume bio \u00e0 la propolis et au thym"},"previousItem":{"@type":"ListItem","@id":"https:\/\/beiefritz.lu\/?page_id=6272#listItem","name":"Priv\u00e9\u00a0: shop2"}},{"@type":"ListItem","@id":"https:\/\/beiefritz.lu\/fr\/produkt\/puralp-baume-bio-a-la-propolis-et-au-thym\/#listItem","position":4,"name":"PURALP &#8211; Baume bio \u00e0 la propolis et au thym","previousItem":{"@type":"ListItem","@id":"https:\/\/beiefritz.lu\/fr\/cat\u00e9gories-de-produits\/nouveau\/#listItem","name":"Nouveaut\u00e9s"}}]},{"@type":"ItemPage","@id":"https:\/\/beiefritz.lu\/fr\/produkt\/puralp-baume-bio-a-la-propolis-et-au-thym\/#itempage","url":"https:\/\/beiefritz.lu\/fr\/produkt\/puralp-baume-bio-a-la-propolis-et-au-thym\/","name":"Baume \u00e0 la propolis et au thym - Chauffer en cas de rhume","description":"Le baume bio \u00e0 la propolis et au thym de Beiefritz procure de la chaleur, d\u00e9tend et soigne avec des huiles naturelles bio et de la cire d'abeille. Id\u00e9al pour les jours froids.","inLanguage":"fr-FR","isPartOf":{"@id":"https:\/\/beiefritz.lu\/fr\/#website"},"breadcrumb":{"@id":"https:\/\/beiefritz.lu\/fr\/produkt\/puralp-baume-bio-a-la-propolis-et-au-thym\/#breadcrumblist"},"image":{"@type":"ImageObject","url":"https:\/\/beiefritz.lu\/wp-content\/uploads\/2024\/02\/bio-thymian.jpg","@id":"https:\/\/beiefritz.lu\/fr\/produkt\/puralp-baume-bio-a-la-propolis-et-au-thym\/#mainImage","width":1080,"height":810},"primaryImageOfPage":{"@id":"https:\/\/beiefritz.lu\/fr\/produkt\/puralp-baume-bio-a-la-propolis-et-au-thym\/#mainImage"},"datePublished":"2025-09-08T20:11:31+02:00","dateModified":"2025-09-08T20:11:33+02:00"},{"@type":"Organization","@id":"https:\/\/beiefritz.lu\/fr\/#organization","name":"De Beiefritz","description":"Miel, Goutte de miel, bi\u00e8re au miel et autres produits de la ruche","url":"https:\/\/beiefritz.lu\/fr\/","sameAs":["https:\/\/www.facebook.com\/beiefritz","https:\/\/www.instagram.com\/beiefritz"]},{"@type":"WebSite","@id":"https:\/\/beiefritz.lu\/fr\/#website","url":"https:\/\/beiefritz.lu\/fr\/","name":"De Beiefritz","description":"Miel, Goutte de miel, bi\u00e8re au miel et autres produits de la ruche","inLanguage":"fr-FR","publisher":{"@id":"https:\/\/beiefritz.lu\/fr\/#organization"}}]},"og:locale":"fr_FR","og:site_name":"De Beiefritz - Miel, Goutte de miel, bi\u00e8re au miel et autres produits de la ruche","og:type":"article","og:title":"Baume \u00e0 la propolis et au thym - Chauffer en cas de rhume","og:description":"Le baume bio \u00e0 la propolis et au thym de Beiefritz procure de la chaleur, d\u00e9tend et soigne avec des huiles naturelles bio et de la cire d'abeille. Id\u00e9al pour les jours froids.","og:url":"https:\/\/beiefritz.lu\/fr\/produkt\/puralp-baume-bio-a-la-propolis-et-au-thym\/","article:published_time":"2025-09-08T18:11:31+00:00","article:modified_time":"2025-09-08T18:11:33+00:00","article:publisher":"https:\/\/www.facebook.com\/beiefritz","twitter:card":"summary_large_image","twitter:title":"Baume \u00e0 la propolis et au thym - Chauffer en cas de rhume","twitter:description":"Le baume bio \u00e0 la propolis et au thym de Beiefritz procure de la chaleur, d\u00e9tend et soigne avec des huiles naturelles bio et de la cire d'abeille. Id\u00e9al pour les jours froids."},"aioseo_meta_data":{"post_id":"15694","title":"Baume \u00e0 la propolis et au thym - Chauffer en cas de rhume","description":"Le baume bio \u00e0 la propolis et au thym de Beiefritz procure de la chaleur, d\u00e9tend et soigne avec des huiles naturelles bio et de la cire d'abeille. Id\u00e9al pour les jours froids. ","keywords":null,"keyphrases":{"focus":{"keyphrase":"","score":0,"analysis":{"keyphraseInTitle":{"score":0,"maxScore":9,"error":1}}},"additional":[]},"primary_term":null,"canonical_url":null,"og_title":null,"og_description":null,"og_object_type":"default","og_image_type":"default","og_image_url":null,"og_image_width":null,"og_image_height":null,"og_image_custom_url":null,"og_image_custom_fields":null,"og_video":"","og_custom_url":null,"og_article_section":null,"og_article_tags":null,"twitter_use_og":false,"twitter_card":"default","twitter_image_type":"default","twitter_image_url":null,"twitter_image_custom_url":null,"twitter_image_custom_fields":null,"twitter_title":null,"twitter_description":null,"schema":{"blockGraphs":[],"customGraphs":[],"default":{"data":{"Article":[],"Course":[],"Dataset":[],"FAQPage":[],"Movie":[],"Person":[],"Product":[],"ProductReview":[],"Car":[],"Recipe":[],"Service":[],"SoftwareApplication":[],"WebPage":[]},"graphName":"ItemPage","isEnabled":true},"graphs":[]},"schema_type":"default","schema_type_options":null,"pillar_content":false,"robots_default":true,"robots_noindex":false,"robots_noarchive":false,"robots_nosnippet":false,"robots_nofollow":false,"robots_noimageindex":false,"robots_noodp":false,"robots_notranslate":false,"robots_max_snippet":"-1","robots_max_videopreview":"-1","robots_max_imagepreview":"large","priority":null,"frequency":"default","local_seo":null,"breadcrumb_settings":null,"limit_modified_date":false,"ai":null,"created":"2025-01-12 11:00:12","updated":"2025-09-08 18:18:23","focus_keyword":null,"additional_keywords":null,"truseo_locale":null,"seo_analyzer_scan_date":null},"aioseo_breadcrumb":"<div class=\"aioseo-breadcrumbs\"><span class=\"aioseo-breadcrumb\">\n\t\t\t<a href=\"https:\/\/beiefritz.lu\/fr\/\" title=\"Home\">Home<\/a>\n\t\t<\/span><span class=\"aioseo-breadcrumb-separator\">&raquo;<\/span><span class=\"aioseo-breadcrumb\">\n\t\t\t<a href=\"https:\/\/beiefritz.lu\/?page_id=6272\" title=\"Priv\u00e9 : shop2\">Priv\u00e9 : shop2<\/a>\n\t\t<\/span><span class=\"aioseo-breadcrumb-separator\">&raquo;<\/span><span class=\"aioseo-breadcrumb\">\n\t\t\t<a href=\"https:\/\/beiefritz.lu\/fr\/cat\u00e9gories-de-produits\/nouveau\/\" title=\"Nouveaut\u00e9s\">Nouveaut\u00e9s<\/a>\n\t\t<\/span><span class=\"aioseo-breadcrumb-separator\">&raquo;<\/span><span class=\"aioseo-breadcrumb\">\n\t\t\tPURALP \u2013 Baume bio \u00e0 la propolis et au thym\n\t\t<\/span><\/div>","aioseo_breadcrumb_json":[{"label":"Home","link":"https:\/\/beiefritz.lu\/fr\/"},{"label":"Priv\u00e9\u00a0: shop2","link":"https:\/\/beiefritz.lu\/?page_id=6272"},{"label":"Nouveaut\u00e9s","link":"https:\/\/beiefritz.lu\/fr\/cat\u00e9gories-de-produits\/nouveau\/"},{"label":"PURALP &#8211; Baume bio \u00e0 la propolis et au thym","link":"https:\/\/beiefritz.lu\/fr\/produkt\/puralp-baume-bio-a-la-propolis-et-au-thym\/"}],"_links":{"self":[{"href":"https:\/\/beiefritz.lu\/fr\/wp-json\/wp\/v2\/product\/15694","targetHints":{"allow":["GET"]}}],"collection":[{"href":"https:\/\/beiefritz.lu\/fr\/wp-json\/wp\/v2\/product"}],"about":[{"href":"https:\/\/beiefritz.lu\/fr\/wp-json\/wp\/v2\/types\/product"}],"replies":[{"embeddable":true,"href":"https:\/\/beiefritz.lu\/fr\/wp-json\/wp\/v2\/comments?post=15694"}],"wp:featuredmedia":[{"embeddable":true,"href":"https:\/\/beiefritz.lu\/fr\/wp-json\/wp\/v2\/media\/15692"}],"wp:attachment":[{"href":"https:\/\/beiefritz.lu\/fr\/wp-json\/wp\/v2\/media?parent=15694"}],"wp:term":[{"taxonomy":"product_brand","embeddable":true,"href":"https:\/\/beiefritz.lu\/fr\/wp-json\/wp\/v2\/product_brand?post=15694"},{"taxonomy":"product_cat","embeddable":true,"href":"https:\/\/beiefritz.lu\/fr\/wp-json\/wp\/v2\/product_cat?post=15694"},{"taxonomy":"product_tag","embeddable":true,"href":"https:\/\/beiefritz.lu\/fr\/wp-json\/wp\/v2\/product_tag?post=15694"}],"curies":[{"name":"wp","href":"https:\/\/api.w.org\/{rel}","templated":true}]}}