{"id":16258,"date":"2025-09-08T20:11:45","date_gmt":"2025-09-08T18:11:45","guid":{"rendered":"https:\/\/www.beiefritz.lu\/shop\/de-beiefritz-pochette-cadeau-pere-noel\/"},"modified":"2025-09-08T20:11:47","modified_gmt":"2025-09-08T18:11:47","slug":"de-beiefritz-pochette-cadeau-pere-noel","status":"publish","type":"product","link":"https:\/\/beiefritz.lu\/fr\/produkt\/de-beiefritz-pochette-cadeau-pere-noel\/","title":{"rendered":"DE BEIEFRITZ &#8211; Pochette cadeau \u00ab\u00a0P\u00e8re No\u00ebl"},"content":{"rendered":"<p><strong>Dimensions (L x l x P) :<\/strong> env. 32 x 26 x 10 cm<\/p>\n<p>Le sac cadeau \u00ab\u00a0P\u00e8re No\u00ebl\u00a0\u00bb est la solution d&#8217;emballage parfaite pour pr\u00e9senter vos cadeaux de No\u00ebl avec style. Ce sac cadeau de qualit\u00e9 sup\u00e9rieure est d\u00e9cor\u00e9 d&rsquo;un design festif qui refl\u00e8te parfaitement l&rsquo;ambiance festive des f\u00eates de fin d&rsquo;ann\u00e9e. Fabriqu\u00e9 en papier r\u00e9sistant et dot\u00e9 de poign\u00e9es solides, ce sac offre non seulement un aspect attrayant, mais aussi une utilisation pratique. Une discr\u00e8te touche de paillettes donne au sac cadeau un \u00e9clat festif qui en fait un point de mire \u00e0 chaque f\u00eate de No\u00ebl. Donnez \u00e0 vos cadeaux ce petit plus et r\u00e9pandez la joie avec le sac cadeau \u00ab\u00a0P\u00e8re No\u00ebl\u00a0\u00bb.<\/p>\n<p>&nbsp;<\/p>\n<p>&nbsp;<\/p>\n","protected":false},"excerpt":{"rendered":"<p>Dimensions (L x l x P) : env. 32 x 26 x 10 cm Le sac cadeau \u00ab\u00a0P\u00e8re No\u00ebl\u00a0\u00bb est la solution d&#8217;emballage parfaite pour pr\u00e9senter vos cadeaux de No\u00ebl avec style. Ce sac cadeau de qualit\u00e9 sup\u00e9rieure est d\u00e9cor\u00e9 d&rsquo;un design festif qui refl\u00e8te parfaitement l&rsquo;ambiance festive des f\u00eates de fin d&rsquo;ann\u00e9e. Fabriqu\u00e9 en [&#8230;]\n","protected":false},"featured_media":16246,"comment_status":"open","ping_status":"closed","template":"","meta":[],"product_brand":[],"product_cat":[605],"product_tag":[],"class_list":["post-16258","product","type-product","status-publish","has-post-thumbnail","product_cat-pochettes-cadeaux","first","instock","taxable","shipping-taxable","purchasable","product-type-simple"],"aioseo_notices":[],"aioseo_head":"\n\t\t<!-- All in One SEO 5.0.1.1 - aioseo.com -->\n\t<meta name=\"description\" content=\"Dimensions (L x l x P) : env. 32 x 26 x 10 cm Le sac cadeau &quot;P\u00e8re No\u00ebl&quot; est la solution d&#039;emballage parfaite pour pr\u00e9senter vos cadeaux de No\u00ebl avec style. Ce sac cadeau de qualit\u00e9 sup\u00e9rieure est d\u00e9cor\u00e9 d&#039;un design festif qui refl\u00e8te parfaitement l&#039;ambiance festive des f\u00eates de fin d&#039;ann\u00e9e. Fabriqu\u00e9 en\" \/>\n\t<meta name=\"robots\" content=\"max-image-preview:large\" \/>\n\t<link rel=\"canonical\" href=\"https:\/\/beiefritz.lu\/fr\/produkt\/de-beiefritz-pochette-cadeau-pere-noel\/\" \/>\n\t<meta name=\"generator\" content=\"All in One SEO (AIOSEO) 5.0.1.1\" \/>\n\t\t<meta property=\"og:locale\" content=\"fr_FR\" \/>\n\t\t<meta property=\"og:site_name\" content=\"De Beiefritz - Miel, Goutte de miel, bi\u00e8re au miel et autres produits de la ruche\" \/>\n\t\t<meta property=\"og:type\" content=\"article\" \/>\n\t\t<meta property=\"og:title\" content=\"DE BEIEFRITZ \u2013 Pochette cadeau \u00ab P\u00e8re No\u00ebl - De Beiefritz\" \/>\n\t\t<meta property=\"og:description\" content=\"Dimensions (L x l x P) : env. 32 x 26 x 10 cm Le sac cadeau &quot;P\u00e8re No\u00ebl&quot; est la solution d&#039;emballage parfaite pour pr\u00e9senter vos cadeaux de No\u00ebl avec style. Ce sac cadeau de qualit\u00e9 sup\u00e9rieure est d\u00e9cor\u00e9 d&#039;un design festif qui refl\u00e8te parfaitement l&#039;ambiance festive des f\u00eates de fin d&#039;ann\u00e9e. Fabriqu\u00e9 en\" \/>\n\t\t<meta property=\"og:url\" content=\"https:\/\/beiefritz.lu\/fr\/produkt\/de-beiefritz-pochette-cadeau-pere-noel\/\" \/>\n\t\t<meta property=\"article:published_time\" content=\"2025-09-08T18:11:45+00:00\" \/>\n\t\t<meta property=\"article:modified_time\" content=\"2025-09-08T18:11:47+00:00\" \/>\n\t\t<meta property=\"article:publisher\" content=\"https:\/\/www.facebook.com\/beiefritz\" \/>\n\t\t<meta name=\"twitter:card\" content=\"summary_large_image\" \/>\n\t\t<meta name=\"twitter:title\" content=\"DE BEIEFRITZ \u2013 Pochette cadeau \u00ab P\u00e8re No\u00ebl - De Beiefritz\" \/>\n\t\t<meta name=\"twitter:description\" content=\"Dimensions (L x l x P) : env. 32 x 26 x 10 cm Le sac cadeau &quot;P\u00e8re No\u00ebl&quot; est la solution d&#039;emballage parfaite pour pr\u00e9senter vos cadeaux de No\u00ebl avec style. Ce sac cadeau de qualit\u00e9 sup\u00e9rieure est d\u00e9cor\u00e9 d&#039;un design festif qui refl\u00e8te parfaitement l&#039;ambiance festive des f\u00eates de fin d&#039;ann\u00e9e. Fabriqu\u00e9 en\" \/>\n\t\t<script type=\"application\/ld+json\" class=\"aioseo-schema\">\n\t\t\t{\"@context\":\"https:\\\/\\\/schema.org\",\"@graph\":[{\"@type\":\"BreadcrumbList\",\"@id\":\"https:\\\/\\\/beiefritz.lu\\\/fr\\\/produkt\\\/de-beiefritz-pochette-cadeau-pere-noel\\\/#breadcrumblist\",\"itemListElement\":[{\"@type\":\"ListItem\",\"@id\":\"https:\\\/\\\/beiefritz.lu\\\/fr\\\/#listItem\",\"position\":1,\"name\":\"Home\",\"item\":\"https:\\\/\\\/beiefritz.lu\\\/fr\\\/\",\"nextItem\":{\"@type\":\"ListItem\",\"@id\":\"https:\\\/\\\/beiefritz.lu\\\/?page_id=6272#listItem\",\"name\":\"Priv\\u00e9\\u00a0: shop2\"}},{\"@type\":\"ListItem\",\"@id\":\"https:\\\/\\\/beiefritz.lu\\\/?page_id=6272#listItem\",\"position\":2,\"name\":\"Priv\\u00e9\\u00a0: shop2\",\"item\":\"https:\\\/\\\/beiefritz.lu\\\/?page_id=6272\",\"nextItem\":{\"@type\":\"ListItem\",\"@id\":\"https:\\\/\\\/beiefritz.lu\\\/fr\\\/cat\\u00e9gories-de-produits\\\/pochettes-cadeaux\\\/#listItem\",\"name\":\"Pochettes cadeaux\"},\"previousItem\":{\"@type\":\"ListItem\",\"@id\":\"https:\\\/\\\/beiefritz.lu\\\/fr\\\/#listItem\",\"name\":\"Home\"}},{\"@type\":\"ListItem\",\"@id\":\"https:\\\/\\\/beiefritz.lu\\\/fr\\\/cat\\u00e9gories-de-produits\\\/pochettes-cadeaux\\\/#listItem\",\"position\":3,\"name\":\"Pochettes cadeaux\",\"item\":\"https:\\\/\\\/beiefritz.lu\\\/fr\\\/cat\\u00e9gories-de-produits\\\/pochettes-cadeaux\\\/\",\"nextItem\":{\"@type\":\"ListItem\",\"@id\":\"https:\\\/\\\/beiefritz.lu\\\/fr\\\/produkt\\\/de-beiefritz-pochette-cadeau-pere-noel\\\/#listItem\",\"name\":\"DE BEIEFRITZ &#8211; Pochette cadeau \\u00ab\\u00a0P\\u00e8re No\\u00ebl\"},\"previousItem\":{\"@type\":\"ListItem\",\"@id\":\"https:\\\/\\\/beiefritz.lu\\\/?page_id=6272#listItem\",\"name\":\"Priv\\u00e9\\u00a0: shop2\"}},{\"@type\":\"ListItem\",\"@id\":\"https:\\\/\\\/beiefritz.lu\\\/fr\\\/produkt\\\/de-beiefritz-pochette-cadeau-pere-noel\\\/#listItem\",\"position\":4,\"name\":\"DE BEIEFRITZ &#8211; Pochette cadeau \\u00ab\\u00a0P\\u00e8re No\\u00ebl\",\"previousItem\":{\"@type\":\"ListItem\",\"@id\":\"https:\\\/\\\/beiefritz.lu\\\/fr\\\/cat\\u00e9gories-de-produits\\\/pochettes-cadeaux\\\/#listItem\",\"name\":\"Pochettes cadeaux\"}}]},{\"@type\":\"ItemPage\",\"@id\":\"https:\\\/\\\/beiefritz.lu\\\/fr\\\/produkt\\\/de-beiefritz-pochette-cadeau-pere-noel\\\/#itempage\",\"url\":\"https:\\\/\\\/beiefritz.lu\\\/fr\\\/produkt\\\/de-beiefritz-pochette-cadeau-pere-noel\\\/\",\"name\":\"DE BEIEFRITZ \\u2013 Pochette cadeau \\u00ab P\\u00e8re No\\u00ebl - De Beiefritz\",\"description\":\"Dimensions (L x l x P) : env. 32 x 26 x 10 cm Le sac cadeau \\\"P\\u00e8re No\\u00ebl\\\" est la solution d'emballage parfaite pour pr\\u00e9senter vos cadeaux de No\\u00ebl avec style. Ce sac cadeau de qualit\\u00e9 sup\\u00e9rieure est d\\u00e9cor\\u00e9 d'un design festif qui refl\\u00e8te parfaitement l'ambiance festive des f\\u00eates de fin d'ann\\u00e9e. Fabriqu\\u00e9 en\",\"inLanguage\":\"fr-FR\",\"isPartOf\":{\"@id\":\"https:\\\/\\\/beiefritz.lu\\\/fr\\\/#website\"},\"breadcrumb\":{\"@id\":\"https:\\\/\\\/beiefritz.lu\\\/fr\\\/produkt\\\/de-beiefritz-pochette-cadeau-pere-noel\\\/#breadcrumblist\"},\"image\":{\"@type\":\"ImageObject\",\"url\":\"https:\\\/\\\/beiefritz.lu\\\/wp-content\\\/uploads\\\/2024\\\/03\\\/tempImagesr0TT0.jpg\",\"@id\":\"https:\\\/\\\/beiefritz.lu\\\/fr\\\/produkt\\\/de-beiefritz-pochette-cadeau-pere-noel\\\/#mainImage\",\"width\":1080,\"height\":1080},\"primaryImageOfPage\":{\"@id\":\"https:\\\/\\\/beiefritz.lu\\\/fr\\\/produkt\\\/de-beiefritz-pochette-cadeau-pere-noel\\\/#mainImage\"},\"datePublished\":\"2025-09-08T20:11:45+02:00\",\"dateModified\":\"2025-09-08T20:11:47+02:00\"},{\"@type\":\"Organization\",\"@id\":\"https:\\\/\\\/beiefritz.lu\\\/fr\\\/#organization\",\"name\":\"De Beiefritz\",\"description\":\"Miel, Goutte de miel, bi\\u00e8re au miel et autres produits de la ruche\",\"url\":\"https:\\\/\\\/beiefritz.lu\\\/fr\\\/\",\"sameAs\":[\"https:\\\/\\\/www.facebook.com\\\/beiefritz\",\"https:\\\/\\\/www.instagram.com\\\/beiefritz\"]},{\"@type\":\"WebSite\",\"@id\":\"https:\\\/\\\/beiefritz.lu\\\/fr\\\/#website\",\"url\":\"https:\\\/\\\/beiefritz.lu\\\/fr\\\/\",\"name\":\"De Beiefritz\",\"description\":\"Miel, Goutte de miel, bi\\u00e8re au miel et autres produits de la ruche\",\"inLanguage\":\"fr-FR\",\"publisher\":{\"@id\":\"https:\\\/\\\/beiefritz.lu\\\/fr\\\/#organization\"}}]}\n\t\t<\/script>\n\t\t<!-- All in One SEO -->\n\n","aioseo_head_json":{"title":"DE BEIEFRITZ \u2013 Pochette cadeau \u00ab P\u00e8re No\u00ebl - De Beiefritz","description":"Dimensions (L x l x P) : env. 32 x 26 x 10 cm Le sac cadeau \"P\u00e8re No\u00ebl\" est la solution d'emballage parfaite pour pr\u00e9senter vos cadeaux de No\u00ebl avec style. Ce sac cadeau de qualit\u00e9 sup\u00e9rieure est d\u00e9cor\u00e9 d'un design festif qui refl\u00e8te parfaitement l'ambiance festive des f\u00eates de fin d'ann\u00e9e. Fabriqu\u00e9 en","canonical_url":"https:\/\/beiefritz.lu\/fr\/produkt\/de-beiefritz-pochette-cadeau-pere-noel\/","robots":"max-image-preview:large","keywords":"","webmasterTools":{"miscellaneous":""},"schema":{"@context":"https:\/\/schema.org","@graph":[{"@type":"BreadcrumbList","@id":"https:\/\/beiefritz.lu\/fr\/produkt\/de-beiefritz-pochette-cadeau-pere-noel\/#breadcrumblist","itemListElement":[{"@type":"ListItem","@id":"https:\/\/beiefritz.lu\/fr\/#listItem","position":1,"name":"Home","item":"https:\/\/beiefritz.lu\/fr\/","nextItem":{"@type":"ListItem","@id":"https:\/\/beiefritz.lu\/?page_id=6272#listItem","name":"Priv\u00e9\u00a0: shop2"}},{"@type":"ListItem","@id":"https:\/\/beiefritz.lu\/?page_id=6272#listItem","position":2,"name":"Priv\u00e9\u00a0: shop2","item":"https:\/\/beiefritz.lu\/?page_id=6272","nextItem":{"@type":"ListItem","@id":"https:\/\/beiefritz.lu\/fr\/cat\u00e9gories-de-produits\/pochettes-cadeaux\/#listItem","name":"Pochettes cadeaux"},"previousItem":{"@type":"ListItem","@id":"https:\/\/beiefritz.lu\/fr\/#listItem","name":"Home"}},{"@type":"ListItem","@id":"https:\/\/beiefritz.lu\/fr\/cat\u00e9gories-de-produits\/pochettes-cadeaux\/#listItem","position":3,"name":"Pochettes cadeaux","item":"https:\/\/beiefritz.lu\/fr\/cat\u00e9gories-de-produits\/pochettes-cadeaux\/","nextItem":{"@type":"ListItem","@id":"https:\/\/beiefritz.lu\/fr\/produkt\/de-beiefritz-pochette-cadeau-pere-noel\/#listItem","name":"DE BEIEFRITZ &#8211; Pochette cadeau \u00ab\u00a0P\u00e8re No\u00ebl"},"previousItem":{"@type":"ListItem","@id":"https:\/\/beiefritz.lu\/?page_id=6272#listItem","name":"Priv\u00e9\u00a0: shop2"}},{"@type":"ListItem","@id":"https:\/\/beiefritz.lu\/fr\/produkt\/de-beiefritz-pochette-cadeau-pere-noel\/#listItem","position":4,"name":"DE BEIEFRITZ &#8211; Pochette cadeau \u00ab\u00a0P\u00e8re No\u00ebl","previousItem":{"@type":"ListItem","@id":"https:\/\/beiefritz.lu\/fr\/cat\u00e9gories-de-produits\/pochettes-cadeaux\/#listItem","name":"Pochettes cadeaux"}}]},{"@type":"ItemPage","@id":"https:\/\/beiefritz.lu\/fr\/produkt\/de-beiefritz-pochette-cadeau-pere-noel\/#itempage","url":"https:\/\/beiefritz.lu\/fr\/produkt\/de-beiefritz-pochette-cadeau-pere-noel\/","name":"DE BEIEFRITZ \u2013 Pochette cadeau \u00ab P\u00e8re No\u00ebl - De Beiefritz","description":"Dimensions (L x l x P) : env. 32 x 26 x 10 cm Le sac cadeau \"P\u00e8re No\u00ebl\" est la solution d'emballage parfaite pour pr\u00e9senter vos cadeaux de No\u00ebl avec style. Ce sac cadeau de qualit\u00e9 sup\u00e9rieure est d\u00e9cor\u00e9 d'un design festif qui refl\u00e8te parfaitement l'ambiance festive des f\u00eates de fin d'ann\u00e9e. Fabriqu\u00e9 en","inLanguage":"fr-FR","isPartOf":{"@id":"https:\/\/beiefritz.lu\/fr\/#website"},"breadcrumb":{"@id":"https:\/\/beiefritz.lu\/fr\/produkt\/de-beiefritz-pochette-cadeau-pere-noel\/#breadcrumblist"},"image":{"@type":"ImageObject","url":"https:\/\/beiefritz.lu\/wp-content\/uploads\/2024\/03\/tempImagesr0TT0.jpg","@id":"https:\/\/beiefritz.lu\/fr\/produkt\/de-beiefritz-pochette-cadeau-pere-noel\/#mainImage","width":1080,"height":1080},"primaryImageOfPage":{"@id":"https:\/\/beiefritz.lu\/fr\/produkt\/de-beiefritz-pochette-cadeau-pere-noel\/#mainImage"},"datePublished":"2025-09-08T20:11:45+02:00","dateModified":"2025-09-08T20:11:47+02:00"},{"@type":"Organization","@id":"https:\/\/beiefritz.lu\/fr\/#organization","name":"De Beiefritz","description":"Miel, Goutte de miel, bi\u00e8re au miel et autres produits de la ruche","url":"https:\/\/beiefritz.lu\/fr\/","sameAs":["https:\/\/www.facebook.com\/beiefritz","https:\/\/www.instagram.com\/beiefritz"]},{"@type":"WebSite","@id":"https:\/\/beiefritz.lu\/fr\/#website","url":"https:\/\/beiefritz.lu\/fr\/","name":"De Beiefritz","description":"Miel, Goutte de miel, bi\u00e8re au miel et autres produits de la ruche","inLanguage":"fr-FR","publisher":{"@id":"https:\/\/beiefritz.lu\/fr\/#organization"}}]},"og:locale":"fr_FR","og:site_name":"De Beiefritz - Miel, Goutte de miel, bi\u00e8re au miel et autres produits de la ruche","og:type":"article","og:title":"DE BEIEFRITZ \u2013 Pochette cadeau \u00ab P\u00e8re No\u00ebl - De Beiefritz","og:description":"Dimensions (L x l x P) : env. 32 x 26 x 10 cm Le sac cadeau &quot;P\u00e8re No\u00ebl&quot; est la solution d'emballage parfaite pour pr\u00e9senter vos cadeaux de No\u00ebl avec style. Ce sac cadeau de qualit\u00e9 sup\u00e9rieure est d\u00e9cor\u00e9 d'un design festif qui refl\u00e8te parfaitement l'ambiance festive des f\u00eates de fin d'ann\u00e9e. Fabriqu\u00e9 en","og:url":"https:\/\/beiefritz.lu\/fr\/produkt\/de-beiefritz-pochette-cadeau-pere-noel\/","article:published_time":"2025-09-08T18:11:45+00:00","article:modified_time":"2025-09-08T18:11:47+00:00","article:publisher":"https:\/\/www.facebook.com\/beiefritz","twitter:card":"summary_large_image","twitter:title":"DE BEIEFRITZ \u2013 Pochette cadeau \u00ab P\u00e8re No\u00ebl - De Beiefritz","twitter:description":"Dimensions (L x l x P) : env. 32 x 26 x 10 cm Le sac cadeau &quot;P\u00e8re No\u00ebl&quot; est la solution d'emballage parfaite pour pr\u00e9senter vos cadeaux de No\u00ebl avec style. Ce sac cadeau de qualit\u00e9 sup\u00e9rieure est d\u00e9cor\u00e9 d'un design festif qui refl\u00e8te parfaitement l'ambiance festive des f\u00eates de fin d'ann\u00e9e. Fabriqu\u00e9 en"},"aioseo_meta_data":{"post_id":"16258","title":null,"description":null,"keywords":null,"keyphrases":null,"primary_term":null,"canonical_url":null,"og_title":null,"og_description":null,"og_object_type":"default","og_image_type":"default","og_image_url":null,"og_image_width":null,"og_image_height":null,"og_image_custom_url":null,"og_image_custom_fields":null,"og_video":null,"og_custom_url":null,"og_article_section":null,"og_article_tags":null,"twitter_use_og":false,"twitter_card":"default","twitter_image_type":"default","twitter_image_url":null,"twitter_image_custom_url":null,"twitter_image_custom_fields":null,"twitter_title":null,"twitter_description":null,"schema":{"blockGraphs":[],"customGraphs":[],"default":{"data":{"Article":[],"Course":[],"Dataset":[],"FAQPage":[],"Movie":[],"Person":[],"Product":[],"ProductReview":[],"Car":[],"Recipe":[],"Service":[],"SoftwareApplication":[],"WebPage":[]},"graphName":"","isEnabled":true},"graphs":[]},"schema_type":"default","schema_type_options":null,"pillar_content":false,"robots_default":true,"robots_noindex":false,"robots_noarchive":false,"robots_nosnippet":false,"robots_nofollow":false,"robots_noimageindex":false,"robots_noodp":false,"robots_notranslate":false,"robots_max_snippet":null,"robots_max_videopreview":null,"robots_max_imagepreview":"large","priority":null,"frequency":null,"local_seo":null,"breadcrumb_settings":null,"limit_modified_date":false,"ai":null,"created":"2025-01-12 11:04:03","updated":"2025-09-08 18:22:54","focus_keyword":null,"additional_keywords":null,"truseo_locale":null,"seo_analyzer_scan_date":null},"aioseo_breadcrumb":"<div class=\"aioseo-breadcrumbs\"><span class=\"aioseo-breadcrumb\">\n\t\t\t<a href=\"https:\/\/beiefritz.lu\/fr\/\" title=\"Home\">Home<\/a>\n\t\t<\/span><span class=\"aioseo-breadcrumb-separator\">&raquo;<\/span><span class=\"aioseo-breadcrumb\">\n\t\t\t<a href=\"https:\/\/beiefritz.lu\/?page_id=6272\" title=\"Priv\u00e9 : shop2\">Priv\u00e9 : shop2<\/a>\n\t\t<\/span><span class=\"aioseo-breadcrumb-separator\">&raquo;<\/span><span class=\"aioseo-breadcrumb\">\n\t\t\t<a href=\"https:\/\/beiefritz.lu\/fr\/cat\u00e9gories-de-produits\/pochettes-cadeaux\/\" title=\"Pochettes cadeaux\">Pochettes cadeaux<\/a>\n\t\t<\/span><span class=\"aioseo-breadcrumb-separator\">&raquo;<\/span><span class=\"aioseo-breadcrumb\">\n\t\t\tDE BEIEFRITZ \u2013 Pochette cadeau \u00ab P\u00e8re No\u00ebl\n\t\t<\/span><\/div>","aioseo_breadcrumb_json":[{"label":"Home","link":"https:\/\/beiefritz.lu\/fr\/"},{"label":"Priv\u00e9\u00a0: shop2","link":"https:\/\/beiefritz.lu\/?page_id=6272"},{"label":"Pochettes cadeaux","link":"https:\/\/beiefritz.lu\/fr\/cat\u00e9gories-de-produits\/pochettes-cadeaux\/"},{"label":"DE BEIEFRITZ &#8211; Pochette cadeau \u00ab\u00a0P\u00e8re No\u00ebl","link":"https:\/\/beiefritz.lu\/fr\/produkt\/de-beiefritz-pochette-cadeau-pere-noel\/"}],"_links":{"self":[{"href":"https:\/\/beiefritz.lu\/fr\/wp-json\/wp\/v2\/product\/16258","targetHints":{"allow":["GET"]}}],"collection":[{"href":"https:\/\/beiefritz.lu\/fr\/wp-json\/wp\/v2\/product"}],"about":[{"href":"https:\/\/beiefritz.lu\/fr\/wp-json\/wp\/v2\/types\/product"}],"replies":[{"embeddable":true,"href":"https:\/\/beiefritz.lu\/fr\/wp-json\/wp\/v2\/comments?post=16258"}],"wp:featuredmedia":[{"embeddable":true,"href":"https:\/\/beiefritz.lu\/fr\/wp-json\/wp\/v2\/media\/16246"}],"wp:attachment":[{"href":"https:\/\/beiefritz.lu\/fr\/wp-json\/wp\/v2\/media?parent=16258"}],"wp:term":[{"taxonomy":"product_brand","embeddable":true,"href":"https:\/\/beiefritz.lu\/fr\/wp-json\/wp\/v2\/product_brand?post=16258"},{"taxonomy":"product_cat","embeddable":true,"href":"https:\/\/beiefritz.lu\/fr\/wp-json\/wp\/v2\/product_cat?post=16258"},{"taxonomy":"product_tag","embeddable":true,"href":"https:\/\/beiefritz.lu\/fr\/wp-json\/wp\/v2\/product_tag?post=16258"}],"curies":[{"name":"wp","href":"https:\/\/api.w.org\/{rel}","templated":true}]}}