{"id":17748,"date":"2025-09-08T20:12:10","date_gmt":"2025-09-08T18:12:10","guid":{"rendered":"https:\/\/www.beiefritz.lu\/produkt\/dudel-magie-fusilli-a-lepeautre-bio-250g\/"},"modified":"2025-09-08T20:12:12","modified_gmt":"2025-09-08T18:12:12","slug":"dudel-magie-fusilli-a-lepeautre-bio-250g","status":"publish","type":"product","link":"https:\/\/beiefritz.lu\/fr\/produkt\/dudel-magie-fusilli-a-lepeautre-bio-250g\/","title":{"rendered":"DUDEL-MAGIE &#8211; Fusilli \u00e0 l&rsquo;\u00e9peautre bio 250g"},"content":{"rendered":"<p>Ces fusilli \u00e0 l&rsquo;\u00e9peautre de Dudel-Magie sont fabriqu\u00e9s au Luxembourg selon une m\u00e9thode traditionnelle et avec un grand souci du d\u00e9tail. Gr\u00e2ce \u00e0 la semoule d&rsquo;\u00e9peautre biologique et \u00e0 la haute teneur en \u0153ufs frais (23%), ils s\u00e9duisent par leur qualit\u00e9 sup\u00e9rieure, leur go\u00fbt plein et leur temps de cuisson agr\u00e9ablement court. <\/p>\n<p><strong>Caract\u00e9ristiques du produit<\/strong><\/p>\n<ul>\n<li><strong>Qualit\u00e9 biologique<\/strong>: Fabriqu\u00e9 \u00e0 partir de semoule d&rsquo;\u00e9peautre biologique contr\u00f4l\u00e9e.<\/li>\n<li><strong>Origine r\u00e9gionale<\/strong>: produit au Luxembourg dans la propre ferme biologique de la marque Dudel-Magie.<\/li>\n<li><strong>Avec des \u0153ufs frais<\/strong>: contient 23 % d&rsquo;\u0153ufs issus de notre propre agriculture durable.<\/li>\n<li><strong>\u00c9quitable &amp; durable<\/strong>: l&rsquo;objectif est de r\u00e9duire au maximum l&#8217;empreinte carbone\u2082 ; tous les ingr\u00e9dients proviennent de la r\u00e9gion ou de notre propre ferme.<\/li>\n<\/ul>\n<p><strong>Ingr\u00e9dients<\/strong><br \/>\nSemoule d&rsquo;\u00e9peautre* (issue de l&rsquo;agriculture biologique), 23 % \u0152uf*<br \/>\n(*issu de l&rsquo;agriculture biologique)<\/p>\n<p><strong>Valeurs nutritionnelles pour 100 g<\/strong><\/p>\n<ul>\n<li>\u00c9nergie : 1 563 kJ \/ 369 kcal<\/li>\n<li>Prot\u00e9ines : 14 g<\/li>\n<li>Glucides : 66 g<\/li>\n<li>Mati\u00e8res grasses : 4 g<\/li>\n<li>Sel : &lt;1 g<\/li>\n<\/ul>\n<p>(Allerg\u00e8nes : gluten, \u0153uf) <strong>Recommandation de pr\u00e9paration<\/strong><br \/>\nFaites cuire les fusilli dans une quantit\u00e9 suffisante d&rsquo;eau sal\u00e9e pendant environ 4 \u00e0 5 minutes. Ensuite, \u00e9gouttez-les et servez-les avec une sauce ou une garniture, selon votre choix. <strong>Conclusion<\/strong><br \/>\nAvec les fusilli \u00e0 l&rsquo;\u00e9peautre de Dudel-Magie, vous mettez un peu de Luxembourg dans votre assiette. Gr\u00e2ce aux ingr\u00e9dients biologiques, aux \u0153ufs frais et \u00e0 la qualit\u00e9 sup\u00e9rieure, ils sont non seulement d\u00e9licieux, mais ils valent aussi la peine de se donner bonne conscience. Id\u00e9al pour tous ceux qui attachent de l&rsquo;importance \u00e0 la r\u00e9gion et au d\u00e9veloppement durable &#8211; et bien s\u00fbr pour les amateurs de p\u00e2tes !<\/p>\n","protected":false},"excerpt":{"rendered":"<p>Ces fusilli \u00e0 l&rsquo;\u00e9peautre de Dudel-Magie sont fabriqu\u00e9s au Luxembourg selon une m\u00e9thode traditionnelle et avec un grand souci du d\u00e9tail. Gr\u00e2ce \u00e0 la semoule d&rsquo;\u00e9peautre biologique et \u00e0 la haute teneur en \u0153ufs frais (23%), ils s\u00e9duisent par leur qualit\u00e9 sup\u00e9rieure, leur go\u00fbt plein et leur temps de cuisson agr\u00e9ablement court. <\/p>\n","protected":false},"featured_media":17751,"comment_status":"open","ping_status":"closed","template":"","meta":[],"product_brand":[],"product_cat":[656,257,665],"product_tag":[],"class_list":["post-17748","product","type-product","status-publish","has-post-thumbnail","product_cat-bio-fr","product_cat-nouveau","product_cat-regional","first","instock","taxable","shipping-taxable","purchasable","product-type-simple"],"aioseo_notices":[],"aioseo_head":"\n\t\t<!-- All in One SEO 5.0.1.1 - aioseo.com -->\n\t<meta name=\"description\" content=\"Ces fusilli \u00e0 l&#039;\u00e9peautre de Dudel-Magie sont fabriqu\u00e9s au Luxembourg selon une m\u00e9thode traditionnelle et avec un grand souci du d\u00e9tail. Gr\u00e2ce \u00e0 la semoule d&#039;\u00e9peautre biologique et \u00e0 la haute teneur en \u0153ufs frais (23%), ils s\u00e9duisent par leur qualit\u00e9 sup\u00e9rieure, leur go\u00fbt plein et leur temps de cuisson agr\u00e9ablement court.\" \/>\n\t<meta name=\"robots\" content=\"max-image-preview:large\" \/>\n\t<link rel=\"canonical\" href=\"https:\/\/beiefritz.lu\/fr\/produkt\/dudel-magie-fusilli-a-lepeautre-bio-250g\/\" \/>\n\t<meta name=\"generator\" content=\"All in One SEO (AIOSEO) 5.0.1.1\" \/>\n\t\t<meta property=\"og:locale\" content=\"fr_FR\" \/>\n\t\t<meta property=\"og:site_name\" content=\"De Beiefritz - Miel, Goutte de miel, bi\u00e8re au miel et autres produits de la ruche\" \/>\n\t\t<meta property=\"og:type\" content=\"article\" \/>\n\t\t<meta property=\"og:title\" content=\"DUDEL-MAGIE \u2013 Fusilli \u00e0 l\u2019\u00e9peautre bio 250g - De Beiefritz\" \/>\n\t\t<meta property=\"og:description\" content=\"Ces fusilli \u00e0 l&#039;\u00e9peautre de Dudel-Magie sont fabriqu\u00e9s au Luxembourg selon une m\u00e9thode traditionnelle et avec un grand souci du d\u00e9tail. Gr\u00e2ce \u00e0 la semoule d&#039;\u00e9peautre biologique et \u00e0 la haute teneur en \u0153ufs frais (23%), ils s\u00e9duisent par leur qualit\u00e9 sup\u00e9rieure, leur go\u00fbt plein et leur temps de cuisson agr\u00e9ablement court.\" \/>\n\t\t<meta property=\"og:url\" content=\"https:\/\/beiefritz.lu\/fr\/produkt\/dudel-magie-fusilli-a-lepeautre-bio-250g\/\" \/>\n\t\t<meta property=\"article:published_time\" content=\"2025-09-08T18:12:10+00:00\" \/>\n\t\t<meta property=\"article:modified_time\" content=\"2025-09-08T18:12:12+00:00\" \/>\n\t\t<meta property=\"article:publisher\" content=\"https:\/\/www.facebook.com\/beiefritz\" \/>\n\t\t<meta name=\"twitter:card\" content=\"summary_large_image\" \/>\n\t\t<meta name=\"twitter:title\" content=\"DUDEL-MAGIE \u2013 Fusilli \u00e0 l\u2019\u00e9peautre bio 250g - De Beiefritz\" \/>\n\t\t<meta name=\"twitter:description\" content=\"Ces fusilli \u00e0 l&#039;\u00e9peautre de Dudel-Magie sont fabriqu\u00e9s au Luxembourg selon une m\u00e9thode traditionnelle et avec un grand souci du d\u00e9tail. Gr\u00e2ce \u00e0 la semoule d&#039;\u00e9peautre biologique et \u00e0 la haute teneur en \u0153ufs frais (23%), ils s\u00e9duisent par leur qualit\u00e9 sup\u00e9rieure, leur go\u00fbt plein et leur temps de cuisson agr\u00e9ablement court.\" \/>\n\t\t<script type=\"application\/ld+json\" class=\"aioseo-schema\">\n\t\t\t{\"@context\":\"https:\\\/\\\/schema.org\",\"@graph\":[{\"@type\":\"BreadcrumbList\",\"@id\":\"https:\\\/\\\/beiefritz.lu\\\/fr\\\/produkt\\\/dudel-magie-fusilli-a-lepeautre-bio-250g\\\/#breadcrumblist\",\"itemListElement\":[{\"@type\":\"ListItem\",\"@id\":\"https:\\\/\\\/beiefritz.lu\\\/fr\\\/#listItem\",\"position\":1,\"name\":\"Home\",\"item\":\"https:\\\/\\\/beiefritz.lu\\\/fr\\\/\",\"nextItem\":{\"@type\":\"ListItem\",\"@id\":\"https:\\\/\\\/beiefritz.lu\\\/?page_id=6272#listItem\",\"name\":\"Priv\\u00e9\\u00a0: shop2\"}},{\"@type\":\"ListItem\",\"@id\":\"https:\\\/\\\/beiefritz.lu\\\/?page_id=6272#listItem\",\"position\":2,\"name\":\"Priv\\u00e9\\u00a0: shop2\",\"item\":\"https:\\\/\\\/beiefritz.lu\\\/?page_id=6272\",\"nextItem\":{\"@type\":\"ListItem\",\"@id\":\"https:\\\/\\\/beiefritz.lu\\\/fr\\\/cat\\u00e9gories-de-produits\\\/nouveau\\\/#listItem\",\"name\":\"Nouveaut\\u00e9s\"},\"previousItem\":{\"@type\":\"ListItem\",\"@id\":\"https:\\\/\\\/beiefritz.lu\\\/fr\\\/#listItem\",\"name\":\"Home\"}},{\"@type\":\"ListItem\",\"@id\":\"https:\\\/\\\/beiefritz.lu\\\/fr\\\/cat\\u00e9gories-de-produits\\\/nouveau\\\/#listItem\",\"position\":3,\"name\":\"Nouveaut\\u00e9s\",\"item\":\"https:\\\/\\\/beiefritz.lu\\\/fr\\\/cat\\u00e9gories-de-produits\\\/nouveau\\\/\",\"nextItem\":{\"@type\":\"ListItem\",\"@id\":\"https:\\\/\\\/beiefritz.lu\\\/fr\\\/produkt\\\/dudel-magie-fusilli-a-lepeautre-bio-250g\\\/#listItem\",\"name\":\"DUDEL-MAGIE &#8211; Fusilli \\u00e0 l&rsquo;\\u00e9peautre bio 250g\"},\"previousItem\":{\"@type\":\"ListItem\",\"@id\":\"https:\\\/\\\/beiefritz.lu\\\/?page_id=6272#listItem\",\"name\":\"Priv\\u00e9\\u00a0: shop2\"}},{\"@type\":\"ListItem\",\"@id\":\"https:\\\/\\\/beiefritz.lu\\\/fr\\\/produkt\\\/dudel-magie-fusilli-a-lepeautre-bio-250g\\\/#listItem\",\"position\":4,\"name\":\"DUDEL-MAGIE &#8211; Fusilli \\u00e0 l&rsquo;\\u00e9peautre bio 250g\",\"previousItem\":{\"@type\":\"ListItem\",\"@id\":\"https:\\\/\\\/beiefritz.lu\\\/fr\\\/cat\\u00e9gories-de-produits\\\/nouveau\\\/#listItem\",\"name\":\"Nouveaut\\u00e9s\"}}]},{\"@type\":\"ItemPage\",\"@id\":\"https:\\\/\\\/beiefritz.lu\\\/fr\\\/produkt\\\/dudel-magie-fusilli-a-lepeautre-bio-250g\\\/#itempage\",\"url\":\"https:\\\/\\\/beiefritz.lu\\\/fr\\\/produkt\\\/dudel-magie-fusilli-a-lepeautre-bio-250g\\\/\",\"name\":\"DUDEL-MAGIE \\u2013 Fusilli \\u00e0 l\\u2019\\u00e9peautre bio 250g - De Beiefritz\",\"description\":\"Ces fusilli \\u00e0 l'\\u00e9peautre de Dudel-Magie sont fabriqu\\u00e9s au Luxembourg selon une m\\u00e9thode traditionnelle et avec un grand souci du d\\u00e9tail. Gr\\u00e2ce \\u00e0 la semoule d'\\u00e9peautre biologique et \\u00e0 la haute teneur en \\u0153ufs frais (23%), ils s\\u00e9duisent par leur qualit\\u00e9 sup\\u00e9rieure, leur go\\u00fbt plein et leur temps de cuisson agr\\u00e9ablement court.\",\"inLanguage\":\"fr-FR\",\"isPartOf\":{\"@id\":\"https:\\\/\\\/beiefritz.lu\\\/fr\\\/#website\"},\"breadcrumb\":{\"@id\":\"https:\\\/\\\/beiefritz.lu\\\/fr\\\/produkt\\\/dudel-magie-fusilli-a-lepeautre-bio-250g\\\/#breadcrumblist\"},\"image\":{\"@type\":\"ImageObject\",\"url\":\"https:\\\/\\\/beiefritz.lu\\\/wp-content\\\/uploads\\\/2024\\\/12\\\/Design-ohne-Titel-119.png\",\"@id\":\"https:\\\/\\\/beiefritz.lu\\\/fr\\\/produkt\\\/dudel-magie-fusilli-a-lepeautre-bio-250g\\\/#mainImage\",\"width\":1080,\"height\":1080},\"primaryImageOfPage\":{\"@id\":\"https:\\\/\\\/beiefritz.lu\\\/fr\\\/produkt\\\/dudel-magie-fusilli-a-lepeautre-bio-250g\\\/#mainImage\"},\"datePublished\":\"2025-09-08T20:12:10+02:00\",\"dateModified\":\"2025-09-08T20:12:12+02:00\"},{\"@type\":\"Organization\",\"@id\":\"https:\\\/\\\/beiefritz.lu\\\/fr\\\/#organization\",\"name\":\"De Beiefritz\",\"description\":\"Miel, Goutte de miel, bi\\u00e8re au miel et autres produits de la ruche\",\"url\":\"https:\\\/\\\/beiefritz.lu\\\/fr\\\/\",\"sameAs\":[\"https:\\\/\\\/www.facebook.com\\\/beiefritz\",\"https:\\\/\\\/www.instagram.com\\\/beiefritz\"]},{\"@type\":\"WebSite\",\"@id\":\"https:\\\/\\\/beiefritz.lu\\\/fr\\\/#website\",\"url\":\"https:\\\/\\\/beiefritz.lu\\\/fr\\\/\",\"name\":\"De Beiefritz\",\"description\":\"Miel, Goutte de miel, bi\\u00e8re au miel et autres produits de la ruche\",\"inLanguage\":\"fr-FR\",\"publisher\":{\"@id\":\"https:\\\/\\\/beiefritz.lu\\\/fr\\\/#organization\"}}]}\n\t\t<\/script>\n\t\t<!-- All in One SEO -->\n\n","aioseo_head_json":{"title":"DUDEL-MAGIE \u2013 Fusilli \u00e0 l\u2019\u00e9peautre bio 250g - De Beiefritz","description":"Ces fusilli \u00e0 l'\u00e9peautre de Dudel-Magie sont fabriqu\u00e9s au Luxembourg selon une m\u00e9thode traditionnelle et avec un grand souci du d\u00e9tail. Gr\u00e2ce \u00e0 la semoule d'\u00e9peautre biologique et \u00e0 la haute teneur en \u0153ufs frais (23%), ils s\u00e9duisent par leur qualit\u00e9 sup\u00e9rieure, leur go\u00fbt plein et leur temps de cuisson agr\u00e9ablement court.","canonical_url":"https:\/\/beiefritz.lu\/fr\/produkt\/dudel-magie-fusilli-a-lepeautre-bio-250g\/","robots":"max-image-preview:large","keywords":"","webmasterTools":{"miscellaneous":""},"schema":{"@context":"https:\/\/schema.org","@graph":[{"@type":"BreadcrumbList","@id":"https:\/\/beiefritz.lu\/fr\/produkt\/dudel-magie-fusilli-a-lepeautre-bio-250g\/#breadcrumblist","itemListElement":[{"@type":"ListItem","@id":"https:\/\/beiefritz.lu\/fr\/#listItem","position":1,"name":"Home","item":"https:\/\/beiefritz.lu\/fr\/","nextItem":{"@type":"ListItem","@id":"https:\/\/beiefritz.lu\/?page_id=6272#listItem","name":"Priv\u00e9\u00a0: shop2"}},{"@type":"ListItem","@id":"https:\/\/beiefritz.lu\/?page_id=6272#listItem","position":2,"name":"Priv\u00e9\u00a0: shop2","item":"https:\/\/beiefritz.lu\/?page_id=6272","nextItem":{"@type":"ListItem","@id":"https:\/\/beiefritz.lu\/fr\/cat\u00e9gories-de-produits\/nouveau\/#listItem","name":"Nouveaut\u00e9s"},"previousItem":{"@type":"ListItem","@id":"https:\/\/beiefritz.lu\/fr\/#listItem","name":"Home"}},{"@type":"ListItem","@id":"https:\/\/beiefritz.lu\/fr\/cat\u00e9gories-de-produits\/nouveau\/#listItem","position":3,"name":"Nouveaut\u00e9s","item":"https:\/\/beiefritz.lu\/fr\/cat\u00e9gories-de-produits\/nouveau\/","nextItem":{"@type":"ListItem","@id":"https:\/\/beiefritz.lu\/fr\/produkt\/dudel-magie-fusilli-a-lepeautre-bio-250g\/#listItem","name":"DUDEL-MAGIE &#8211; Fusilli \u00e0 l&rsquo;\u00e9peautre bio 250g"},"previousItem":{"@type":"ListItem","@id":"https:\/\/beiefritz.lu\/?page_id=6272#listItem","name":"Priv\u00e9\u00a0: shop2"}},{"@type":"ListItem","@id":"https:\/\/beiefritz.lu\/fr\/produkt\/dudel-magie-fusilli-a-lepeautre-bio-250g\/#listItem","position":4,"name":"DUDEL-MAGIE &#8211; Fusilli \u00e0 l&rsquo;\u00e9peautre bio 250g","previousItem":{"@type":"ListItem","@id":"https:\/\/beiefritz.lu\/fr\/cat\u00e9gories-de-produits\/nouveau\/#listItem","name":"Nouveaut\u00e9s"}}]},{"@type":"ItemPage","@id":"https:\/\/beiefritz.lu\/fr\/produkt\/dudel-magie-fusilli-a-lepeautre-bio-250g\/#itempage","url":"https:\/\/beiefritz.lu\/fr\/produkt\/dudel-magie-fusilli-a-lepeautre-bio-250g\/","name":"DUDEL-MAGIE \u2013 Fusilli \u00e0 l\u2019\u00e9peautre bio 250g - De Beiefritz","description":"Ces fusilli \u00e0 l'\u00e9peautre de Dudel-Magie sont fabriqu\u00e9s au Luxembourg selon une m\u00e9thode traditionnelle et avec un grand souci du d\u00e9tail. Gr\u00e2ce \u00e0 la semoule d'\u00e9peautre biologique et \u00e0 la haute teneur en \u0153ufs frais (23%), ils s\u00e9duisent par leur qualit\u00e9 sup\u00e9rieure, leur go\u00fbt plein et leur temps de cuisson agr\u00e9ablement court.","inLanguage":"fr-FR","isPartOf":{"@id":"https:\/\/beiefritz.lu\/fr\/#website"},"breadcrumb":{"@id":"https:\/\/beiefritz.lu\/fr\/produkt\/dudel-magie-fusilli-a-lepeautre-bio-250g\/#breadcrumblist"},"image":{"@type":"ImageObject","url":"https:\/\/beiefritz.lu\/wp-content\/uploads\/2024\/12\/Design-ohne-Titel-119.png","@id":"https:\/\/beiefritz.lu\/fr\/produkt\/dudel-magie-fusilli-a-lepeautre-bio-250g\/#mainImage","width":1080,"height":1080},"primaryImageOfPage":{"@id":"https:\/\/beiefritz.lu\/fr\/produkt\/dudel-magie-fusilli-a-lepeautre-bio-250g\/#mainImage"},"datePublished":"2025-09-08T20:12:10+02:00","dateModified":"2025-09-08T20:12:12+02:00"},{"@type":"Organization","@id":"https:\/\/beiefritz.lu\/fr\/#organization","name":"De Beiefritz","description":"Miel, Goutte de miel, bi\u00e8re au miel et autres produits de la ruche","url":"https:\/\/beiefritz.lu\/fr\/","sameAs":["https:\/\/www.facebook.com\/beiefritz","https:\/\/www.instagram.com\/beiefritz"]},{"@type":"WebSite","@id":"https:\/\/beiefritz.lu\/fr\/#website","url":"https:\/\/beiefritz.lu\/fr\/","name":"De Beiefritz","description":"Miel, Goutte de miel, bi\u00e8re au miel et autres produits de la ruche","inLanguage":"fr-FR","publisher":{"@id":"https:\/\/beiefritz.lu\/fr\/#organization"}}]},"og:locale":"fr_FR","og:site_name":"De Beiefritz - Miel, Goutte de miel, bi\u00e8re au miel et autres produits de la ruche","og:type":"article","og:title":"DUDEL-MAGIE \u2013 Fusilli \u00e0 l\u2019\u00e9peautre bio 250g - De Beiefritz","og:description":"Ces fusilli \u00e0 l'\u00e9peautre de Dudel-Magie sont fabriqu\u00e9s au Luxembourg selon une m\u00e9thode traditionnelle et avec un grand souci du d\u00e9tail. Gr\u00e2ce \u00e0 la semoule d'\u00e9peautre biologique et \u00e0 la haute teneur en \u0153ufs frais (23%), ils s\u00e9duisent par leur qualit\u00e9 sup\u00e9rieure, leur go\u00fbt plein et leur temps de cuisson agr\u00e9ablement court.","og:url":"https:\/\/beiefritz.lu\/fr\/produkt\/dudel-magie-fusilli-a-lepeautre-bio-250g\/","article:published_time":"2025-09-08T18:12:10+00:00","article:modified_time":"2025-09-08T18:12:12+00:00","article:publisher":"https:\/\/www.facebook.com\/beiefritz","twitter:card":"summary_large_image","twitter:title":"DUDEL-MAGIE \u2013 Fusilli \u00e0 l\u2019\u00e9peautre bio 250g - De Beiefritz","twitter:description":"Ces fusilli \u00e0 l'\u00e9peautre de Dudel-Magie sont fabriqu\u00e9s au Luxembourg selon une m\u00e9thode traditionnelle et avec un grand souci du d\u00e9tail. Gr\u00e2ce \u00e0 la semoule d'\u00e9peautre biologique et \u00e0 la haute teneur en \u0153ufs frais (23%), ils s\u00e9duisent par leur qualit\u00e9 sup\u00e9rieure, leur go\u00fbt plein et leur temps de cuisson agr\u00e9ablement court."},"aioseo_meta_data":{"post_id":"17748","title":null,"description":null,"keywords":null,"keyphrases":null,"primary_term":null,"canonical_url":null,"og_title":null,"og_description":null,"og_object_type":"default","og_image_type":"default","og_image_url":null,"og_image_width":null,"og_image_height":null,"og_image_custom_url":null,"og_image_custom_fields":null,"og_video":null,"og_custom_url":null,"og_article_section":null,"og_article_tags":null,"twitter_use_og":false,"twitter_card":"default","twitter_image_type":"default","twitter_image_url":null,"twitter_image_custom_url":null,"twitter_image_custom_fields":null,"twitter_title":null,"twitter_description":null,"schema":{"blockGraphs":[],"customGraphs":[],"default":{"data":{"Article":[],"Course":[],"Dataset":[],"FAQPage":[],"Movie":[],"Person":[],"Product":[],"ProductReview":[],"Car":[],"Recipe":[],"Service":[],"SoftwareApplication":[],"WebPage":[]},"graphName":"","isEnabled":true},"graphs":[]},"schema_type":"default","schema_type_options":null,"pillar_content":false,"robots_default":true,"robots_noindex":false,"robots_noarchive":false,"robots_nosnippet":false,"robots_nofollow":false,"robots_noimageindex":false,"robots_noodp":false,"robots_notranslate":false,"robots_max_snippet":null,"robots_max_videopreview":null,"robots_max_imagepreview":"large","priority":null,"frequency":null,"local_seo":null,"breadcrumb_settings":null,"limit_modified_date":false,"ai":null,"created":"2025-01-12 11:09:36","updated":"2025-09-08 18:26:41","focus_keyword":null,"additional_keywords":null,"truseo_locale":null,"seo_analyzer_scan_date":null},"aioseo_breadcrumb":"<div class=\"aioseo-breadcrumbs\"><span class=\"aioseo-breadcrumb\">\n\t\t\t<a href=\"https:\/\/beiefritz.lu\/fr\/\" title=\"Home\">Home<\/a>\n\t\t<\/span><span class=\"aioseo-breadcrumb-separator\">&raquo;<\/span><span class=\"aioseo-breadcrumb\">\n\t\t\t<a href=\"https:\/\/beiefritz.lu\/?page_id=6272\" title=\"Priv\u00e9 : shop2\">Priv\u00e9 : shop2<\/a>\n\t\t<\/span><span class=\"aioseo-breadcrumb-separator\">&raquo;<\/span><span class=\"aioseo-breadcrumb\">\n\t\t\t<a href=\"https:\/\/beiefritz.lu\/fr\/cat\u00e9gories-de-produits\/nouveau\/\" title=\"Nouveaut\u00e9s\">Nouveaut\u00e9s<\/a>\n\t\t<\/span><span class=\"aioseo-breadcrumb-separator\">&raquo;<\/span><span class=\"aioseo-breadcrumb\">\n\t\t\tDUDEL-MAGIE \u2013 Fusilli \u00e0 l\u2019\u00e9peautre bio 250g\n\t\t<\/span><\/div>","aioseo_breadcrumb_json":[{"label":"Home","link":"https:\/\/beiefritz.lu\/fr\/"},{"label":"Priv\u00e9\u00a0: shop2","link":"https:\/\/beiefritz.lu\/?page_id=6272"},{"label":"Nouveaut\u00e9s","link":"https:\/\/beiefritz.lu\/fr\/cat\u00e9gories-de-produits\/nouveau\/"},{"label":"DUDEL-MAGIE &#8211; Fusilli \u00e0 l&rsquo;\u00e9peautre bio 250g","link":"https:\/\/beiefritz.lu\/fr\/produkt\/dudel-magie-fusilli-a-lepeautre-bio-250g\/"}],"_links":{"self":[{"href":"https:\/\/beiefritz.lu\/fr\/wp-json\/wp\/v2\/product\/17748","targetHints":{"allow":["GET"]}}],"collection":[{"href":"https:\/\/beiefritz.lu\/fr\/wp-json\/wp\/v2\/product"}],"about":[{"href":"https:\/\/beiefritz.lu\/fr\/wp-json\/wp\/v2\/types\/product"}],"replies":[{"embeddable":true,"href":"https:\/\/beiefritz.lu\/fr\/wp-json\/wp\/v2\/comments?post=17748"}],"wp:featuredmedia":[{"embeddable":true,"href":"https:\/\/beiefritz.lu\/fr\/wp-json\/wp\/v2\/media\/17751"}],"wp:attachment":[{"href":"https:\/\/beiefritz.lu\/fr\/wp-json\/wp\/v2\/media?parent=17748"}],"wp:term":[{"taxonomy":"product_brand","embeddable":true,"href":"https:\/\/beiefritz.lu\/fr\/wp-json\/wp\/v2\/product_brand?post=17748"},{"taxonomy":"product_cat","embeddable":true,"href":"https:\/\/beiefritz.lu\/fr\/wp-json\/wp\/v2\/product_cat?post=17748"},{"taxonomy":"product_tag","embeddable":true,"href":"https:\/\/beiefritz.lu\/fr\/wp-json\/wp\/v2\/product_tag?post=17748"}],"curies":[{"name":"wp","href":"https:\/\/api.w.org\/{rel}","templated":true}]}}