{"id":19065,"date":"2025-08-12T23:49:36","date_gmt":"2025-08-12T21:49:36","guid":{"rendered":"https:\/\/beiefritz.lu\/produkt\/de-beiefritz-baume-a-levres-miello-nature\/"},"modified":"2026-08-24T22:55:18","modified_gmt":"2026-08-24T20:55:18","slug":"de-beiefritz-baume-a-levres-miello-nature","status":"publish","type":"product","link":"https:\/\/beiefritz.lu\/fr\/produkt\/de-beiefritz-baume-a-levres-miello-nature\/","title":{"rendered":"DE BEIEFRITZ &#8211; Baume \u00e0 l\u00e8vres MIELLO \u00ab\u00a0nature\u00a0\u00bb"},"content":{"rendered":"<p>Purement \u00e0 base d&rsquo;huiles v\u00e9g\u00e9tales et de cire d&rsquo;abeille.<br \/>\nSans parab\u00e8nes, parfums ou conservateurs &#8211; Non test\u00e9 sur les animaux<\/p>\n<ul>\n<li>cire d&rsquo;abeille<\/li>\n<li>huile de noix de coco*<\/li>\n<li>Huile de colza luxembourgeoise d&rsquo;Ourdaller<\/li>\n<li>beurre de karit\u00e9*<\/li>\n<li>Vitamine E<\/li>\n<\/ul>\n<p><span class=\"text_exposed_show\">*issu de l&rsquo;agriculture biologique contr\u00f4l\u00e9e<\/span><\/p>\n<p><strong>Ingr\u00e9dients (INCI):<\/strong><\/p>\n<ul>\n<li>Cera alba (cire d&rsquo;abeille)<\/li>\n<li>Huile de cocos nucifera (noix de coco)*<\/li>\n<li>Huile de graines de Brassica Napus (colza)<\/li>\n<li>Beurre de Butyrospermum Parkii (Karit\u00e9)*<\/li>\n<li>Tocoph\u00e9rol (Vitamine E)<\/li>\n<\/ul>\n<p>*issu de l&rsquo;agriculture biologique<\/p>\n","protected":false},"excerpt":{"rendered":"<p>Purement \u00e0 base d&rsquo;huiles v\u00e9g\u00e9tales et de cire d&rsquo;abeille. Sans parab\u00e8nes, parfums ou conservateurs &#8211; Non test\u00e9 sur les animaux cire d&rsquo;abeille huile de noix de coco* Huile de colza luxembourgeoise d&rsquo;Ourdaller beurre de karit\u00e9* Vitamine E *issu de l&rsquo;agriculture biologique contr\u00f4l\u00e9e Ingr\u00e9dients (INCI): Cera alba (cire d&rsquo;abeille) Huile de cocos nucifera (noix de coco)* [&#8230;]\n","protected":false},"featured_media":19171,"comment_status":"open","ping_status":"closed","template":"","meta":[],"product_brand":[],"product_cat":[588,525],"product_tag":[430],"class_list":["post-19065","product","type-product","status-publish","has-post-thumbnail","product_cat-de-beiefritz-fr","product_cat-soins-buccaux","product_tag-beiefritz-fr","first","instock","taxable","shipping-taxable","purchasable","product-type-simple"],"aioseo_notices":[],"aioseo_head":"\n\t\t<!-- All in One SEO 5.0.1.1 - aioseo.com -->\n\t<meta name=\"description\" content=\"Purement \u00e0 base d&#039;huiles v\u00e9g\u00e9tales et de cire d&#039;abeille. Sans parab\u00e8nes, parfums ou conservateurs - Non test\u00e9 sur les animaux cire d&#039;abeille huile de noix de coco* Huile de colza luxembourgeoise d&#039;Ourdaller beurre de karit\u00e9* Vitamine E *issu de l&#039;agriculture biologique contr\u00f4l\u00e9e Ingr\u00e9dients (INCI): Cera alba (cire d&#039;abeille) Huile de cocos nucifera (noix de coco)*\" \/>\n\t<meta name=\"robots\" content=\"max-image-preview:large\" \/>\n\t<link rel=\"canonical\" href=\"https:\/\/beiefritz.lu\/fr\/produkt\/de-beiefritz-baume-a-levres-miello-nature\/\" \/>\n\t<meta name=\"generator\" content=\"All in One SEO (AIOSEO) 5.0.1.1\" \/>\n\t\t<meta property=\"og:locale\" content=\"fr_FR\" \/>\n\t\t<meta property=\"og:site_name\" content=\"De Beiefritz - Miel, Goutte de miel, bi\u00e8re au miel et autres produits de la ruche\" \/>\n\t\t<meta property=\"og:type\" content=\"article\" \/>\n\t\t<meta property=\"og:title\" content=\"DE BEIEFRITZ \u2013 Baume \u00e0 l\u00e8vres MIELLO \u00ab nature \u00bb - De Beiefritz\" \/>\n\t\t<meta property=\"og:description\" content=\"Purement \u00e0 base d&#039;huiles v\u00e9g\u00e9tales et de cire d&#039;abeille. Sans parab\u00e8nes, parfums ou conservateurs - Non test\u00e9 sur les animaux cire d&#039;abeille huile de noix de coco* Huile de colza luxembourgeoise d&#039;Ourdaller beurre de karit\u00e9* Vitamine E *issu de l&#039;agriculture biologique contr\u00f4l\u00e9e Ingr\u00e9dients (INCI): Cera alba (cire d&#039;abeille) Huile de cocos nucifera (noix de coco)*\" \/>\n\t\t<meta property=\"og:url\" content=\"https:\/\/beiefritz.lu\/fr\/produkt\/de-beiefritz-baume-a-levres-miello-nature\/\" \/>\n\t\t<meta property=\"article:published_time\" content=\"2025-08-12T21:49:36+00:00\" \/>\n\t\t<meta property=\"article:modified_time\" content=\"2026-08-24T20:55:18+00:00\" \/>\n\t\t<meta property=\"article:publisher\" content=\"https:\/\/www.facebook.com\/beiefritz\" \/>\n\t\t<meta name=\"twitter:card\" content=\"summary_large_image\" \/>\n\t\t<meta name=\"twitter:title\" content=\"DE BEIEFRITZ \u2013 Baume \u00e0 l\u00e8vres MIELLO \u00ab nature \u00bb - De Beiefritz\" \/>\n\t\t<meta name=\"twitter:description\" content=\"Purement \u00e0 base d&#039;huiles v\u00e9g\u00e9tales et de cire d&#039;abeille. Sans parab\u00e8nes, parfums ou conservateurs - Non test\u00e9 sur les animaux cire d&#039;abeille huile de noix de coco* Huile de colza luxembourgeoise d&#039;Ourdaller beurre de karit\u00e9* Vitamine E *issu de l&#039;agriculture biologique contr\u00f4l\u00e9e Ingr\u00e9dients (INCI): Cera alba (cire d&#039;abeille) Huile de cocos nucifera (noix de coco)*\" \/>\n\t\t<script type=\"application\/ld+json\" class=\"aioseo-schema\">\n\t\t\t{\"@context\":\"https:\\\/\\\/schema.org\",\"@graph\":[{\"@type\":\"BreadcrumbList\",\"@id\":\"https:\\\/\\\/beiefritz.lu\\\/fr\\\/produkt\\\/de-beiefritz-baume-a-levres-miello-nature\\\/#breadcrumblist\",\"itemListElement\":[{\"@type\":\"ListItem\",\"@id\":\"https:\\\/\\\/beiefritz.lu\\\/fr\\\/#listItem\",\"position\":1,\"name\":\"Home\",\"item\":\"https:\\\/\\\/beiefritz.lu\\\/fr\\\/\",\"nextItem\":{\"@type\":\"ListItem\",\"@id\":\"https:\\\/\\\/beiefritz.lu\\\/?page_id=6272#listItem\",\"name\":\"Priv\\u00e9\\u00a0: shop2\"}},{\"@type\":\"ListItem\",\"@id\":\"https:\\\/\\\/beiefritz.lu\\\/?page_id=6272#listItem\",\"position\":2,\"name\":\"Priv\\u00e9\\u00a0: shop2\",\"item\":\"https:\\\/\\\/beiefritz.lu\\\/?page_id=6272\",\"nextItem\":{\"@type\":\"ListItem\",\"@id\":\"https:\\\/\\\/beiefritz.lu\\\/fr\\\/cat\\u00e9gories-de-produits\\\/soins-buccaux\\\/#listItem\",\"name\":\"Soins buccaux\"},\"previousItem\":{\"@type\":\"ListItem\",\"@id\":\"https:\\\/\\\/beiefritz.lu\\\/fr\\\/#listItem\",\"name\":\"Home\"}},{\"@type\":\"ListItem\",\"@id\":\"https:\\\/\\\/beiefritz.lu\\\/fr\\\/cat\\u00e9gories-de-produits\\\/soins-buccaux\\\/#listItem\",\"position\":3,\"name\":\"Soins buccaux\",\"item\":\"https:\\\/\\\/beiefritz.lu\\\/fr\\\/cat\\u00e9gories-de-produits\\\/soins-buccaux\\\/\",\"nextItem\":{\"@type\":\"ListItem\",\"@id\":\"https:\\\/\\\/beiefritz.lu\\\/fr\\\/produkt\\\/de-beiefritz-baume-a-levres-miello-nature\\\/#listItem\",\"name\":\"DE BEIEFRITZ &#8211; Baume \\u00e0 l\\u00e8vres MIELLO \\u00ab\\u00a0nature\\u00a0\\u00bb\"},\"previousItem\":{\"@type\":\"ListItem\",\"@id\":\"https:\\\/\\\/beiefritz.lu\\\/?page_id=6272#listItem\",\"name\":\"Priv\\u00e9\\u00a0: shop2\"}},{\"@type\":\"ListItem\",\"@id\":\"https:\\\/\\\/beiefritz.lu\\\/fr\\\/produkt\\\/de-beiefritz-baume-a-levres-miello-nature\\\/#listItem\",\"position\":4,\"name\":\"DE BEIEFRITZ &#8211; Baume \\u00e0 l\\u00e8vres MIELLO \\u00ab\\u00a0nature\\u00a0\\u00bb\",\"previousItem\":{\"@type\":\"ListItem\",\"@id\":\"https:\\\/\\\/beiefritz.lu\\\/fr\\\/cat\\u00e9gories-de-produits\\\/soins-buccaux\\\/#listItem\",\"name\":\"Soins buccaux\"}}]},{\"@type\":\"ItemPage\",\"@id\":\"https:\\\/\\\/beiefritz.lu\\\/fr\\\/produkt\\\/de-beiefritz-baume-a-levres-miello-nature\\\/#itempage\",\"url\":\"https:\\\/\\\/beiefritz.lu\\\/fr\\\/produkt\\\/de-beiefritz-baume-a-levres-miello-nature\\\/\",\"name\":\"DE BEIEFRITZ \\u2013 Baume \\u00e0 l\\u00e8vres MIELLO \\u00ab nature \\u00bb - De Beiefritz\",\"description\":\"Purement \\u00e0 base d'huiles v\\u00e9g\\u00e9tales et de cire d'abeille. Sans parab\\u00e8nes, parfums ou conservateurs - Non test\\u00e9 sur les animaux cire d'abeille huile de noix de coco* Huile de colza luxembourgeoise d'Ourdaller beurre de karit\\u00e9* Vitamine E *issu de l'agriculture biologique contr\\u00f4l\\u00e9e Ingr\\u00e9dients (INCI): Cera alba (cire d'abeille) Huile de cocos nucifera (noix de coco)*\",\"inLanguage\":\"fr-FR\",\"isPartOf\":{\"@id\":\"https:\\\/\\\/beiefritz.lu\\\/fr\\\/#website\"},\"breadcrumb\":{\"@id\":\"https:\\\/\\\/beiefritz.lu\\\/fr\\\/produkt\\\/de-beiefritz-baume-a-levres-miello-nature\\\/#breadcrumblist\"},\"image\":{\"@type\":\"ImageObject\",\"url\":\"https:\\\/\\\/beiefritz.lu\\\/wp-content\\\/uploads\\\/2025\\\/08\\\/Miello-natur.png\",\"@id\":\"https:\\\/\\\/beiefritz.lu\\\/fr\\\/produkt\\\/de-beiefritz-baume-a-levres-miello-nature\\\/#mainImage\",\"width\":1080,\"height\":1080},\"primaryImageOfPage\":{\"@id\":\"https:\\\/\\\/beiefritz.lu\\\/fr\\\/produkt\\\/de-beiefritz-baume-a-levres-miello-nature\\\/#mainImage\"},\"datePublished\":\"2025-08-12T23:49:36+02:00\",\"dateModified\":\"2026-08-24T22:55:18+02:00\"},{\"@type\":\"Organization\",\"@id\":\"https:\\\/\\\/beiefritz.lu\\\/fr\\\/#organization\",\"name\":\"De Beiefritz\",\"description\":\"Miel, Goutte de miel, bi\\u00e8re au miel et autres produits de la ruche\",\"url\":\"https:\\\/\\\/beiefritz.lu\\\/fr\\\/\",\"sameAs\":[\"https:\\\/\\\/www.facebook.com\\\/beiefritz\",\"https:\\\/\\\/www.instagram.com\\\/beiefritz\"]},{\"@type\":\"WebSite\",\"@id\":\"https:\\\/\\\/beiefritz.lu\\\/fr\\\/#website\",\"url\":\"https:\\\/\\\/beiefritz.lu\\\/fr\\\/\",\"name\":\"De Beiefritz\",\"description\":\"Miel, Goutte de miel, bi\\u00e8re au miel et autres produits de la ruche\",\"inLanguage\":\"fr-FR\",\"publisher\":{\"@id\":\"https:\\\/\\\/beiefritz.lu\\\/fr\\\/#organization\"}}]}\n\t\t<\/script>\n\t\t<!-- All in One SEO -->\n\n","aioseo_head_json":{"title":"DE BEIEFRITZ \u2013 Baume \u00e0 l\u00e8vres MIELLO \u00ab nature \u00bb - De Beiefritz","description":"Purement \u00e0 base d'huiles v\u00e9g\u00e9tales et de cire d'abeille. Sans parab\u00e8nes, parfums ou conservateurs - Non test\u00e9 sur les animaux cire d'abeille huile de noix de coco* Huile de colza luxembourgeoise d'Ourdaller beurre de karit\u00e9* Vitamine E *issu de l'agriculture biologique contr\u00f4l\u00e9e Ingr\u00e9dients (INCI): Cera alba (cire d'abeille) Huile de cocos nucifera (noix de coco)*","canonical_url":"https:\/\/beiefritz.lu\/fr\/produkt\/de-beiefritz-baume-a-levres-miello-nature\/","robots":"max-image-preview:large","keywords":"","webmasterTools":{"miscellaneous":""},"schema":{"@context":"https:\/\/schema.org","@graph":[{"@type":"BreadcrumbList","@id":"https:\/\/beiefritz.lu\/fr\/produkt\/de-beiefritz-baume-a-levres-miello-nature\/#breadcrumblist","itemListElement":[{"@type":"ListItem","@id":"https:\/\/beiefritz.lu\/fr\/#listItem","position":1,"name":"Home","item":"https:\/\/beiefritz.lu\/fr\/","nextItem":{"@type":"ListItem","@id":"https:\/\/beiefritz.lu\/?page_id=6272#listItem","name":"Priv\u00e9\u00a0: shop2"}},{"@type":"ListItem","@id":"https:\/\/beiefritz.lu\/?page_id=6272#listItem","position":2,"name":"Priv\u00e9\u00a0: shop2","item":"https:\/\/beiefritz.lu\/?page_id=6272","nextItem":{"@type":"ListItem","@id":"https:\/\/beiefritz.lu\/fr\/cat\u00e9gories-de-produits\/soins-buccaux\/#listItem","name":"Soins buccaux"},"previousItem":{"@type":"ListItem","@id":"https:\/\/beiefritz.lu\/fr\/#listItem","name":"Home"}},{"@type":"ListItem","@id":"https:\/\/beiefritz.lu\/fr\/cat\u00e9gories-de-produits\/soins-buccaux\/#listItem","position":3,"name":"Soins buccaux","item":"https:\/\/beiefritz.lu\/fr\/cat\u00e9gories-de-produits\/soins-buccaux\/","nextItem":{"@type":"ListItem","@id":"https:\/\/beiefritz.lu\/fr\/produkt\/de-beiefritz-baume-a-levres-miello-nature\/#listItem","name":"DE BEIEFRITZ &#8211; Baume \u00e0 l\u00e8vres MIELLO \u00ab\u00a0nature\u00a0\u00bb"},"previousItem":{"@type":"ListItem","@id":"https:\/\/beiefritz.lu\/?page_id=6272#listItem","name":"Priv\u00e9\u00a0: shop2"}},{"@type":"ListItem","@id":"https:\/\/beiefritz.lu\/fr\/produkt\/de-beiefritz-baume-a-levres-miello-nature\/#listItem","position":4,"name":"DE BEIEFRITZ &#8211; Baume \u00e0 l\u00e8vres MIELLO \u00ab\u00a0nature\u00a0\u00bb","previousItem":{"@type":"ListItem","@id":"https:\/\/beiefritz.lu\/fr\/cat\u00e9gories-de-produits\/soins-buccaux\/#listItem","name":"Soins buccaux"}}]},{"@type":"ItemPage","@id":"https:\/\/beiefritz.lu\/fr\/produkt\/de-beiefritz-baume-a-levres-miello-nature\/#itempage","url":"https:\/\/beiefritz.lu\/fr\/produkt\/de-beiefritz-baume-a-levres-miello-nature\/","name":"DE BEIEFRITZ \u2013 Baume \u00e0 l\u00e8vres MIELLO \u00ab nature \u00bb - De Beiefritz","description":"Purement \u00e0 base d'huiles v\u00e9g\u00e9tales et de cire d'abeille. Sans parab\u00e8nes, parfums ou conservateurs - Non test\u00e9 sur les animaux cire d'abeille huile de noix de coco* Huile de colza luxembourgeoise d'Ourdaller beurre de karit\u00e9* Vitamine E *issu de l'agriculture biologique contr\u00f4l\u00e9e Ingr\u00e9dients (INCI): Cera alba (cire d'abeille) Huile de cocos nucifera (noix de coco)*","inLanguage":"fr-FR","isPartOf":{"@id":"https:\/\/beiefritz.lu\/fr\/#website"},"breadcrumb":{"@id":"https:\/\/beiefritz.lu\/fr\/produkt\/de-beiefritz-baume-a-levres-miello-nature\/#breadcrumblist"},"image":{"@type":"ImageObject","url":"https:\/\/beiefritz.lu\/wp-content\/uploads\/2025\/08\/Miello-natur.png","@id":"https:\/\/beiefritz.lu\/fr\/produkt\/de-beiefritz-baume-a-levres-miello-nature\/#mainImage","width":1080,"height":1080},"primaryImageOfPage":{"@id":"https:\/\/beiefritz.lu\/fr\/produkt\/de-beiefritz-baume-a-levres-miello-nature\/#mainImage"},"datePublished":"2025-08-12T23:49:36+02:00","dateModified":"2026-08-24T22:55:18+02:00"},{"@type":"Organization","@id":"https:\/\/beiefritz.lu\/fr\/#organization","name":"De Beiefritz","description":"Miel, Goutte de miel, bi\u00e8re au miel et autres produits de la ruche","url":"https:\/\/beiefritz.lu\/fr\/","sameAs":["https:\/\/www.facebook.com\/beiefritz","https:\/\/www.instagram.com\/beiefritz"]},{"@type":"WebSite","@id":"https:\/\/beiefritz.lu\/fr\/#website","url":"https:\/\/beiefritz.lu\/fr\/","name":"De Beiefritz","description":"Miel, Goutte de miel, bi\u00e8re au miel et autres produits de la ruche","inLanguage":"fr-FR","publisher":{"@id":"https:\/\/beiefritz.lu\/fr\/#organization"}}]},"og:locale":"fr_FR","og:site_name":"De Beiefritz - Miel, Goutte de miel, bi\u00e8re au miel et autres produits de la ruche","og:type":"article","og:title":"DE BEIEFRITZ \u2013 Baume \u00e0 l\u00e8vres MIELLO \u00ab nature \u00bb - De Beiefritz","og:description":"Purement \u00e0 base d'huiles v\u00e9g\u00e9tales et de cire d'abeille. Sans parab\u00e8nes, parfums ou conservateurs - Non test\u00e9 sur les animaux cire d'abeille huile de noix de coco* Huile de colza luxembourgeoise d'Ourdaller beurre de karit\u00e9* Vitamine E *issu de l'agriculture biologique contr\u00f4l\u00e9e Ingr\u00e9dients (INCI): Cera alba (cire d'abeille) Huile de cocos nucifera (noix de coco)*","og:url":"https:\/\/beiefritz.lu\/fr\/produkt\/de-beiefritz-baume-a-levres-miello-nature\/","article:published_time":"2025-08-12T21:49:36+00:00","article:modified_time":"2026-08-24T20:55:18+00:00","article:publisher":"https:\/\/www.facebook.com\/beiefritz","twitter:card":"summary_large_image","twitter:title":"DE BEIEFRITZ \u2013 Baume \u00e0 l\u00e8vres MIELLO \u00ab nature \u00bb - De Beiefritz","twitter:description":"Purement \u00e0 base d'huiles v\u00e9g\u00e9tales et de cire d'abeille. Sans parab\u00e8nes, parfums ou conservateurs - Non test\u00e9 sur les animaux cire d'abeille huile de noix de coco* Huile de colza luxembourgeoise d'Ourdaller beurre de karit\u00e9* Vitamine E *issu de l'agriculture biologique contr\u00f4l\u00e9e Ingr\u00e9dients (INCI): Cera alba (cire d'abeille) Huile de cocos nucifera (noix de coco)*"},"aioseo_meta_data":{"post_id":"19065","title":null,"description":null,"keywords":null,"keyphrases":{"focus":{"keyphrase":"","score":0,"analysis":{"keyphraseInTitle":{"score":0,"maxScore":9,"error":1}}},"additional":[]},"primary_term":null,"canonical_url":null,"og_title":null,"og_description":null,"og_object_type":"default","og_image_type":"default","og_image_url":null,"og_image_width":null,"og_image_height":null,"og_image_custom_url":null,"og_image_custom_fields":null,"og_video":"","og_custom_url":null,"og_article_section":null,"og_article_tags":null,"twitter_use_og":false,"twitter_card":"default","twitter_image_type":"default","twitter_image_url":null,"twitter_image_custom_url":null,"twitter_image_custom_fields":null,"twitter_title":null,"twitter_description":null,"schema":{"blockGraphs":[],"customGraphs":[],"default":{"data":{"Article":[],"Course":[],"Dataset":[],"FAQPage":[],"Movie":[],"Person":[],"Product":[],"ProductReview":[],"Car":[],"Recipe":[],"Service":[],"SoftwareApplication":[],"WebPage":[]},"graphName":"ItemPage","isEnabled":true},"graphs":[]},"schema_type":"default","schema_type_options":null,"pillar_content":false,"robots_default":true,"robots_noindex":false,"robots_noarchive":false,"robots_nosnippet":false,"robots_nofollow":false,"robots_noimageindex":false,"robots_noodp":false,"robots_notranslate":false,"robots_max_snippet":"-1","robots_max_videopreview":"-1","robots_max_imagepreview":"large","priority":null,"frequency":"default","local_seo":null,"breadcrumb_settings":null,"limit_modified_date":false,"ai":{"faqs":[],"keyPoints":[],"schemas":[],"titles":[],"descriptions":[],"socialPosts":{"email":{"subject":"","preview":"","content":""},"linkedin":[],"twitter":[],"facebook":[],"instagram":[]}},"created":"2026-08-18 21:45:37","updated":"2026-08-24 21:40:28","focus_keyword":null,"additional_keywords":null,"truseo_locale":null,"seo_analyzer_scan_date":null},"aioseo_breadcrumb":"<div class=\"aioseo-breadcrumbs\"><span class=\"aioseo-breadcrumb\">\n\t\t\t<a href=\"https:\/\/beiefritz.lu\/fr\/\" title=\"Home\">Home<\/a>\n\t\t<\/span><span class=\"aioseo-breadcrumb-separator\">&raquo;<\/span><span class=\"aioseo-breadcrumb\">\n\t\t\t<a href=\"https:\/\/beiefritz.lu\/?page_id=6272\" title=\"Priv\u00e9 : shop2\">Priv\u00e9 : shop2<\/a>\n\t\t<\/span><span class=\"aioseo-breadcrumb-separator\">&raquo;<\/span><span class=\"aioseo-breadcrumb\">\n\t\t\t<a href=\"https:\/\/beiefritz.lu\/fr\/cat\u00e9gories-de-produits\/soins-buccaux\/\" title=\"Soins buccaux\">Soins buccaux<\/a>\n\t\t<\/span><span class=\"aioseo-breadcrumb-separator\">&raquo;<\/span><span class=\"aioseo-breadcrumb\">\n\t\t\tDE BEIEFRITZ \u2013 Baume \u00e0 l\u00e8vres MIELLO \u00ab nature \u00bb\n\t\t<\/span><\/div>","aioseo_breadcrumb_json":[{"label":"Home","link":"https:\/\/beiefritz.lu\/fr\/"},{"label":"Priv\u00e9\u00a0: shop2","link":"https:\/\/beiefritz.lu\/?page_id=6272"},{"label":"Soins buccaux","link":"https:\/\/beiefritz.lu\/fr\/cat\u00e9gories-de-produits\/soins-buccaux\/"},{"label":"DE BEIEFRITZ &#8211; Baume \u00e0 l\u00e8vres MIELLO \u00ab\u00a0nature\u00a0\u00bb","link":"https:\/\/beiefritz.lu\/fr\/produkt\/de-beiefritz-baume-a-levres-miello-nature\/"}],"_links":{"self":[{"href":"https:\/\/beiefritz.lu\/fr\/wp-json\/wp\/v2\/product\/19065","targetHints":{"allow":["GET"]}}],"collection":[{"href":"https:\/\/beiefritz.lu\/fr\/wp-json\/wp\/v2\/product"}],"about":[{"href":"https:\/\/beiefritz.lu\/fr\/wp-json\/wp\/v2\/types\/product"}],"replies":[{"embeddable":true,"href":"https:\/\/beiefritz.lu\/fr\/wp-json\/wp\/v2\/comments?post=19065"}],"wp:featuredmedia":[{"embeddable":true,"href":"https:\/\/beiefritz.lu\/fr\/wp-json\/wp\/v2\/media\/19171"}],"wp:attachment":[{"href":"https:\/\/beiefritz.lu\/fr\/wp-json\/wp\/v2\/media?parent=19065"}],"wp:term":[{"taxonomy":"product_brand","embeddable":true,"href":"https:\/\/beiefritz.lu\/fr\/wp-json\/wp\/v2\/product_brand?post=19065"},{"taxonomy":"product_cat","embeddable":true,"href":"https:\/\/beiefritz.lu\/fr\/wp-json\/wp\/v2\/product_cat?post=19065"},{"taxonomy":"product_tag","embeddable":true,"href":"https:\/\/beiefritz.lu\/fr\/wp-json\/wp\/v2\/product_tag?post=19065"}],"curies":[{"name":"wp","href":"https:\/\/api.w.org\/{rel}","templated":true}]}}